{"id":162,"date":"2023-06-28T11:43:39","date_gmt":"2023-06-28T09:43:39","guid":{"rendered":"http:\/\/elviswhynot.bplaced.net\/wordpress\/?page_id=162"},"modified":"2024-02-12T14:42:38","modified_gmt":"2024-02-12T13:42:38","slug":"gallerie","status":"publish","type":"page","link":"http:\/\/elviswhynot.bplaced.net\/wordpress\/?page_id=162","title":{"rendered":"Gallery"},"content":{"rendered":"\n<p><strong>Wichtiger Hinweis zum Urheberrecht:<\/strong><br>Jedes Foto ist pflichtgem\u00e4\u00df mit einem Urheberhinweis versehen, welchen Sie durch einen Klick auf das jeweilige Foto in der Fotobeschreibung (Text unter dem Foto) aufrufen k\u00f6nnen.<\/p>\n\n\n\n<p>Gem\u00e4\u00df \u00a7\u00a7 13 und 63 UrhG besteht die Verpflichtung, Urheber von Bild- und Filmmaterial zu nennen, bzw. dem Betrachter problemlos zug\u00e4nglich zu machen, wenn das Material \u00f6ffentlich verwendet wird.<br>Sollten Sie einen Kontakt zu den jeweiligen Urhebern w\u00fcnschen, bitten wir Sie um eine Email an&nbsp;<a href=\"mailto:elviswhynot@gmx.de\">elviswhynot@gmx.de<\/a>. Wir werden den Kontakt wunschgem\u00e4\u00df herstellen.<\/p>\n\n\n\n<h5 class=\"wp-block-heading\"><strong>Elvis Why not! &amp; The Bassman Pressefotos<\/strong><\/h5>\n\n\n<div data-carousel-extra='{\"blog_id\":1,\"permalink\":\"http:\\\/\\\/elviswhynot.bplaced.net\\\/wordpress\\\/?page_id=162\"}' class=\"tiled-gallery type-rectangular\" data-original-width=\"920\"><div class=\"gallery-row\" style=\"width: 915px; height: 894px;\"><div class=\"gallery-group images-1\" style=\"width: 598px; height: 898px;\"><div class=\"tiled-gallery-item tiled-gallery-item-full\"><a href=\"http:\/\/elviswhynot.bplaced.net\/wordpress\/?attachment_id=207\"><img data-attachment-id=\"207\" data-orig-file=\"http:\/\/elviswhynot.bplaced.net\/wordpress\/wp-content\/uploads\/2023\/06\/01.jpg\" data-orig-size=\"598,900\" data-comments-opened=\"1\" data-image-meta=\"{&quot;aperture&quot;:&quot;13&quot;,&quot;credit&quot;:&quot;&quot;,&quot;camera&quot;:&quot;NIKON D90&quot;,&quot;caption&quot;:&quot;????????????????????????????????????&quot;,&quot;created_timestamp&quot;:&quot;1362154113&quot;,&quot;copyright&quot;:&quot;&quot;,&quot;focal_length&quot;:&quot;22&quot;,&quot;iso&quot;:&quot;200&quot;,&quot;shutter_speed&quot;:&quot;0.008&quot;,&quot;title&quot;:&quot;&quot;,&quot;orientation&quot;:&quot;1&quot;}\" data-image-title=\"Elvis Why not! &#038; The Bassman Pressefotos\" data-image-description=\"\" data-medium-file=\"http:\/\/elviswhynot.bplaced.net\/wordpress\/wp-content\/uploads\/2023\/06\/01-199x300.jpg\" data-large-file=\"http:\/\/elviswhynot.bplaced.net\/wordpress\/wp-content\/uploads\/2023\/06\/01.jpg\" src=\"http:\/\/elviswhynot.bplaced.net\/wordpress\/wp-content\/uploads\/2023\/06\/01.jpg\" width=\"594\" height=\"894\" align=\"left\" title=\"Elvis Why not! &amp; The Bassman Pressefotos\" \/><\/a><div class=\"tiled-gallery-caption\">Foto: Meike Fedorow, Braunschweig<\/div><\/div><\/div><div class=\"gallery-group images-3\" style=\"width: 317px; height: 898px;\"><div class=\"tiled-gallery-item tiled-gallery-item-full\"><a href=\"http:\/\/elviswhynot.bplaced.net\/wordpress\/?attachment_id=208\"><img data-attachment-id=\"208\" data-orig-file=\"http:\/\/elviswhynot.bplaced.net\/wordpress\/wp-content\/uploads\/2023\/06\/02.jpg\" data-orig-size=\"900,598\" data-comments-opened=\"1\" data-image-meta=\"{&quot;aperture&quot;:&quot;13&quot;,&quot;credit&quot;:&quot;&quot;,&quot;camera&quot;:&quot;NIKON D90&quot;,&quot;caption&quot;:&quot;????????????????????????????????????&quot;,&quot;created_timestamp&quot;:&quot;1362154225&quot;,&quot;copyright&quot;:&quot;&quot;,&quot;focal_length&quot;:&quot;34&quot;,&quot;iso&quot;:&quot;200&quot;,&quot;shutter_speed&quot;:&quot;0.008&quot;,&quot;title&quot;:&quot;&quot;,&quot;orientation&quot;:&quot;1&quot;}\" data-image-title=\"Elvis Why not! &#038; The Bassman Pressefotos\" data-image-description=\"\" data-medium-file=\"http:\/\/elviswhynot.bplaced.net\/wordpress\/wp-content\/uploads\/2023\/06\/02-300x199.jpg\" data-large-file=\"http:\/\/elviswhynot.bplaced.net\/wordpress\/wp-content\/uploads\/2023\/06\/02.jpg\" src=\"http:\/\/elviswhynot.bplaced.net\/wordpress\/wp-content\/uploads\/2023\/06\/02.jpg\" width=\"313\" height=\"208\" align=\"left\" title=\"Elvis Why not! &amp; The Bassman Pressefotos\" \/><\/a><div class=\"tiled-gallery-caption\">Foto: Meike Fedorow, Braunschweig<\/div><\/div><div class=\"tiled-gallery-item tiled-gallery-item-full\"><a href=\"http:\/\/elviswhynot.bplaced.net\/wordpress\/?attachment_id=209\"><img data-attachment-id=\"209\" data-orig-file=\"http:\/\/elviswhynot.bplaced.net\/wordpress\/wp-content\/uploads\/2023\/06\/03.jpg\" data-orig-size=\"900,598\" data-comments-opened=\"1\" data-image-meta=\"{&quot;aperture&quot;:&quot;13&quot;,&quot;credit&quot;:&quot;&quot;,&quot;camera&quot;:&quot;NIKON D90&quot;,&quot;caption&quot;:&quot;????????????????????????????????????&quot;,&quot;created_timestamp&quot;:&quot;1362154305&quot;,&quot;copyright&quot;:&quot;&quot;,&quot;focal_length&quot;:&quot;18&quot;,&quot;iso&quot;:&quot;200&quot;,&quot;shutter_speed&quot;:&quot;0.008&quot;,&quot;title&quot;:&quot;&quot;,&quot;orientation&quot;:&quot;1&quot;}\" data-image-title=\"Elvis Why not! &#038; The Bassman Pressefotos\" data-image-description=\"\" data-medium-file=\"http:\/\/elviswhynot.bplaced.net\/wordpress\/wp-content\/uploads\/2023\/06\/03-300x199.jpg\" data-large-file=\"http:\/\/elviswhynot.bplaced.net\/wordpress\/wp-content\/uploads\/2023\/06\/03.jpg\" src=\"http:\/\/elviswhynot.bplaced.net\/wordpress\/wp-content\/uploads\/2023\/06\/03.jpg\" width=\"313\" height=\"208\" align=\"left\" title=\"Elvis Why not! &amp; The Bassman Pressefotos\" \/><\/a><div class=\"tiled-gallery-caption\">Foto: Meike Fedorow, Braunschweig<\/div><\/div><div class=\"tiled-gallery-item tiled-gallery-item-full\"><a href=\"http:\/\/elviswhynot.bplaced.net\/wordpress\/?attachment_id=210\"><img data-attachment-id=\"210\" data-orig-file=\"http:\/\/elviswhynot.bplaced.net\/wordpress\/wp-content\/uploads\/2023\/06\/04.jpg\" data-orig-size=\"598,900\" data-comments-opened=\"1\" data-image-meta=\"{&quot;aperture&quot;:&quot;13&quot;,&quot;credit&quot;:&quot;&quot;,&quot;camera&quot;:&quot;NIKON D90&quot;,&quot;caption&quot;:&quot;????????????????????????????????????&quot;,&quot;created_timestamp&quot;:&quot;1362154551&quot;,&quot;copyright&quot;:&quot;&quot;,&quot;focal_length&quot;:&quot;18&quot;,&quot;iso&quot;:&quot;200&quot;,&quot;shutter_speed&quot;:&quot;0.008&quot;,&quot;title&quot;:&quot;&quot;,&quot;orientation&quot;:&quot;1&quot;}\" data-image-title=\"Elvis Why not! &#038; The Bassman Pressefotos\" data-image-description=\"\" data-medium-file=\"http:\/\/elviswhynot.bplaced.net\/wordpress\/wp-content\/uploads\/2023\/06\/04-199x300.jpg\" data-large-file=\"http:\/\/elviswhynot.bplaced.net\/wordpress\/wp-content\/uploads\/2023\/06\/04.jpg\" src=\"http:\/\/elviswhynot.bplaced.net\/wordpress\/wp-content\/uploads\/2023\/06\/04.jpg\" width=\"313\" height=\"470\" align=\"left\" title=\"Elvis Why not! &amp; The Bassman Pressefotos\" \/><\/a><div class=\"tiled-gallery-caption\">Foto: Meike Fedorow, Braunschweig<\/div><\/div><\/div><\/div><div class=\"gallery-row\" style=\"width: 915px; height: 338px;\"><div class=\"gallery-group images-1\" style=\"width: 229px; height: 342px;\"><div class=\"tiled-gallery-item tiled-gallery-item-full\"><a href=\"http:\/\/elviswhynot.bplaced.net\/wordpress\/?attachment_id=211\"><img data-attachment-id=\"211\" data-orig-file=\"http:\/\/elviswhynot.bplaced.net\/wordpress\/wp-content\/uploads\/2023\/06\/05.jpg\" data-orig-size=\"598,900\" data-comments-opened=\"1\" data-image-meta=\"{&quot;aperture&quot;:&quot;14&quot;,&quot;credit&quot;:&quot;&quot;,&quot;camera&quot;:&quot;NIKON D90&quot;,&quot;caption&quot;:&quot;????????????????????????????????????&quot;,&quot;created_timestamp&quot;:&quot;1362155239&quot;,&quot;copyright&quot;:&quot;&quot;,&quot;focal_length&quot;:&quot;24&quot;,&quot;iso&quot;:&quot;200&quot;,&quot;shutter_speed&quot;:&quot;0.008&quot;,&quot;title&quot;:&quot;&quot;,&quot;orientation&quot;:&quot;1&quot;}\" data-image-title=\"Elvis Why not! &#038; The Bassman Pressefotos\" data-image-description=\"\" data-medium-file=\"http:\/\/elviswhynot.bplaced.net\/wordpress\/wp-content\/uploads\/2023\/06\/05-199x300.jpg\" data-large-file=\"http:\/\/elviswhynot.bplaced.net\/wordpress\/wp-content\/uploads\/2023\/06\/05.jpg\" src=\"http:\/\/elviswhynot.bplaced.net\/wordpress\/wp-content\/uploads\/2023\/06\/05.jpg\" width=\"225\" height=\"338\" align=\"left\" title=\"Elvis Why not! &amp; The Bassman Pressefotos\" \/><\/a><div class=\"tiled-gallery-caption\">Foto: Meike Fedorow, Braunschweig<\/div><\/div><\/div><div class=\"gallery-group images-1\" style=\"width: 229px; height: 342px;\"><div class=\"tiled-gallery-item tiled-gallery-item-full\"><a href=\"http:\/\/elviswhynot.bplaced.net\/wordpress\/?attachment_id=212\"><img data-attachment-id=\"212\" data-orig-file=\"http:\/\/elviswhynot.bplaced.net\/wordpress\/wp-content\/uploads\/2023\/06\/06.jpg\" data-orig-size=\"598,900\" data-comments-opened=\"1\" data-image-meta=\"{&quot;aperture&quot;:&quot;14&quot;,&quot;credit&quot;:&quot;&quot;,&quot;camera&quot;:&quot;NIKON D90&quot;,&quot;caption&quot;:&quot;????????????????????????????????????&quot;,&quot;created_timestamp&quot;:&quot;1362155243&quot;,&quot;copyright&quot;:&quot;&quot;,&quot;focal_length&quot;:&quot;18&quot;,&quot;iso&quot;:&quot;200&quot;,&quot;shutter_speed&quot;:&quot;0.008&quot;,&quot;title&quot;:&quot;&quot;,&quot;orientation&quot;:&quot;1&quot;}\" data-image-title=\"Elvis Why not! &#038; The Bassman Pressefotos\" data-image-description=\"\" data-medium-file=\"http:\/\/elviswhynot.bplaced.net\/wordpress\/wp-content\/uploads\/2023\/06\/06-199x300.jpg\" data-large-file=\"http:\/\/elviswhynot.bplaced.net\/wordpress\/wp-content\/uploads\/2023\/06\/06.jpg\" src=\"http:\/\/elviswhynot.bplaced.net\/wordpress\/wp-content\/uploads\/2023\/06\/06.jpg\" width=\"225\" height=\"338\" align=\"left\" title=\"Elvis Why not! &amp; The Bassman Pressefotos\" \/><\/a><div class=\"tiled-gallery-caption\">Foto: Meike Fedorow, Braunschweig<\/div><\/div><\/div><div class=\"gallery-group images-1\" style=\"width: 229px; height: 342px;\"><div class=\"tiled-gallery-item tiled-gallery-item-full\"><a href=\"http:\/\/elviswhynot.bplaced.net\/wordpress\/?attachment_id=213\"><img data-attachment-id=\"213\" data-orig-file=\"http:\/\/elviswhynot.bplaced.net\/wordpress\/wp-content\/uploads\/2023\/06\/07.jpg\" data-orig-size=\"598,900\" data-comments-opened=\"1\" data-image-meta=\"{&quot;aperture&quot;:&quot;14&quot;,&quot;credit&quot;:&quot;&quot;,&quot;camera&quot;:&quot;NIKON D90&quot;,&quot;caption&quot;:&quot;????????????????????????????????????&quot;,&quot;created_timestamp&quot;:&quot;1362155317&quot;,&quot;copyright&quot;:&quot;&quot;,&quot;focal_length&quot;:&quot;22&quot;,&quot;iso&quot;:&quot;200&quot;,&quot;shutter_speed&quot;:&quot;0.00625&quot;,&quot;title&quot;:&quot;&quot;,&quot;orientation&quot;:&quot;1&quot;}\" data-image-title=\"Elvis Why not! &#038; The Bassman Pressefotos\" data-image-description=\"\" data-medium-file=\"http:\/\/elviswhynot.bplaced.net\/wordpress\/wp-content\/uploads\/2023\/06\/07-199x300.jpg\" data-large-file=\"http:\/\/elviswhynot.bplaced.net\/wordpress\/wp-content\/uploads\/2023\/06\/07.jpg\" src=\"http:\/\/elviswhynot.bplaced.net\/wordpress\/wp-content\/uploads\/2023\/06\/07.jpg\" width=\"225\" height=\"338\" align=\"left\" title=\"Elvis Why not! &amp; The Bassman Pressefotos\" \/><\/a><div class=\"tiled-gallery-caption\">Foto: Meike Fedorow, Braunschweig<\/div><\/div><\/div><div class=\"gallery-group images-1\" style=\"width: 228px; height: 342px;\"><div class=\"tiled-gallery-item tiled-gallery-item-full\"><a href=\"http:\/\/elviswhynot.bplaced.net\/wordpress\/?attachment_id=214\"><img data-attachment-id=\"214\" data-orig-file=\"http:\/\/elviswhynot.bplaced.net\/wordpress\/wp-content\/uploads\/2023\/06\/08.jpg\" data-orig-size=\"598,900\" data-comments-opened=\"1\" data-image-meta=\"{&quot;aperture&quot;:&quot;13&quot;,&quot;credit&quot;:&quot;&quot;,&quot;camera&quot;:&quot;NIKON D90&quot;,&quot;caption&quot;:&quot;????????????????????????????????????&quot;,&quot;created_timestamp&quot;:&quot;1362155832&quot;,&quot;copyright&quot;:&quot;&quot;,&quot;focal_length&quot;:&quot;35&quot;,&quot;iso&quot;:&quot;200&quot;,&quot;shutter_speed&quot;:&quot;0.01&quot;,&quot;title&quot;:&quot;&quot;,&quot;orientation&quot;:&quot;1&quot;}\" data-image-title=\"Elvis Why not! &#038; The Bassman Pressefotos\" data-image-description=\"\" data-medium-file=\"http:\/\/elviswhynot.bplaced.net\/wordpress\/wp-content\/uploads\/2023\/06\/08-199x300.jpg\" data-large-file=\"http:\/\/elviswhynot.bplaced.net\/wordpress\/wp-content\/uploads\/2023\/06\/08.jpg\" src=\"http:\/\/elviswhynot.bplaced.net\/wordpress\/wp-content\/uploads\/2023\/06\/08.jpg\" width=\"224\" height=\"338\" align=\"left\" title=\"Elvis Why not! &amp; The Bassman Pressefotos\" \/><\/a><div class=\"tiled-gallery-caption\">Foto: Meike Fedorow, Braunschweig<\/div><\/div><\/div><\/div><div class=\"gallery-row\" style=\"width: 915px; height: 493px;\"><div class=\"gallery-group images-1\" style=\"width: 332px; height: 497px;\"><div class=\"tiled-gallery-item tiled-gallery-item-full\"><a href=\"http:\/\/elviswhynot.bplaced.net\/wordpress\/?attachment_id=215\"><img data-attachment-id=\"215\" data-orig-file=\"http:\/\/elviswhynot.bplaced.net\/wordpress\/wp-content\/uploads\/2023\/06\/09.jpg\" data-orig-size=\"598,900\" data-comments-opened=\"1\" data-image-meta=\"{&quot;aperture&quot;:&quot;13&quot;,&quot;credit&quot;:&quot;&quot;,&quot;camera&quot;:&quot;NIKON D90&quot;,&quot;caption&quot;:&quot;????????????????????????????????????&quot;,&quot;created_timestamp&quot;:&quot;1362156950&quot;,&quot;copyright&quot;:&quot;&quot;,&quot;focal_length&quot;:&quot;32&quot;,&quot;iso&quot;:&quot;200&quot;,&quot;shutter_speed&quot;:&quot;0.01&quot;,&quot;title&quot;:&quot;&quot;,&quot;orientation&quot;:&quot;1&quot;}\" data-image-title=\"Elvis Why not! &#038; The Bassman Pressefotos\" data-image-description=\"\" data-medium-file=\"http:\/\/elviswhynot.bplaced.net\/wordpress\/wp-content\/uploads\/2023\/06\/09-199x300.jpg\" data-large-file=\"http:\/\/elviswhynot.bplaced.net\/wordpress\/wp-content\/uploads\/2023\/06\/09.jpg\" src=\"http:\/\/elviswhynot.bplaced.net\/wordpress\/wp-content\/uploads\/2023\/06\/09.jpg\" width=\"328\" height=\"493\" align=\"left\" title=\"Elvis Why not! &amp; The Bassman Pressefotos\" \/><\/a><div class=\"tiled-gallery-caption\">Foto: Meike Fedorow, Braunschweig<\/div><\/div><\/div><div class=\"gallery-group images-1\" style=\"width: 331px; height: 497px;\"><div class=\"tiled-gallery-item tiled-gallery-item-full\"><a href=\"http:\/\/elviswhynot.bplaced.net\/wordpress\/?attachment_id=216\"><img data-attachment-id=\"216\" data-orig-file=\"http:\/\/elviswhynot.bplaced.net\/wordpress\/wp-content\/uploads\/2023\/06\/10.jpg\" data-orig-size=\"598,900\" data-comments-opened=\"1\" data-image-meta=\"{&quot;aperture&quot;:&quot;13&quot;,&quot;credit&quot;:&quot;&quot;,&quot;camera&quot;:&quot;NIKON D90&quot;,&quot;caption&quot;:&quot;????????????????????????????????????&quot;,&quot;created_timestamp&quot;:&quot;1362157390&quot;,&quot;copyright&quot;:&quot;&quot;,&quot;focal_length&quot;:&quot;30&quot;,&quot;iso&quot;:&quot;200&quot;,&quot;shutter_speed&quot;:&quot;0.01&quot;,&quot;title&quot;:&quot;&quot;,&quot;orientation&quot;:&quot;1&quot;}\" data-image-title=\"Elvis Why not! &#038; The Bassman Pressefotos\" data-image-description=\"\" data-medium-file=\"http:\/\/elviswhynot.bplaced.net\/wordpress\/wp-content\/uploads\/2023\/06\/10-199x300.jpg\" data-large-file=\"http:\/\/elviswhynot.bplaced.net\/wordpress\/wp-content\/uploads\/2023\/06\/10.jpg\" src=\"http:\/\/elviswhynot.bplaced.net\/wordpress\/wp-content\/uploads\/2023\/06\/10.jpg\" width=\"327\" height=\"493\" align=\"left\" title=\"Elvis Why not! &amp; The Bassman Pressefotos\" \/><\/a><div class=\"tiled-gallery-caption\">Foto: Meike Fedorow, Braunschweig<\/div><\/div><\/div><div class=\"gallery-group images-1\" style=\"width: 252px; height: 497px;\"><div class=\"tiled-gallery-item tiled-gallery-item-full\"><a href=\"http:\/\/elviswhynot.bplaced.net\/wordpress\/?attachment_id=217\"><img data-attachment-id=\"217\" data-orig-file=\"http:\/\/elviswhynot.bplaced.net\/wordpress\/wp-content\/uploads\/2023\/06\/11.jpg\" data-orig-size=\"452,900\" data-comments-opened=\"1\" data-image-meta=\"{&quot;aperture&quot;:&quot;9&quot;,&quot;credit&quot;:&quot;&quot;,&quot;camera&quot;:&quot;Canon EOS-1D Mark IV&quot;,&quot;caption&quot;:&quot;&quot;,&quot;created_timestamp&quot;:&quot;1303139812&quot;,&quot;copyright&quot;:&quot;&quot;,&quot;focal_length&quot;:&quot;63&quot;,&quot;iso&quot;:&quot;100&quot;,&quot;shutter_speed&quot;:&quot;0.01&quot;,&quot;title&quot;:&quot;&quot;,&quot;orientation&quot;:&quot;1&quot;}\" data-image-title=\"Elvis Why not! Pressefotos\" data-image-description=\"\" data-medium-file=\"http:\/\/elviswhynot.bplaced.net\/wordpress\/wp-content\/uploads\/2023\/06\/11-151x300.jpg\" data-large-file=\"http:\/\/elviswhynot.bplaced.net\/wordpress\/wp-content\/uploads\/2023\/06\/11.jpg\" src=\"http:\/\/elviswhynot.bplaced.net\/wordpress\/wp-content\/uploads\/2023\/06\/11.jpg\" width=\"248\" height=\"493\" align=\"left\" title=\"Elvis Why not! Pressefotos\" \/><\/a><div class=\"tiled-gallery-caption\">Foto: Heinz Gramann, Braunschweig<\/div><\/div><\/div><\/div><div class=\"gallery-row\" style=\"width: 915px; height: 340px;\"><div class=\"gallery-group images-1\" style=\"width: 252px; height: 344px;\"><div class=\"tiled-gallery-item tiled-gallery-item-full\"><a href=\"http:\/\/elviswhynot.bplaced.net\/wordpress\/?attachment_id=218\"><img data-attachment-id=\"218\" data-orig-file=\"http:\/\/elviswhynot.bplaced.net\/wordpress\/wp-content\/uploads\/2023\/06\/12.jpg\" data-orig-size=\"656,900\" data-comments-opened=\"1\" data-image-meta=\"{&quot;aperture&quot;:&quot;8&quot;,&quot;credit&quot;:&quot;&quot;,&quot;camera&quot;:&quot;Canon EOS-1D Mark IV&quot;,&quot;caption&quot;:&quot;&quot;,&quot;created_timestamp&quot;:&quot;1303139969&quot;,&quot;copyright&quot;:&quot;&quot;,&quot;focal_length&quot;:&quot;66&quot;,&quot;iso&quot;:&quot;100&quot;,&quot;shutter_speed&quot;:&quot;0.01&quot;,&quot;title&quot;:&quot;&quot;,&quot;orientation&quot;:&quot;1&quot;}\" data-image-title=\"Elvis Why not! Pressefotos\" data-image-description=\"\" data-medium-file=\"http:\/\/elviswhynot.bplaced.net\/wordpress\/wp-content\/uploads\/2023\/06\/12-219x300.jpg\" data-large-file=\"http:\/\/elviswhynot.bplaced.net\/wordpress\/wp-content\/uploads\/2023\/06\/12.jpg\" src=\"http:\/\/elviswhynot.bplaced.net\/wordpress\/wp-content\/uploads\/2023\/06\/12.jpg\" width=\"248\" height=\"340\" align=\"left\" title=\"Elvis Why not! Pressefotos\" \/><\/a><div class=\"tiled-gallery-caption\">Foto: Heinz Gramann, Braunschweig<\/div><\/div><\/div><div class=\"gallery-group images-1\" style=\"width: 231px; height: 344px;\"><div class=\"tiled-gallery-item tiled-gallery-item-full\"><a href=\"http:\/\/elviswhynot.bplaced.net\/wordpress\/?attachment_id=219\"><img data-attachment-id=\"219\" data-orig-file=\"http:\/\/elviswhynot.bplaced.net\/wordpress\/wp-content\/uploads\/2023\/06\/13.jpg\" data-orig-size=\"602,900\" data-comments-opened=\"1\" data-image-meta=\"{&quot;aperture&quot;:&quot;8&quot;,&quot;credit&quot;:&quot;&quot;,&quot;camera&quot;:&quot;Canon EOS-1D Mark IV&quot;,&quot;caption&quot;:&quot;&quot;,&quot;created_timestamp&quot;:&quot;1303139986&quot;,&quot;copyright&quot;:&quot;&quot;,&quot;focal_length&quot;:&quot;70&quot;,&quot;iso&quot;:&quot;100&quot;,&quot;shutter_speed&quot;:&quot;0.01&quot;,&quot;title&quot;:&quot;&quot;,&quot;orientation&quot;:&quot;1&quot;}\" data-image-title=\"Elvis Why not! Pressefotos\" data-image-description=\"\" data-medium-file=\"http:\/\/elviswhynot.bplaced.net\/wordpress\/wp-content\/uploads\/2023\/06\/13-201x300.jpg\" data-large-file=\"http:\/\/elviswhynot.bplaced.net\/wordpress\/wp-content\/uploads\/2023\/06\/13.jpg\" src=\"http:\/\/elviswhynot.bplaced.net\/wordpress\/wp-content\/uploads\/2023\/06\/13.jpg\" width=\"227\" height=\"340\" align=\"left\" title=\"Elvis Why not! Pressefotos\" \/><\/a><div class=\"tiled-gallery-caption\">Foto: Heinz Gramann, Braunschweig<\/div><\/div><\/div><div class=\"gallery-group images-1\" style=\"width: 205px; height: 344px;\"><div class=\"tiled-gallery-item tiled-gallery-item-full\"><a href=\"http:\/\/elviswhynot.bplaced.net\/wordpress\/?attachment_id=220\"><img data-attachment-id=\"220\" data-orig-file=\"http:\/\/elviswhynot.bplaced.net\/wordpress\/wp-content\/uploads\/2023\/06\/14.jpg\" data-orig-size=\"533,900\" data-comments-opened=\"1\" data-image-meta=\"{&quot;aperture&quot;:&quot;8&quot;,&quot;credit&quot;:&quot;&quot;,&quot;camera&quot;:&quot;Canon EOS-1D Mark IV&quot;,&quot;caption&quot;:&quot;&quot;,&quot;created_timestamp&quot;:&quot;1303140028&quot;,&quot;copyright&quot;:&quot;&quot;,&quot;focal_length&quot;:&quot;70&quot;,&quot;iso&quot;:&quot;100&quot;,&quot;shutter_speed&quot;:&quot;0.01&quot;,&quot;title&quot;:&quot;&quot;,&quot;orientation&quot;:&quot;1&quot;}\" data-image-title=\"Elvis Why not! Pressefotos\" data-image-description=\"\" data-medium-file=\"http:\/\/elviswhynot.bplaced.net\/wordpress\/wp-content\/uploads\/2023\/06\/14-178x300.jpg\" data-large-file=\"http:\/\/elviswhynot.bplaced.net\/wordpress\/wp-content\/uploads\/2023\/06\/14.jpg\" src=\"http:\/\/elviswhynot.bplaced.net\/wordpress\/wp-content\/uploads\/2023\/06\/14.jpg\" width=\"201\" height=\"340\" align=\"left\" title=\"Elvis Why not! Pressefotos\" \/><\/a><div class=\"tiled-gallery-caption\">Foto: Heinz Gramann, Braunschweig<\/div><\/div><\/div><div class=\"gallery-group images-1\" style=\"width: 227px; height: 344px;\"><div class=\"tiled-gallery-item tiled-gallery-item-full\"><a href=\"http:\/\/elviswhynot.bplaced.net\/wordpress\/?attachment_id=221\"><img data-attachment-id=\"221\" data-orig-file=\"http:\/\/elviswhynot.bplaced.net\/wordpress\/wp-content\/uploads\/2023\/06\/15.jpg\" data-orig-size=\"589,900\" data-comments-opened=\"1\" data-image-meta=\"{&quot;aperture&quot;:&quot;9&quot;,&quot;credit&quot;:&quot;&quot;,&quot;camera&quot;:&quot;Canon EOS-1D Mark IV&quot;,&quot;caption&quot;:&quot;&quot;,&quot;created_timestamp&quot;:&quot;1303141364&quot;,&quot;copyright&quot;:&quot;&quot;,&quot;focal_length&quot;:&quot;57&quot;,&quot;iso&quot;:&quot;100&quot;,&quot;shutter_speed&quot;:&quot;0.01&quot;,&quot;title&quot;:&quot;&quot;,&quot;orientation&quot;:&quot;1&quot;}\" data-image-title=\"Elvis Why not! Pressefotos\" data-image-description=\"\" data-medium-file=\"http:\/\/elviswhynot.bplaced.net\/wordpress\/wp-content\/uploads\/2023\/06\/15-196x300.jpg\" data-large-file=\"http:\/\/elviswhynot.bplaced.net\/wordpress\/wp-content\/uploads\/2023\/06\/15.jpg\" src=\"http:\/\/elviswhynot.bplaced.net\/wordpress\/wp-content\/uploads\/2023\/06\/15.jpg\" width=\"223\" height=\"340\" align=\"left\" title=\"Elvis Why not! Pressefotos\" \/><\/a><div class=\"tiled-gallery-caption\">Foto: Heinz Gramann, Braunschweig<\/div><\/div><\/div><\/div><div class=\"gallery-row\" style=\"width: 915px; height: 490px;\"><div class=\"gallery-group images-1\" style=\"width: 259px; height: 494px;\"><div class=\"tiled-gallery-item tiled-gallery-item-full\"><a href=\"http:\/\/elviswhynot.bplaced.net\/wordpress\/?attachment_id=222\"><img data-attachment-id=\"222\" data-orig-file=\"http:\/\/elviswhynot.bplaced.net\/wordpress\/wp-content\/uploads\/2023\/06\/16.jpg\" data-orig-size=\"469,900\" data-comments-opened=\"1\" data-image-meta=\"{&quot;aperture&quot;:&quot;10&quot;,&quot;credit&quot;:&quot;&quot;,&quot;camera&quot;:&quot;Canon EOS-1D Mark IV&quot;,&quot;caption&quot;:&quot;&quot;,&quot;created_timestamp&quot;:&quot;1303141483&quot;,&quot;copyright&quot;:&quot;&quot;,&quot;focal_length&quot;:&quot;48&quot;,&quot;iso&quot;:&quot;100&quot;,&quot;shutter_speed&quot;:&quot;0.01&quot;,&quot;title&quot;:&quot;&quot;,&quot;orientation&quot;:&quot;1&quot;}\" data-image-title=\"Elvis Why not! Pressefotos\" data-image-description=\"\" data-medium-file=\"http:\/\/elviswhynot.bplaced.net\/wordpress\/wp-content\/uploads\/2023\/06\/16-156x300.jpg\" data-large-file=\"http:\/\/elviswhynot.bplaced.net\/wordpress\/wp-content\/uploads\/2023\/06\/16.jpg\" src=\"http:\/\/elviswhynot.bplaced.net\/wordpress\/wp-content\/uploads\/2023\/06\/16.jpg\" width=\"255\" height=\"490\" align=\"left\" title=\"Elvis Why not! Pressefotos\" \/><\/a><div class=\"tiled-gallery-caption\">Foto: Heinz Gramann, Braunschweig<\/div><\/div><\/div><div class=\"gallery-group images-1\" style=\"width: 305px; height: 494px;\"><div class=\"tiled-gallery-item tiled-gallery-item-full\"><a href=\"http:\/\/elviswhynot.bplaced.net\/wordpress\/?attachment_id=223\"><img data-attachment-id=\"223\" data-orig-file=\"http:\/\/elviswhynot.bplaced.net\/wordpress\/wp-content\/uploads\/2023\/06\/17.jpg\" data-orig-size=\"553,900\" data-comments-opened=\"1\" data-image-meta=\"{&quot;aperture&quot;:&quot;10&quot;,&quot;credit&quot;:&quot;&quot;,&quot;camera&quot;:&quot;Canon EOS-1D Mark IV&quot;,&quot;caption&quot;:&quot;&quot;,&quot;created_timestamp&quot;:&quot;1303141546&quot;,&quot;copyright&quot;:&quot;&quot;,&quot;focal_length&quot;:&quot;50&quot;,&quot;iso&quot;:&quot;100&quot;,&quot;shutter_speed&quot;:&quot;0.01&quot;,&quot;title&quot;:&quot;&quot;,&quot;orientation&quot;:&quot;1&quot;}\" data-image-title=\"Elvis Why not! Pressefotos\" data-image-description=\"\" data-medium-file=\"http:\/\/elviswhynot.bplaced.net\/wordpress\/wp-content\/uploads\/2023\/06\/17-184x300.jpg\" data-large-file=\"http:\/\/elviswhynot.bplaced.net\/wordpress\/wp-content\/uploads\/2023\/06\/17.jpg\" src=\"http:\/\/elviswhynot.bplaced.net\/wordpress\/wp-content\/uploads\/2023\/06\/17.jpg\" width=\"301\" height=\"490\" align=\"left\" title=\"Elvis Why not! Pressefotos\" \/><\/a><div class=\"tiled-gallery-caption\">Foto: Heinz Gramann, Braunschweig<\/div><\/div><\/div><div class=\"gallery-group images-1\" style=\"width: 351px; height: 494px;\"><div class=\"tiled-gallery-item tiled-gallery-item-full\"><a href=\"http:\/\/elviswhynot.bplaced.net\/wordpress\/?attachment_id=224\"><img data-attachment-id=\"224\" data-orig-file=\"http:\/\/elviswhynot.bplaced.net\/wordpress\/wp-content\/uploads\/2023\/06\/18.jpg\" data-orig-size=\"637,900\" data-comments-opened=\"1\" data-image-meta=\"{&quot;aperture&quot;:&quot;10&quot;,&quot;credit&quot;:&quot;&quot;,&quot;camera&quot;:&quot;Canon EOS-1D Mark IV&quot;,&quot;caption&quot;:&quot;&quot;,&quot;created_timestamp&quot;:&quot;1303141551&quot;,&quot;copyright&quot;:&quot;&quot;,&quot;focal_length&quot;:&quot;50&quot;,&quot;iso&quot;:&quot;100&quot;,&quot;shutter_speed&quot;:&quot;0.01&quot;,&quot;title&quot;:&quot;&quot;,&quot;orientation&quot;:&quot;1&quot;}\" data-image-title=\"Elvis Why not! Pressefotos\" data-image-description=\"\" data-medium-file=\"http:\/\/elviswhynot.bplaced.net\/wordpress\/wp-content\/uploads\/2023\/06\/18-212x300.jpg\" data-large-file=\"http:\/\/elviswhynot.bplaced.net\/wordpress\/wp-content\/uploads\/2023\/06\/18.jpg\" src=\"http:\/\/elviswhynot.bplaced.net\/wordpress\/wp-content\/uploads\/2023\/06\/18.jpg\" width=\"347\" height=\"490\" align=\"left\" title=\"Elvis Why not! Pressefotos\" \/><\/a><div class=\"tiled-gallery-caption\">Foto: Heinz Gramann, Braunschweig<\/div><\/div><\/div><\/div><div class=\"gallery-row\" style=\"width: 915px; height: 299px;\"><div class=\"gallery-group images-1\" style=\"width: 218px; height: 303px;\"><div class=\"tiled-gallery-item tiled-gallery-item-full\"><a href=\"http:\/\/elviswhynot.bplaced.net\/wordpress\/?attachment_id=225\"><img data-attachment-id=\"225\" data-orig-file=\"http:\/\/elviswhynot.bplaced.net\/wordpress\/wp-content\/uploads\/2023\/06\/19.jpg\" data-orig-size=\"644,900\" data-comments-opened=\"1\" data-image-meta=\"{&quot;aperture&quot;:&quot;10&quot;,&quot;credit&quot;:&quot;&quot;,&quot;camera&quot;:&quot;Canon EOS-1D Mark IV&quot;,&quot;caption&quot;:&quot;&quot;,&quot;created_timestamp&quot;:&quot;1303142230&quot;,&quot;copyright&quot;:&quot;&quot;,&quot;focal_length&quot;:&quot;55&quot;,&quot;iso&quot;:&quot;100&quot;,&quot;shutter_speed&quot;:&quot;0.01&quot;,&quot;title&quot;:&quot;&quot;,&quot;orientation&quot;:&quot;1&quot;}\" data-image-title=\"Elvis Why not! Pressefotos\" data-image-description=\"\" data-medium-file=\"http:\/\/elviswhynot.bplaced.net\/wordpress\/wp-content\/uploads\/2023\/06\/19-215x300.jpg\" data-large-file=\"http:\/\/elviswhynot.bplaced.net\/wordpress\/wp-content\/uploads\/2023\/06\/19.jpg\" src=\"http:\/\/elviswhynot.bplaced.net\/wordpress\/wp-content\/uploads\/2023\/06\/19.jpg\" width=\"214\" height=\"299\" align=\"left\" title=\"Elvis Why not! Pressefotos\" \/><\/a><div class=\"tiled-gallery-caption\">Foto: Heinz Gramann, Braunschweig<\/div><\/div><\/div><div class=\"gallery-group images-1\" style=\"width: 196px; height: 303px;\"><div class=\"tiled-gallery-item tiled-gallery-item-full\"><a href=\"http:\/\/elviswhynot.bplaced.net\/wordpress\/?attachment_id=226\"><img data-attachment-id=\"226\" data-orig-file=\"http:\/\/elviswhynot.bplaced.net\/wordpress\/wp-content\/uploads\/2023\/06\/20.jpg\" data-orig-size=\"577,900\" data-comments-opened=\"1\" data-image-meta=\"{&quot;aperture&quot;:&quot;10&quot;,&quot;credit&quot;:&quot;&quot;,&quot;camera&quot;:&quot;Canon EOS-1D Mark IV&quot;,&quot;caption&quot;:&quot;&quot;,&quot;created_timestamp&quot;:&quot;1303142235&quot;,&quot;copyright&quot;:&quot;&quot;,&quot;focal_length&quot;:&quot;55&quot;,&quot;iso&quot;:&quot;100&quot;,&quot;shutter_speed&quot;:&quot;0.01&quot;,&quot;title&quot;:&quot;&quot;,&quot;orientation&quot;:&quot;1&quot;}\" data-image-title=\"Elvis Why not! Pressefotos\" data-image-description=\"\" data-medium-file=\"http:\/\/elviswhynot.bplaced.net\/wordpress\/wp-content\/uploads\/2023\/06\/20-192x300.jpg\" data-large-file=\"http:\/\/elviswhynot.bplaced.net\/wordpress\/wp-content\/uploads\/2023\/06\/20.jpg\" src=\"http:\/\/elviswhynot.bplaced.net\/wordpress\/wp-content\/uploads\/2023\/06\/20.jpg\" width=\"192\" height=\"299\" align=\"left\" title=\"Elvis Why not! Pressefotos\" \/><\/a><div class=\"tiled-gallery-caption\">Foto: Heinz Gramann, Braunschweig<\/div><\/div><\/div><div class=\"gallery-group images-1\" style=\"width: 293px; height: 303px;\"><div class=\"tiled-gallery-item tiled-gallery-item-full\"><a href=\"http:\/\/elviswhynot.bplaced.net\/wordpress\/?attachment_id=227\"><img data-attachment-id=\"227\" data-orig-file=\"http:\/\/elviswhynot.bplaced.net\/wordpress\/wp-content\/uploads\/2023\/06\/21.jpg\" data-orig-size=\"871,900\" data-comments-opened=\"1\" data-image-meta=\"{&quot;aperture&quot;:&quot;8&quot;,&quot;credit&quot;:&quot;&quot;,&quot;camera&quot;:&quot;Canon EOS-1D Mark IV&quot;,&quot;caption&quot;:&quot;&quot;,&quot;created_timestamp&quot;:&quot;1303142257&quot;,&quot;copyright&quot;:&quot;&quot;,&quot;focal_length&quot;:&quot;55&quot;,&quot;iso&quot;:&quot;100&quot;,&quot;shutter_speed&quot;:&quot;0.01&quot;,&quot;title&quot;:&quot;&quot;,&quot;orientation&quot;:&quot;1&quot;}\" data-image-title=\"Elvis Why not! Pressefotos\" data-image-description=\"\" data-medium-file=\"http:\/\/elviswhynot.bplaced.net\/wordpress\/wp-content\/uploads\/2023\/06\/21-290x300.jpg\" data-large-file=\"http:\/\/elviswhynot.bplaced.net\/wordpress\/wp-content\/uploads\/2023\/06\/21.jpg\" src=\"http:\/\/elviswhynot.bplaced.net\/wordpress\/wp-content\/uploads\/2023\/06\/21.jpg\" width=\"289\" height=\"299\" align=\"left\" title=\"Elvis Why not! Pressefotos\" \/><\/a><div class=\"tiled-gallery-caption\">Foto: Heinz Gramann, Braunschweig<\/div><\/div><\/div><div class=\"gallery-group images-1\" style=\"width: 208px; height: 303px;\"><div class=\"tiled-gallery-item tiled-gallery-item-full\"><a href=\"http:\/\/elviswhynot.bplaced.net\/wordpress\/?attachment_id=228\"><img data-attachment-id=\"228\" data-orig-file=\"http:\/\/elviswhynot.bplaced.net\/wordpress\/wp-content\/uploads\/2023\/06\/22.jpg\" data-orig-size=\"616,900\" data-comments-opened=\"1\" data-image-meta=\"{&quot;aperture&quot;:&quot;8&quot;,&quot;credit&quot;:&quot;&quot;,&quot;camera&quot;:&quot;Canon EOS-1D Mark IV&quot;,&quot;caption&quot;:&quot;&quot;,&quot;created_timestamp&quot;:&quot;1303142546&quot;,&quot;copyright&quot;:&quot;&quot;,&quot;focal_length&quot;:&quot;55&quot;,&quot;iso&quot;:&quot;100&quot;,&quot;shutter_speed&quot;:&quot;0.01&quot;,&quot;title&quot;:&quot;&quot;,&quot;orientation&quot;:&quot;1&quot;}\" data-image-title=\"Elvis Why not! Pressefotos\" data-image-description=\"\" data-medium-file=\"http:\/\/elviswhynot.bplaced.net\/wordpress\/wp-content\/uploads\/2023\/06\/22-205x300.jpg\" data-large-file=\"http:\/\/elviswhynot.bplaced.net\/wordpress\/wp-content\/uploads\/2023\/06\/22.jpg\" src=\"http:\/\/elviswhynot.bplaced.net\/wordpress\/wp-content\/uploads\/2023\/06\/22.jpg\" width=\"204\" height=\"299\" align=\"left\" title=\"Elvis Why not! Pressefotos\" \/><\/a><div class=\"tiled-gallery-caption\">Foto: Heinz Gramann, Braunschweig<\/div><\/div><\/div><\/div><div class=\"gallery-row\" style=\"width: 915px; height: 720px;\"><div class=\"gallery-group images-1\" style=\"width: 446px; height: 724px;\"><div class=\"tiled-gallery-item tiled-gallery-item-full\"><a href=\"http:\/\/elviswhynot.bplaced.net\/wordpress\/?attachment_id=229\"><img data-attachment-id=\"229\" data-orig-file=\"http:\/\/elviswhynot.bplaced.net\/wordpress\/wp-content\/uploads\/2023\/06\/23.jpg\" data-orig-size=\"553,900\" data-comments-opened=\"1\" data-image-meta=\"{&quot;aperture&quot;:&quot;10&quot;,&quot;credit&quot;:&quot;&quot;,&quot;camera&quot;:&quot;Canon EOS-1D Mark IV&quot;,&quot;caption&quot;:&quot;&quot;,&quot;created_timestamp&quot;:&quot;1303142584&quot;,&quot;copyright&quot;:&quot;&quot;,&quot;focal_length&quot;:&quot;24&quot;,&quot;iso&quot;:&quot;100&quot;,&quot;shutter_speed&quot;:&quot;0.01&quot;,&quot;title&quot;:&quot;&quot;,&quot;orientation&quot;:&quot;1&quot;}\" data-image-title=\"Elvis Why not! Pressefotos\" data-image-description=\"\" data-medium-file=\"http:\/\/elviswhynot.bplaced.net\/wordpress\/wp-content\/uploads\/2023\/06\/23-184x300.jpg\" data-large-file=\"http:\/\/elviswhynot.bplaced.net\/wordpress\/wp-content\/uploads\/2023\/06\/23.jpg\" src=\"http:\/\/elviswhynot.bplaced.net\/wordpress\/wp-content\/uploads\/2023\/06\/23.jpg\" width=\"442\" height=\"720\" align=\"left\" title=\"Elvis Why not! Pressefotos\" \/><\/a><div class=\"tiled-gallery-caption\">Foto: Heinz Gramann, Braunschweig<\/div><\/div><\/div><div class=\"gallery-group images-1\" style=\"width: 469px; height: 724px;\"><div class=\"tiled-gallery-item tiled-gallery-item-full\"><a href=\"http:\/\/elviswhynot.bplaced.net\/wordpress\/?attachment_id=230\"><img data-attachment-id=\"230\" data-orig-file=\"http:\/\/elviswhynot.bplaced.net\/wordpress\/wp-content\/uploads\/2023\/06\/24.jpg\" data-orig-size=\"581,900\" data-comments-opened=\"1\" data-image-meta=\"{&quot;aperture&quot;:&quot;10&quot;,&quot;credit&quot;:&quot;&quot;,&quot;camera&quot;:&quot;Canon EOS-1D Mark IV&quot;,&quot;caption&quot;:&quot;&quot;,&quot;created_timestamp&quot;:&quot;1303142711&quot;,&quot;copyright&quot;:&quot;&quot;,&quot;focal_length&quot;:&quot;17&quot;,&quot;iso&quot;:&quot;100&quot;,&quot;shutter_speed&quot;:&quot;0.025&quot;,&quot;title&quot;:&quot;&quot;,&quot;orientation&quot;:&quot;1&quot;}\" data-image-title=\"Elvis Why not! Pressefotos\" data-image-description=\"\" data-medium-file=\"http:\/\/elviswhynot.bplaced.net\/wordpress\/wp-content\/uploads\/2023\/06\/24-194x300.jpg\" data-large-file=\"http:\/\/elviswhynot.bplaced.net\/wordpress\/wp-content\/uploads\/2023\/06\/24.jpg\" src=\"http:\/\/elviswhynot.bplaced.net\/wordpress\/wp-content\/uploads\/2023\/06\/24.jpg\" width=\"465\" height=\"720\" align=\"left\" title=\"Elvis Why not! Pressefotos\" \/><\/a><div class=\"tiled-gallery-caption\">Foto: Heinz Gramann, Braunschweig<\/div><\/div><\/div><\/div><\/div>\n\n\n<p> <\/p>\n\n\n\n<div style=\"height:20px\" aria-hidden=\"true\" class=\"wp-block-spacer\"><\/div>\n\n\n\n<h5 class=\"wp-block-heading\"><strong>&#8222;Wild in the country&#8220; Fotoshooting<\/strong><\/h5>\n\n\n<div data-carousel-extra='{\"blog_id\":1,\"permalink\":\"http:\\\/\\\/elviswhynot.bplaced.net\\\/wordpress\\\/?page_id=162\"}' class=\"tiled-gallery type-rectangular\" data-original-width=\"920\"><div class=\"gallery-row\" style=\"width: 915px; height: 403px;\"><div class=\"gallery-group images-1\" style=\"width: 611px; height: 407px;\"><div class=\"tiled-gallery-item tiled-gallery-item-full\"><a href=\"http:\/\/elviswhynot.bplaced.net\/wordpress\/?attachment_id=266\"><img data-attachment-id=\"266\" data-orig-file=\"http:\/\/elviswhynot.bplaced.net\/wordpress\/wp-content\/uploads\/2023\/06\/25.jpg\" data-orig-size=\"1354,900\" data-comments-opened=\"1\" data-image-meta=\"{&quot;aperture&quot;:&quot;0&quot;,&quot;credit&quot;:&quot;&quot;,&quot;camera&quot;:&quot;PENTAX K100D Super&quot;,&quot;caption&quot;:&quot;&quot;,&quot;created_timestamp&quot;:&quot;0&quot;,&quot;copyright&quot;:&quot;&quot;,&quot;focal_length&quot;:&quot;23&quot;,&quot;iso&quot;:&quot;400&quot;,&quot;shutter_speed&quot;:&quot;0.0028571428571429&quot;,&quot;title&quot;:&quot;&quot;,&quot;orientation&quot;:&quot;1&quot;}\" data-image-title=\"&#8222;Wild in the country&#8220; Fotoshooting\" data-image-description=\"\" data-medium-file=\"http:\/\/elviswhynot.bplaced.net\/wordpress\/wp-content\/uploads\/2023\/06\/25-300x199.jpg\" data-large-file=\"http:\/\/elviswhynot.bplaced.net\/wordpress\/wp-content\/uploads\/2023\/06\/25-1024x681.jpg\" src=\"http:\/\/elviswhynot.bplaced.net\/wordpress\/wp-content\/uploads\/2023\/06\/25.jpg\" width=\"607\" height=\"403\" align=\"left\" title=\"&quot;Wild in the country&quot; Fotoshooting\" \/><\/a><div class=\"tiled-gallery-caption\">Foto: Mario Fritzke, Wolfenb\u00fcttel<\/div><\/div><\/div><div class=\"gallery-group images-2\" style=\"width: 304px; height: 407px;\"><div class=\"tiled-gallery-item tiled-gallery-item-full\"><a href=\"http:\/\/elviswhynot.bplaced.net\/wordpress\/?attachment_id=244\"><img data-attachment-id=\"244\" data-orig-file=\"http:\/\/elviswhynot.bplaced.net\/wordpress\/wp-content\/uploads\/2023\/06\/26.jpg\" data-orig-size=\"1354,900\" data-comments-opened=\"1\" data-image-meta=\"{&quot;aperture&quot;:&quot;0&quot;,&quot;credit&quot;:&quot;&quot;,&quot;camera&quot;:&quot;PENTAX K100D Super&quot;,&quot;caption&quot;:&quot;&quot;,&quot;created_timestamp&quot;:&quot;0&quot;,&quot;copyright&quot;:&quot;&quot;,&quot;focal_length&quot;:&quot;23&quot;,&quot;iso&quot;:&quot;400&quot;,&quot;shutter_speed&quot;:&quot;0.002&quot;,&quot;title&quot;:&quot;&quot;,&quot;orientation&quot;:&quot;1&quot;}\" data-image-title=\"&#8222;Wild in the country&#8220; Fotoshooting\" data-image-description=\"\" data-medium-file=\"http:\/\/elviswhynot.bplaced.net\/wordpress\/wp-content\/uploads\/2023\/06\/26-300x199.jpg\" data-large-file=\"http:\/\/elviswhynot.bplaced.net\/wordpress\/wp-content\/uploads\/2023\/06\/26-1024x681.jpg\" src=\"http:\/\/elviswhynot.bplaced.net\/wordpress\/wp-content\/uploads\/2023\/06\/26.jpg\" width=\"300\" height=\"200\" align=\"left\" title=\"&quot;Wild in the country&quot; Fotoshooting\" \/><\/a><div class=\"tiled-gallery-caption\">Foto: Mario Fritzke, Wolfenb\u00fcttel<\/div><\/div><div class=\"tiled-gallery-item tiled-gallery-item-full\"><a href=\"http:\/\/elviswhynot.bplaced.net\/wordpress\/?attachment_id=245\"><img data-attachment-id=\"245\" data-orig-file=\"http:\/\/elviswhynot.bplaced.net\/wordpress\/wp-content\/uploads\/2023\/06\/27.jpg\" data-orig-size=\"1354,900\" data-comments-opened=\"1\" data-image-meta=\"{&quot;aperture&quot;:&quot;0&quot;,&quot;credit&quot;:&quot;&quot;,&quot;camera&quot;:&quot;PENTAX K100D Super&quot;,&quot;caption&quot;:&quot;&quot;,&quot;created_timestamp&quot;:&quot;0&quot;,&quot;copyright&quot;:&quot;&quot;,&quot;focal_length&quot;:&quot;23&quot;,&quot;iso&quot;:&quot;400&quot;,&quot;shutter_speed&quot;:&quot;0.0028571428571429&quot;,&quot;title&quot;:&quot;&quot;,&quot;orientation&quot;:&quot;1&quot;}\" data-image-title=\"&#8222;Wild in the country&#8220; Fotoshooting\" data-image-description=\"\" data-medium-file=\"http:\/\/elviswhynot.bplaced.net\/wordpress\/wp-content\/uploads\/2023\/06\/27-300x199.jpg\" data-large-file=\"http:\/\/elviswhynot.bplaced.net\/wordpress\/wp-content\/uploads\/2023\/06\/27-1024x681.jpg\" src=\"http:\/\/elviswhynot.bplaced.net\/wordpress\/wp-content\/uploads\/2023\/06\/27.jpg\" width=\"300\" height=\"199\" align=\"left\" title=\"&quot;Wild in the country&quot; Fotoshooting\" \/><\/a><div class=\"tiled-gallery-caption\">Foto: Mario Fritzke, Wolfenb\u00fcttel<\/div><\/div><\/div><\/div><div class=\"gallery-row\" style=\"width: 915px; height: 200px;\"><div class=\"gallery-group images-1\" style=\"width: 305px; height: 204px;\"><div class=\"tiled-gallery-item tiled-gallery-item-full\"><a href=\"http:\/\/elviswhynot.bplaced.net\/wordpress\/?attachment_id=246\"><img data-attachment-id=\"246\" data-orig-file=\"http:\/\/elviswhynot.bplaced.net\/wordpress\/wp-content\/uploads\/2023\/06\/28.jpg\" data-orig-size=\"1354,900\" data-comments-opened=\"1\" data-image-meta=\"{&quot;aperture&quot;:&quot;0&quot;,&quot;credit&quot;:&quot;&quot;,&quot;camera&quot;:&quot;PENTAX K100D Super&quot;,&quot;caption&quot;:&quot;&quot;,&quot;created_timestamp&quot;:&quot;0&quot;,&quot;copyright&quot;:&quot;&quot;,&quot;focal_length&quot;:&quot;21&quot;,&quot;iso&quot;:&quot;400&quot;,&quot;shutter_speed&quot;:&quot;0.002&quot;,&quot;title&quot;:&quot;&quot;,&quot;orientation&quot;:&quot;1&quot;}\" data-image-title=\"&#8222;Wild in the country&#8220; Fotoshooting\" data-image-description=\"\" data-medium-file=\"http:\/\/elviswhynot.bplaced.net\/wordpress\/wp-content\/uploads\/2023\/06\/28-300x199.jpg\" data-large-file=\"http:\/\/elviswhynot.bplaced.net\/wordpress\/wp-content\/uploads\/2023\/06\/28-1024x681.jpg\" src=\"http:\/\/elviswhynot.bplaced.net\/wordpress\/wp-content\/uploads\/2023\/06\/28.jpg\" width=\"301\" height=\"200\" align=\"left\" title=\"&quot;Wild in the country&quot; Fotoshooting\" \/><\/a><div class=\"tiled-gallery-caption\">Foto: Mario Fritzke, Wolfenb\u00fcttel<\/div><\/div><\/div><div class=\"gallery-group images-1\" style=\"width: 305px; height: 204px;\"><div class=\"tiled-gallery-item tiled-gallery-item-full\"><a href=\"http:\/\/elviswhynot.bplaced.net\/wordpress\/?attachment_id=247\"><img data-attachment-id=\"247\" data-orig-file=\"http:\/\/elviswhynot.bplaced.net\/wordpress\/wp-content\/uploads\/2023\/06\/29.jpg\" data-orig-size=\"1354,900\" data-comments-opened=\"1\" data-image-meta=\"{&quot;aperture&quot;:&quot;0&quot;,&quot;credit&quot;:&quot;&quot;,&quot;camera&quot;:&quot;&quot;,&quot;caption&quot;:&quot;&quot;,&quot;created_timestamp&quot;:&quot;0&quot;,&quot;copyright&quot;:&quot;&quot;,&quot;focal_length&quot;:&quot;0&quot;,&quot;iso&quot;:&quot;0&quot;,&quot;shutter_speed&quot;:&quot;0&quot;,&quot;title&quot;:&quot;&quot;,&quot;orientation&quot;:&quot;0&quot;}\" data-image-title=\"&#8222;Wild in the country&#8220; Fotoshooting\" data-image-description=\"\" data-medium-file=\"http:\/\/elviswhynot.bplaced.net\/wordpress\/wp-content\/uploads\/2023\/06\/29-300x199.jpg\" data-large-file=\"http:\/\/elviswhynot.bplaced.net\/wordpress\/wp-content\/uploads\/2023\/06\/29-1024x681.jpg\" src=\"http:\/\/elviswhynot.bplaced.net\/wordpress\/wp-content\/uploads\/2023\/06\/29.jpg\" width=\"301\" height=\"200\" align=\"left\" title=\"&quot;Wild in the country&quot; Fotoshooting\" \/><\/a><div class=\"tiled-gallery-caption\">Foto: Mario Fritzke, Wolfenb\u00fcttel<\/div><\/div><\/div><div class=\"gallery-group images-1\" style=\"width: 305px; height: 204px;\"><div class=\"tiled-gallery-item tiled-gallery-item-full\"><a href=\"http:\/\/elviswhynot.bplaced.net\/wordpress\/?attachment_id=248\"><img data-attachment-id=\"248\" data-orig-file=\"http:\/\/elviswhynot.bplaced.net\/wordpress\/wp-content\/uploads\/2023\/06\/30.jpg\" data-orig-size=\"1354,900\" data-comments-opened=\"1\" data-image-meta=\"{&quot;aperture&quot;:&quot;0&quot;,&quot;credit&quot;:&quot;&quot;,&quot;camera&quot;:&quot;PENTAX K100D Super&quot;,&quot;caption&quot;:&quot;&quot;,&quot;created_timestamp&quot;:&quot;0&quot;,&quot;copyright&quot;:&quot;&quot;,&quot;focal_length&quot;:&quot;23&quot;,&quot;iso&quot;:&quot;400&quot;,&quot;shutter_speed&quot;:&quot;0.004&quot;,&quot;title&quot;:&quot;&quot;,&quot;orientation&quot;:&quot;1&quot;}\" data-image-title=\"&#8222;Wild in the country&#8220; Fotoshooting\" data-image-description=\"\" data-medium-file=\"http:\/\/elviswhynot.bplaced.net\/wordpress\/wp-content\/uploads\/2023\/06\/30-300x199.jpg\" data-large-file=\"http:\/\/elviswhynot.bplaced.net\/wordpress\/wp-content\/uploads\/2023\/06\/30-1024x681.jpg\" src=\"http:\/\/elviswhynot.bplaced.net\/wordpress\/wp-content\/uploads\/2023\/06\/30.jpg\" width=\"301\" height=\"200\" align=\"left\" title=\"&quot;Wild in the country&quot; Fotoshooting\" \/><\/a><div class=\"tiled-gallery-caption\">Foto: Mario Fritzke, Wolfenb\u00fcttel<\/div><\/div><\/div><\/div><div class=\"gallery-row\" style=\"width: 915px; height: 420px;\"><div class=\"gallery-group images-2\" style=\"width: 317px; height: 424px;\"><div class=\"tiled-gallery-item tiled-gallery-item-full\"><a href=\"http:\/\/elviswhynot.bplaced.net\/wordpress\/?attachment_id=249\"><img data-attachment-id=\"249\" data-orig-file=\"http:\/\/elviswhynot.bplaced.net\/wordpress\/wp-content\/uploads\/2023\/06\/31.jpg\" data-orig-size=\"1354,900\" data-comments-opened=\"1\" data-image-meta=\"{&quot;aperture&quot;:&quot;0&quot;,&quot;credit&quot;:&quot;&quot;,&quot;camera&quot;:&quot;PENTAX K100D Super&quot;,&quot;caption&quot;:&quot;&quot;,&quot;created_timestamp&quot;:&quot;0&quot;,&quot;copyright&quot;:&quot;&quot;,&quot;focal_length&quot;:&quot;24&quot;,&quot;iso&quot;:&quot;400&quot;,&quot;shutter_speed&quot;:&quot;0.0028571428571429&quot;,&quot;title&quot;:&quot;&quot;,&quot;orientation&quot;:&quot;1&quot;}\" data-image-title=\"&#8222;Wild in the country&#8220; Fotoshooting\" data-image-description=\"\" data-medium-file=\"http:\/\/elviswhynot.bplaced.net\/wordpress\/wp-content\/uploads\/2023\/06\/31-300x199.jpg\" data-large-file=\"http:\/\/elviswhynot.bplaced.net\/wordpress\/wp-content\/uploads\/2023\/06\/31-1024x681.jpg\" src=\"http:\/\/elviswhynot.bplaced.net\/wordpress\/wp-content\/uploads\/2023\/06\/31.jpg\" width=\"313\" height=\"208\" align=\"left\" title=\"&quot;Wild in the country&quot; Fotoshooting\" \/><\/a><div class=\"tiled-gallery-caption\">Foto: Mario Fritzke, Wolfenb\u00fcttel<\/div><\/div><div class=\"tiled-gallery-item tiled-gallery-item-full\"><a href=\"http:\/\/elviswhynot.bplaced.net\/wordpress\/?attachment_id=250\"><img data-attachment-id=\"250\" data-orig-file=\"http:\/\/elviswhynot.bplaced.net\/wordpress\/wp-content\/uploads\/2023\/06\/32.jpg\" data-orig-size=\"1354,900\" data-comments-opened=\"1\" data-image-meta=\"{&quot;aperture&quot;:&quot;0&quot;,&quot;credit&quot;:&quot;&quot;,&quot;camera&quot;:&quot;&quot;,&quot;caption&quot;:&quot;&quot;,&quot;created_timestamp&quot;:&quot;0&quot;,&quot;copyright&quot;:&quot;&quot;,&quot;focal_length&quot;:&quot;0&quot;,&quot;iso&quot;:&quot;0&quot;,&quot;shutter_speed&quot;:&quot;0&quot;,&quot;title&quot;:&quot;&quot;,&quot;orientation&quot;:&quot;0&quot;}\" data-image-title=\"&#8222;Wild in the country&#8220; Fotoshooting\" data-image-description=\"\" data-medium-file=\"http:\/\/elviswhynot.bplaced.net\/wordpress\/wp-content\/uploads\/2023\/06\/32-300x199.jpg\" data-large-file=\"http:\/\/elviswhynot.bplaced.net\/wordpress\/wp-content\/uploads\/2023\/06\/32-1024x681.jpg\" src=\"http:\/\/elviswhynot.bplaced.net\/wordpress\/wp-content\/uploads\/2023\/06\/32.jpg\" width=\"313\" height=\"208\" align=\"left\" title=\"&quot;Wild in the country&quot; Fotoshooting\" \/><\/a><div class=\"tiled-gallery-caption\">Foto: Mario Fritzke, Wolfenb\u00fcttel<\/div><\/div><\/div><div class=\"gallery-group images-1\" style=\"width: 598px; height: 424px;\"><div class=\"tiled-gallery-item tiled-gallery-item-full\"><a href=\"http:\/\/elviswhynot.bplaced.net\/wordpress\/?attachment_id=251\"><img data-attachment-id=\"251\" data-orig-file=\"http:\/\/elviswhynot.bplaced.net\/wordpress\/wp-content\/uploads\/2023\/06\/33.jpg\" data-orig-size=\"1274,900\" data-comments-opened=\"1\" data-image-meta=\"{&quot;aperture&quot;:&quot;0&quot;,&quot;credit&quot;:&quot;&quot;,&quot;camera&quot;:&quot;&quot;,&quot;caption&quot;:&quot;&quot;,&quot;created_timestamp&quot;:&quot;0&quot;,&quot;copyright&quot;:&quot;&quot;,&quot;focal_length&quot;:&quot;0&quot;,&quot;iso&quot;:&quot;0&quot;,&quot;shutter_speed&quot;:&quot;0&quot;,&quot;title&quot;:&quot;&quot;,&quot;orientation&quot;:&quot;0&quot;}\" data-image-title=\"&#8222;Wild in the country&#8220; Fotoshooting\" data-image-description=\"\" data-medium-file=\"http:\/\/elviswhynot.bplaced.net\/wordpress\/wp-content\/uploads\/2023\/06\/33-300x212.jpg\" data-large-file=\"http:\/\/elviswhynot.bplaced.net\/wordpress\/wp-content\/uploads\/2023\/06\/33-1024x723.jpg\" src=\"http:\/\/elviswhynot.bplaced.net\/wordpress\/wp-content\/uploads\/2023\/06\/33.jpg\" width=\"594\" height=\"420\" align=\"left\" title=\"&quot;Wild in the country&quot; Fotoshooting\" \/><\/a><div class=\"tiled-gallery-caption\">Foto: Mario Fritzke, Wolfenb\u00fcttel<\/div><\/div><\/div><\/div><div class=\"gallery-row\" style=\"width: 915px; height: 200px;\"><div class=\"gallery-group images-1\" style=\"width: 305px; height: 204px;\"><div class=\"tiled-gallery-item tiled-gallery-item-full\"><a href=\"http:\/\/elviswhynot.bplaced.net\/wordpress\/?attachment_id=252\"><img data-attachment-id=\"252\" data-orig-file=\"http:\/\/elviswhynot.bplaced.net\/wordpress\/wp-content\/uploads\/2023\/06\/34.jpg\" data-orig-size=\"1354,900\" data-comments-opened=\"1\" data-image-meta=\"{&quot;aperture&quot;:&quot;9.5&quot;,&quot;credit&quot;:&quot;&quot;,&quot;camera&quot;:&quot;PENTAX K100D Super&quot;,&quot;caption&quot;:&quot;&quot;,&quot;created_timestamp&quot;:&quot;1502032991&quot;,&quot;copyright&quot;:&quot;&quot;,&quot;focal_length&quot;:&quot;28&quot;,&quot;iso&quot;:&quot;400&quot;,&quot;shutter_speed&quot;:&quot;0.0013333333333333&quot;,&quot;title&quot;:&quot;&quot;,&quot;orientation&quot;:&quot;1&quot;}\" data-image-title=\"&#8222;Wild in the country&#8220; Fotoshooting\" data-image-description=\"\" data-medium-file=\"http:\/\/elviswhynot.bplaced.net\/wordpress\/wp-content\/uploads\/2023\/06\/34-300x199.jpg\" data-large-file=\"http:\/\/elviswhynot.bplaced.net\/wordpress\/wp-content\/uploads\/2023\/06\/34-1024x681.jpg\" src=\"http:\/\/elviswhynot.bplaced.net\/wordpress\/wp-content\/uploads\/2023\/06\/34.jpg\" width=\"301\" height=\"200\" align=\"left\" title=\"&quot;Wild in the country&quot; Fotoshooting\" \/><\/a><div class=\"tiled-gallery-caption\">Foto: Mario Fritzke, Wolfenb\u00fcttel<\/div><\/div><\/div><div class=\"gallery-group images-1\" style=\"width: 305px; height: 204px;\"><div class=\"tiled-gallery-item tiled-gallery-item-full\"><a href=\"http:\/\/elviswhynot.bplaced.net\/wordpress\/?attachment_id=253\"><img data-attachment-id=\"253\" data-orig-file=\"http:\/\/elviswhynot.bplaced.net\/wordpress\/wp-content\/uploads\/2023\/06\/35.jpg\" data-orig-size=\"1354,900\" data-comments-opened=\"1\" data-image-meta=\"{&quot;aperture&quot;:&quot;9.5&quot;,&quot;credit&quot;:&quot;&quot;,&quot;camera&quot;:&quot;PENTAX K100D Super&quot;,&quot;caption&quot;:&quot;&quot;,&quot;created_timestamp&quot;:&quot;1502033008&quot;,&quot;copyright&quot;:&quot;&quot;,&quot;focal_length&quot;:&quot;21&quot;,&quot;iso&quot;:&quot;400&quot;,&quot;shutter_speed&quot;:&quot;0.001&quot;,&quot;title&quot;:&quot;&quot;,&quot;orientation&quot;:&quot;1&quot;}\" data-image-title=\"&#8222;Wild in the country&#8220; Fotoshooting\" data-image-description=\"\" data-medium-file=\"http:\/\/elviswhynot.bplaced.net\/wordpress\/wp-content\/uploads\/2023\/06\/35-300x199.jpg\" data-large-file=\"http:\/\/elviswhynot.bplaced.net\/wordpress\/wp-content\/uploads\/2023\/06\/35-1024x681.jpg\" src=\"http:\/\/elviswhynot.bplaced.net\/wordpress\/wp-content\/uploads\/2023\/06\/35.jpg\" width=\"301\" height=\"200\" align=\"left\" title=\"&quot;Wild in the country&quot; Fotoshooting\" \/><\/a><div class=\"tiled-gallery-caption\">Foto: Mario Fritzke, Wolfenb\u00fcttel<\/div><\/div><\/div><div class=\"gallery-group images-1\" style=\"width: 305px; height: 204px;\"><div class=\"tiled-gallery-item tiled-gallery-item-full\"><a href=\"http:\/\/elviswhynot.bplaced.net\/wordpress\/?attachment_id=254\"><img data-attachment-id=\"254\" data-orig-file=\"http:\/\/elviswhynot.bplaced.net\/wordpress\/wp-content\/uploads\/2023\/06\/36.jpg\" data-orig-size=\"1354,900\" data-comments-opened=\"1\" data-image-meta=\"{&quot;aperture&quot;:&quot;0&quot;,&quot;credit&quot;:&quot;&quot;,&quot;camera&quot;:&quot;PENTAX K100D Super&quot;,&quot;caption&quot;:&quot;&quot;,&quot;created_timestamp&quot;:&quot;0&quot;,&quot;copyright&quot;:&quot;&quot;,&quot;focal_length&quot;:&quot;21&quot;,&quot;iso&quot;:&quot;400&quot;,&quot;shutter_speed&quot;:&quot;0.004&quot;,&quot;title&quot;:&quot;&quot;,&quot;orientation&quot;:&quot;1&quot;}\" data-image-title=\"&#8222;Wild in the country&#8220; Fotoshooting\" data-image-description=\"\" data-medium-file=\"http:\/\/elviswhynot.bplaced.net\/wordpress\/wp-content\/uploads\/2023\/06\/36-300x199.jpg\" data-large-file=\"http:\/\/elviswhynot.bplaced.net\/wordpress\/wp-content\/uploads\/2023\/06\/36-1024x681.jpg\" src=\"http:\/\/elviswhynot.bplaced.net\/wordpress\/wp-content\/uploads\/2023\/06\/36.jpg\" width=\"301\" height=\"200\" align=\"left\" title=\"&quot;Wild in the country&quot; Fotoshooting\" \/><\/a><div class=\"tiled-gallery-caption\">Foto: Mario Fritzke, Wolfenb\u00fcttel<\/div><\/div><\/div><\/div><div class=\"gallery-row\" style=\"width: 915px; height: 405px;\"><div class=\"gallery-group images-1\" style=\"width: 614px; height: 409px;\"><div class=\"tiled-gallery-item tiled-gallery-item-full\"><a href=\"http:\/\/elviswhynot.bplaced.net\/wordpress\/?attachment_id=255\"><img data-attachment-id=\"255\" data-orig-file=\"http:\/\/elviswhynot.bplaced.net\/wordpress\/wp-content\/uploads\/2023\/06\/37.jpg\" data-orig-size=\"1354,900\" data-comments-opened=\"1\" data-image-meta=\"{&quot;aperture&quot;:&quot;0&quot;,&quot;credit&quot;:&quot;&quot;,&quot;camera&quot;:&quot;PENTAX K100D Super&quot;,&quot;caption&quot;:&quot;&quot;,&quot;created_timestamp&quot;:&quot;0&quot;,&quot;copyright&quot;:&quot;&quot;,&quot;focal_length&quot;:&quot;18&quot;,&quot;iso&quot;:&quot;400&quot;,&quot;shutter_speed&quot;:&quot;0.004&quot;,&quot;title&quot;:&quot;&quot;,&quot;orientation&quot;:&quot;1&quot;}\" data-image-title=\"&#8222;Wild in the country&#8220; Fotoshooting\" data-image-description=\"\" data-medium-file=\"http:\/\/elviswhynot.bplaced.net\/wordpress\/wp-content\/uploads\/2023\/06\/37-300x199.jpg\" data-large-file=\"http:\/\/elviswhynot.bplaced.net\/wordpress\/wp-content\/uploads\/2023\/06\/37-1024x681.jpg\" src=\"http:\/\/elviswhynot.bplaced.net\/wordpress\/wp-content\/uploads\/2023\/06\/37.jpg\" width=\"610\" height=\"405\" align=\"left\" title=\"&quot;Wild in the country&quot; Fotoshooting\" \/><\/a><div class=\"tiled-gallery-caption\">Foto: Mario Fritzke, Wolfenb\u00fcttel<\/div><\/div><\/div><div class=\"gallery-group images-2\" style=\"width: 301px; height: 409px;\"><div class=\"tiled-gallery-item tiled-gallery-item-full\"><a href=\"http:\/\/elviswhynot.bplaced.net\/wordpress\/?attachment_id=256\"><img data-attachment-id=\"256\" data-orig-file=\"http:\/\/elviswhynot.bplaced.net\/wordpress\/wp-content\/uploads\/2023\/06\/38.jpg\" data-orig-size=\"1311,900\" data-comments-opened=\"1\" data-image-meta=\"{&quot;aperture&quot;:&quot;11&quot;,&quot;credit&quot;:&quot;&quot;,&quot;camera&quot;:&quot;PENTAX K100D Super&quot;,&quot;caption&quot;:&quot;&quot;,&quot;created_timestamp&quot;:&quot;1502033937&quot;,&quot;copyright&quot;:&quot;&quot;,&quot;focal_length&quot;:&quot;18&quot;,&quot;iso&quot;:&quot;400&quot;,&quot;shutter_speed&quot;:&quot;0.002&quot;,&quot;title&quot;:&quot;&quot;,&quot;orientation&quot;:&quot;1&quot;}\" data-image-title=\"&#8222;Wild in the country&#8220; Fotoshooting\" data-image-description=\"\" data-medium-file=\"http:\/\/elviswhynot.bplaced.net\/wordpress\/wp-content\/uploads\/2023\/06\/38-300x206.jpg\" data-large-file=\"http:\/\/elviswhynot.bplaced.net\/wordpress\/wp-content\/uploads\/2023\/06\/38-1024x703.jpg\" src=\"http:\/\/elviswhynot.bplaced.net\/wordpress\/wp-content\/uploads\/2023\/06\/38.jpg\" width=\"297\" height=\"204\" align=\"left\" title=\"&quot;Wild in the country&quot; Fotoshooting\" \/><\/a><div class=\"tiled-gallery-caption\">Foto: Mario Fritzke, Wolfenb\u00fcttel<\/div><\/div><div class=\"tiled-gallery-item tiled-gallery-item-full\"><a href=\"http:\/\/elviswhynot.bplaced.net\/wordpress\/?attachment_id=257\"><img data-attachment-id=\"257\" data-orig-file=\"http:\/\/elviswhynot.bplaced.net\/wordpress\/wp-content\/uploads\/2023\/06\/39.jpg\" data-orig-size=\"1354,900\" data-comments-opened=\"1\" data-image-meta=\"{&quot;aperture&quot;:&quot;11&quot;,&quot;credit&quot;:&quot;&quot;,&quot;camera&quot;:&quot;PENTAX K100D Super&quot;,&quot;caption&quot;:&quot;&quot;,&quot;created_timestamp&quot;:&quot;1502034021&quot;,&quot;copyright&quot;:&quot;&quot;,&quot;focal_length&quot;:&quot;18&quot;,&quot;iso&quot;:&quot;400&quot;,&quot;shutter_speed&quot;:&quot;0.0055555555555556&quot;,&quot;title&quot;:&quot;&quot;,&quot;orientation&quot;:&quot;1&quot;}\" data-image-title=\"&#8222;Wild in the country&#8220; Fotoshooting\" data-image-description=\"\" data-medium-file=\"http:\/\/elviswhynot.bplaced.net\/wordpress\/wp-content\/uploads\/2023\/06\/39-300x199.jpg\" data-large-file=\"http:\/\/elviswhynot.bplaced.net\/wordpress\/wp-content\/uploads\/2023\/06\/39-1024x681.jpg\" src=\"http:\/\/elviswhynot.bplaced.net\/wordpress\/wp-content\/uploads\/2023\/06\/39.jpg\" width=\"297\" height=\"197\" align=\"left\" title=\"&quot;Wild in the country&quot; Fotoshooting\" \/><\/a><div class=\"tiled-gallery-caption\">Foto: Mario Fritzke, Wolfenb\u00fcttel<\/div><\/div><\/div><\/div><div class=\"gallery-row\" style=\"width: 915px; height: 200px;\"><div class=\"gallery-group images-1\" style=\"width: 305px; height: 204px;\"><div class=\"tiled-gallery-item tiled-gallery-item-full\"><a href=\"http:\/\/elviswhynot.bplaced.net\/wordpress\/?attachment_id=258\"><img data-attachment-id=\"258\" data-orig-file=\"http:\/\/elviswhynot.bplaced.net\/wordpress\/wp-content\/uploads\/2023\/06\/40.jpg\" data-orig-size=\"1354,900\" data-comments-opened=\"1\" data-image-meta=\"{&quot;aperture&quot;:&quot;13&quot;,&quot;credit&quot;:&quot;&quot;,&quot;camera&quot;:&quot;PENTAX K100D Super&quot;,&quot;caption&quot;:&quot;&quot;,&quot;created_timestamp&quot;:&quot;1502034051&quot;,&quot;copyright&quot;:&quot;&quot;,&quot;focal_length&quot;:&quot;24&quot;,&quot;iso&quot;:&quot;400&quot;,&quot;shutter_speed&quot;:&quot;0.0028571428571429&quot;,&quot;title&quot;:&quot;&quot;,&quot;orientation&quot;:&quot;1&quot;}\" data-image-title=\"&#8222;Wild in the country&#8220; Fotoshooting\" data-image-description=\"\" data-medium-file=\"http:\/\/elviswhynot.bplaced.net\/wordpress\/wp-content\/uploads\/2023\/06\/40-300x199.jpg\" data-large-file=\"http:\/\/elviswhynot.bplaced.net\/wordpress\/wp-content\/uploads\/2023\/06\/40-1024x681.jpg\" src=\"http:\/\/elviswhynot.bplaced.net\/wordpress\/wp-content\/uploads\/2023\/06\/40.jpg\" width=\"301\" height=\"200\" align=\"left\" title=\"&quot;Wild in the country&quot; Fotoshooting\" \/><\/a><div class=\"tiled-gallery-caption\">Foto: Mario Fritzke, Wolfenb\u00fcttel<\/div><\/div><\/div><div class=\"gallery-group images-1\" style=\"width: 305px; height: 204px;\"><div class=\"tiled-gallery-item tiled-gallery-item-full\"><a href=\"http:\/\/elviswhynot.bplaced.net\/wordpress\/?attachment_id=259\"><img data-attachment-id=\"259\" data-orig-file=\"http:\/\/elviswhynot.bplaced.net\/wordpress\/wp-content\/uploads\/2023\/06\/41.jpg\" data-orig-size=\"1354,900\" data-comments-opened=\"1\" data-image-meta=\"{&quot;aperture&quot;:&quot;9.5&quot;,&quot;credit&quot;:&quot;&quot;,&quot;camera&quot;:&quot;PENTAX K100D Super&quot;,&quot;caption&quot;:&quot;&quot;,&quot;created_timestamp&quot;:&quot;1502034417&quot;,&quot;copyright&quot;:&quot;&quot;,&quot;focal_length&quot;:&quot;28&quot;,&quot;iso&quot;:&quot;400&quot;,&quot;shutter_speed&quot;:&quot;0.0013333333333333&quot;,&quot;title&quot;:&quot;&quot;,&quot;orientation&quot;:&quot;1&quot;}\" data-image-title=\"&#8222;Wild in the country&#8220; Fotoshooting\" data-image-description=\"\" data-medium-file=\"http:\/\/elviswhynot.bplaced.net\/wordpress\/wp-content\/uploads\/2023\/06\/41-300x199.jpg\" data-large-file=\"http:\/\/elviswhynot.bplaced.net\/wordpress\/wp-content\/uploads\/2023\/06\/41-1024x681.jpg\" src=\"http:\/\/elviswhynot.bplaced.net\/wordpress\/wp-content\/uploads\/2023\/06\/41.jpg\" width=\"301\" height=\"200\" align=\"left\" title=\"&quot;Wild in the country&quot; Fotoshooting\" \/><\/a><div class=\"tiled-gallery-caption\">Foto: Mario Fritzke, Wolfenb\u00fcttel<\/div><\/div><\/div><div class=\"gallery-group images-1\" style=\"width: 305px; height: 204px;\"><div class=\"tiled-gallery-item tiled-gallery-item-full\"><a href=\"http:\/\/elviswhynot.bplaced.net\/wordpress\/?attachment_id=260\"><img data-attachment-id=\"260\" data-orig-file=\"http:\/\/elviswhynot.bplaced.net\/wordpress\/wp-content\/uploads\/2023\/06\/42.jpg\" data-orig-size=\"1354,900\" data-comments-opened=\"1\" data-image-meta=\"{&quot;aperture&quot;:&quot;0&quot;,&quot;credit&quot;:&quot;&quot;,&quot;camera&quot;:&quot;PENTAX K100D Super&quot;,&quot;caption&quot;:&quot;&quot;,&quot;created_timestamp&quot;:&quot;0&quot;,&quot;copyright&quot;:&quot;&quot;,&quot;focal_length&quot;:&quot;28&quot;,&quot;iso&quot;:&quot;400&quot;,&quot;shutter_speed&quot;:&quot;0.001&quot;,&quot;title&quot;:&quot;&quot;,&quot;orientation&quot;:&quot;1&quot;}\" data-image-title=\"&#8222;Wild in the country&#8220; Fotoshooting\" data-image-description=\"\" data-medium-file=\"http:\/\/elviswhynot.bplaced.net\/wordpress\/wp-content\/uploads\/2023\/06\/42-300x199.jpg\" data-large-file=\"http:\/\/elviswhynot.bplaced.net\/wordpress\/wp-content\/uploads\/2023\/06\/42-1024x681.jpg\" src=\"http:\/\/elviswhynot.bplaced.net\/wordpress\/wp-content\/uploads\/2023\/06\/42.jpg\" width=\"301\" height=\"200\" align=\"left\" title=\"&quot;Wild in the country&quot; Fotoshooting\" \/><\/a><div class=\"tiled-gallery-caption\">Foto: Mario Fritzke, Wolfenb\u00fcttel<\/div><\/div><\/div><\/div><div class=\"gallery-row\" style=\"width: 915px; height: 403px;\"><div class=\"gallery-group images-2\" style=\"width: 304px; height: 407px;\"><div class=\"tiled-gallery-item tiled-gallery-item-full\"><a href=\"http:\/\/elviswhynot.bplaced.net\/wordpress\/?attachment_id=261\"><img data-attachment-id=\"261\" data-orig-file=\"http:\/\/elviswhynot.bplaced.net\/wordpress\/wp-content\/uploads\/2023\/06\/43.jpg\" data-orig-size=\"1354,900\" data-comments-opened=\"1\" data-image-meta=\"{&quot;aperture&quot;:&quot;0&quot;,&quot;credit&quot;:&quot;&quot;,&quot;camera&quot;:&quot;PENTAX K100D Super&quot;,&quot;caption&quot;:&quot;&quot;,&quot;created_timestamp&quot;:&quot;0&quot;,&quot;copyright&quot;:&quot;&quot;,&quot;focal_length&quot;:&quot;28&quot;,&quot;iso&quot;:&quot;400&quot;,&quot;shutter_speed&quot;:&quot;0.001&quot;,&quot;title&quot;:&quot;&quot;,&quot;orientation&quot;:&quot;1&quot;}\" data-image-title=\"&#8222;Wild in the country&#8220; Fotoshooting\" data-image-description=\"\" data-medium-file=\"http:\/\/elviswhynot.bplaced.net\/wordpress\/wp-content\/uploads\/2023\/06\/43-300x199.jpg\" data-large-file=\"http:\/\/elviswhynot.bplaced.net\/wordpress\/wp-content\/uploads\/2023\/06\/43-1024x681.jpg\" src=\"http:\/\/elviswhynot.bplaced.net\/wordpress\/wp-content\/uploads\/2023\/06\/43.jpg\" width=\"300\" height=\"200\" align=\"left\" title=\"&quot;Wild in the country&quot; Fotoshooting\" \/><\/a><div class=\"tiled-gallery-caption\">Foto: Mario Fritzke, Wolfenb\u00fcttel<\/div><\/div><div class=\"tiled-gallery-item tiled-gallery-item-full\"><a href=\"http:\/\/elviswhynot.bplaced.net\/wordpress\/?attachment_id=262\"><img data-attachment-id=\"262\" data-orig-file=\"http:\/\/elviswhynot.bplaced.net\/wordpress\/wp-content\/uploads\/2023\/06\/44.jpg\" data-orig-size=\"1354,900\" data-comments-opened=\"1\" data-image-meta=\"{&quot;aperture&quot;:&quot;0&quot;,&quot;credit&quot;:&quot;&quot;,&quot;camera&quot;:&quot;PENTAX K100D Super&quot;,&quot;caption&quot;:&quot;&quot;,&quot;created_timestamp&quot;:&quot;0&quot;,&quot;copyright&quot;:&quot;&quot;,&quot;focal_length&quot;:&quot;33&quot;,&quot;iso&quot;:&quot;400&quot;,&quot;shutter_speed&quot;:&quot;0.001&quot;,&quot;title&quot;:&quot;&quot;,&quot;orientation&quot;:&quot;1&quot;}\" data-image-title=\"&#8222;Wild in the country&#8220; Fotoshooting\" data-image-description=\"\" data-medium-file=\"http:\/\/elviswhynot.bplaced.net\/wordpress\/wp-content\/uploads\/2023\/06\/44-300x199.jpg\" data-large-file=\"http:\/\/elviswhynot.bplaced.net\/wordpress\/wp-content\/uploads\/2023\/06\/44-1024x681.jpg\" src=\"http:\/\/elviswhynot.bplaced.net\/wordpress\/wp-content\/uploads\/2023\/06\/44.jpg\" width=\"300\" height=\"199\" align=\"left\" title=\"&quot;Wild in the country&quot; Fotoshooting\" \/><\/a><div class=\"tiled-gallery-caption\">Foto: Mario Fritzke, Wolfenb\u00fcttel<\/div><\/div><\/div><div class=\"gallery-group images-1\" style=\"width: 611px; height: 407px;\"><div class=\"tiled-gallery-item tiled-gallery-item-full\"><a href=\"http:\/\/elviswhynot.bplaced.net\/wordpress\/?attachment_id=263\"><img data-attachment-id=\"263\" data-orig-file=\"http:\/\/elviswhynot.bplaced.net\/wordpress\/wp-content\/uploads\/2023\/06\/45.jpg\" data-orig-size=\"1354,900\" data-comments-opened=\"1\" data-image-meta=\"{&quot;aperture&quot;:&quot;0&quot;,&quot;credit&quot;:&quot;&quot;,&quot;camera&quot;:&quot;PENTAX K100D Super&quot;,&quot;caption&quot;:&quot;&quot;,&quot;created_timestamp&quot;:&quot;0&quot;,&quot;copyright&quot;:&quot;&quot;,&quot;focal_length&quot;:&quot;33&quot;,&quot;iso&quot;:&quot;400&quot;,&quot;shutter_speed&quot;:&quot;0.001&quot;,&quot;title&quot;:&quot;&quot;,&quot;orientation&quot;:&quot;1&quot;}\" data-image-title=\"&#8222;Wild in the country&#8220; Fotoshooting\" data-image-description=\"\" data-medium-file=\"http:\/\/elviswhynot.bplaced.net\/wordpress\/wp-content\/uploads\/2023\/06\/45-300x199.jpg\" data-large-file=\"http:\/\/elviswhynot.bplaced.net\/wordpress\/wp-content\/uploads\/2023\/06\/45-1024x681.jpg\" src=\"http:\/\/elviswhynot.bplaced.net\/wordpress\/wp-content\/uploads\/2023\/06\/45.jpg\" width=\"607\" height=\"403\" align=\"left\" title=\"&quot;Wild in the country&quot; Fotoshooting\" \/><\/a><div class=\"tiled-gallery-caption\">Foto: Mario Fritzke, Wolfenb\u00fcttel<\/div><\/div><\/div><\/div><div class=\"gallery-row\" style=\"width: 915px; height: 294px;\"><div class=\"gallery-group images-1\" style=\"width: 468px; height: 298px;\"><div class=\"tiled-gallery-item tiled-gallery-item-full\"><a href=\"http:\/\/elviswhynot.bplaced.net\/wordpress\/?attachment_id=264\"><img data-attachment-id=\"264\" data-orig-file=\"http:\/\/elviswhynot.bplaced.net\/wordpress\/wp-content\/uploads\/2023\/06\/46.jpg\" data-orig-size=\"1421,900\" data-comments-opened=\"1\" data-image-meta=\"{&quot;aperture&quot;:&quot;0&quot;,&quot;credit&quot;:&quot;&quot;,&quot;camera&quot;:&quot;PENTAX K100D Super&quot;,&quot;caption&quot;:&quot;&quot;,&quot;created_timestamp&quot;:&quot;0&quot;,&quot;copyright&quot;:&quot;&quot;,&quot;focal_length&quot;:&quot;0&quot;,&quot;iso&quot;:&quot;0&quot;,&quot;shutter_speed&quot;:&quot;0&quot;,&quot;title&quot;:&quot;&quot;,&quot;orientation&quot;:&quot;0&quot;}\" data-image-title=\"&#8222;Wild in the country&#8220; Fotoshooting\" data-image-description=\"\" data-medium-file=\"http:\/\/elviswhynot.bplaced.net\/wordpress\/wp-content\/uploads\/2023\/06\/46-300x190.jpg\" data-large-file=\"http:\/\/elviswhynot.bplaced.net\/wordpress\/wp-content\/uploads\/2023\/06\/46-1024x649.jpg\" src=\"http:\/\/elviswhynot.bplaced.net\/wordpress\/wp-content\/uploads\/2023\/06\/46.jpg\" width=\"464\" height=\"294\" align=\"left\" title=\"&quot;Wild in the country&quot; Fotoshooting\" \/><\/a><div class=\"tiled-gallery-caption\">Foto: Mario Fritzke, Wolfenb\u00fcttel<\/div><\/div><\/div><div class=\"gallery-group images-1\" style=\"width: 447px; height: 298px;\"><div class=\"tiled-gallery-item tiled-gallery-item-full\"><a href=\"http:\/\/elviswhynot.bplaced.net\/wordpress\/?attachment_id=265\"><img data-attachment-id=\"265\" data-orig-file=\"http:\/\/elviswhynot.bplaced.net\/wordpress\/wp-content\/uploads\/2023\/06\/47.jpg\" data-orig-size=\"1354,900\" data-comments-opened=\"1\" data-image-meta=\"{&quot;aperture&quot;:&quot;0&quot;,&quot;credit&quot;:&quot;&quot;,&quot;camera&quot;:&quot;PENTAX K100D Super&quot;,&quot;caption&quot;:&quot;&quot;,&quot;created_timestamp&quot;:&quot;0&quot;,&quot;copyright&quot;:&quot;&quot;,&quot;focal_length&quot;:&quot;33&quot;,&quot;iso&quot;:&quot;400&quot;,&quot;shutter_speed&quot;:&quot;0.002&quot;,&quot;title&quot;:&quot;&quot;,&quot;orientation&quot;:&quot;1&quot;}\" data-image-title=\"&#8222;Wild in the country&#8220; Fotoshooting\" data-image-description=\"\" data-medium-file=\"http:\/\/elviswhynot.bplaced.net\/wordpress\/wp-content\/uploads\/2023\/06\/47-300x199.jpg\" data-large-file=\"http:\/\/elviswhynot.bplaced.net\/wordpress\/wp-content\/uploads\/2023\/06\/47-1024x681.jpg\" src=\"http:\/\/elviswhynot.bplaced.net\/wordpress\/wp-content\/uploads\/2023\/06\/47.jpg\" width=\"443\" height=\"294\" align=\"left\" title=\"&quot;Wild in the country&quot; Fotoshooting\" \/><\/a><div class=\"tiled-gallery-caption\">Foto: Mario Fritzke, Wolfenb\u00fcttel<\/div><\/div><\/div><\/div><\/div>\n\n\n<div style=\"height:20px\" aria-hidden=\"true\" class=\"wp-block-spacer\"><\/div>\n\n\n\n<h5 class=\"wp-block-heading\">2020 &#8211; 2023<\/h5>\n\n\n<div data-carousel-extra='{\"blog_id\":1,\"permalink\":\"http:\\\/\\\/elviswhynot.bplaced.net\\\/wordpress\\\/?page_id=162\"}' class=\"tiled-gallery type-rectangular\" data-original-width=\"920\"><div class=\"gallery-row\" style=\"width: 915px; height: 832px;\"><div class=\"gallery-group images-1\" style=\"width: 628px; height: 836px;\"><div class=\"tiled-gallery-item tiled-gallery-item-full\"><a href=\"http:\/\/elviswhynot.bplaced.net\/wordpress\/?attachment_id=637\"><img data-attachment-id=\"637\" data-orig-file=\"http:\/\/elviswhynot.bplaced.net\/wordpress\/wp-content\/uploads\/2023\/07\/273.jpg\" data-orig-size=\"675,900\" data-comments-opened=\"1\" data-image-meta=\"{&quot;aperture&quot;:&quot;0&quot;,&quot;credit&quot;:&quot;&quot;,&quot;camera&quot;:&quot;&quot;,&quot;caption&quot;:&quot;&quot;,&quot;created_timestamp&quot;:&quot;0&quot;,&quot;copyright&quot;:&quot;&quot;,&quot;focal_length&quot;:&quot;0&quot;,&quot;iso&quot;:&quot;0&quot;,&quot;shutter_speed&quot;:&quot;0&quot;,&quot;title&quot;:&quot;&quot;,&quot;orientation&quot;:&quot;1&quot;}\" data-image-title=\"Elvis Imitator Oliver Steinhoff Braunschweig 31.01.2020\" data-image-description=\"\" data-medium-file=\"http:\/\/elviswhynot.bplaced.net\/wordpress\/wp-content\/uploads\/2023\/07\/273-225x300.jpg\" data-large-file=\"http:\/\/elviswhynot.bplaced.net\/wordpress\/wp-content\/uploads\/2023\/07\/273.jpg\" src=\"http:\/\/elviswhynot.bplaced.net\/wordpress\/wp-content\/uploads\/2023\/07\/273.jpg\" width=\"624\" height=\"832\" align=\"left\" title=\"Elvis Imitator Oliver Steinhoff Braunschweig 31.01.2020\" \/><\/a><div class=\"tiled-gallery-caption\">Foto: Michael Mailand, Vallstedt<\/div><\/div><\/div><div class=\"gallery-group images-3\" style=\"width: 287px; height: 836px;\"><div class=\"tiled-gallery-item tiled-gallery-item-full\"><a href=\"http:\/\/elviswhynot.bplaced.net\/wordpress\/?attachment_id=638\"><img data-attachment-id=\"638\" data-orig-file=\"http:\/\/elviswhynot.bplaced.net\/wordpress\/wp-content\/uploads\/2023\/07\/274.jpg\" data-orig-size=\"1200,900\" data-comments-opened=\"1\" data-image-meta=\"{&quot;aperture&quot;:&quot;2.2&quot;,&quot;credit&quot;:&quot;&quot;,&quot;camera&quot;:&quot;iPhone SE (1st generation)&quot;,&quot;caption&quot;:&quot;&quot;,&quot;created_timestamp&quot;:&quot;1656259593&quot;,&quot;copyright&quot;:&quot;&quot;,&quot;focal_length&quot;:&quot;4.15&quot;,&quot;iso&quot;:&quot;25&quot;,&quot;shutter_speed&quot;:&quot;0.0014705882352941&quot;,&quot;title&quot;:&quot;&quot;,&quot;orientation&quot;:&quot;1&quot;}\" data-image-title=\"Leinde Rockt 26.06.2022\" data-image-description=\"\" data-medium-file=\"http:\/\/elviswhynot.bplaced.net\/wordpress\/wp-content\/uploads\/2023\/07\/274-300x225.jpg\" data-large-file=\"http:\/\/elviswhynot.bplaced.net\/wordpress\/wp-content\/uploads\/2023\/07\/274-1024x768.jpg\" src=\"http:\/\/elviswhynot.bplaced.net\/wordpress\/wp-content\/uploads\/2023\/07\/274.jpg\" width=\"283\" height=\"212\" align=\"left\" title=\"Leinde Rockt 26.06.2022\" \/><\/a><div class=\"tiled-gallery-caption\">Foto: Roswitha von Cyrson-Fritzke, Wolfenb\u00fcttel<\/div><\/div><div class=\"tiled-gallery-item tiled-gallery-item-full\"><a href=\"http:\/\/elviswhynot.bplaced.net\/wordpress\/?attachment_id=639\"><img data-attachment-id=\"639\" data-orig-file=\"http:\/\/elviswhynot.bplaced.net\/wordpress\/wp-content\/uploads\/2023\/07\/275.jpg\" data-orig-size=\"1350,900\" data-comments-opened=\"1\" data-image-meta=\"{&quot;aperture&quot;:&quot;0&quot;,&quot;credit&quot;:&quot;&quot;,&quot;camera&quot;:&quot;&quot;,&quot;caption&quot;:&quot;&quot;,&quot;created_timestamp&quot;:&quot;1656260606&quot;,&quot;copyright&quot;:&quot;&quot;,&quot;focal_length&quot;:&quot;0&quot;,&quot;iso&quot;:&quot;0&quot;,&quot;shutter_speed&quot;:&quot;0&quot;,&quot;title&quot;:&quot;&quot;,&quot;orientation&quot;:&quot;1&quot;}\" data-image-title=\"Leinde Rockt 26.06.2022\" data-image-description=\"\" data-medium-file=\"http:\/\/elviswhynot.bplaced.net\/wordpress\/wp-content\/uploads\/2023\/07\/275-300x200.jpg\" data-large-file=\"http:\/\/elviswhynot.bplaced.net\/wordpress\/wp-content\/uploads\/2023\/07\/275-1024x683.jpg\" src=\"http:\/\/elviswhynot.bplaced.net\/wordpress\/wp-content\/uploads\/2023\/07\/275.jpg\" width=\"283\" height=\"188\" align=\"left\" title=\"Leinde Rockt 26.06.2022\" \/><\/a><div class=\"tiled-gallery-caption\">Foto: Wolfhart B\u00fcttner, Braunschweig<\/div><\/div><div class=\"tiled-gallery-item tiled-gallery-item-full\"><a href=\"http:\/\/elviswhynot.bplaced.net\/wordpress\/?attachment_id=640\"><img data-attachment-id=\"640\" data-orig-file=\"http:\/\/elviswhynot.bplaced.net\/wordpress\/wp-content\/uploads\/2023\/07\/276.jpg\" data-orig-size=\"600,900\" data-comments-opened=\"1\" data-image-meta=\"{&quot;aperture&quot;:&quot;0&quot;,&quot;credit&quot;:&quot;&quot;,&quot;camera&quot;:&quot;&quot;,&quot;caption&quot;:&quot;&quot;,&quot;created_timestamp&quot;:&quot;1656260630&quot;,&quot;copyright&quot;:&quot;&quot;,&quot;focal_length&quot;:&quot;0&quot;,&quot;iso&quot;:&quot;0&quot;,&quot;shutter_speed&quot;:&quot;0&quot;,&quot;title&quot;:&quot;&quot;,&quot;orientation&quot;:&quot;1&quot;}\" data-image-title=\"Leinde Rockt 26.06.2022\" data-image-description=\"\" data-medium-file=\"http:\/\/elviswhynot.bplaced.net\/wordpress\/wp-content\/uploads\/2023\/07\/276-200x300.jpg\" data-large-file=\"http:\/\/elviswhynot.bplaced.net\/wordpress\/wp-content\/uploads\/2023\/07\/276.jpg\" src=\"http:\/\/elviswhynot.bplaced.net\/wordpress\/wp-content\/uploads\/2023\/07\/276.jpg\" width=\"283\" height=\"424\" align=\"left\" title=\"Leinde Rockt 26.06.2022\" \/><\/a><div class=\"tiled-gallery-caption\">Foto: Wolfhart B\u00fcttner, Braunschweig<\/div><\/div><\/div><\/div><div class=\"gallery-row\" style=\"width: 915px; height: 452px;\"><div class=\"gallery-group images-1\" style=\"width: 305px; height: 456px;\"><div class=\"tiled-gallery-item tiled-gallery-item-full\"><a href=\"http:\/\/elviswhynot.bplaced.net\/wordpress\/?attachment_id=641\"><img data-attachment-id=\"641\" data-orig-file=\"http:\/\/elviswhynot.bplaced.net\/wordpress\/wp-content\/uploads\/2023\/07\/277.jpg\" data-orig-size=\"600,900\" data-comments-opened=\"1\" data-image-meta=\"{&quot;aperture&quot;:&quot;0&quot;,&quot;credit&quot;:&quot;&quot;,&quot;camera&quot;:&quot;&quot;,&quot;caption&quot;:&quot;&quot;,&quot;created_timestamp&quot;:&quot;1656264605&quot;,&quot;copyright&quot;:&quot;&quot;,&quot;focal_length&quot;:&quot;0&quot;,&quot;iso&quot;:&quot;0&quot;,&quot;shutter_speed&quot;:&quot;0&quot;,&quot;title&quot;:&quot;&quot;,&quot;orientation&quot;:&quot;1&quot;}\" data-image-title=\"Leinde Rockt 26.06.2022\" data-image-description=\"\" data-medium-file=\"http:\/\/elviswhynot.bplaced.net\/wordpress\/wp-content\/uploads\/2023\/07\/277-200x300.jpg\" data-large-file=\"http:\/\/elviswhynot.bplaced.net\/wordpress\/wp-content\/uploads\/2023\/07\/277.jpg\" src=\"http:\/\/elviswhynot.bplaced.net\/wordpress\/wp-content\/uploads\/2023\/07\/277.jpg\" width=\"301\" height=\"452\" align=\"left\" title=\"Leinde Rockt 26.06.2022\" \/><\/a><div class=\"tiled-gallery-caption\">Foto: Wolfhart B\u00fcttner, Braunschweig<\/div><\/div><\/div><div class=\"gallery-group images-1\" style=\"width: 305px; height: 456px;\"><div class=\"tiled-gallery-item tiled-gallery-item-full\"><a href=\"http:\/\/elviswhynot.bplaced.net\/wordpress\/?attachment_id=642\"><img data-attachment-id=\"642\" data-orig-file=\"http:\/\/elviswhynot.bplaced.net\/wordpress\/wp-content\/uploads\/2023\/07\/278.jpg\" data-orig-size=\"600,900\" data-comments-opened=\"1\" data-image-meta=\"{&quot;aperture&quot;:&quot;0&quot;,&quot;credit&quot;:&quot;&quot;,&quot;camera&quot;:&quot;&quot;,&quot;caption&quot;:&quot;&quot;,&quot;created_timestamp&quot;:&quot;1656264612&quot;,&quot;copyright&quot;:&quot;&quot;,&quot;focal_length&quot;:&quot;0&quot;,&quot;iso&quot;:&quot;0&quot;,&quot;shutter_speed&quot;:&quot;0&quot;,&quot;title&quot;:&quot;&quot;,&quot;orientation&quot;:&quot;1&quot;}\" data-image-title=\"Leinde Rockt 26.06.2022\" data-image-description=\"\" data-medium-file=\"http:\/\/elviswhynot.bplaced.net\/wordpress\/wp-content\/uploads\/2023\/07\/278-200x300.jpg\" data-large-file=\"http:\/\/elviswhynot.bplaced.net\/wordpress\/wp-content\/uploads\/2023\/07\/278.jpg\" src=\"http:\/\/elviswhynot.bplaced.net\/wordpress\/wp-content\/uploads\/2023\/07\/278.jpg\" width=\"301\" height=\"452\" align=\"left\" title=\"Leinde Rockt 26.06.2022\" \/><\/a><div class=\"tiled-gallery-caption\">Foto: Wolfhart B\u00fcttner, Braunschweig<\/div><\/div><\/div><div class=\"gallery-group images-1\" style=\"width: 305px; height: 456px;\"><div class=\"tiled-gallery-item tiled-gallery-item-full\"><a href=\"http:\/\/elviswhynot.bplaced.net\/wordpress\/?attachment_id=643\"><img data-attachment-id=\"643\" data-orig-file=\"http:\/\/elviswhynot.bplaced.net\/wordpress\/wp-content\/uploads\/2023\/07\/279.jpg\" data-orig-size=\"600,900\" data-comments-opened=\"1\" data-image-meta=\"{&quot;aperture&quot;:&quot;1.6&quot;,&quot;credit&quot;:&quot;&quot;,&quot;camera&quot;:&quot;DC-S5&quot;,&quot;caption&quot;:&quot;&quot;,&quot;created_timestamp&quot;:&quot;1656256577&quot;,&quot;copyright&quot;:&quot;&quot;,&quot;focal_length&quot;:&quot;85&quot;,&quot;iso&quot;:&quot;100&quot;,&quot;shutter_speed&quot;:&quot;0.0015625&quot;,&quot;title&quot;:&quot;&quot;,&quot;orientation&quot;:&quot;1&quot;}\" data-image-title=\"Leinde Rockt 26.06.2022\" data-image-description=\"\" data-medium-file=\"http:\/\/elviswhynot.bplaced.net\/wordpress\/wp-content\/uploads\/2023\/07\/279-200x300.jpg\" data-large-file=\"http:\/\/elviswhynot.bplaced.net\/wordpress\/wp-content\/uploads\/2023\/07\/279.jpg\" src=\"http:\/\/elviswhynot.bplaced.net\/wordpress\/wp-content\/uploads\/2023\/07\/279.jpg\" width=\"301\" height=\"452\" align=\"left\" title=\"Leinde Rockt 26.06.2022\" \/><\/a><div class=\"tiled-gallery-caption\">Foto: Bernd Schober, Leinde<\/div><\/div><\/div><\/div><div class=\"gallery-row\" style=\"width: 915px; height: 419px;\"><div class=\"gallery-group images-1\" style=\"width: 632px; height: 423px;\"><div class=\"tiled-gallery-item tiled-gallery-item-full\"><a href=\"http:\/\/elviswhynot.bplaced.net\/wordpress\/?attachment_id=644\"><img data-attachment-id=\"644\" data-orig-file=\"http:\/\/elviswhynot.bplaced.net\/wordpress\/wp-content\/uploads\/2023\/07\/280.jpg\" data-orig-size=\"1350,900\" data-comments-opened=\"1\" data-image-meta=\"{&quot;aperture&quot;:&quot;1.6&quot;,&quot;credit&quot;:&quot;&quot;,&quot;camera&quot;:&quot;DC-S5&quot;,&quot;caption&quot;:&quot;&quot;,&quot;created_timestamp&quot;:&quot;1656257825&quot;,&quot;copyright&quot;:&quot;&quot;,&quot;focal_length&quot;:&quot;85&quot;,&quot;iso&quot;:&quot;100&quot;,&quot;shutter_speed&quot;:&quot;0.00076923076923077&quot;,&quot;title&quot;:&quot;&quot;,&quot;orientation&quot;:&quot;1&quot;}\" data-image-title=\"Leinde Rockt 26.06.2022\" data-image-description=\"\" data-medium-file=\"http:\/\/elviswhynot.bplaced.net\/wordpress\/wp-content\/uploads\/2023\/07\/280-300x200.jpg\" data-large-file=\"http:\/\/elviswhynot.bplaced.net\/wordpress\/wp-content\/uploads\/2023\/07\/280-1024x683.jpg\" src=\"http:\/\/elviswhynot.bplaced.net\/wordpress\/wp-content\/uploads\/2023\/07\/280.jpg\" width=\"628\" height=\"419\" align=\"left\" title=\"Leinde Rockt 26.06.2022\" \/><\/a><div class=\"tiled-gallery-caption\">Foto: Bernd Schober, Leinde<\/div><\/div><\/div><div class=\"gallery-group images-1\" style=\"width: 283px; height: 423px;\"><div class=\"tiled-gallery-item tiled-gallery-item-full\"><a href=\"http:\/\/elviswhynot.bplaced.net\/wordpress\/?attachment_id=1309\"><img data-attachment-id=\"1309\" data-orig-file=\"http:\/\/elviswhynot.bplaced.net\/wordpress\/wp-content\/uploads\/2024\/02\/281.jpg\" data-orig-size=\"600,900\" data-comments-opened=\"1\" data-image-meta=\"{&quot;aperture&quot;:&quot;6.3&quot;,&quot;credit&quot;:&quot;&quot;,&quot;camera&quot;:&quot;NIKON D5600&quot;,&quot;caption&quot;:&quot;&quot;,&quot;created_timestamp&quot;:&quot;1695469468&quot;,&quot;copyright&quot;:&quot;&quot;,&quot;focal_length&quot;:&quot;18&quot;,&quot;iso&quot;:&quot;200&quot;,&quot;shutter_speed&quot;:&quot;0.005&quot;,&quot;title&quot;:&quot;&quot;,&quot;orientation&quot;:&quot;1&quot;}\" data-image-title=\"&#8222;Wheels On My Heels&#8220; Videodreh \/ Fotoshooting 23.09.2023\" data-image-description=\"\" data-medium-file=\"http:\/\/elviswhynot.bplaced.net\/wordpress\/wp-content\/uploads\/2024\/02\/281-200x300.jpg\" data-large-file=\"http:\/\/elviswhynot.bplaced.net\/wordpress\/wp-content\/uploads\/2024\/02\/281.jpg\" src=\"http:\/\/elviswhynot.bplaced.net\/wordpress\/wp-content\/uploads\/2024\/02\/281.jpg\" width=\"279\" height=\"419\" align=\"left\" title=\"&quot;Wheels On My Heels&quot; Videodreh \/ Fotoshooting 23.09.2023\" \/><\/a><div class=\"tiled-gallery-caption\">Foto: Mario Fritzke, Wolfenb\u00fcttel<\/div><\/div><\/div><\/div><div class=\"gallery-row\" style=\"width: 915px; height: 642px;\"><div class=\"gallery-group images-2\" style=\"width: 483px; height: 646px;\"><div class=\"tiled-gallery-item tiled-gallery-item-full\"><a href=\"http:\/\/elviswhynot.bplaced.net\/wordpress\/?attachment_id=1310\"><img data-attachment-id=\"1310\" data-orig-file=\"http:\/\/elviswhynot.bplaced.net\/wordpress\/wp-content\/uploads\/2024\/02\/282.jpg\" data-orig-size=\"1350,900\" data-comments-opened=\"1\" data-image-meta=\"{&quot;aperture&quot;:&quot;10&quot;,&quot;credit&quot;:&quot;&quot;,&quot;camera&quot;:&quot;NIKON D5600&quot;,&quot;caption&quot;:&quot;&quot;,&quot;created_timestamp&quot;:&quot;1695468665&quot;,&quot;copyright&quot;:&quot;&quot;,&quot;focal_length&quot;:&quot;18&quot;,&quot;iso&quot;:&quot;400&quot;,&quot;shutter_speed&quot;:&quot;0.004&quot;,&quot;title&quot;:&quot;&quot;,&quot;orientation&quot;:&quot;1&quot;}\" data-image-title=\"&#8222;Wheels On My Heels&#8220; Videodreh \/ Fotoshooting 23.09.2023\" data-image-description=\"\" data-medium-file=\"http:\/\/elviswhynot.bplaced.net\/wordpress\/wp-content\/uploads\/2024\/02\/282-300x200.jpg\" data-large-file=\"http:\/\/elviswhynot.bplaced.net\/wordpress\/wp-content\/uploads\/2024\/02\/282-1024x683.jpg\" src=\"http:\/\/elviswhynot.bplaced.net\/wordpress\/wp-content\/uploads\/2024\/02\/282.jpg\" width=\"479\" height=\"319\" align=\"left\" title=\"&quot;Wheels On My Heels&quot; Videodreh \/ Fotoshooting 23.09.2023\" \/><\/a><div class=\"tiled-gallery-caption\">Foto: Mario Fritzke, Wolfenb\u00fcttel<\/div><\/div><div class=\"tiled-gallery-item tiled-gallery-item-full\"><a href=\"http:\/\/elviswhynot.bplaced.net\/wordpress\/?attachment_id=1311\"><img data-attachment-id=\"1311\" data-orig-file=\"http:\/\/elviswhynot.bplaced.net\/wordpress\/wp-content\/uploads\/2024\/02\/283.jpg\" data-orig-size=\"1350,900\" data-comments-opened=\"1\" data-image-meta=\"{&quot;aperture&quot;:&quot;10&quot;,&quot;credit&quot;:&quot;&quot;,&quot;camera&quot;:&quot;NIKON D5600&quot;,&quot;caption&quot;:&quot;&quot;,&quot;created_timestamp&quot;:&quot;1695468733&quot;,&quot;copyright&quot;:&quot;&quot;,&quot;focal_length&quot;:&quot;18&quot;,&quot;iso&quot;:&quot;400&quot;,&quot;shutter_speed&quot;:&quot;0.004&quot;,&quot;title&quot;:&quot;&quot;,&quot;orientation&quot;:&quot;1&quot;}\" data-image-title=\"&#8222;Wheels On My Heels&#8220; Videodreh \/ Fotoshooting 23.09.2023\" data-image-description=\"\" data-medium-file=\"http:\/\/elviswhynot.bplaced.net\/wordpress\/wp-content\/uploads\/2024\/02\/283-300x200.jpg\" data-large-file=\"http:\/\/elviswhynot.bplaced.net\/wordpress\/wp-content\/uploads\/2024\/02\/283-1024x683.jpg\" src=\"http:\/\/elviswhynot.bplaced.net\/wordpress\/wp-content\/uploads\/2024\/02\/283.jpg\" width=\"479\" height=\"319\" align=\"left\" title=\"&quot;Wheels On My Heels&quot; Videodreh \/ Fotoshooting 23.09.2023\" \/><\/a><div class=\"tiled-gallery-caption\">Foto: Mario Fritzke, Wolfenb\u00fcttel<\/div><\/div><\/div><div class=\"gallery-group images-1\" style=\"width: 432px; height: 646px;\"><div class=\"tiled-gallery-item tiled-gallery-item-full\"><a href=\"http:\/\/elviswhynot.bplaced.net\/wordpress\/?attachment_id=1312\"><img data-attachment-id=\"1312\" data-orig-file=\"http:\/\/elviswhynot.bplaced.net\/wordpress\/wp-content\/uploads\/2024\/02\/284.jpg\" data-orig-size=\"600,900\" data-comments-opened=\"1\" data-image-meta=\"{&quot;aperture&quot;:&quot;6.3&quot;,&quot;credit&quot;:&quot;&quot;,&quot;camera&quot;:&quot;NIKON D5600&quot;,&quot;caption&quot;:&quot;&quot;,&quot;created_timestamp&quot;:&quot;1695469356&quot;,&quot;copyright&quot;:&quot;&quot;,&quot;focal_length&quot;:&quot;18&quot;,&quot;iso&quot;:&quot;200&quot;,&quot;shutter_speed&quot;:&quot;0.005&quot;,&quot;title&quot;:&quot;&quot;,&quot;orientation&quot;:&quot;1&quot;}\" data-image-title=\"&#8222;Wheels On My Heels&#8220; Videodreh \/ Fotoshooting 23.09.2023\" data-image-description=\"\" data-medium-file=\"http:\/\/elviswhynot.bplaced.net\/wordpress\/wp-content\/uploads\/2024\/02\/284-200x300.jpg\" data-large-file=\"http:\/\/elviswhynot.bplaced.net\/wordpress\/wp-content\/uploads\/2024\/02\/284.jpg\" src=\"http:\/\/elviswhynot.bplaced.net\/wordpress\/wp-content\/uploads\/2024\/02\/284.jpg\" width=\"428\" height=\"642\" align=\"left\" title=\"&quot;Wheels On My Heels&quot; Videodreh \/ Fotoshooting 23.09.2023\" \/><\/a><div class=\"tiled-gallery-caption\">Foto: Mario Fritzke, Wolfenb\u00fcttel<\/div><\/div><\/div><\/div><div class=\"gallery-row\" style=\"width: 915px; height: 302px;\"><div class=\"gallery-group images-1\" style=\"width: 458px; height: 306px;\"><div class=\"tiled-gallery-item tiled-gallery-item-full\"><a href=\"http:\/\/elviswhynot.bplaced.net\/wordpress\/?attachment_id=1313\"><img data-attachment-id=\"1313\" data-orig-file=\"http:\/\/elviswhynot.bplaced.net\/wordpress\/wp-content\/uploads\/2024\/02\/285.jpg\" data-orig-size=\"1350,900\" data-comments-opened=\"1\" data-image-meta=\"{&quot;aperture&quot;:&quot;10&quot;,&quot;credit&quot;:&quot;&quot;,&quot;camera&quot;:&quot;NIKON D5600&quot;,&quot;caption&quot;:&quot;&quot;,&quot;created_timestamp&quot;:&quot;1695469048&quot;,&quot;copyright&quot;:&quot;&quot;,&quot;focal_length&quot;:&quot;18&quot;,&quot;iso&quot;:&quot;400&quot;,&quot;shutter_speed&quot;:&quot;0.003125&quot;,&quot;title&quot;:&quot;&quot;,&quot;orientation&quot;:&quot;1&quot;}\" data-image-title=\"&#8222;Wheels On My Heels&#8220; Videodreh \/ Fotoshooting 23.09.2023\" data-image-description=\"\" data-medium-file=\"http:\/\/elviswhynot.bplaced.net\/wordpress\/wp-content\/uploads\/2024\/02\/285-300x200.jpg\" data-large-file=\"http:\/\/elviswhynot.bplaced.net\/wordpress\/wp-content\/uploads\/2024\/02\/285-1024x683.jpg\" src=\"http:\/\/elviswhynot.bplaced.net\/wordpress\/wp-content\/uploads\/2024\/02\/285.jpg\" width=\"454\" height=\"302\" align=\"left\" title=\"&quot;Wheels On My Heels&quot; Videodreh \/ Fotoshooting 23.09.2023\" \/><\/a><div class=\"tiled-gallery-caption\">Foto: Mario Fritzke, Wolfenb\u00fcttel<\/div><\/div><\/div><div class=\"gallery-group images-1\" style=\"width: 457px; height: 306px;\"><div class=\"tiled-gallery-item tiled-gallery-item-full\"><a href=\"http:\/\/elviswhynot.bplaced.net\/wordpress\/?attachment_id=1314\"><img data-attachment-id=\"1314\" data-orig-file=\"http:\/\/elviswhynot.bplaced.net\/wordpress\/wp-content\/uploads\/2024\/02\/286.jpg\" data-orig-size=\"1350,900\" data-comments-opened=\"1\" data-image-meta=\"{&quot;aperture&quot;:&quot;6.3&quot;,&quot;credit&quot;:&quot;&quot;,&quot;camera&quot;:&quot;NIKON D5600&quot;,&quot;caption&quot;:&quot;&quot;,&quot;created_timestamp&quot;:&quot;1695469927&quot;,&quot;copyright&quot;:&quot;&quot;,&quot;focal_length&quot;:&quot;18&quot;,&quot;iso&quot;:&quot;200&quot;,&quot;shutter_speed&quot;:&quot;0.005&quot;,&quot;title&quot;:&quot;&quot;,&quot;orientation&quot;:&quot;1&quot;}\" data-image-title=\"&#8222;Wheels On My Heels&#8220; Videodreh \/ Fotoshooting 23.09.2023\" data-image-description=\"\" data-medium-file=\"http:\/\/elviswhynot.bplaced.net\/wordpress\/wp-content\/uploads\/2024\/02\/286-300x200.jpg\" data-large-file=\"http:\/\/elviswhynot.bplaced.net\/wordpress\/wp-content\/uploads\/2024\/02\/286-1024x683.jpg\" src=\"http:\/\/elviswhynot.bplaced.net\/wordpress\/wp-content\/uploads\/2024\/02\/286.jpg\" width=\"453\" height=\"302\" align=\"left\" title=\"&quot;Wheels On My Heels&quot; Videodreh \/ Fotoshooting 23.09.2023\" \/><\/a><div class=\"tiled-gallery-caption\">Foto: Mario Fritzke, Wolfenb\u00fcttel<\/div><\/div><\/div><\/div><\/div>\n\n\n<div style=\"height:20px\" aria-hidden=\"true\" class=\"wp-block-spacer\"><\/div>\n\n\n\n<h5 class=\"wp-block-heading\">2018 &#8211; 2019<\/h5>\n\n\n<div data-carousel-extra='{\"blog_id\":1,\"permalink\":\"http:\\\/\\\/elviswhynot.bplaced.net\\\/wordpress\\\/?page_id=162\"}' class=\"tiled-gallery type-rectangular\" data-original-width=\"920\"><div class=\"gallery-row\" style=\"width: 915px; height: 455px;\"><div class=\"gallery-group images-1\" style=\"width: 610px; height: 459px;\"><div class=\"tiled-gallery-item tiled-gallery-item-full\"><a href=\"http:\/\/elviswhynot.bplaced.net\/wordpress\/?attachment_id=600\"><img data-attachment-id=\"600\" data-orig-file=\"http:\/\/elviswhynot.bplaced.net\/wordpress\/wp-content\/uploads\/2023\/07\/238.jpg\" data-orig-size=\"1200,900\" data-comments-opened=\"1\" data-image-meta=\"{&quot;aperture&quot;:&quot;1.9&quot;,&quot;credit&quot;:&quot;&quot;,&quot;camera&quot;:&quot;SM-J510FN&quot;,&quot;caption&quot;:&quot;&quot;,&quot;created_timestamp&quot;:&quot;1534589107&quot;,&quot;copyright&quot;:&quot;&quot;,&quot;focal_length&quot;:&quot;3.7&quot;,&quot;iso&quot;:&quot;64&quot;,&quot;shutter_speed&quot;:&quot;0.00045913682277319&quot;,&quot;title&quot;:&quot;&quot;,&quot;orientation&quot;:&quot;1&quot;}\" data-image-title=\"European ELVIS Festival Bad Nauheim 18.08.2018\" data-image-description=\"\" data-medium-file=\"http:\/\/elviswhynot.bplaced.net\/wordpress\/wp-content\/uploads\/2023\/07\/238-300x225.jpg\" data-large-file=\"http:\/\/elviswhynot.bplaced.net\/wordpress\/wp-content\/uploads\/2023\/07\/238-1024x768.jpg\" src=\"http:\/\/elviswhynot.bplaced.net\/wordpress\/wp-content\/uploads\/2023\/07\/238.jpg\" width=\"606\" height=\"455\" align=\"left\" title=\"European ELVIS Festival Bad Nauheim 18.08.2018\" \/><\/a><div class=\"tiled-gallery-caption\">Foto: Mario Fritzke, Wolfenb\u00fcttel<\/div><\/div><\/div><div class=\"gallery-group images-2\" style=\"width: 305px; height: 459px;\"><div class=\"tiled-gallery-item tiled-gallery-item-full\"><a href=\"http:\/\/elviswhynot.bplaced.net\/wordpress\/?attachment_id=601\"><img data-attachment-id=\"601\" data-orig-file=\"http:\/\/elviswhynot.bplaced.net\/wordpress\/wp-content\/uploads\/2023\/07\/239.jpg\" data-orig-size=\"1200,900\" data-comments-opened=\"1\" data-image-meta=\"{&quot;aperture&quot;:&quot;1.9&quot;,&quot;credit&quot;:&quot;&quot;,&quot;camera&quot;:&quot;SM-J510FN&quot;,&quot;caption&quot;:&quot;&quot;,&quot;created_timestamp&quot;:&quot;1534591343&quot;,&quot;copyright&quot;:&quot;&quot;,&quot;focal_length&quot;:&quot;3.7&quot;,&quot;iso&quot;:&quot;64&quot;,&quot;shutter_speed&quot;:&quot;0.02&quot;,&quot;title&quot;:&quot;&quot;,&quot;orientation&quot;:&quot;1&quot;}\" data-image-title=\"European ELVIS Festival Bad Nauheim 18.08.2018\" data-image-description=\"\" data-medium-file=\"http:\/\/elviswhynot.bplaced.net\/wordpress\/wp-content\/uploads\/2023\/07\/239-300x225.jpg\" data-large-file=\"http:\/\/elviswhynot.bplaced.net\/wordpress\/wp-content\/uploads\/2023\/07\/239-1024x768.jpg\" src=\"http:\/\/elviswhynot.bplaced.net\/wordpress\/wp-content\/uploads\/2023\/07\/239.jpg\" width=\"301\" height=\"226\" align=\"left\" title=\"European ELVIS Festival Bad Nauheim 18.08.2018\" \/><\/a><div class=\"tiled-gallery-caption\">Foto: Mario Fritzke, Wolfenb\u00fcttel<\/div><\/div><div class=\"tiled-gallery-item tiled-gallery-item-full\"><a href=\"http:\/\/elviswhynot.bplaced.net\/wordpress\/?attachment_id=602\"><img data-attachment-id=\"602\" data-orig-file=\"http:\/\/elviswhynot.bplaced.net\/wordpress\/wp-content\/uploads\/2023\/07\/240.jpg\" data-orig-size=\"1200,900\" data-comments-opened=\"1\" data-image-meta=\"{&quot;aperture&quot;:&quot;1.9&quot;,&quot;credit&quot;:&quot;&quot;,&quot;camera&quot;:&quot;SM-J510FN&quot;,&quot;caption&quot;:&quot;&quot;,&quot;created_timestamp&quot;:&quot;1534591351&quot;,&quot;copyright&quot;:&quot;&quot;,&quot;focal_length&quot;:&quot;3.7&quot;,&quot;iso&quot;:&quot;100&quot;,&quot;shutter_speed&quot;:&quot;0.03030303030303&quot;,&quot;title&quot;:&quot;&quot;,&quot;orientation&quot;:&quot;1&quot;}\" data-image-title=\"European ELVIS Festival Bad Nauheim 18.08.2018\" data-image-description=\"\" data-medium-file=\"http:\/\/elviswhynot.bplaced.net\/wordpress\/wp-content\/uploads\/2023\/07\/240-300x225.jpg\" data-large-file=\"http:\/\/elviswhynot.bplaced.net\/wordpress\/wp-content\/uploads\/2023\/07\/240-1024x768.jpg\" src=\"http:\/\/elviswhynot.bplaced.net\/wordpress\/wp-content\/uploads\/2023\/07\/240.jpg\" width=\"301\" height=\"225\" align=\"left\" title=\"European ELVIS Festival Bad Nauheim 18.08.2018\" \/><\/a><div class=\"tiled-gallery-caption\">Foto: Mario Fritzke, Wolfenb\u00fcttel<\/div><\/div><\/div><\/div><div class=\"gallery-row\" style=\"width: 915px; height: 569px;\"><div class=\"gallery-group images-2\" style=\"width: 381px; height: 573px;\"><div class=\"tiled-gallery-item tiled-gallery-item-full\"><a href=\"http:\/\/elviswhynot.bplaced.net\/wordpress\/?attachment_id=603\"><img data-attachment-id=\"603\" data-orig-file=\"http:\/\/elviswhynot.bplaced.net\/wordpress\/wp-content\/uploads\/2023\/07\/241.jpg\" data-orig-size=\"1200,900\" data-comments-opened=\"1\" data-image-meta=\"{&quot;aperture&quot;:&quot;1.9&quot;,&quot;credit&quot;:&quot;&quot;,&quot;camera&quot;:&quot;SM-J510FN&quot;,&quot;caption&quot;:&quot;&quot;,&quot;created_timestamp&quot;:&quot;1534591384&quot;,&quot;copyright&quot;:&quot;&quot;,&quot;focal_length&quot;:&quot;3.7&quot;,&quot;iso&quot;:&quot;160&quot;,&quot;shutter_speed&quot;:&quot;0.03030303030303&quot;,&quot;title&quot;:&quot;&quot;,&quot;orientation&quot;:&quot;1&quot;}\" data-image-title=\"European ELVIS Festival Bad Nauheim 18.08.2018\" data-image-description=\"\" data-medium-file=\"http:\/\/elviswhynot.bplaced.net\/wordpress\/wp-content\/uploads\/2023\/07\/241-300x225.jpg\" data-large-file=\"http:\/\/elviswhynot.bplaced.net\/wordpress\/wp-content\/uploads\/2023\/07\/241-1024x768.jpg\" src=\"http:\/\/elviswhynot.bplaced.net\/wordpress\/wp-content\/uploads\/2023\/07\/241.jpg\" width=\"377\" height=\"282\" align=\"left\" title=\"European ELVIS Festival Bad Nauheim 18.08.2018\" \/><\/a><div class=\"tiled-gallery-caption\">Foto: Mario Fritzke, Wolfenb\u00fcttel<\/div><\/div><div class=\"tiled-gallery-item tiled-gallery-item-full\"><a href=\"http:\/\/elviswhynot.bplaced.net\/wordpress\/?attachment_id=604\"><img data-attachment-id=\"604\" data-orig-file=\"http:\/\/elviswhynot.bplaced.net\/wordpress\/wp-content\/uploads\/2023\/07\/242.jpg\" data-orig-size=\"1199,900\" data-comments-opened=\"1\" data-image-meta=\"{&quot;aperture&quot;:&quot;2.2&quot;,&quot;credit&quot;:&quot;&quot;,&quot;camera&quot;:&quot;iPhone SE&quot;,&quot;caption&quot;:&quot;&quot;,&quot;created_timestamp&quot;:&quot;1558812147&quot;,&quot;copyright&quot;:&quot;&quot;,&quot;focal_length&quot;:&quot;4.15&quot;,&quot;iso&quot;:&quot;40&quot;,&quot;shutter_speed&quot;:&quot;0.01&quot;,&quot;title&quot;:&quot;&quot;,&quot;orientation&quot;:&quot;1&quot;}\" data-image-title=\"Kneipennacht Osterwieck 25.05.2019\" data-image-description=\"\" data-medium-file=\"http:\/\/elviswhynot.bplaced.net\/wordpress\/wp-content\/uploads\/2023\/07\/242-300x225.jpg\" data-large-file=\"http:\/\/elviswhynot.bplaced.net\/wordpress\/wp-content\/uploads\/2023\/07\/242-1024x769.jpg\" src=\"http:\/\/elviswhynot.bplaced.net\/wordpress\/wp-content\/uploads\/2023\/07\/242.jpg\" width=\"377\" height=\"283\" align=\"left\" title=\"Kneipennacht Osterwieck 25.05.2019\" \/><\/a><div class=\"tiled-gallery-caption\">Foto: Roswitha von Cyrson-Fritzke, Wolfenb\u00fcttel<\/div><\/div><\/div><div class=\"gallery-group images-1\" style=\"width: 534px; height: 573px;\"><div class=\"tiled-gallery-item tiled-gallery-item-full\"><a href=\"http:\/\/elviswhynot.bplaced.net\/wordpress\/?attachment_id=605\"><img data-attachment-id=\"605\" data-orig-file=\"http:\/\/elviswhynot.bplaced.net\/wordpress\/wp-content\/uploads\/2023\/07\/243.jpg\" data-orig-size=\"839,900\" data-comments-opened=\"1\" data-image-meta=\"{&quot;aperture&quot;:&quot;2.2&quot;,&quot;credit&quot;:&quot;&quot;,&quot;camera&quot;:&quot;iPhone SE&quot;,&quot;caption&quot;:&quot;&quot;,&quot;created_timestamp&quot;:&quot;1558812477&quot;,&quot;copyright&quot;:&quot;&quot;,&quot;focal_length&quot;:&quot;4.15&quot;,&quot;iso&quot;:&quot;25&quot;,&quot;shutter_speed&quot;:&quot;0.02&quot;,&quot;title&quot;:&quot;&quot;,&quot;orientation&quot;:&quot;1&quot;}\" data-image-title=\"Kneipennacht Osterwieck 25.05.2019\" data-image-description=\"\" data-medium-file=\"http:\/\/elviswhynot.bplaced.net\/wordpress\/wp-content\/uploads\/2023\/07\/243-280x300.jpg\" data-large-file=\"http:\/\/elviswhynot.bplaced.net\/wordpress\/wp-content\/uploads\/2023\/07\/243.jpg\" src=\"http:\/\/elviswhynot.bplaced.net\/wordpress\/wp-content\/uploads\/2023\/07\/243.jpg\" width=\"530\" height=\"569\" align=\"left\" title=\"Kneipennacht Osterwieck 25.05.2019\" \/><\/a><div class=\"tiled-gallery-caption\">Foto: Roswitha von Cyrson-Fritzke, Wolfenb\u00fcttel<\/div><\/div><\/div><\/div><div class=\"gallery-row\" style=\"width: 915px; height: 380px;\"><div class=\"gallery-group images-1\" style=\"width: 363px; height: 384px;\"><div class=\"tiled-gallery-item tiled-gallery-item-full\"><a href=\"http:\/\/elviswhynot.bplaced.net\/wordpress\/?attachment_id=606\"><img data-attachment-id=\"606\" data-orig-file=\"http:\/\/elviswhynot.bplaced.net\/wordpress\/wp-content\/uploads\/2023\/07\/244.jpg\" data-orig-size=\"851,900\" data-comments-opened=\"1\" data-image-meta=\"{&quot;aperture&quot;:&quot;2.2&quot;,&quot;credit&quot;:&quot;&quot;,&quot;camera&quot;:&quot;iPhone SE&quot;,&quot;caption&quot;:&quot;&quot;,&quot;created_timestamp&quot;:&quot;1558818583&quot;,&quot;copyright&quot;:&quot;&quot;,&quot;focal_length&quot;:&quot;4.15&quot;,&quot;iso&quot;:&quot;200&quot;,&quot;shutter_speed&quot;:&quot;0.05&quot;,&quot;title&quot;:&quot;&quot;,&quot;orientation&quot;:&quot;1&quot;}\" data-image-title=\"Kneipennacht Osterwieck 25.05.2019\" data-image-description=\"\" data-medium-file=\"http:\/\/elviswhynot.bplaced.net\/wordpress\/wp-content\/uploads\/2023\/07\/244-284x300.jpg\" data-large-file=\"http:\/\/elviswhynot.bplaced.net\/wordpress\/wp-content\/uploads\/2023\/07\/244.jpg\" src=\"http:\/\/elviswhynot.bplaced.net\/wordpress\/wp-content\/uploads\/2023\/07\/244.jpg\" width=\"359\" height=\"380\" align=\"left\" title=\"Kneipennacht Osterwieck 25.05.2019\" \/><\/a><div class=\"tiled-gallery-caption\">Foto: Roswitha von Cyrson-Fritzke, Wolfenb\u00fcttel<\/div><\/div><\/div><div class=\"gallery-group images-1\" style=\"width: 263px; height: 384px;\"><div class=\"tiled-gallery-item tiled-gallery-item-full\"><a href=\"http:\/\/elviswhynot.bplaced.net\/wordpress\/?attachment_id=607\"><img data-attachment-id=\"607\" data-orig-file=\"http:\/\/elviswhynot.bplaced.net\/wordpress\/wp-content\/uploads\/2023\/07\/245.jpg\" data-orig-size=\"612,900\" data-comments-opened=\"1\" data-image-meta=\"{&quot;aperture&quot;:&quot;0&quot;,&quot;credit&quot;:&quot;&quot;,&quot;camera&quot;:&quot;&quot;,&quot;caption&quot;:&quot;&quot;,&quot;created_timestamp&quot;:&quot;0&quot;,&quot;copyright&quot;:&quot;&quot;,&quot;focal_length&quot;:&quot;0&quot;,&quot;iso&quot;:&quot;0&quot;,&quot;shutter_speed&quot;:&quot;0&quot;,&quot;title&quot;:&quot;&quot;,&quot;orientation&quot;:&quot;1&quot;}\" data-image-title=\"Kneipennacht Osterwieck 25.05.2019\" data-image-description=\"\" data-medium-file=\"http:\/\/elviswhynot.bplaced.net\/wordpress\/wp-content\/uploads\/2023\/07\/245-204x300.jpg\" data-large-file=\"http:\/\/elviswhynot.bplaced.net\/wordpress\/wp-content\/uploads\/2023\/07\/245.jpg\" src=\"http:\/\/elviswhynot.bplaced.net\/wordpress\/wp-content\/uploads\/2023\/07\/245.jpg\" width=\"259\" height=\"380\" align=\"left\" title=\"Kneipennacht Osterwieck 25.05.2019\" \/><\/a><div class=\"tiled-gallery-caption\">Foto: Renate Mailand, Vallstedt<\/div><\/div><\/div><div class=\"gallery-group images-1\" style=\"width: 289px; height: 384px;\"><div class=\"tiled-gallery-item tiled-gallery-item-full\"><a href=\"http:\/\/elviswhynot.bplaced.net\/wordpress\/?attachment_id=608\"><img data-attachment-id=\"608\" data-orig-file=\"http:\/\/elviswhynot.bplaced.net\/wordpress\/wp-content\/uploads\/2023\/07\/246.jpg\" data-orig-size=\"675,900\" data-comments-opened=\"1\" data-image-meta=\"{&quot;aperture&quot;:&quot;0&quot;,&quot;credit&quot;:&quot;&quot;,&quot;camera&quot;:&quot;&quot;,&quot;caption&quot;:&quot;&quot;,&quot;created_timestamp&quot;:&quot;0&quot;,&quot;copyright&quot;:&quot;&quot;,&quot;focal_length&quot;:&quot;0&quot;,&quot;iso&quot;:&quot;0&quot;,&quot;shutter_speed&quot;:&quot;0&quot;,&quot;title&quot;:&quot;&quot;,&quot;orientation&quot;:&quot;1&quot;}\" data-image-title=\"Kneipennacht Osterwieck 25.05.2019\" data-image-description=\"\" data-medium-file=\"http:\/\/elviswhynot.bplaced.net\/wordpress\/wp-content\/uploads\/2023\/07\/246-225x300.jpg\" data-large-file=\"http:\/\/elviswhynot.bplaced.net\/wordpress\/wp-content\/uploads\/2023\/07\/246.jpg\" src=\"http:\/\/elviswhynot.bplaced.net\/wordpress\/wp-content\/uploads\/2023\/07\/246.jpg\" width=\"285\" height=\"380\" align=\"left\" title=\"Kneipennacht Osterwieck 25.05.2019\" \/><\/a><div class=\"tiled-gallery-caption\">Foto: Renate Mailand, Vallstedt<\/div><\/div><\/div><\/div><div class=\"gallery-row\" style=\"width: 915px; height: 292px;\"><div class=\"gallery-group images-1\" style=\"width: 522px; height: 296px;\"><div class=\"tiled-gallery-item tiled-gallery-item-full\"><a href=\"http:\/\/elviswhynot.bplaced.net\/wordpress\/?attachment_id=609\"><img data-attachment-id=\"609\" data-orig-file=\"http:\/\/elviswhynot.bplaced.net\/wordpress\/wp-content\/uploads\/2023\/07\/247.jpg\" data-orig-size=\"1600,900\" data-comments-opened=\"1\" data-image-meta=\"{&quot;aperture&quot;:&quot;0&quot;,&quot;credit&quot;:&quot;&quot;,&quot;camera&quot;:&quot;&quot;,&quot;caption&quot;:&quot;&quot;,&quot;created_timestamp&quot;:&quot;0&quot;,&quot;copyright&quot;:&quot;&quot;,&quot;focal_length&quot;:&quot;0&quot;,&quot;iso&quot;:&quot;0&quot;,&quot;shutter_speed&quot;:&quot;0&quot;,&quot;title&quot;:&quot;&quot;,&quot;orientation&quot;:&quot;0&quot;}\" data-image-title=\"Kneipennacht Osterwieck 25.05.2019\" data-image-description=\"\" data-medium-file=\"http:\/\/elviswhynot.bplaced.net\/wordpress\/wp-content\/uploads\/2023\/07\/247-300x169.jpg\" data-large-file=\"http:\/\/elviswhynot.bplaced.net\/wordpress\/wp-content\/uploads\/2023\/07\/247-1024x576.jpg\" src=\"http:\/\/elviswhynot.bplaced.net\/wordpress\/wp-content\/uploads\/2023\/07\/247.jpg\" width=\"518\" height=\"292\" align=\"left\" title=\"Kneipennacht Osterwieck 25.05.2019\" \/><\/a><div class=\"tiled-gallery-caption\">Foto: Renate Mailand, Vallstedt<\/div><\/div><\/div><div class=\"gallery-group images-1\" style=\"width: 393px; height: 296px;\"><div class=\"tiled-gallery-item tiled-gallery-item-full\"><a href=\"http:\/\/elviswhynot.bplaced.net\/wordpress\/?attachment_id=610\"><img data-attachment-id=\"610\" data-orig-file=\"http:\/\/elviswhynot.bplaced.net\/wordpress\/wp-content\/uploads\/2023\/07\/248.jpg\" data-orig-size=\"1200,900\" data-comments-opened=\"1\" data-image-meta=\"{&quot;aperture&quot;:&quot;1.9&quot;,&quot;credit&quot;:&quot;&quot;,&quot;camera&quot;:&quot;SM-J510FN&quot;,&quot;caption&quot;:&quot;&quot;,&quot;created_timestamp&quot;:&quot;1564308042&quot;,&quot;copyright&quot;:&quot;&quot;,&quot;focal_length&quot;:&quot;3.7&quot;,&quot;iso&quot;:&quot;64&quot;,&quot;shutter_speed&quot;:&quot;0.02&quot;,&quot;title&quot;:&quot;&quot;,&quot;orientation&quot;:&quot;1&quot;}\" data-image-title=\"Ein absolutes Highlight f\u00fcr uns! &#8211; European ELVIS Festival Bad Nauheim 16. &#8211; 18.08.2019\" data-image-description=\"\" data-medium-file=\"http:\/\/elviswhynot.bplaced.net\/wordpress\/wp-content\/uploads\/2023\/07\/248-300x225.jpg\" data-large-file=\"http:\/\/elviswhynot.bplaced.net\/wordpress\/wp-content\/uploads\/2023\/07\/248-1024x768.jpg\" src=\"http:\/\/elviswhynot.bplaced.net\/wordpress\/wp-content\/uploads\/2023\/07\/248.jpg\" width=\"389\" height=\"292\" align=\"left\" title=\"Ein absolutes Highlight f\u00fcr uns! - European ELVIS Festival Bad Nauheim 16. - 18.08.2019\" \/><\/a><div class=\"tiled-gallery-caption\">Foto: Mario Fritzke, Wolfenb\u00fcttel<\/div><\/div><\/div><\/div><div class=\"gallery-row\" style=\"width: 915px; height: 340px;\"><div class=\"gallery-group images-1\" style=\"width: 458px; height: 344px;\"><div class=\"tiled-gallery-item tiled-gallery-item-full\"><a href=\"http:\/\/elviswhynot.bplaced.net\/wordpress\/?attachment_id=611\"><img data-attachment-id=\"611\" data-orig-file=\"http:\/\/elviswhynot.bplaced.net\/wordpress\/wp-content\/uploads\/2023\/07\/249.jpg\" data-orig-size=\"1200,900\" data-comments-opened=\"1\" data-image-meta=\"{&quot;aperture&quot;:&quot;2.4&quot;,&quot;credit&quot;:&quot;&quot;,&quot;camera&quot;:&quot;iPhone 5&quot;,&quot;caption&quot;:&quot;&quot;,&quot;created_timestamp&quot;:&quot;1566055028&quot;,&quot;copyright&quot;:&quot;&quot;,&quot;focal_length&quot;:&quot;4.12&quot;,&quot;iso&quot;:&quot;80&quot;,&quot;shutter_speed&quot;:&quot;0.0083333333333333&quot;,&quot;title&quot;:&quot;&quot;,&quot;orientation&quot;:&quot;1&quot;}\" data-image-title=\"European ELVIS Festival Bad Nauheim 16. &#8211; 18.08.2019\" data-image-description=\"\" data-medium-file=\"http:\/\/elviswhynot.bplaced.net\/wordpress\/wp-content\/uploads\/2023\/07\/249-300x225.jpg\" data-large-file=\"http:\/\/elviswhynot.bplaced.net\/wordpress\/wp-content\/uploads\/2023\/07\/249-1024x768.jpg\" src=\"http:\/\/elviswhynot.bplaced.net\/wordpress\/wp-content\/uploads\/2023\/07\/249.jpg\" width=\"454\" height=\"340\" align=\"left\" title=\"European ELVIS Festival Bad Nauheim 16. - 18.08.2019\" \/><\/a><div class=\"tiled-gallery-caption\">Foto: Mario Fritzke, Wolfenb\u00fcttel<\/div><\/div><\/div><div class=\"gallery-group images-1\" style=\"width: 457px; height: 344px;\"><div class=\"tiled-gallery-item tiled-gallery-item-full\"><a href=\"http:\/\/elviswhynot.bplaced.net\/wordpress\/?attachment_id=612\"><img data-attachment-id=\"612\" data-orig-file=\"http:\/\/elviswhynot.bplaced.net\/wordpress\/wp-content\/uploads\/2023\/07\/250.jpg\" data-orig-size=\"1200,900\" data-comments-opened=\"1\" data-image-meta=\"{&quot;aperture&quot;:&quot;2.2&quot;,&quot;credit&quot;:&quot;&quot;,&quot;camera&quot;:&quot;MHA-L29&quot;,&quot;caption&quot;:&quot;&quot;,&quot;created_timestamp&quot;:&quot;1565979294&quot;,&quot;copyright&quot;:&quot;&quot;,&quot;focal_length&quot;:&quot;3.95&quot;,&quot;iso&quot;:&quot;50&quot;,&quot;shutter_speed&quot;:&quot;0.001817&quot;,&quot;title&quot;:&quot;&quot;,&quot;orientation&quot;:&quot;1&quot;}\" data-image-title=\"European ELVIS Festival Bad Nauheim 16. &#8211; 18.08.2019\" data-image-description=\"\" data-medium-file=\"http:\/\/elviswhynot.bplaced.net\/wordpress\/wp-content\/uploads\/2023\/07\/250-300x225.jpg\" data-large-file=\"http:\/\/elviswhynot.bplaced.net\/wordpress\/wp-content\/uploads\/2023\/07\/250-1024x768.jpg\" src=\"http:\/\/elviswhynot.bplaced.net\/wordpress\/wp-content\/uploads\/2023\/07\/250.jpg\" width=\"453\" height=\"340\" align=\"left\" title=\"European ELVIS Festival Bad Nauheim 16. - 18.08.2019\" \/><\/a><div class=\"tiled-gallery-caption\">Foto: Michael Mailand, Vallstedt<\/div><\/div><\/div><\/div><div class=\"gallery-row\" style=\"width: 915px; height: 832px;\"><div class=\"gallery-group images-1\" style=\"width: 628px; height: 836px;\"><div class=\"tiled-gallery-item tiled-gallery-item-full\"><a href=\"http:\/\/elviswhynot.bplaced.net\/wordpress\/?attachment_id=613\"><img data-attachment-id=\"613\" data-orig-file=\"http:\/\/elviswhynot.bplaced.net\/wordpress\/wp-content\/uploads\/2023\/07\/251.jpg\" data-orig-size=\"675,900\" data-comments-opened=\"1\" data-image-meta=\"{&quot;aperture&quot;:&quot;2.4&quot;,&quot;credit&quot;:&quot;&quot;,&quot;camera&quot;:&quot;iPhone 5&quot;,&quot;caption&quot;:&quot;&quot;,&quot;created_timestamp&quot;:&quot;1565967899&quot;,&quot;copyright&quot;:&quot;&quot;,&quot;focal_length&quot;:&quot;4.12&quot;,&quot;iso&quot;:&quot;50&quot;,&quot;shutter_speed&quot;:&quot;0.0011074197120709&quot;,&quot;title&quot;:&quot;&quot;,&quot;orientation&quot;:&quot;1&quot;}\" data-image-title=\"European ELVIS Festival Bad Nauheim 16. &#8211; 18.08.2019\" data-image-description=\"\" data-medium-file=\"http:\/\/elviswhynot.bplaced.net\/wordpress\/wp-content\/uploads\/2023\/07\/251-225x300.jpg\" data-large-file=\"http:\/\/elviswhynot.bplaced.net\/wordpress\/wp-content\/uploads\/2023\/07\/251.jpg\" src=\"http:\/\/elviswhynot.bplaced.net\/wordpress\/wp-content\/uploads\/2023\/07\/251.jpg\" width=\"624\" height=\"832\" align=\"left\" title=\"European ELVIS Festival Bad Nauheim 16. - 18.08.2019\" \/><\/a><div class=\"tiled-gallery-caption\">Foto: Mario Fritzke, Wolfenb\u00fcttel<\/div><\/div><\/div><div class=\"gallery-group images-3\" style=\"width: 287px; height: 836px;\"><div class=\"tiled-gallery-item tiled-gallery-item-full\"><a href=\"http:\/\/elviswhynot.bplaced.net\/wordpress\/?attachment_id=614\"><img data-attachment-id=\"614\" data-orig-file=\"http:\/\/elviswhynot.bplaced.net\/wordpress\/wp-content\/uploads\/2023\/07\/252.jpg\" data-orig-size=\"1200,900\" data-comments-opened=\"1\" data-image-meta=\"{&quot;aperture&quot;:&quot;2.4&quot;,&quot;credit&quot;:&quot;&quot;,&quot;camera&quot;:&quot;iPhone 5&quot;,&quot;caption&quot;:&quot;&quot;,&quot;created_timestamp&quot;:&quot;1565972378&quot;,&quot;copyright&quot;:&quot;&quot;,&quot;focal_length&quot;:&quot;4.12&quot;,&quot;iso&quot;:&quot;50&quot;,&quot;shutter_speed&quot;:&quot;0.0052910052910053&quot;,&quot;title&quot;:&quot;&quot;,&quot;orientation&quot;:&quot;1&quot;}\" data-image-title=\"Elvis Kuchen gab es auch! &#8211; European ELVIS Festival Bad Nauheim 16. &#8211; 18.08.2019\" data-image-description=\"\" data-medium-file=\"http:\/\/elviswhynot.bplaced.net\/wordpress\/wp-content\/uploads\/2023\/07\/252-300x225.jpg\" data-large-file=\"http:\/\/elviswhynot.bplaced.net\/wordpress\/wp-content\/uploads\/2023\/07\/252-1024x768.jpg\" src=\"http:\/\/elviswhynot.bplaced.net\/wordpress\/wp-content\/uploads\/2023\/07\/252.jpg\" width=\"283\" height=\"212\" align=\"left\" title=\"Elvis Kuchen gab es auch! - European ELVIS Festival Bad Nauheim 16. - 18.08.2019\" \/><\/a><div class=\"tiled-gallery-caption\">Foto: Mario Fritzke, Wolfenb\u00fcttel<\/div><\/div><div class=\"tiled-gallery-item tiled-gallery-item-full\"><a href=\"http:\/\/elviswhynot.bplaced.net\/wordpress\/?attachment_id=615\"><img data-attachment-id=\"615\" data-orig-file=\"http:\/\/elviswhynot.bplaced.net\/wordpress\/wp-content\/uploads\/2023\/07\/253.jpg\" data-orig-size=\"1350,900\" data-comments-opened=\"1\" data-image-meta=\"{&quot;aperture&quot;:&quot;4.5&quot;,&quot;credit&quot;:&quot;&quot;,&quot;camera&quot;:&quot;Canon EOS 600D&quot;,&quot;caption&quot;:&quot;&quot;,&quot;created_timestamp&quot;:&quot;1566038449&quot;,&quot;copyright&quot;:&quot;&quot;,&quot;focal_length&quot;:&quot;18&quot;,&quot;iso&quot;:&quot;100&quot;,&quot;shutter_speed&quot;:&quot;0.02&quot;,&quot;title&quot;:&quot;&quot;,&quot;orientation&quot;:&quot;1&quot;}\" data-image-title=\"Aufbau &#038; Soundcheck &#8211; European ELVIS Festival Bad Nauheim 16. &#8211; 18.08.2019\" data-image-description=\"\" data-medium-file=\"http:\/\/elviswhynot.bplaced.net\/wordpress\/wp-content\/uploads\/2023\/07\/253-300x200.jpg\" data-large-file=\"http:\/\/elviswhynot.bplaced.net\/wordpress\/wp-content\/uploads\/2023\/07\/253-1024x683.jpg\" src=\"http:\/\/elviswhynot.bplaced.net\/wordpress\/wp-content\/uploads\/2023\/07\/253.jpg\" width=\"283\" height=\"188\" align=\"left\" title=\"Aufbau &amp; Soundcheck - European ELVIS Festival Bad Nauheim 16. - 18.08.2019\" \/><\/a><div class=\"tiled-gallery-caption\">Foto: Michael Mailand, Vallstedt<\/div><\/div><div class=\"tiled-gallery-item tiled-gallery-item-full\"><a href=\"http:\/\/elviswhynot.bplaced.net\/wordpress\/?attachment_id=616\"><img data-attachment-id=\"616\" data-orig-file=\"http:\/\/elviswhynot.bplaced.net\/wordpress\/wp-content\/uploads\/2023\/07\/254.jpg\" data-orig-size=\"600,900\" data-comments-opened=\"1\" data-image-meta=\"{&quot;aperture&quot;:&quot;5.6&quot;,&quot;credit&quot;:&quot;&quot;,&quot;camera&quot;:&quot;Canon EOS 600D&quot;,&quot;caption&quot;:&quot;&quot;,&quot;created_timestamp&quot;:&quot;1566038526&quot;,&quot;copyright&quot;:&quot;&quot;,&quot;focal_length&quot;:&quot;27&quot;,&quot;iso&quot;:&quot;400&quot;,&quot;shutter_speed&quot;:&quot;0.005&quot;,&quot;title&quot;:&quot;&quot;,&quot;orientation&quot;:&quot;1&quot;}\" data-image-title=\"Aufbau &#038; Soundcheck &#8211; European ELVIS Festival Bad Nauheim 16. &#8211; 18.08.2019\" data-image-description=\"\" data-medium-file=\"http:\/\/elviswhynot.bplaced.net\/wordpress\/wp-content\/uploads\/2023\/07\/254-200x300.jpg\" data-large-file=\"http:\/\/elviswhynot.bplaced.net\/wordpress\/wp-content\/uploads\/2023\/07\/254.jpg\" src=\"http:\/\/elviswhynot.bplaced.net\/wordpress\/wp-content\/uploads\/2023\/07\/254.jpg\" width=\"283\" height=\"424\" align=\"left\" title=\"Aufbau &amp; Soundcheck - European ELVIS Festival Bad Nauheim 16. - 18.08.2019\" \/><\/a><div class=\"tiled-gallery-caption\">Foto: Michael Mailand, Vallstedt<\/div><\/div><\/div><\/div><div class=\"gallery-row\" style=\"width: 915px; height: 404px;\"><div class=\"gallery-group images-1\" style=\"width: 611px; height: 408px;\"><div class=\"tiled-gallery-item tiled-gallery-item-full\"><a href=\"http:\/\/elviswhynot.bplaced.net\/wordpress\/?attachment_id=617\"><img data-attachment-id=\"617\" data-orig-file=\"http:\/\/elviswhynot.bplaced.net\/wordpress\/wp-content\/uploads\/2023\/07\/255.jpg\" data-orig-size=\"1350,900\" data-comments-opened=\"1\" data-image-meta=\"{&quot;aperture&quot;:&quot;4.5&quot;,&quot;credit&quot;:&quot;&quot;,&quot;camera&quot;:&quot;Canon EOS 600D&quot;,&quot;caption&quot;:&quot;&quot;,&quot;created_timestamp&quot;:&quot;1566038664&quot;,&quot;copyright&quot;:&quot;&quot;,&quot;focal_length&quot;:&quot;23&quot;,&quot;iso&quot;:&quot;100&quot;,&quot;shutter_speed&quot;:&quot;0.016666666666667&quot;,&quot;title&quot;:&quot;&quot;,&quot;orientation&quot;:&quot;1&quot;}\" data-image-title=\"Aufbau &#038; Soundcheck &#8211; European ELVIS Festival Bad Nauheim 16. &#8211; 18.08.2019\" data-image-description=\"\" data-medium-file=\"http:\/\/elviswhynot.bplaced.net\/wordpress\/wp-content\/uploads\/2023\/07\/255-300x200.jpg\" data-large-file=\"http:\/\/elviswhynot.bplaced.net\/wordpress\/wp-content\/uploads\/2023\/07\/255-1024x683.jpg\" src=\"http:\/\/elviswhynot.bplaced.net\/wordpress\/wp-content\/uploads\/2023\/07\/255.jpg\" width=\"607\" height=\"404\" align=\"left\" title=\"Aufbau &amp; Soundcheck - European ELVIS Festival Bad Nauheim 16. - 18.08.2019\" \/><\/a><div class=\"tiled-gallery-caption\">Foto: Michael Mailand, Vallstedt<\/div><\/div><\/div><div class=\"gallery-group images-2\" style=\"width: 304px; height: 408px;\"><div class=\"tiled-gallery-item tiled-gallery-item-full\"><a href=\"http:\/\/elviswhynot.bplaced.net\/wordpress\/?attachment_id=618\"><img data-attachment-id=\"618\" data-orig-file=\"http:\/\/elviswhynot.bplaced.net\/wordpress\/wp-content\/uploads\/2023\/07\/256.jpg\" data-orig-size=\"1350,900\" data-comments-opened=\"1\" data-image-meta=\"{&quot;aperture&quot;:&quot;3.5&quot;,&quot;credit&quot;:&quot;&quot;,&quot;camera&quot;:&quot;Canon EOS 600D&quot;,&quot;caption&quot;:&quot;&quot;,&quot;created_timestamp&quot;:&quot;1566038972&quot;,&quot;copyright&quot;:&quot;&quot;,&quot;focal_length&quot;:&quot;18&quot;,&quot;iso&quot;:&quot;250&quot;,&quot;shutter_speed&quot;:&quot;0.033333333333333&quot;,&quot;title&quot;:&quot;&quot;,&quot;orientation&quot;:&quot;1&quot;}\" data-image-title=\"European ELVIS Festival Bad Nauheim 16. &#8211; 18.08.2019\" data-image-description=\"\" data-medium-file=\"http:\/\/elviswhynot.bplaced.net\/wordpress\/wp-content\/uploads\/2023\/07\/256-300x200.jpg\" data-large-file=\"http:\/\/elviswhynot.bplaced.net\/wordpress\/wp-content\/uploads\/2023\/07\/256-1024x683.jpg\" src=\"http:\/\/elviswhynot.bplaced.net\/wordpress\/wp-content\/uploads\/2023\/07\/256.jpg\" width=\"300\" height=\"200\" align=\"left\" title=\"European ELVIS Festival Bad Nauheim 16. - 18.08.2019\" \/><\/a><div class=\"tiled-gallery-caption\">Foto: Michael Mailand, Vallstedt<\/div><\/div><div class=\"tiled-gallery-item tiled-gallery-item-full\"><a href=\"http:\/\/elviswhynot.bplaced.net\/wordpress\/?attachment_id=619\"><img data-attachment-id=\"619\" data-orig-file=\"http:\/\/elviswhynot.bplaced.net\/wordpress\/wp-content\/uploads\/2023\/07\/257.jpg\" data-orig-size=\"1350,900\" data-comments-opened=\"1\" data-image-meta=\"{&quot;aperture&quot;:&quot;3.5&quot;,&quot;credit&quot;:&quot;&quot;,&quot;camera&quot;:&quot;Canon EOS 600D&quot;,&quot;caption&quot;:&quot;&quot;,&quot;created_timestamp&quot;:&quot;1566038993&quot;,&quot;copyright&quot;:&quot;&quot;,&quot;focal_length&quot;:&quot;20&quot;,&quot;iso&quot;:&quot;320&quot;,&quot;shutter_speed&quot;:&quot;0.033333333333333&quot;,&quot;title&quot;:&quot;&quot;,&quot;orientation&quot;:&quot;1&quot;}\" data-image-title=\"European ELVIS Festival Bad Nauheim 16. &#8211; 18.08.2019\" data-image-description=\"\" data-medium-file=\"http:\/\/elviswhynot.bplaced.net\/wordpress\/wp-content\/uploads\/2023\/07\/257-300x200.jpg\" data-large-file=\"http:\/\/elviswhynot.bplaced.net\/wordpress\/wp-content\/uploads\/2023\/07\/257-1024x683.jpg\" src=\"http:\/\/elviswhynot.bplaced.net\/wordpress\/wp-content\/uploads\/2023\/07\/257.jpg\" width=\"300\" height=\"200\" align=\"left\" title=\"European ELVIS Festival Bad Nauheim 16. - 18.08.2019\" \/><\/a><div class=\"tiled-gallery-caption\">Foto: Michael Mailand, Vallstedt<\/div><\/div><\/div><\/div><div class=\"gallery-row\" style=\"width: 915px; height: 291px;\"><div class=\"gallery-group images-1\" style=\"width: 392px; height: 295px;\"><div class=\"tiled-gallery-item tiled-gallery-item-full\"><a href=\"http:\/\/elviswhynot.bplaced.net\/wordpress\/?attachment_id=620\"><img data-attachment-id=\"620\" data-orig-file=\"http:\/\/elviswhynot.bplaced.net\/wordpress\/wp-content\/uploads\/2023\/07\/258.jpg\" data-orig-size=\"1200,900\" data-comments-opened=\"1\" data-image-meta=\"{&quot;aperture&quot;:&quot;2.2&quot;,&quot;credit&quot;:&quot;&quot;,&quot;camera&quot;:&quot;MHA-L29&quot;,&quot;caption&quot;:&quot;&quot;,&quot;created_timestamp&quot;:&quot;1566132472&quot;,&quot;copyright&quot;:&quot;&quot;,&quot;focal_length&quot;:&quot;3.95&quot;,&quot;iso&quot;:&quot;80&quot;,&quot;shutter_speed&quot;:&quot;0.02&quot;,&quot;title&quot;:&quot;&quot;,&quot;orientation&quot;:&quot;1&quot;}\" data-image-title=\"European ELVIS Festival Bad Nauheim 16. &#8211; 18.08.2019\" data-image-description=\"\" data-medium-file=\"http:\/\/elviswhynot.bplaced.net\/wordpress\/wp-content\/uploads\/2023\/07\/258-300x225.jpg\" data-large-file=\"http:\/\/elviswhynot.bplaced.net\/wordpress\/wp-content\/uploads\/2023\/07\/258-1024x768.jpg\" src=\"http:\/\/elviswhynot.bplaced.net\/wordpress\/wp-content\/uploads\/2023\/07\/258.jpg\" width=\"388\" height=\"291\" align=\"left\" title=\"European ELVIS Festival Bad Nauheim 16. - 18.08.2019\" \/><\/a><div class=\"tiled-gallery-caption\">Foto: Michael Mailand, Vallstedt<\/div><\/div><\/div><div class=\"gallery-group images-1\" style=\"width: 523px; height: 295px;\"><div class=\"tiled-gallery-item tiled-gallery-item-full\"><a href=\"http:\/\/elviswhynot.bplaced.net\/wordpress\/?attachment_id=621\"><img data-attachment-id=\"621\" data-orig-file=\"http:\/\/elviswhynot.bplaced.net\/wordpress\/wp-content\/uploads\/2023\/07\/259.jpg\" data-orig-size=\"1602,900\" data-comments-opened=\"1\" data-image-meta=\"{&quot;aperture&quot;:&quot;5.6&quot;,&quot;credit&quot;:&quot;&quot;,&quot;camera&quot;:&quot;Canon EOS 600D&quot;,&quot;caption&quot;:&quot;&quot;,&quot;created_timestamp&quot;:&quot;1566040041&quot;,&quot;copyright&quot;:&quot;&quot;,&quot;focal_length&quot;:&quot;55&quot;,&quot;iso&quot;:&quot;320&quot;,&quot;shutter_speed&quot;:&quot;0.0125&quot;,&quot;title&quot;:&quot;&quot;,&quot;orientation&quot;:&quot;1&quot;}\" data-image-title=\"Jetzt geht&#8217;s los! &#8211; European ELVIS Festival Bad Nauheim 16. &#8211; 18.08.2019\" data-image-description=\"\" data-medium-file=\"http:\/\/elviswhynot.bplaced.net\/wordpress\/wp-content\/uploads\/2023\/07\/259-300x169.jpg\" data-large-file=\"http:\/\/elviswhynot.bplaced.net\/wordpress\/wp-content\/uploads\/2023\/07\/259-1024x575.jpg\" src=\"http:\/\/elviswhynot.bplaced.net\/wordpress\/wp-content\/uploads\/2023\/07\/259.jpg\" width=\"519\" height=\"291\" align=\"left\" title=\"Jetzt geht&#039;s los! - European ELVIS Festival Bad Nauheim 16. - 18.08.2019\" \/><\/a><div class=\"tiled-gallery-caption\">Foto: Michael Mailand, Vallstedt<\/div><\/div><\/div><\/div><div class=\"gallery-row\" style=\"width: 915px; height: 424px;\"><div class=\"gallery-group images-2\" style=\"width: 346px; height: 428px;\"><div class=\"tiled-gallery-item tiled-gallery-item-full\"><a href=\"http:\/\/elviswhynot.bplaced.net\/wordpress\/?attachment_id=622\"><img data-attachment-id=\"622\" data-orig-file=\"http:\/\/elviswhynot.bplaced.net\/wordpress\/wp-content\/uploads\/2023\/07\/260.jpg\" data-orig-size=\"1602,900\" data-comments-opened=\"1\" data-image-meta=\"{&quot;aperture&quot;:&quot;5.6&quot;,&quot;credit&quot;:&quot;&quot;,&quot;camera&quot;:&quot;Canon EOS 600D&quot;,&quot;caption&quot;:&quot;&quot;,&quot;created_timestamp&quot;:&quot;1566040145&quot;,&quot;copyright&quot;:&quot;&quot;,&quot;focal_length&quot;:&quot;55&quot;,&quot;iso&quot;:&quot;400&quot;,&quot;shutter_speed&quot;:&quot;0.01&quot;,&quot;title&quot;:&quot;&quot;,&quot;orientation&quot;:&quot;1&quot;}\" data-image-title=\"European ELVIS Festival Bad Nauheim 16. &#8211; 18.08.2019\" data-image-description=\"\" data-medium-file=\"http:\/\/elviswhynot.bplaced.net\/wordpress\/wp-content\/uploads\/2023\/07\/260-300x169.jpg\" data-large-file=\"http:\/\/elviswhynot.bplaced.net\/wordpress\/wp-content\/uploads\/2023\/07\/260-1024x575.jpg\" src=\"http:\/\/elviswhynot.bplaced.net\/wordpress\/wp-content\/uploads\/2023\/07\/260.jpg\" width=\"342\" height=\"192\" align=\"left\" title=\"European ELVIS Festival Bad Nauheim 16. - 18.08.2019\" \/><\/a><div class=\"tiled-gallery-caption\">Foto: Michael Mailand, Vallstedt<\/div><\/div><div class=\"tiled-gallery-item tiled-gallery-item-full\"><a href=\"http:\/\/elviswhynot.bplaced.net\/wordpress\/?attachment_id=623\"><img data-attachment-id=\"623\" data-orig-file=\"http:\/\/elviswhynot.bplaced.net\/wordpress\/wp-content\/uploads\/2023\/07\/261.jpg\" data-orig-size=\"1350,900\" data-comments-opened=\"1\" data-image-meta=\"{&quot;aperture&quot;:&quot;5.6&quot;,&quot;credit&quot;:&quot;&quot;,&quot;camera&quot;:&quot;Canon EOS 600D&quot;,&quot;caption&quot;:&quot;&quot;,&quot;created_timestamp&quot;:&quot;1566042996&quot;,&quot;copyright&quot;:&quot;&quot;,&quot;focal_length&quot;:&quot;55&quot;,&quot;iso&quot;:&quot;100&quot;,&quot;shutter_speed&quot;:&quot;0.01&quot;,&quot;title&quot;:&quot;&quot;,&quot;orientation&quot;:&quot;1&quot;}\" data-image-title=\"European ELVIS Festival Bad Nauheim 16. &#8211; 18.08.2019\" data-image-description=\"\" data-medium-file=\"http:\/\/elviswhynot.bplaced.net\/wordpress\/wp-content\/uploads\/2023\/07\/261-300x200.jpg\" data-large-file=\"http:\/\/elviswhynot.bplaced.net\/wordpress\/wp-content\/uploads\/2023\/07\/261-1024x683.jpg\" src=\"http:\/\/elviswhynot.bplaced.net\/wordpress\/wp-content\/uploads\/2023\/07\/261.jpg\" width=\"342\" height=\"228\" align=\"left\" title=\"European ELVIS Festival Bad Nauheim 16. - 18.08.2019\" \/><\/a><div class=\"tiled-gallery-caption\">Foto: Michael Mailand, Vallstedt<\/div><\/div><\/div><div class=\"gallery-group images-1\" style=\"width: 569px; height: 428px;\"><div class=\"tiled-gallery-item tiled-gallery-item-full\"><a href=\"http:\/\/elviswhynot.bplaced.net\/wordpress\/?attachment_id=624\"><img data-attachment-id=\"624\" data-orig-file=\"http:\/\/elviswhynot.bplaced.net\/wordpress\/wp-content\/uploads\/2023\/07\/262.jpg\" data-orig-size=\"1200,900\" data-comments-opened=\"1\" data-image-meta=\"{&quot;aperture&quot;:&quot;2.2&quot;,&quot;credit&quot;:&quot;&quot;,&quot;camera&quot;:&quot;iPhone SE&quot;,&quot;caption&quot;:&quot;&quot;,&quot;created_timestamp&quot;:&quot;1566044330&quot;,&quot;copyright&quot;:&quot;&quot;,&quot;focal_length&quot;:&quot;4.15&quot;,&quot;iso&quot;:&quot;25&quot;,&quot;shutter_speed&quot;:&quot;0.0054945054945055&quot;,&quot;title&quot;:&quot;&quot;,&quot;orientation&quot;:&quot;1&quot;}\" data-image-title=\"European ELVIS Festival Bad Nauheim 16. &#8211; 18.08.2019\" data-image-description=\"\" data-medium-file=\"http:\/\/elviswhynot.bplaced.net\/wordpress\/wp-content\/uploads\/2023\/07\/262-300x225.jpg\" data-large-file=\"http:\/\/elviswhynot.bplaced.net\/wordpress\/wp-content\/uploads\/2023\/07\/262-1024x768.jpg\" src=\"http:\/\/elviswhynot.bplaced.net\/wordpress\/wp-content\/uploads\/2023\/07\/262.jpg\" width=\"565\" height=\"424\" align=\"left\" title=\"European ELVIS Festival Bad Nauheim 16. - 18.08.2019\" \/><\/a><div class=\"tiled-gallery-caption\">Foto: Roswitha von Cyrson-Fritzke, Wolfenb\u00fcttel<\/div><\/div><\/div><\/div><div class=\"gallery-row\" style=\"width: 915px; height: 201px;\"><div class=\"gallery-group images-1\" style=\"width: 305px; height: 205px;\"><div class=\"tiled-gallery-item tiled-gallery-item-full\"><a href=\"http:\/\/elviswhynot.bplaced.net\/wordpress\/?attachment_id=625\"><img data-attachment-id=\"625\" data-orig-file=\"http:\/\/elviswhynot.bplaced.net\/wordpress\/wp-content\/uploads\/2023\/07\/263.jpg\" data-orig-size=\"1350,900\" data-comments-opened=\"1\" data-image-meta=\"{&quot;aperture&quot;:&quot;5.6&quot;,&quot;credit&quot;:&quot;&quot;,&quot;camera&quot;:&quot;Canon EOS 600D&quot;,&quot;caption&quot;:&quot;&quot;,&quot;created_timestamp&quot;:&quot;1566043012&quot;,&quot;copyright&quot;:&quot;&quot;,&quot;focal_length&quot;:&quot;55&quot;,&quot;iso&quot;:&quot;125&quot;,&quot;shutter_speed&quot;:&quot;0.0125&quot;,&quot;title&quot;:&quot;&quot;,&quot;orientation&quot;:&quot;1&quot;}\" data-image-title=\"European ELVIS Festival Bad Nauheim 16. &#8211; 18.08.2019\" data-image-description=\"\" data-medium-file=\"http:\/\/elviswhynot.bplaced.net\/wordpress\/wp-content\/uploads\/2023\/07\/263-300x200.jpg\" data-large-file=\"http:\/\/elviswhynot.bplaced.net\/wordpress\/wp-content\/uploads\/2023\/07\/263-1024x683.jpg\" src=\"http:\/\/elviswhynot.bplaced.net\/wordpress\/wp-content\/uploads\/2023\/07\/263.jpg\" width=\"301\" height=\"201\" align=\"left\" title=\"European ELVIS Festival Bad Nauheim 16. - 18.08.2019\" \/><\/a><div class=\"tiled-gallery-caption\">Foto: Michael Mailand, Vallstedt<\/div><\/div><\/div><div class=\"gallery-group images-1\" style=\"width: 305px; height: 205px;\"><div class=\"tiled-gallery-item tiled-gallery-item-full\"><a href=\"http:\/\/elviswhynot.bplaced.net\/wordpress\/?attachment_id=626\"><img data-attachment-id=\"626\" data-orig-file=\"http:\/\/elviswhynot.bplaced.net\/wordpress\/wp-content\/uploads\/2023\/07\/264.jpg\" data-orig-size=\"1350,900\" data-comments-opened=\"1\" data-image-meta=\"{&quot;aperture&quot;:&quot;5.6&quot;,&quot;credit&quot;:&quot;&quot;,&quot;camera&quot;:&quot;Canon EOS 600D&quot;,&quot;caption&quot;:&quot;&quot;,&quot;created_timestamp&quot;:&quot;1566043057&quot;,&quot;copyright&quot;:&quot;&quot;,&quot;focal_length&quot;:&quot;18&quot;,&quot;iso&quot;:&quot;100&quot;,&quot;shutter_speed&quot;:&quot;0.0125&quot;,&quot;title&quot;:&quot;&quot;,&quot;orientation&quot;:&quot;1&quot;}\" data-image-title=\"European ELVIS Festival Bad Nauheim 16. &#8211; 18.08.2019\" data-image-description=\"\" data-medium-file=\"http:\/\/elviswhynot.bplaced.net\/wordpress\/wp-content\/uploads\/2023\/07\/264-300x200.jpg\" data-large-file=\"http:\/\/elviswhynot.bplaced.net\/wordpress\/wp-content\/uploads\/2023\/07\/264-1024x683.jpg\" src=\"http:\/\/elviswhynot.bplaced.net\/wordpress\/wp-content\/uploads\/2023\/07\/264.jpg\" width=\"301\" height=\"201\" align=\"left\" title=\"European ELVIS Festival Bad Nauheim 16. - 18.08.2019\" \/><\/a><div class=\"tiled-gallery-caption\">Foto: Michael Mailand, Vallstedt<\/div><\/div><\/div><div class=\"gallery-group images-1\" style=\"width: 305px; height: 205px;\"><div class=\"tiled-gallery-item tiled-gallery-item-full\"><a href=\"http:\/\/elviswhynot.bplaced.net\/wordpress\/?attachment_id=627\"><img data-attachment-id=\"627\" data-orig-file=\"http:\/\/elviswhynot.bplaced.net\/wordpress\/wp-content\/uploads\/2023\/07\/265.jpg\" data-orig-size=\"1350,900\" data-comments-opened=\"1\" data-image-meta=\"{&quot;aperture&quot;:&quot;9&quot;,&quot;credit&quot;:&quot;&quot;,&quot;camera&quot;:&quot;Canon EOS 600D&quot;,&quot;caption&quot;:&quot;&quot;,&quot;created_timestamp&quot;:&quot;1566043061&quot;,&quot;copyright&quot;:&quot;&quot;,&quot;focal_length&quot;:&quot;18&quot;,&quot;iso&quot;:&quot;400&quot;,&quot;shutter_speed&quot;:&quot;0.005&quot;,&quot;title&quot;:&quot;&quot;,&quot;orientation&quot;:&quot;1&quot;}\" data-image-title=\"European ELVIS Festival Bad Nauheim 16. &#8211; 18.08.2019\" data-image-description=\"\" data-medium-file=\"http:\/\/elviswhynot.bplaced.net\/wordpress\/wp-content\/uploads\/2023\/07\/265-300x200.jpg\" data-large-file=\"http:\/\/elviswhynot.bplaced.net\/wordpress\/wp-content\/uploads\/2023\/07\/265-1024x683.jpg\" src=\"http:\/\/elviswhynot.bplaced.net\/wordpress\/wp-content\/uploads\/2023\/07\/265.jpg\" width=\"301\" height=\"201\" align=\"left\" title=\"European ELVIS Festival Bad Nauheim 16. - 18.08.2019\" \/><\/a><div class=\"tiled-gallery-caption\">Foto: Michael Mailand, Vallstedt<\/div><\/div><\/div><\/div><div class=\"gallery-row\" style=\"width: 915px; height: 404px;\"><div class=\"gallery-group images-1\" style=\"width: 611px; height: 408px;\"><div class=\"tiled-gallery-item tiled-gallery-item-full\"><a href=\"http:\/\/elviswhynot.bplaced.net\/wordpress\/?attachment_id=628\"><img data-attachment-id=\"628\" data-orig-file=\"http:\/\/elviswhynot.bplaced.net\/wordpress\/wp-content\/uploads\/2023\/07\/266.jpg\" data-orig-size=\"1350,900\" data-comments-opened=\"1\" data-image-meta=\"{&quot;aperture&quot;:&quot;7.1&quot;,&quot;credit&quot;:&quot;&quot;,&quot;camera&quot;:&quot;Canon EOS 600D&quot;,&quot;caption&quot;:&quot;&quot;,&quot;created_timestamp&quot;:&quot;1566043065&quot;,&quot;copyright&quot;:&quot;&quot;,&quot;focal_length&quot;:&quot;18&quot;,&quot;iso&quot;:&quot;100&quot;,&quot;shutter_speed&quot;:&quot;0.008&quot;,&quot;title&quot;:&quot;&quot;,&quot;orientation&quot;:&quot;1&quot;}\" data-image-title=\"European ELVIS Festival Bad Nauheim 16. &#8211; 18.08.2019\" data-image-description=\"\" data-medium-file=\"http:\/\/elviswhynot.bplaced.net\/wordpress\/wp-content\/uploads\/2023\/07\/266-300x200.jpg\" data-large-file=\"http:\/\/elviswhynot.bplaced.net\/wordpress\/wp-content\/uploads\/2023\/07\/266-1024x683.jpg\" src=\"http:\/\/elviswhynot.bplaced.net\/wordpress\/wp-content\/uploads\/2023\/07\/266.jpg\" width=\"607\" height=\"404\" align=\"left\" title=\"European ELVIS Festival Bad Nauheim 16. - 18.08.2019\" \/><\/a><div class=\"tiled-gallery-caption\">Foto: Michael Mailand, Vallstedt<\/div><\/div><\/div><div class=\"gallery-group images-2\" style=\"width: 304px; height: 408px;\"><div class=\"tiled-gallery-item tiled-gallery-item-full\"><a href=\"http:\/\/elviswhynot.bplaced.net\/wordpress\/?attachment_id=629\"><img data-attachment-id=\"629\" data-orig-file=\"http:\/\/elviswhynot.bplaced.net\/wordpress\/wp-content\/uploads\/2023\/07\/267.jpg\" data-orig-size=\"1350,900\" data-comments-opened=\"1\" data-image-meta=\"{&quot;aperture&quot;:&quot;5.6&quot;,&quot;credit&quot;:&quot;&quot;,&quot;camera&quot;:&quot;Canon EOS 600D&quot;,&quot;caption&quot;:&quot;&quot;,&quot;created_timestamp&quot;:&quot;1566043082&quot;,&quot;copyright&quot;:&quot;&quot;,&quot;focal_length&quot;:&quot;55&quot;,&quot;iso&quot;:&quot;100&quot;,&quot;shutter_speed&quot;:&quot;0.01&quot;,&quot;title&quot;:&quot;&quot;,&quot;orientation&quot;:&quot;1&quot;}\" data-image-title=\"European ELVIS Festival Bad Nauheim 16. &#8211; 18.08.2019\" data-image-description=\"\" data-medium-file=\"http:\/\/elviswhynot.bplaced.net\/wordpress\/wp-content\/uploads\/2023\/07\/267-300x200.jpg\" data-large-file=\"http:\/\/elviswhynot.bplaced.net\/wordpress\/wp-content\/uploads\/2023\/07\/267-1024x683.jpg\" src=\"http:\/\/elviswhynot.bplaced.net\/wordpress\/wp-content\/uploads\/2023\/07\/267.jpg\" width=\"300\" height=\"200\" align=\"left\" title=\"European ELVIS Festival Bad Nauheim 16. - 18.08.2019\" \/><\/a><div class=\"tiled-gallery-caption\">Foto: Michael Mailand, Vallstedt<\/div><\/div><div class=\"tiled-gallery-item tiled-gallery-item-full\"><a href=\"http:\/\/elviswhynot.bplaced.net\/wordpress\/?attachment_id=630\"><img data-attachment-id=\"630\" data-orig-file=\"http:\/\/elviswhynot.bplaced.net\/wordpress\/wp-content\/uploads\/2023\/07\/268.jpg\" data-orig-size=\"1350,900\" data-comments-opened=\"1\" data-image-meta=\"{&quot;aperture&quot;:&quot;10&quot;,&quot;credit&quot;:&quot;&quot;,&quot;camera&quot;:&quot;Canon EOS 600D&quot;,&quot;caption&quot;:&quot;&quot;,&quot;created_timestamp&quot;:&quot;1566043844&quot;,&quot;copyright&quot;:&quot;&quot;,&quot;focal_length&quot;:&quot;18&quot;,&quot;iso&quot;:&quot;100&quot;,&quot;shutter_speed&quot;:&quot;0.01&quot;,&quot;title&quot;:&quot;&quot;,&quot;orientation&quot;:&quot;1&quot;}\" data-image-title=\"European ELVIS Festival Bad Nauheim 16. &#8211; 18.08.2019\" data-image-description=\"\" data-medium-file=\"http:\/\/elviswhynot.bplaced.net\/wordpress\/wp-content\/uploads\/2023\/07\/268-300x200.jpg\" data-large-file=\"http:\/\/elviswhynot.bplaced.net\/wordpress\/wp-content\/uploads\/2023\/07\/268-1024x683.jpg\" src=\"http:\/\/elviswhynot.bplaced.net\/wordpress\/wp-content\/uploads\/2023\/07\/268.jpg\" width=\"300\" height=\"200\" align=\"left\" title=\"European ELVIS Festival Bad Nauheim 16. - 18.08.2019\" \/><\/a><div class=\"tiled-gallery-caption\">Foto: Michael Mailand, Vallstedt<\/div><\/div><\/div><\/div><div class=\"gallery-row\" style=\"width: 915px; height: 401px;\"><div class=\"gallery-group images-1\" style=\"width: 305px; height: 405px;\"><div class=\"tiled-gallery-item tiled-gallery-item-full\"><a href=\"http:\/\/elviswhynot.bplaced.net\/wordpress\/?attachment_id=631\"><img data-attachment-id=\"631\" data-orig-file=\"http:\/\/elviswhynot.bplaced.net\/wordpress\/wp-content\/uploads\/2023\/07\/269.jpg\" data-orig-size=\"675,900\" data-comments-opened=\"1\" data-image-meta=\"{&quot;aperture&quot;:&quot;0&quot;,&quot;credit&quot;:&quot;&quot;,&quot;camera&quot;:&quot;&quot;,&quot;caption&quot;:&quot;&quot;,&quot;created_timestamp&quot;:&quot;0&quot;,&quot;copyright&quot;:&quot;&quot;,&quot;focal_length&quot;:&quot;0&quot;,&quot;iso&quot;:&quot;0&quot;,&quot;shutter_speed&quot;:&quot;0&quot;,&quot;title&quot;:&quot;&quot;,&quot;orientation&quot;:&quot;1&quot;}\" data-image-title=\"European ELVIS Festival Bad Nauheim 16. &#8211; 18.08.2019\" data-image-description=\"\" data-medium-file=\"http:\/\/elviswhynot.bplaced.net\/wordpress\/wp-content\/uploads\/2023\/07\/269-225x300.jpg\" data-large-file=\"http:\/\/elviswhynot.bplaced.net\/wordpress\/wp-content\/uploads\/2023\/07\/269.jpg\" src=\"http:\/\/elviswhynot.bplaced.net\/wordpress\/wp-content\/uploads\/2023\/07\/269.jpg\" width=\"301\" height=\"401\" align=\"left\" title=\"European ELVIS Festival Bad Nauheim 16. - 18.08.2019\" \/><\/a><div class=\"tiled-gallery-caption\">Foto: Mario Fritzke, Wolfenb\u00fcttel<\/div><\/div><\/div><div class=\"gallery-group images-1\" style=\"width: 305px; height: 405px;\"><div class=\"tiled-gallery-item tiled-gallery-item-full\"><a href=\"http:\/\/elviswhynot.bplaced.net\/wordpress\/?attachment_id=632\"><img data-attachment-id=\"632\" data-orig-file=\"http:\/\/elviswhynot.bplaced.net\/wordpress\/wp-content\/uploads\/2023\/07\/270.jpg\" data-orig-size=\"675,900\" data-comments-opened=\"1\" data-image-meta=\"{&quot;aperture&quot;:&quot;2.2&quot;,&quot;credit&quot;:&quot;&quot;,&quot;camera&quot;:&quot;iPhone SE&quot;,&quot;caption&quot;:&quot;&quot;,&quot;created_timestamp&quot;:&quot;1566161605&quot;,&quot;copyright&quot;:&quot;&quot;,&quot;focal_length&quot;:&quot;4.15&quot;,&quot;iso&quot;:&quot;500&quot;,&quot;shutter_speed&quot;:&quot;0.058823529411765&quot;,&quot;title&quot;:&quot;&quot;,&quot;orientation&quot;:&quot;1&quot;}\" data-image-title=\"Auf den Spuren von Elvis &#8211; European ELVIS Festival Bad Nauheim 16. &#8211; 18.08.2019\" data-image-description=\"\" data-medium-file=\"http:\/\/elviswhynot.bplaced.net\/wordpress\/wp-content\/uploads\/2023\/07\/270-225x300.jpg\" data-large-file=\"http:\/\/elviswhynot.bplaced.net\/wordpress\/wp-content\/uploads\/2023\/07\/270.jpg\" src=\"http:\/\/elviswhynot.bplaced.net\/wordpress\/wp-content\/uploads\/2023\/07\/270.jpg\" width=\"301\" height=\"401\" align=\"left\" title=\"Auf den Spuren von Elvis - European ELVIS Festival Bad Nauheim 16. - 18.08.2019\" \/><\/a><div class=\"tiled-gallery-caption\">Foto: Mario Fritzke, Wolfenb\u00fcttel<\/div><\/div><\/div><div class=\"gallery-group images-1\" style=\"width: 305px; height: 405px;\"><div class=\"tiled-gallery-item tiled-gallery-item-full\"><a href=\"http:\/\/elviswhynot.bplaced.net\/wordpress\/?attachment_id=633\"><img data-attachment-id=\"633\" data-orig-file=\"http:\/\/elviswhynot.bplaced.net\/wordpress\/wp-content\/uploads\/2023\/07\/271.jpg\" data-orig-size=\"675,900\" data-comments-opened=\"1\" data-image-meta=\"{&quot;aperture&quot;:&quot;2.4&quot;,&quot;credit&quot;:&quot;&quot;,&quot;camera&quot;:&quot;iPhone 5&quot;,&quot;caption&quot;:&quot;&quot;,&quot;created_timestamp&quot;:&quot;1566161620&quot;,&quot;copyright&quot;:&quot;&quot;,&quot;focal_length&quot;:&quot;4.12&quot;,&quot;iso&quot;:&quot;800&quot;,&quot;shutter_speed&quot;:&quot;0.066666666666667&quot;,&quot;title&quot;:&quot;&quot;,&quot;orientation&quot;:&quot;1&quot;}\" data-image-title=\"Auf den Spuren von Elvis &#8211; European ELVIS Festival Bad Nauheim 16. &#8211; 18.08.2019\" data-image-description=\"\" data-medium-file=\"http:\/\/elviswhynot.bplaced.net\/wordpress\/wp-content\/uploads\/2023\/07\/271-225x300.jpg\" data-large-file=\"http:\/\/elviswhynot.bplaced.net\/wordpress\/wp-content\/uploads\/2023\/07\/271.jpg\" src=\"http:\/\/elviswhynot.bplaced.net\/wordpress\/wp-content\/uploads\/2023\/07\/271.jpg\" width=\"301\" height=\"401\" align=\"left\" title=\"Auf den Spuren von Elvis - European ELVIS Festival Bad Nauheim 16. - 18.08.2019\" \/><\/a><div class=\"tiled-gallery-caption\">Foto: Mario Fritzke, Wolfenb\u00fcttel<\/div><\/div><\/div><\/div><div class=\"gallery-row\" style=\"width: 915px; height: 683px;\"><div class=\"gallery-group images-1\" style=\"width: 915px; height: 687px;\"><div class=\"tiled-gallery-item tiled-gallery-item-full\"><a href=\"http:\/\/elviswhynot.bplaced.net\/wordpress\/?attachment_id=634\"><img data-attachment-id=\"634\" data-orig-file=\"http:\/\/elviswhynot.bplaced.net\/wordpress\/wp-content\/uploads\/2023\/07\/272.jpg\" data-orig-size=\"1200,900\" data-comments-opened=\"1\" data-image-meta=\"{&quot;aperture&quot;:&quot;2.2&quot;,&quot;credit&quot;:&quot;&quot;,&quot;camera&quot;:&quot;MHA-L29&quot;,&quot;caption&quot;:&quot;&quot;,&quot;created_timestamp&quot;:&quot;1565997395&quot;,&quot;copyright&quot;:&quot;&quot;,&quot;focal_length&quot;:&quot;3.95&quot;,&quot;iso&quot;:&quot;800&quot;,&quot;shutter_speed&quot;:&quot;0.15&quot;,&quot;title&quot;:&quot;&quot;,&quot;orientation&quot;:&quot;1&quot;}\" data-image-title=\"European ELVIS Festival Bad Nauheim 16. &#8211; 18.08.2019\" data-image-description=\"\" data-medium-file=\"http:\/\/elviswhynot.bplaced.net\/wordpress\/wp-content\/uploads\/2023\/07\/272-300x225.jpg\" data-large-file=\"http:\/\/elviswhynot.bplaced.net\/wordpress\/wp-content\/uploads\/2023\/07\/272-1024x768.jpg\" src=\"http:\/\/elviswhynot.bplaced.net\/wordpress\/wp-content\/uploads\/2023\/07\/272.jpg\" width=\"911\" height=\"683\" align=\"left\" title=\"European ELVIS Festival Bad Nauheim 16. - 18.08.2019\" \/><\/a><div class=\"tiled-gallery-caption\">Foto: Michael Mailand, Vallstedt<\/div><\/div><\/div><\/div><\/div>\n\n\n<div style=\"height:20px\" aria-hidden=\"true\" class=\"wp-block-spacer\"><\/div>\n\n\n\n<h5 class=\"wp-block-heading\">2017<\/h5>\n\n\n<div data-carousel-extra='{\"blog_id\":1,\"permalink\":\"http:\\\/\\\/elviswhynot.bplaced.net\\\/wordpress\\\/?page_id=162\"}' class=\"tiled-gallery type-rectangular\" data-original-width=\"920\"><div class=\"gallery-row\" style=\"width: 915px; height: 258px;\"><div class=\"gallery-group images-1\" style=\"width: 452px; height: 262px;\"><div class=\"tiled-gallery-item tiled-gallery-item-full\"><a href=\"http:\/\/elviswhynot.bplaced.net\/wordpress\/?attachment_id=588\"><img data-attachment-id=\"588\" data-orig-file=\"http:\/\/elviswhynot.bplaced.net\/wordpress\/wp-content\/uploads\/2023\/07\/228.jpg\" data-orig-size=\"1562,900\" data-comments-opened=\"1\" data-image-meta=\"{&quot;aperture&quot;:&quot;2.9&quot;,&quot;credit&quot;:&quot;&quot;,&quot;camera&quot;:&quot;MD 85919&quot;,&quot;caption&quot;:&quot;Digital Camera P42001&quot;,&quot;created_timestamp&quot;:&quot;1268977161&quot;,&quot;copyright&quot;:&quot;&quot;,&quot;focal_length&quot;:&quot;5.7&quot;,&quot;iso&quot;:&quot;320&quot;,&quot;shutter_speed&quot;:&quot;0.025&quot;,&quot;title&quot;:&quot;Digital Camera P42001&quot;,&quot;orientation&quot;:&quot;1&quot;}\" data-image-title=\"Filmdreh zum TV38 Western &#8222;Salt Bad City&#8220; Sommer 2017\" data-image-description=\"\" data-medium-file=\"http:\/\/elviswhynot.bplaced.net\/wordpress\/wp-content\/uploads\/2023\/07\/228-300x173.jpg\" data-large-file=\"http:\/\/elviswhynot.bplaced.net\/wordpress\/wp-content\/uploads\/2023\/07\/228-1024x590.jpg\" src=\"http:\/\/elviswhynot.bplaced.net\/wordpress\/wp-content\/uploads\/2023\/07\/228.jpg\" width=\"448\" height=\"258\" align=\"left\" title=\"Filmdreh zum TV38 Western &quot;Salt Bad City&quot; Sommer 2017\" \/><\/a><div class=\"tiled-gallery-caption\">Foto: Hans-J\u00fcrgen Gebel, Salzgitter<\/div><\/div><\/div><div class=\"gallery-group images-1\" style=\"width: 463px; height: 262px;\"><div class=\"tiled-gallery-item tiled-gallery-item-full\"><a href=\"http:\/\/elviswhynot.bplaced.net\/wordpress\/?attachment_id=589\"><img data-attachment-id=\"589\" data-orig-file=\"http:\/\/elviswhynot.bplaced.net\/wordpress\/wp-content\/uploads\/2023\/07\/229.jpg\" data-orig-size=\"1600,900\" data-comments-opened=\"1\" data-image-meta=\"{&quot;aperture&quot;:&quot;0&quot;,&quot;credit&quot;:&quot;&quot;,&quot;camera&quot;:&quot;&quot;,&quot;caption&quot;:&quot;&quot;,&quot;created_timestamp&quot;:&quot;0&quot;,&quot;copyright&quot;:&quot;&quot;,&quot;focal_length&quot;:&quot;0&quot;,&quot;iso&quot;:&quot;0&quot;,&quot;shutter_speed&quot;:&quot;0&quot;,&quot;title&quot;:&quot;&quot;,&quot;orientation&quot;:&quot;1&quot;}\" data-image-title=\"Filmdreh zum TV38 Western &#8222;Salt Bad City&#8220; Sommer 2017\" data-image-description=\"\" data-medium-file=\"http:\/\/elviswhynot.bplaced.net\/wordpress\/wp-content\/uploads\/2023\/07\/229-300x169.jpg\" data-large-file=\"http:\/\/elviswhynot.bplaced.net\/wordpress\/wp-content\/uploads\/2023\/07\/229-1024x576.jpg\" src=\"http:\/\/elviswhynot.bplaced.net\/wordpress\/wp-content\/uploads\/2023\/07\/229.jpg\" width=\"459\" height=\"258\" align=\"left\" title=\"Filmdreh zum TV38 Western &quot;Salt Bad City&quot; Sommer 2017\" \/><\/a><div class=\"tiled-gallery-caption\">Foto: Hans-J\u00fcrgen Gebel, Salzgitter<\/div><\/div><\/div><\/div><div class=\"gallery-row\" style=\"width: 915px; height: 255px;\"><div class=\"gallery-group images-1\" style=\"width: 458px; height: 259px;\"><div class=\"tiled-gallery-item tiled-gallery-item-full\"><a href=\"http:\/\/elviswhynot.bplaced.net\/wordpress\/?attachment_id=590\"><img data-attachment-id=\"590\" data-orig-file=\"http:\/\/elviswhynot.bplaced.net\/wordpress\/wp-content\/uploads\/2023\/07\/230.jpg\" data-orig-size=\"1600,900\" data-comments-opened=\"1\" data-image-meta=\"{&quot;aperture&quot;:&quot;0&quot;,&quot;credit&quot;:&quot;&quot;,&quot;camera&quot;:&quot;&quot;,&quot;caption&quot;:&quot;&quot;,&quot;created_timestamp&quot;:&quot;0&quot;,&quot;copyright&quot;:&quot;&quot;,&quot;focal_length&quot;:&quot;0&quot;,&quot;iso&quot;:&quot;0&quot;,&quot;shutter_speed&quot;:&quot;0&quot;,&quot;title&quot;:&quot;&quot;,&quot;orientation&quot;:&quot;1&quot;}\" data-image-title=\"Filmdreh zum TV38 Western &#8222;Salt Bad City&#8220; Sommer 2017\" data-image-description=\"\" data-medium-file=\"http:\/\/elviswhynot.bplaced.net\/wordpress\/wp-content\/uploads\/2023\/07\/230-300x169.jpg\" data-large-file=\"http:\/\/elviswhynot.bplaced.net\/wordpress\/wp-content\/uploads\/2023\/07\/230-1024x576.jpg\" src=\"http:\/\/elviswhynot.bplaced.net\/wordpress\/wp-content\/uploads\/2023\/07\/230.jpg\" width=\"454\" height=\"255\" align=\"left\" title=\"Filmdreh zum TV38 Western &quot;Salt Bad City&quot; Sommer 2017\" \/><\/a><div class=\"tiled-gallery-caption\">Foto: Hans-J\u00fcrgen Gebel, Salzgitter<\/div><\/div><\/div><div class=\"gallery-group images-1\" style=\"width: 457px; height: 259px;\"><div class=\"tiled-gallery-item tiled-gallery-item-full\"><a href=\"http:\/\/elviswhynot.bplaced.net\/wordpress\/?attachment_id=591\"><img data-attachment-id=\"591\" data-orig-file=\"http:\/\/elviswhynot.bplaced.net\/wordpress\/wp-content\/uploads\/2023\/07\/231.jpg\" data-orig-size=\"1600,900\" data-comments-opened=\"1\" data-image-meta=\"{&quot;aperture&quot;:&quot;0&quot;,&quot;credit&quot;:&quot;&quot;,&quot;camera&quot;:&quot;&quot;,&quot;caption&quot;:&quot;&quot;,&quot;created_timestamp&quot;:&quot;0&quot;,&quot;copyright&quot;:&quot;&quot;,&quot;focal_length&quot;:&quot;0&quot;,&quot;iso&quot;:&quot;0&quot;,&quot;shutter_speed&quot;:&quot;0&quot;,&quot;title&quot;:&quot;&quot;,&quot;orientation&quot;:&quot;1&quot;}\" data-image-title=\"Filmdreh zum TV38 Western &#8222;Salt Bad City&#8220; Sommer 2017\" data-image-description=\"\" data-medium-file=\"http:\/\/elviswhynot.bplaced.net\/wordpress\/wp-content\/uploads\/2023\/07\/231-300x169.jpg\" data-large-file=\"http:\/\/elviswhynot.bplaced.net\/wordpress\/wp-content\/uploads\/2023\/07\/231-1024x576.jpg\" src=\"http:\/\/elviswhynot.bplaced.net\/wordpress\/wp-content\/uploads\/2023\/07\/231.jpg\" width=\"453\" height=\"255\" align=\"left\" title=\"Filmdreh zum TV38 Western &quot;Salt Bad City&quot; Sommer 2017\" \/><\/a><div class=\"tiled-gallery-caption\">Foto: Hans-J\u00fcrgen Gebel, Salzgitter<\/div><\/div><\/div><\/div><div class=\"gallery-row\" style=\"width: 915px; height: 255px;\"><div class=\"gallery-group images-1\" style=\"width: 458px; height: 259px;\"><div class=\"tiled-gallery-item tiled-gallery-item-full\"><a href=\"http:\/\/elviswhynot.bplaced.net\/wordpress\/?attachment_id=592\"><img data-attachment-id=\"592\" data-orig-file=\"http:\/\/elviswhynot.bplaced.net\/wordpress\/wp-content\/uploads\/2023\/07\/232.jpg\" data-orig-size=\"1600,900\" data-comments-opened=\"1\" data-image-meta=\"{&quot;aperture&quot;:&quot;0&quot;,&quot;credit&quot;:&quot;&quot;,&quot;camera&quot;:&quot;&quot;,&quot;caption&quot;:&quot;&quot;,&quot;created_timestamp&quot;:&quot;0&quot;,&quot;copyright&quot;:&quot;&quot;,&quot;focal_length&quot;:&quot;0&quot;,&quot;iso&quot;:&quot;0&quot;,&quot;shutter_speed&quot;:&quot;0&quot;,&quot;title&quot;:&quot;&quot;,&quot;orientation&quot;:&quot;1&quot;}\" data-image-title=\"Filmdreh zum TV38 Western &#8222;Salt Bad City&#8220; Sommer 2017\" data-image-description=\"\" data-medium-file=\"http:\/\/elviswhynot.bplaced.net\/wordpress\/wp-content\/uploads\/2023\/07\/232-300x169.jpg\" data-large-file=\"http:\/\/elviswhynot.bplaced.net\/wordpress\/wp-content\/uploads\/2023\/07\/232-1024x576.jpg\" src=\"http:\/\/elviswhynot.bplaced.net\/wordpress\/wp-content\/uploads\/2023\/07\/232.jpg\" width=\"454\" height=\"255\" align=\"left\" title=\"Filmdreh zum TV38 Western &quot;Salt Bad City&quot; Sommer 2017\" \/><\/a><div class=\"tiled-gallery-caption\">Foto: Hans-J\u00fcrgen Gebel, Salzgitter<\/div><\/div><\/div><div class=\"gallery-group images-1\" style=\"width: 457px; height: 259px;\"><div class=\"tiled-gallery-item tiled-gallery-item-full\"><a href=\"http:\/\/elviswhynot.bplaced.net\/wordpress\/?attachment_id=593\"><img data-attachment-id=\"593\" data-orig-file=\"http:\/\/elviswhynot.bplaced.net\/wordpress\/wp-content\/uploads\/2023\/07\/233.jpg\" data-orig-size=\"1600,900\" data-comments-opened=\"1\" data-image-meta=\"{&quot;aperture&quot;:&quot;0&quot;,&quot;credit&quot;:&quot;&quot;,&quot;camera&quot;:&quot;&quot;,&quot;caption&quot;:&quot;&quot;,&quot;created_timestamp&quot;:&quot;0&quot;,&quot;copyright&quot;:&quot;&quot;,&quot;focal_length&quot;:&quot;0&quot;,&quot;iso&quot;:&quot;0&quot;,&quot;shutter_speed&quot;:&quot;0&quot;,&quot;title&quot;:&quot;&quot;,&quot;orientation&quot;:&quot;1&quot;}\" data-image-title=\"Filmdreh zum TV38 Western &#8222;Salt Bad City&#8220; Sommer 2017\" data-image-description=\"\" data-medium-file=\"http:\/\/elviswhynot.bplaced.net\/wordpress\/wp-content\/uploads\/2023\/07\/233-300x169.jpg\" data-large-file=\"http:\/\/elviswhynot.bplaced.net\/wordpress\/wp-content\/uploads\/2023\/07\/233-1024x576.jpg\" src=\"http:\/\/elviswhynot.bplaced.net\/wordpress\/wp-content\/uploads\/2023\/07\/233.jpg\" width=\"453\" height=\"255\" align=\"left\" title=\"Filmdreh zum TV38 Western &quot;Salt Bad City&quot; Sommer 2017\" \/><\/a><div class=\"tiled-gallery-caption\">Foto: Hans-J\u00fcrgen Gebel, Salzgitter<\/div><\/div><\/div><\/div><div class=\"gallery-row\" style=\"width: 915px; height: 582px;\"><div class=\"gallery-group images-2\" style=\"width: 475px; height: 586px;\"><div class=\"tiled-gallery-item tiled-gallery-item-full\"><a href=\"http:\/\/elviswhynot.bplaced.net\/wordpress\/?attachment_id=594\"><img data-attachment-id=\"594\" data-orig-file=\"http:\/\/elviswhynot.bplaced.net\/wordpress\/wp-content\/uploads\/2023\/07\/234.jpg\" data-orig-size=\"1600,900\" data-comments-opened=\"1\" data-image-meta=\"{&quot;aperture&quot;:&quot;0&quot;,&quot;credit&quot;:&quot;&quot;,&quot;camera&quot;:&quot;&quot;,&quot;caption&quot;:&quot;&quot;,&quot;created_timestamp&quot;:&quot;0&quot;,&quot;copyright&quot;:&quot;&quot;,&quot;focal_length&quot;:&quot;0&quot;,&quot;iso&quot;:&quot;0&quot;,&quot;shutter_speed&quot;:&quot;0&quot;,&quot;title&quot;:&quot;&quot;,&quot;orientation&quot;:&quot;1&quot;}\" data-image-title=\"Filmdreh zum TV38 Western &#8222;Salt Bad City&#8220; Sommer 2017\" data-image-description=\"\" data-medium-file=\"http:\/\/elviswhynot.bplaced.net\/wordpress\/wp-content\/uploads\/2023\/07\/234-300x169.jpg\" data-large-file=\"http:\/\/elviswhynot.bplaced.net\/wordpress\/wp-content\/uploads\/2023\/07\/234-1024x576.jpg\" src=\"http:\/\/elviswhynot.bplaced.net\/wordpress\/wp-content\/uploads\/2023\/07\/234.jpg\" width=\"471\" height=\"265\" align=\"left\" title=\"Filmdreh zum TV38 Western &quot;Salt Bad City&quot; Sommer 2017\" \/><\/a><div class=\"tiled-gallery-caption\">Foto: Hans-J\u00fcrgen Gebel, Salzgitter<\/div><\/div><div class=\"tiled-gallery-item tiled-gallery-item-full\"><a href=\"http:\/\/elviswhynot.bplaced.net\/wordpress\/?attachment_id=595\"><img data-attachment-id=\"595\" data-orig-file=\"http:\/\/elviswhynot.bplaced.net\/wordpress\/wp-content\/uploads\/2023\/07\/235.jpg\" data-orig-size=\"1354,900\" data-comments-opened=\"1\" data-image-meta=\"{&quot;aperture&quot;:&quot;0&quot;,&quot;credit&quot;:&quot;&quot;,&quot;camera&quot;:&quot;&quot;,&quot;caption&quot;:&quot;&quot;,&quot;created_timestamp&quot;:&quot;0&quot;,&quot;copyright&quot;:&quot;&quot;,&quot;focal_length&quot;:&quot;0&quot;,&quot;iso&quot;:&quot;0&quot;,&quot;shutter_speed&quot;:&quot;0&quot;,&quot;title&quot;:&quot;&quot;,&quot;orientation&quot;:&quot;1&quot;}\" data-image-title=\"Mustang-Treffen &#8211; Filmdreh zum TV38 Western &#8222;Salt Bad City&#8220; Sommer 2017\" data-image-description=\"\" data-medium-file=\"http:\/\/elviswhynot.bplaced.net\/wordpress\/wp-content\/uploads\/2023\/07\/235-300x199.jpg\" data-large-file=\"http:\/\/elviswhynot.bplaced.net\/wordpress\/wp-content\/uploads\/2023\/07\/235-1024x681.jpg\" src=\"http:\/\/elviswhynot.bplaced.net\/wordpress\/wp-content\/uploads\/2023\/07\/235.jpg\" width=\"471\" height=\"313\" align=\"left\" title=\"Mustang-Treffen - Filmdreh zum TV38 Western &quot;Salt Bad City&quot; Sommer 2017\" \/><\/a><div class=\"tiled-gallery-caption\">Foto: Michael Fritzke, Wolfenb\u00fcttel<\/div><\/div><\/div><div class=\"gallery-group images-1\" style=\"width: 440px; height: 586px;\"><div class=\"tiled-gallery-item tiled-gallery-item-full\"><a href=\"http:\/\/elviswhynot.bplaced.net\/wordpress\/?attachment_id=596\"><img data-attachment-id=\"596\" data-orig-file=\"http:\/\/elviswhynot.bplaced.net\/wordpress\/wp-content\/uploads\/2023\/07\/236.jpg\" data-orig-size=\"675,900\" data-comments-opened=\"1\" data-image-meta=\"{&quot;aperture&quot;:&quot;0&quot;,&quot;credit&quot;:&quot;&quot;,&quot;camera&quot;:&quot;&quot;,&quot;caption&quot;:&quot;&quot;,&quot;created_timestamp&quot;:&quot;0&quot;,&quot;copyright&quot;:&quot;&quot;,&quot;focal_length&quot;:&quot;0&quot;,&quot;iso&quot;:&quot;0&quot;,&quot;shutter_speed&quot;:&quot;0&quot;,&quot;title&quot;:&quot;&quot;,&quot;orientation&quot;:&quot;1&quot;}\" data-image-title=\"Filmdreh zum TV38 Western &#8222;Salt Bad City&#8220; Sommer 2017\" data-image-description=\"\" data-medium-file=\"http:\/\/elviswhynot.bplaced.net\/wordpress\/wp-content\/uploads\/2023\/07\/236-225x300.jpg\" data-large-file=\"http:\/\/elviswhynot.bplaced.net\/wordpress\/wp-content\/uploads\/2023\/07\/236.jpg\" src=\"http:\/\/elviswhynot.bplaced.net\/wordpress\/wp-content\/uploads\/2023\/07\/236.jpg\" width=\"436\" height=\"582\" align=\"left\" title=\"Filmdreh zum TV38 Western &quot;Salt Bad City&quot; Sommer 2017\" \/><\/a><div class=\"tiled-gallery-caption\">Foto: Hans-J\u00fcrgen Gebel, Salzgitter<\/div><\/div><\/div><\/div><div class=\"gallery-row\" style=\"width: 915px; height: 662px;\"><div class=\"gallery-group images-1\" style=\"width: 915px; height: 666px;\"><div class=\"tiled-gallery-item tiled-gallery-item-full\"><a href=\"http:\/\/elviswhynot.bplaced.net\/wordpress\/?attachment_id=597\"><img data-attachment-id=\"597\" data-orig-file=\"http:\/\/elviswhynot.bplaced.net\/wordpress\/wp-content\/uploads\/2023\/07\/237.jpg\" data-orig-size=\"1238,900\" data-comments-opened=\"1\" data-image-meta=\"{&quot;aperture&quot;:&quot;0&quot;,&quot;credit&quot;:&quot;&quot;,&quot;camera&quot;:&quot;&quot;,&quot;caption&quot;:&quot;&quot;,&quot;created_timestamp&quot;:&quot;0&quot;,&quot;copyright&quot;:&quot;&quot;,&quot;focal_length&quot;:&quot;0&quot;,&quot;iso&quot;:&quot;0&quot;,&quot;shutter_speed&quot;:&quot;0&quot;,&quot;title&quot;:&quot;&quot;,&quot;orientation&quot;:&quot;1&quot;}\" data-image-title=\"Filmdreh zum TV38 Western &#8222;Salt Bad City&#8220; Sommer 2017\" data-image-description=\"\" data-medium-file=\"http:\/\/elviswhynot.bplaced.net\/wordpress\/wp-content\/uploads\/2023\/07\/237-300x218.jpg\" data-large-file=\"http:\/\/elviswhynot.bplaced.net\/wordpress\/wp-content\/uploads\/2023\/07\/237-1024x744.jpg\" src=\"http:\/\/elviswhynot.bplaced.net\/wordpress\/wp-content\/uploads\/2023\/07\/237.jpg\" width=\"911\" height=\"662\" align=\"left\" title=\"Filmdreh zum TV38 Western &quot;Salt Bad City&quot; Sommer 2017\" \/><\/a><div class=\"tiled-gallery-caption\">Foto: Hans-J\u00fcrgen Gebel, Salzgitter<\/div><\/div><\/div><\/div><\/div>\n\n\n<div style=\"height:20px\" aria-hidden=\"true\" class=\"wp-block-spacer\"><\/div>\n\n\n\n<h5 class=\"wp-block-heading\">2016<\/h5>\n\n\n<div data-carousel-extra='{\"blog_id\":1,\"permalink\":\"http:\\\/\\\/elviswhynot.bplaced.net\\\/wordpress\\\/?page_id=162\"}' class=\"tiled-gallery type-rectangular\" data-original-width=\"920\"><div class=\"gallery-row\" style=\"width: 915px; height: 440px;\"><div class=\"gallery-group images-1\" style=\"width: 252px; height: 444px;\"><div class=\"tiled-gallery-item tiled-gallery-item-full\"><a href=\"http:\/\/elviswhynot.bplaced.net\/wordpress\/?attachment_id=559\"><img data-attachment-id=\"559\" data-orig-file=\"http:\/\/elviswhynot.bplaced.net\/wordpress\/wp-content\/uploads\/2023\/07\/201.jpg\" data-orig-size=\"507,900\" data-comments-opened=\"1\" data-image-meta=\"{&quot;aperture&quot;:&quot;3.4&quot;,&quot;credit&quot;:&quot;&quot;,&quot;camera&quot;:&quot;HDR-PJ530E&quot;,&quot;caption&quot;:&quot;&quot;,&quot;created_timestamp&quot;:&quot;1472486642&quot;,&quot;copyright&quot;:&quot;&quot;,&quot;focal_length&quot;:&quot;2.2&quot;,&quot;iso&quot;:&quot;0&quot;,&quot;shutter_speed&quot;:&quot;0.0016666666666667&quot;,&quot;title&quot;:&quot;&quot;,&quot;orientation&quot;:&quot;1&quot;}\" data-image-title=\"Papa loves Mambo &#8211; TV38 Videodreh &#8222;Treffpunkt Musik&#8220; Salzgitter 30.07.2016\" data-image-description=\"\" data-medium-file=\"http:\/\/elviswhynot.bplaced.net\/wordpress\/wp-content\/uploads\/2023\/07\/201-169x300.jpg\" data-large-file=\"http:\/\/elviswhynot.bplaced.net\/wordpress\/wp-content\/uploads\/2023\/07\/201.jpg\" src=\"http:\/\/elviswhynot.bplaced.net\/wordpress\/wp-content\/uploads\/2023\/07\/201.jpg\" width=\"248\" height=\"440\" align=\"left\" title=\"Papa loves Mambo - TV38 Videodreh &quot;Treffpunkt Musik&quot; Salzgitter 30.07.2016\" \/><\/a><div class=\"tiled-gallery-caption\">Foto: Horst St\u00f6cker, Salzgitter<\/div><\/div><\/div><div class=\"gallery-group images-1\" style=\"width: 663px; height: 444px;\"><div class=\"tiled-gallery-item tiled-gallery-item-full\"><a href=\"http:\/\/elviswhynot.bplaced.net\/wordpress\/?attachment_id=560\"><img data-attachment-id=\"560\" data-orig-file=\"http:\/\/elviswhynot.bplaced.net\/wordpress\/wp-content\/uploads\/2023\/07\/202.jpg\" data-orig-size=\"1350,900\" data-comments-opened=\"1\" data-image-meta=\"{&quot;aperture&quot;:&quot;7.1&quot;,&quot;credit&quot;:&quot;&quot;,&quot;camera&quot;:&quot;Canon EOS 700D&quot;,&quot;caption&quot;:&quot;&quot;,&quot;created_timestamp&quot;:&quot;1469980438&quot;,&quot;copyright&quot;:&quot;&quot;,&quot;focal_length&quot;:&quot;55&quot;,&quot;iso&quot;:&quot;100&quot;,&quot;shutter_speed&quot;:&quot;0.008&quot;,&quot;title&quot;:&quot;&quot;,&quot;orientation&quot;:&quot;1&quot;}\" data-image-title=\"Papa loves Mambo &#8211; TV38 Videodreh &#8222;Treffpunkt Musik&#8220; Salzgitter 30.07.2016\" data-image-description=\"\" data-medium-file=\"http:\/\/elviswhynot.bplaced.net\/wordpress\/wp-content\/uploads\/2023\/07\/202-300x200.jpg\" data-large-file=\"http:\/\/elviswhynot.bplaced.net\/wordpress\/wp-content\/uploads\/2023\/07\/202-1024x683.jpg\" src=\"http:\/\/elviswhynot.bplaced.net\/wordpress\/wp-content\/uploads\/2023\/07\/202.jpg\" width=\"659\" height=\"440\" align=\"left\" title=\"Papa loves Mambo - TV38 Videodreh &quot;Treffpunkt Musik&quot; Salzgitter 30.07.2016\" \/><\/a><div class=\"tiled-gallery-caption\">Foto: Horst St\u00f6cker, Salzgitter<\/div><\/div><\/div><\/div><div class=\"gallery-row\" style=\"width: 915px; height: 737px;\"><div class=\"gallery-group images-1\" style=\"width: 557px; height: 741px;\"><div class=\"tiled-gallery-item tiled-gallery-item-full\"><a href=\"http:\/\/elviswhynot.bplaced.net\/wordpress\/?attachment_id=561\"><img data-attachment-id=\"561\" data-orig-file=\"http:\/\/elviswhynot.bplaced.net\/wordpress\/wp-content\/uploads\/2023\/07\/203.jpg\" data-orig-size=\"675,900\" data-comments-opened=\"1\" data-image-meta=\"{&quot;aperture&quot;:&quot;2.4&quot;,&quot;credit&quot;:&quot;&quot;,&quot;camera&quot;:&quot;iPhone 5&quot;,&quot;caption&quot;:&quot;&quot;,&quot;created_timestamp&quot;:&quot;1469896464&quot;,&quot;copyright&quot;:&quot;&quot;,&quot;focal_length&quot;:&quot;4.13&quot;,&quot;iso&quot;:&quot;50&quot;,&quot;shutter_speed&quot;:&quot;0.0034364261168385&quot;,&quot;title&quot;:&quot;&quot;,&quot;orientation&quot;:&quot;1&quot;}\" data-image-title=\"Der lachende Vagabund &#8211; TV38 Videodreh &#8222;Treffpunkt Musik&#8220; Salzgitter 30.07.2016\" data-image-description=\"\" data-medium-file=\"http:\/\/elviswhynot.bplaced.net\/wordpress\/wp-content\/uploads\/2023\/07\/203-225x300.jpg\" data-large-file=\"http:\/\/elviswhynot.bplaced.net\/wordpress\/wp-content\/uploads\/2023\/07\/203.jpg\" src=\"http:\/\/elviswhynot.bplaced.net\/wordpress\/wp-content\/uploads\/2023\/07\/203.jpg\" width=\"553\" height=\"737\" align=\"left\" title=\"Der lachende Vagabund - TV38 Videodreh &quot;Treffpunkt Musik&quot; Salzgitter 30.07.2016\" \/><\/a><div class=\"tiled-gallery-caption\">Foto: Mario Fritzke, Wolfenb\u00fcttel<\/div><\/div><\/div><div class=\"gallery-group images-3\" style=\"width: 358px; height: 741px;\"><div class=\"tiled-gallery-item tiled-gallery-item-full\"><a href=\"http:\/\/elviswhynot.bplaced.net\/wordpress\/?attachment_id=562\"><img data-attachment-id=\"562\" data-orig-file=\"http:\/\/elviswhynot.bplaced.net\/wordpress\/wp-content\/uploads\/2023\/07\/204.jpg\" data-orig-size=\"1238,900\" data-comments-opened=\"1\" data-image-meta=\"{&quot;aperture&quot;:&quot;0&quot;,&quot;credit&quot;:&quot;&quot;,&quot;camera&quot;:&quot;&quot;,&quot;caption&quot;:&quot;&quot;,&quot;created_timestamp&quot;:&quot;0&quot;,&quot;copyright&quot;:&quot;&quot;,&quot;focal_length&quot;:&quot;0&quot;,&quot;iso&quot;:&quot;0&quot;,&quot;shutter_speed&quot;:&quot;0&quot;,&quot;title&quot;:&quot;&quot;,&quot;orientation&quot;:&quot;1&quot;}\" data-image-title=\"TV38 Videodreh &#8222;Treffpunkt Musik&#8220; Salzgitter 30.07.2016\" data-image-description=\"\" data-medium-file=\"http:\/\/elviswhynot.bplaced.net\/wordpress\/wp-content\/uploads\/2023\/07\/204-300x218.jpg\" data-large-file=\"http:\/\/elviswhynot.bplaced.net\/wordpress\/wp-content\/uploads\/2023\/07\/204-1024x744.jpg\" src=\"http:\/\/elviswhynot.bplaced.net\/wordpress\/wp-content\/uploads\/2023\/07\/204.jpg\" width=\"354\" height=\"257\" align=\"left\" title=\"TV38 Videodreh &quot;Treffpunkt Musik&quot; Salzgitter 30.07.2016\" \/><\/a><div class=\"tiled-gallery-caption\">Foto: Mario Fritzke, Wolfenb\u00fcttel<\/div><\/div><div class=\"tiled-gallery-item tiled-gallery-item-full\"><a href=\"http:\/\/elviswhynot.bplaced.net\/wordpress\/?attachment_id=563\"><img data-attachment-id=\"563\" data-orig-file=\"http:\/\/elviswhynot.bplaced.net\/wordpress\/wp-content\/uploads\/2023\/07\/205.jpg\" data-orig-size=\"960,640\" data-comments-opened=\"1\" data-image-meta=\"{&quot;aperture&quot;:&quot;0&quot;,&quot;credit&quot;:&quot;&quot;,&quot;camera&quot;:&quot;&quot;,&quot;caption&quot;:&quot;&quot;,&quot;created_timestamp&quot;:&quot;0&quot;,&quot;copyright&quot;:&quot;&quot;,&quot;focal_length&quot;:&quot;0&quot;,&quot;iso&quot;:&quot;0&quot;,&quot;shutter_speed&quot;:&quot;0&quot;,&quot;title&quot;:&quot;&quot;,&quot;orientation&quot;:&quot;0&quot;}\" data-image-title=\"Fotoshooting &#8222;Bunte Abend Band&#8220; (BAB) 27.07.2016\" data-image-description=\"\" data-medium-file=\"http:\/\/elviswhynot.bplaced.net\/wordpress\/wp-content\/uploads\/2023\/07\/205-300x200.jpg\" data-large-file=\"http:\/\/elviswhynot.bplaced.net\/wordpress\/wp-content\/uploads\/2023\/07\/205.jpg\" src=\"http:\/\/elviswhynot.bplaced.net\/wordpress\/wp-content\/uploads\/2023\/07\/205.jpg\" width=\"354\" height=\"236\" align=\"left\" title=\"Fotoshooting &quot;Bunte Abend Band&quot; (BAB) 27.07.2016\" \/><\/a><div class=\"tiled-gallery-caption\">Foto: Hans Beims, Salzgitter<\/div><\/div><div class=\"tiled-gallery-item tiled-gallery-item-full\"><a href=\"http:\/\/elviswhynot.bplaced.net\/wordpress\/?attachment_id=564\"><img data-attachment-id=\"564\" data-orig-file=\"http:\/\/elviswhynot.bplaced.net\/wordpress\/wp-content\/uploads\/2023\/07\/206.jpg\" data-orig-size=\"960,640\" data-comments-opened=\"1\" data-image-meta=\"{&quot;aperture&quot;:&quot;0&quot;,&quot;credit&quot;:&quot;&quot;,&quot;camera&quot;:&quot;&quot;,&quot;caption&quot;:&quot;&quot;,&quot;created_timestamp&quot;:&quot;0&quot;,&quot;copyright&quot;:&quot;&quot;,&quot;focal_length&quot;:&quot;0&quot;,&quot;iso&quot;:&quot;0&quot;,&quot;shutter_speed&quot;:&quot;0&quot;,&quot;title&quot;:&quot;&quot;,&quot;orientation&quot;:&quot;0&quot;}\" data-image-title=\"Fotoshooting &#8222;Bunte Abend Band&#8220; (BAB) 27.07.2016\" data-image-description=\"\" data-medium-file=\"http:\/\/elviswhynot.bplaced.net\/wordpress\/wp-content\/uploads\/2023\/07\/206-300x200.jpg\" data-large-file=\"http:\/\/elviswhynot.bplaced.net\/wordpress\/wp-content\/uploads\/2023\/07\/206.jpg\" src=\"http:\/\/elviswhynot.bplaced.net\/wordpress\/wp-content\/uploads\/2023\/07\/206.jpg\" width=\"354\" height=\"236\" align=\"left\" title=\"Fotoshooting &quot;Bunte Abend Band&quot; (BAB) 27.07.2016\" \/><\/a><div class=\"tiled-gallery-caption\">Foto: Hans Beims, Salzgitter<\/div><\/div><\/div><\/div><div class=\"gallery-row\" style=\"width: 915px; height: 642px;\"><div class=\"gallery-group images-2\" style=\"width: 483px; height: 646px;\"><div class=\"tiled-gallery-item tiled-gallery-item-full\"><a href=\"http:\/\/elviswhynot.bplaced.net\/wordpress\/?attachment_id=565\"><img data-attachment-id=\"565\" data-orig-file=\"http:\/\/elviswhynot.bplaced.net\/wordpress\/wp-content\/uploads\/2023\/07\/207.jpg\" data-orig-size=\"960,640\" data-comments-opened=\"1\" data-image-meta=\"{&quot;aperture&quot;:&quot;0&quot;,&quot;credit&quot;:&quot;&quot;,&quot;camera&quot;:&quot;&quot;,&quot;caption&quot;:&quot;&quot;,&quot;created_timestamp&quot;:&quot;0&quot;,&quot;copyright&quot;:&quot;&quot;,&quot;focal_length&quot;:&quot;0&quot;,&quot;iso&quot;:&quot;0&quot;,&quot;shutter_speed&quot;:&quot;0&quot;,&quot;title&quot;:&quot;&quot;,&quot;orientation&quot;:&quot;0&quot;}\" data-image-title=\"Fotoshooting &#8222;Bunte Abend Band&#8220; (BAB) 27.07.2016\" data-image-description=\"\" data-medium-file=\"http:\/\/elviswhynot.bplaced.net\/wordpress\/wp-content\/uploads\/2023\/07\/207-300x200.jpg\" data-large-file=\"http:\/\/elviswhynot.bplaced.net\/wordpress\/wp-content\/uploads\/2023\/07\/207.jpg\" src=\"http:\/\/elviswhynot.bplaced.net\/wordpress\/wp-content\/uploads\/2023\/07\/207.jpg\" width=\"479\" height=\"319\" align=\"left\" title=\"Fotoshooting &quot;Bunte Abend Band&quot; (BAB) 27.07.2016\" \/><\/a><div class=\"tiled-gallery-caption\">Foto: Hans Beims, Salzgitter<\/div><\/div><div class=\"tiled-gallery-item tiled-gallery-item-full\"><a href=\"http:\/\/elviswhynot.bplaced.net\/wordpress\/?attachment_id=566\"><img data-attachment-id=\"566\" data-orig-file=\"http:\/\/elviswhynot.bplaced.net\/wordpress\/wp-content\/uploads\/2023\/07\/208.jpg\" data-orig-size=\"960,640\" data-comments-opened=\"1\" data-image-meta=\"{&quot;aperture&quot;:&quot;0&quot;,&quot;credit&quot;:&quot;&quot;,&quot;camera&quot;:&quot;&quot;,&quot;caption&quot;:&quot;&quot;,&quot;created_timestamp&quot;:&quot;0&quot;,&quot;copyright&quot;:&quot;&quot;,&quot;focal_length&quot;:&quot;0&quot;,&quot;iso&quot;:&quot;0&quot;,&quot;shutter_speed&quot;:&quot;0&quot;,&quot;title&quot;:&quot;&quot;,&quot;orientation&quot;:&quot;0&quot;}\" data-image-title=\"Fotoshooting &#8222;Bunte Abend Band&#8220; (BAB) 27.07.2016\" data-image-description=\"\" data-medium-file=\"http:\/\/elviswhynot.bplaced.net\/wordpress\/wp-content\/uploads\/2023\/07\/208-300x200.jpg\" data-large-file=\"http:\/\/elviswhynot.bplaced.net\/wordpress\/wp-content\/uploads\/2023\/07\/208.jpg\" src=\"http:\/\/elviswhynot.bplaced.net\/wordpress\/wp-content\/uploads\/2023\/07\/208.jpg\" width=\"479\" height=\"319\" align=\"left\" title=\"Fotoshooting &quot;Bunte Abend Band&quot; (BAB) 27.07.2016\" \/><\/a><div class=\"tiled-gallery-caption\">Foto: Hans Beims, Salzgitter<\/div><\/div><\/div><div class=\"gallery-group images-1\" style=\"width: 432px; height: 646px;\"><div class=\"tiled-gallery-item tiled-gallery-item-full\"><a href=\"http:\/\/elviswhynot.bplaced.net\/wordpress\/?attachment_id=567\"><img data-attachment-id=\"567\" data-orig-file=\"http:\/\/elviswhynot.bplaced.net\/wordpress\/wp-content\/uploads\/2023\/07\/209.jpg\" data-orig-size=\"600,900\" data-comments-opened=\"1\" data-image-meta=\"{&quot;aperture&quot;:&quot;0&quot;,&quot;credit&quot;:&quot;&quot;,&quot;camera&quot;:&quot;&quot;,&quot;caption&quot;:&quot;&quot;,&quot;created_timestamp&quot;:&quot;0&quot;,&quot;copyright&quot;:&quot;&quot;,&quot;focal_length&quot;:&quot;0&quot;,&quot;iso&quot;:&quot;0&quot;,&quot;shutter_speed&quot;:&quot;0&quot;,&quot;title&quot;:&quot;&quot;,&quot;orientation&quot;:&quot;1&quot;}\" data-image-title=\"Fotoshooting &#8222;Bunte Abend Band&#8220; (BAB) 27.07.2016\" data-image-description=\"\" data-medium-file=\"http:\/\/elviswhynot.bplaced.net\/wordpress\/wp-content\/uploads\/2023\/07\/209-200x300.jpg\" data-large-file=\"http:\/\/elviswhynot.bplaced.net\/wordpress\/wp-content\/uploads\/2023\/07\/209.jpg\" src=\"http:\/\/elviswhynot.bplaced.net\/wordpress\/wp-content\/uploads\/2023\/07\/209.jpg\" width=\"428\" height=\"642\" align=\"left\" title=\"Fotoshooting &quot;Bunte Abend Band&quot; (BAB) 27.07.2016\" \/><\/a><div class=\"tiled-gallery-caption\">Foto: Hans Beims, Salzgitter<\/div><\/div><\/div><\/div><div class=\"gallery-row\" style=\"width: 915px; height: 420px;\"><div class=\"gallery-group images-1\" style=\"width: 634px; height: 424px;\"><div class=\"tiled-gallery-item tiled-gallery-item-full\"><a href=\"http:\/\/elviswhynot.bplaced.net\/wordpress\/?attachment_id=568\"><img data-attachment-id=\"568\" data-orig-file=\"http:\/\/elviswhynot.bplaced.net\/wordpress\/wp-content\/uploads\/2023\/07\/210.jpg\" data-orig-size=\"1350,900\" data-comments-opened=\"1\" data-image-meta=\"{&quot;aperture&quot;:&quot;0&quot;,&quot;credit&quot;:&quot;&quot;,&quot;camera&quot;:&quot;&quot;,&quot;caption&quot;:&quot;&quot;,&quot;created_timestamp&quot;:&quot;0&quot;,&quot;copyright&quot;:&quot;&quot;,&quot;focal_length&quot;:&quot;0&quot;,&quot;iso&quot;:&quot;0&quot;,&quot;shutter_speed&quot;:&quot;0&quot;,&quot;title&quot;:&quot;&quot;,&quot;orientation&quot;:&quot;1&quot;}\" data-image-title=\"Fotoshooting &#8222;Bunte Abend Band&#8220; (BAB) 27.07.2016\" data-image-description=\"\" data-medium-file=\"http:\/\/elviswhynot.bplaced.net\/wordpress\/wp-content\/uploads\/2023\/07\/210-300x200.jpg\" data-large-file=\"http:\/\/elviswhynot.bplaced.net\/wordpress\/wp-content\/uploads\/2023\/07\/210-1024x683.jpg\" src=\"http:\/\/elviswhynot.bplaced.net\/wordpress\/wp-content\/uploads\/2023\/07\/210.jpg\" width=\"630\" height=\"420\" align=\"left\" title=\"Fotoshooting &quot;Bunte Abend Band&quot; (BAB) 27.07.2016\" \/><\/a><div class=\"tiled-gallery-caption\">Foto: Hans Beims, Salzgitter<\/div><\/div><\/div><div class=\"gallery-group images-2\" style=\"width: 281px; height: 424px;\"><div class=\"tiled-gallery-item tiled-gallery-item-full\"><a href=\"http:\/\/elviswhynot.bplaced.net\/wordpress\/?attachment_id=569\"><img data-attachment-id=\"569\" data-orig-file=\"http:\/\/elviswhynot.bplaced.net\/wordpress\/wp-content\/uploads\/2023\/07\/211.jpg\" data-orig-size=\"1200,900\" data-comments-opened=\"1\" data-image-meta=\"{&quot;aperture&quot;:&quot;5.6&quot;,&quot;credit&quot;:&quot;&quot;,&quot;camera&quot;:&quot;Canon PowerShot SX710 HS&quot;,&quot;caption&quot;:&quot;&quot;,&quot;created_timestamp&quot;:&quot;1471114463&quot;,&quot;copyright&quot;:&quot;&quot;,&quot;focal_length&quot;:&quot;97.177&quot;,&quot;iso&quot;:&quot;800&quot;,&quot;shutter_speed&quot;:&quot;0.02&quot;,&quot;title&quot;:&quot;&quot;,&quot;orientation&quot;:&quot;1&quot;}\" data-image-title=\"Weststadt-Fest Braunschweig, 13.08.2016\" data-image-description=\"\" data-medium-file=\"http:\/\/elviswhynot.bplaced.net\/wordpress\/wp-content\/uploads\/2023\/07\/211-300x225.jpg\" data-large-file=\"http:\/\/elviswhynot.bplaced.net\/wordpress\/wp-content\/uploads\/2023\/07\/211-1024x768.jpg\" src=\"http:\/\/elviswhynot.bplaced.net\/wordpress\/wp-content\/uploads\/2023\/07\/211.jpg\" width=\"277\" height=\"208\" align=\"left\" title=\"Weststadt-Fest Braunschweig, 13.08.2016\" \/><\/a><div class=\"tiled-gallery-caption\">Foto: AGeWe, Braunschweig<\/div><\/div><div class=\"tiled-gallery-item tiled-gallery-item-full\"><a href=\"http:\/\/elviswhynot.bplaced.net\/wordpress\/?attachment_id=570\"><img data-attachment-id=\"570\" data-orig-file=\"http:\/\/elviswhynot.bplaced.net\/wordpress\/wp-content\/uploads\/2023\/07\/212.jpg\" data-orig-size=\"1200,900\" data-comments-opened=\"1\" data-image-meta=\"{&quot;aperture&quot;:&quot;5.6&quot;,&quot;credit&quot;:&quot;&quot;,&quot;camera&quot;:&quot;Canon PowerShot SX710 HS&quot;,&quot;caption&quot;:&quot;&quot;,&quot;created_timestamp&quot;:&quot;1471114986&quot;,&quot;copyright&quot;:&quot;&quot;,&quot;focal_length&quot;:&quot;67.939&quot;,&quot;iso&quot;:&quot;1000&quot;,&quot;shutter_speed&quot;:&quot;0.05&quot;,&quot;title&quot;:&quot;&quot;,&quot;orientation&quot;:&quot;1&quot;}\" data-image-title=\"Weststadt-Fest Braunschweig, 13.08.2016\" data-image-description=\"\" data-medium-file=\"http:\/\/elviswhynot.bplaced.net\/wordpress\/wp-content\/uploads\/2023\/07\/212-300x225.jpg\" data-large-file=\"http:\/\/elviswhynot.bplaced.net\/wordpress\/wp-content\/uploads\/2023\/07\/212-1024x768.jpg\" src=\"http:\/\/elviswhynot.bplaced.net\/wordpress\/wp-content\/uploads\/2023\/07\/212.jpg\" width=\"277\" height=\"208\" align=\"left\" title=\"Weststadt-Fest Braunschweig, 13.08.2016\" \/><\/a><div class=\"tiled-gallery-caption\">Foto: AGeWe, Braunschweig<\/div><\/div><\/div><\/div><div class=\"gallery-row\" style=\"width: 915px; height: 257px;\"><div class=\"gallery-group images-1\" style=\"width: 175px; height: 261px;\"><div class=\"tiled-gallery-item tiled-gallery-item-full\"><a href=\"http:\/\/elviswhynot.bplaced.net\/wordpress\/?attachment_id=571\"><img data-attachment-id=\"571\" data-orig-file=\"http:\/\/elviswhynot.bplaced.net\/wordpress\/wp-content\/uploads\/2023\/07\/213.jpg\" data-orig-size=\"600,900\" data-comments-opened=\"1\" data-image-meta=\"{&quot;aperture&quot;:&quot;5&quot;,&quot;credit&quot;:&quot;&quot;,&quot;camera&quot;:&quot;Canon EOS 350D DIGITAL&quot;,&quot;caption&quot;:&quot;&quot;,&quot;created_timestamp&quot;:&quot;1474142884&quot;,&quot;copyright&quot;:&quot;&quot;,&quot;focal_length&quot;:&quot;80&quot;,&quot;iso&quot;:&quot;1600&quot;,&quot;shutter_speed&quot;:&quot;0.076923076923077&quot;,&quot;title&quot;:&quot;&quot;,&quot;orientation&quot;:&quot;1&quot;}\" data-image-title=\"&#8222;Bunte Abend Band&#8220; BAB-Konzert Salzgitter 17.09.2016\" data-image-description=\"\" data-medium-file=\"http:\/\/elviswhynot.bplaced.net\/wordpress\/wp-content\/uploads\/2023\/07\/213-200x300.jpg\" data-large-file=\"http:\/\/elviswhynot.bplaced.net\/wordpress\/wp-content\/uploads\/2023\/07\/213.jpg\" src=\"http:\/\/elviswhynot.bplaced.net\/wordpress\/wp-content\/uploads\/2023\/07\/213.jpg\" width=\"171\" height=\"257\" align=\"left\" title=\"&quot;Bunte Abend Band&quot; BAB-Konzert Salzgitter 17.09.2016\" \/><\/a><div class=\"tiled-gallery-caption\">Foto: Thorsten Sch\u00f6nefeld, Wolfenb\u00fcttel<\/div><\/div><\/div><div class=\"gallery-group images-1\" style=\"width: 175px; height: 261px;\"><div class=\"tiled-gallery-item tiled-gallery-item-full\"><a href=\"http:\/\/elviswhynot.bplaced.net\/wordpress\/?attachment_id=572\"><img data-attachment-id=\"572\" data-orig-file=\"http:\/\/elviswhynot.bplaced.net\/wordpress\/wp-content\/uploads\/2023\/07\/214.jpg\" data-orig-size=\"600,900\" data-comments-opened=\"1\" data-image-meta=\"{&quot;aperture&quot;:&quot;5.6&quot;,&quot;credit&quot;:&quot;&quot;,&quot;camera&quot;:&quot;Canon EOS 350D DIGITAL&quot;,&quot;caption&quot;:&quot;&quot;,&quot;created_timestamp&quot;:&quot;1474143062&quot;,&quot;copyright&quot;:&quot;&quot;,&quot;focal_length&quot;:&quot;140&quot;,&quot;iso&quot;:&quot;1600&quot;,&quot;shutter_speed&quot;:&quot;0.066666666666667&quot;,&quot;title&quot;:&quot;&quot;,&quot;orientation&quot;:&quot;1&quot;}\" data-image-title=\"&#8222;Bunte Abend Band&#8220; BAB-Konzert Salzgitter 17.09.2016\" data-image-description=\"\" data-medium-file=\"http:\/\/elviswhynot.bplaced.net\/wordpress\/wp-content\/uploads\/2023\/07\/214-200x300.jpg\" data-large-file=\"http:\/\/elviswhynot.bplaced.net\/wordpress\/wp-content\/uploads\/2023\/07\/214.jpg\" src=\"http:\/\/elviswhynot.bplaced.net\/wordpress\/wp-content\/uploads\/2023\/07\/214.jpg\" width=\"171\" height=\"257\" align=\"left\" title=\"&quot;Bunte Abend Band&quot; BAB-Konzert Salzgitter 17.09.2016\" \/><\/a><div class=\"tiled-gallery-caption\">Foto: Thorsten Sch\u00f6nefeld, Wolfenb\u00fcttel<\/div><\/div><\/div><div class=\"gallery-group images-1\" style=\"width: 390px; height: 261px;\"><div class=\"tiled-gallery-item tiled-gallery-item-full\"><a href=\"http:\/\/elviswhynot.bplaced.net\/wordpress\/?attachment_id=573\"><img data-attachment-id=\"573\" data-orig-file=\"http:\/\/elviswhynot.bplaced.net\/wordpress\/wp-content\/uploads\/2023\/07\/215.jpg\" data-orig-size=\"1350,900\" data-comments-opened=\"1\" data-image-meta=\"{&quot;aperture&quot;:&quot;5.6&quot;,&quot;credit&quot;:&quot;&quot;,&quot;camera&quot;:&quot;Canon EOS 350D DIGITAL&quot;,&quot;caption&quot;:&quot;&quot;,&quot;created_timestamp&quot;:&quot;1474143142&quot;,&quot;copyright&quot;:&quot;&quot;,&quot;focal_length&quot;:&quot;100&quot;,&quot;iso&quot;:&quot;1600&quot;,&quot;shutter_speed&quot;:&quot;0.066666666666667&quot;,&quot;title&quot;:&quot;&quot;,&quot;orientation&quot;:&quot;1&quot;}\" data-image-title=\"&#8222;Bunte Abend Band&#8220; BAB-Konzert Salzgitter 17.09.2016\" data-image-description=\"\" data-medium-file=\"http:\/\/elviswhynot.bplaced.net\/wordpress\/wp-content\/uploads\/2023\/07\/215-300x200.jpg\" data-large-file=\"http:\/\/elviswhynot.bplaced.net\/wordpress\/wp-content\/uploads\/2023\/07\/215-1024x683.jpg\" src=\"http:\/\/elviswhynot.bplaced.net\/wordpress\/wp-content\/uploads\/2023\/07\/215.jpg\" width=\"386\" height=\"257\" align=\"left\" title=\"&quot;Bunte Abend Band&quot; BAB-Konzert Salzgitter 17.09.2016\" \/><\/a><div class=\"tiled-gallery-caption\">Foto: Thorsten Sch\u00f6nefeld, Wolfenb\u00fcttel<\/div><\/div><\/div><div class=\"gallery-group images-1\" style=\"width: 175px; height: 261px;\"><div class=\"tiled-gallery-item tiled-gallery-item-full\"><a href=\"http:\/\/elviswhynot.bplaced.net\/wordpress\/?attachment_id=574\"><img data-attachment-id=\"574\" data-orig-file=\"http:\/\/elviswhynot.bplaced.net\/wordpress\/wp-content\/uploads\/2023\/07\/216.jpg\" data-orig-size=\"600,900\" data-comments-opened=\"1\" data-image-meta=\"{&quot;aperture&quot;:&quot;5.6&quot;,&quot;credit&quot;:&quot;&quot;,&quot;camera&quot;:&quot;Canon EOS 350D DIGITAL&quot;,&quot;caption&quot;:&quot;&quot;,&quot;created_timestamp&quot;:&quot;1474143624&quot;,&quot;copyright&quot;:&quot;&quot;,&quot;focal_length&quot;:&quot;90&quot;,&quot;iso&quot;:&quot;1600&quot;,&quot;shutter_speed&quot;:&quot;0.066666666666667&quot;,&quot;title&quot;:&quot;&quot;,&quot;orientation&quot;:&quot;1&quot;}\" data-image-title=\"&#8222;Bunte Abend Band&#8220; BAB-Konzert Salzgitter 17.09.2016\" data-image-description=\"\" data-medium-file=\"http:\/\/elviswhynot.bplaced.net\/wordpress\/wp-content\/uploads\/2023\/07\/216-200x300.jpg\" data-large-file=\"http:\/\/elviswhynot.bplaced.net\/wordpress\/wp-content\/uploads\/2023\/07\/216.jpg\" src=\"http:\/\/elviswhynot.bplaced.net\/wordpress\/wp-content\/uploads\/2023\/07\/216.jpg\" width=\"171\" height=\"257\" align=\"left\" title=\"&quot;Bunte Abend Band&quot; BAB-Konzert Salzgitter 17.09.2016\" \/><\/a><div class=\"tiled-gallery-caption\">Foto: Thorsten Sch\u00f6nefeld, Wolfenb\u00fcttel<\/div><\/div><\/div><\/div><div class=\"gallery-row\" style=\"width: 915px; height: 201px;\"><div class=\"gallery-group images-1\" style=\"width: 305px; height: 205px;\"><div class=\"tiled-gallery-item tiled-gallery-item-full\"><a href=\"http:\/\/elviswhynot.bplaced.net\/wordpress\/?attachment_id=575\"><img data-attachment-id=\"575\" data-orig-file=\"http:\/\/elviswhynot.bplaced.net\/wordpress\/wp-content\/uploads\/2023\/07\/217.jpg\" data-orig-size=\"1350,900\" data-comments-opened=\"1\" data-image-meta=\"{&quot;aperture&quot;:&quot;5.6&quot;,&quot;credit&quot;:&quot;&quot;,&quot;camera&quot;:&quot;Canon EOS 350D DIGITAL&quot;,&quot;caption&quot;:&quot;&quot;,&quot;created_timestamp&quot;:&quot;1474145234&quot;,&quot;copyright&quot;:&quot;&quot;,&quot;focal_length&quot;:&quot;150&quot;,&quot;iso&quot;:&quot;1600&quot;,&quot;shutter_speed&quot;:&quot;0.076923076923077&quot;,&quot;title&quot;:&quot;&quot;,&quot;orientation&quot;:&quot;1&quot;}\" data-image-title=\"&#8222;Bunte Abend Band&#8220; BAB-Konzert Salzgitter 17.09.2016\" data-image-description=\"\" data-medium-file=\"http:\/\/elviswhynot.bplaced.net\/wordpress\/wp-content\/uploads\/2023\/07\/217-300x200.jpg\" data-large-file=\"http:\/\/elviswhynot.bplaced.net\/wordpress\/wp-content\/uploads\/2023\/07\/217-1024x683.jpg\" src=\"http:\/\/elviswhynot.bplaced.net\/wordpress\/wp-content\/uploads\/2023\/07\/217.jpg\" width=\"301\" height=\"201\" align=\"left\" title=\"&quot;Bunte Abend Band&quot; BAB-Konzert Salzgitter 17.09.2016\" \/><\/a><div class=\"tiled-gallery-caption\">Foto: Thorsten Sch\u00f6nefeld, Wolfenb\u00fcttel<\/div><\/div><\/div><div class=\"gallery-group images-1\" style=\"width: 305px; height: 205px;\"><div class=\"tiled-gallery-item tiled-gallery-item-full\"><a href=\"http:\/\/elviswhynot.bplaced.net\/wordpress\/?attachment_id=576\"><img data-attachment-id=\"576\" data-orig-file=\"http:\/\/elviswhynot.bplaced.net\/wordpress\/wp-content\/uploads\/2023\/07\/218.jpg\" data-orig-size=\"1350,900\" data-comments-opened=\"1\" data-image-meta=\"{&quot;aperture&quot;:&quot;5&quot;,&quot;credit&quot;:&quot;&quot;,&quot;camera&quot;:&quot;Canon EOS 350D DIGITAL&quot;,&quot;caption&quot;:&quot;&quot;,&quot;created_timestamp&quot;:&quot;1474145929&quot;,&quot;copyright&quot;:&quot;&quot;,&quot;focal_length&quot;:&quot;50&quot;,&quot;iso&quot;:&quot;1600&quot;,&quot;shutter_speed&quot;:&quot;0.05&quot;,&quot;title&quot;:&quot;&quot;,&quot;orientation&quot;:&quot;1&quot;}\" data-image-title=\"&#8222;Bunte Abend Band&#8220; BAB-Konzert Salzgitter 17.09.2016\" data-image-description=\"\" data-medium-file=\"http:\/\/elviswhynot.bplaced.net\/wordpress\/wp-content\/uploads\/2023\/07\/218-300x200.jpg\" data-large-file=\"http:\/\/elviswhynot.bplaced.net\/wordpress\/wp-content\/uploads\/2023\/07\/218-1024x683.jpg\" src=\"http:\/\/elviswhynot.bplaced.net\/wordpress\/wp-content\/uploads\/2023\/07\/218.jpg\" width=\"301\" height=\"201\" align=\"left\" title=\"&quot;Bunte Abend Band&quot; BAB-Konzert Salzgitter 17.09.2016\" \/><\/a><div class=\"tiled-gallery-caption\">Foto: Thorsten Sch\u00f6nefeld, Wolfenb\u00fcttel<\/div><\/div><\/div><div class=\"gallery-group images-1\" style=\"width: 305px; height: 205px;\"><div class=\"tiled-gallery-item tiled-gallery-item-full\"><a href=\"http:\/\/elviswhynot.bplaced.net\/wordpress\/?attachment_id=577\"><img data-attachment-id=\"577\" data-orig-file=\"http:\/\/elviswhynot.bplaced.net\/wordpress\/wp-content\/uploads\/2023\/07\/219.jpg\" data-orig-size=\"1350,900\" data-comments-opened=\"1\" data-image-meta=\"{&quot;aperture&quot;:&quot;5&quot;,&quot;credit&quot;:&quot;&quot;,&quot;camera&quot;:&quot;Canon EOS 350D DIGITAL&quot;,&quot;caption&quot;:&quot;&quot;,&quot;created_timestamp&quot;:&quot;1474145956&quot;,&quot;copyright&quot;:&quot;&quot;,&quot;focal_length&quot;:&quot;50&quot;,&quot;iso&quot;:&quot;1600&quot;,&quot;shutter_speed&quot;:&quot;0.04&quot;,&quot;title&quot;:&quot;&quot;,&quot;orientation&quot;:&quot;1&quot;}\" data-image-title=\"&#8222;Bunte Abend Band&#8220; BAB-Konzert Salzgitter 17.09.2016\" data-image-description=\"\" data-medium-file=\"http:\/\/elviswhynot.bplaced.net\/wordpress\/wp-content\/uploads\/2023\/07\/219-300x200.jpg\" data-large-file=\"http:\/\/elviswhynot.bplaced.net\/wordpress\/wp-content\/uploads\/2023\/07\/219-1024x683.jpg\" src=\"http:\/\/elviswhynot.bplaced.net\/wordpress\/wp-content\/uploads\/2023\/07\/219.jpg\" width=\"301\" height=\"201\" align=\"left\" title=\"&quot;Bunte Abend Band&quot; BAB-Konzert Salzgitter 17.09.2016\" \/><\/a><div class=\"tiled-gallery-caption\">Foto: Thorsten Sch\u00f6nefeld, Wolfenb\u00fcttel<\/div><\/div><\/div><\/div><div class=\"gallery-row\" style=\"width: 915px; height: 404px;\"><div class=\"gallery-group images-2\" style=\"width: 304px; height: 408px;\"><div class=\"tiled-gallery-item tiled-gallery-item-full\"><a href=\"http:\/\/elviswhynot.bplaced.net\/wordpress\/?attachment_id=578\"><img data-attachment-id=\"578\" data-orig-file=\"http:\/\/elviswhynot.bplaced.net\/wordpress\/wp-content\/uploads\/2023\/07\/220.jpg\" data-orig-size=\"1350,900\" data-comments-opened=\"1\" data-image-meta=\"{&quot;aperture&quot;:&quot;5.6&quot;,&quot;credit&quot;:&quot;&quot;,&quot;camera&quot;:&quot;Canon EOS 350D DIGITAL&quot;,&quot;caption&quot;:&quot;&quot;,&quot;created_timestamp&quot;:&quot;1474146906&quot;,&quot;copyright&quot;:&quot;&quot;,&quot;focal_length&quot;:&quot;155&quot;,&quot;iso&quot;:&quot;1600&quot;,&quot;shutter_speed&quot;:&quot;0.033333333333333&quot;,&quot;title&quot;:&quot;&quot;,&quot;orientation&quot;:&quot;1&quot;}\" data-image-title=\"&#8222;Bunte Abend Band&#8220; BAB-Konzert Salzgitter 17.09.2016\" data-image-description=\"\" data-medium-file=\"http:\/\/elviswhynot.bplaced.net\/wordpress\/wp-content\/uploads\/2023\/07\/220-300x200.jpg\" data-large-file=\"http:\/\/elviswhynot.bplaced.net\/wordpress\/wp-content\/uploads\/2023\/07\/220-1024x683.jpg\" src=\"http:\/\/elviswhynot.bplaced.net\/wordpress\/wp-content\/uploads\/2023\/07\/220.jpg\" width=\"300\" height=\"200\" align=\"left\" title=\"&quot;Bunte Abend Band&quot; BAB-Konzert Salzgitter 17.09.2016\" \/><\/a><div class=\"tiled-gallery-caption\">Foto: Thorsten Sch\u00f6nefeld, Wolfenb\u00fcttel<\/div><\/div><div class=\"tiled-gallery-item tiled-gallery-item-full\"><a href=\"http:\/\/elviswhynot.bplaced.net\/wordpress\/?attachment_id=579\"><img data-attachment-id=\"579\" data-orig-file=\"http:\/\/elviswhynot.bplaced.net\/wordpress\/wp-content\/uploads\/2023\/07\/221.jpg\" data-orig-size=\"1350,900\" data-comments-opened=\"1\" data-image-meta=\"{&quot;aperture&quot;:&quot;5&quot;,&quot;credit&quot;:&quot;&quot;,&quot;camera&quot;:&quot;Canon EOS 350D DIGITAL&quot;,&quot;caption&quot;:&quot;&quot;,&quot;created_timestamp&quot;:&quot;1474148087&quot;,&quot;copyright&quot;:&quot;&quot;,&quot;focal_length&quot;:&quot;50&quot;,&quot;iso&quot;:&quot;1600&quot;,&quot;shutter_speed&quot;:&quot;0.016666666666667&quot;,&quot;title&quot;:&quot;&quot;,&quot;orientation&quot;:&quot;1&quot;}\" data-image-title=\"&#8222;Bunte Abend Band&#8220; BAB-Konzert Salzgitter 17.09.2016\" data-image-description=\"\" data-medium-file=\"http:\/\/elviswhynot.bplaced.net\/wordpress\/wp-content\/uploads\/2023\/07\/221-300x200.jpg\" data-large-file=\"http:\/\/elviswhynot.bplaced.net\/wordpress\/wp-content\/uploads\/2023\/07\/221-1024x683.jpg\" src=\"http:\/\/elviswhynot.bplaced.net\/wordpress\/wp-content\/uploads\/2023\/07\/221.jpg\" width=\"300\" height=\"200\" align=\"left\" title=\"&quot;Bunte Abend Band&quot; BAB-Konzert Salzgitter 17.09.2016\" \/><\/a><div class=\"tiled-gallery-caption\">Foto: Thorsten Sch\u00f6nefeld, Wolfenb\u00fcttel<\/div><\/div><\/div><div class=\"gallery-group images-1\" style=\"width: 611px; height: 408px;\"><div class=\"tiled-gallery-item tiled-gallery-item-full\"><a href=\"http:\/\/elviswhynot.bplaced.net\/wordpress\/?attachment_id=580\"><img data-attachment-id=\"580\" data-orig-file=\"http:\/\/elviswhynot.bplaced.net\/wordpress\/wp-content\/uploads\/2023\/07\/222.jpg\" data-orig-size=\"1350,900\" data-comments-opened=\"1\" data-image-meta=\"{&quot;aperture&quot;:&quot;5&quot;,&quot;credit&quot;:&quot;&quot;,&quot;camera&quot;:&quot;Canon EOS 350D DIGITAL&quot;,&quot;caption&quot;:&quot;&quot;,&quot;created_timestamp&quot;:&quot;1474148331&quot;,&quot;copyright&quot;:&quot;&quot;,&quot;focal_length&quot;:&quot;40&quot;,&quot;iso&quot;:&quot;1600&quot;,&quot;shutter_speed&quot;:&quot;0.02&quot;,&quot;title&quot;:&quot;&quot;,&quot;orientation&quot;:&quot;1&quot;}\" data-image-title=\"&#8222;Bunte Abend Band&#8220; BAB-Konzert Salzgitter 17.09.2016\" data-image-description=\"\" data-medium-file=\"http:\/\/elviswhynot.bplaced.net\/wordpress\/wp-content\/uploads\/2023\/07\/222-300x200.jpg\" data-large-file=\"http:\/\/elviswhynot.bplaced.net\/wordpress\/wp-content\/uploads\/2023\/07\/222-1024x683.jpg\" src=\"http:\/\/elviswhynot.bplaced.net\/wordpress\/wp-content\/uploads\/2023\/07\/222.jpg\" width=\"607\" height=\"404\" align=\"left\" title=\"&quot;Bunte Abend Band&quot; BAB-Konzert Salzgitter 17.09.2016\" \/><\/a><div class=\"tiled-gallery-caption\">Foto: Thorsten Sch\u00f6nefeld, Wolfenb\u00fcttel<\/div><\/div><\/div><\/div><div class=\"gallery-row\" style=\"width: 915px; height: 880px;\"><div class=\"gallery-group images-1\" style=\"width: 591px; height: 884px;\"><div class=\"tiled-gallery-item tiled-gallery-item-full\"><a href=\"http:\/\/elviswhynot.bplaced.net\/wordpress\/?attachment_id=581\"><img data-attachment-id=\"581\" data-orig-file=\"http:\/\/elviswhynot.bplaced.net\/wordpress\/wp-content\/uploads\/2023\/07\/223.jpg\" data-orig-size=\"600,900\" data-comments-opened=\"1\" data-image-meta=\"{&quot;aperture&quot;:&quot;5.6&quot;,&quot;credit&quot;:&quot;&quot;,&quot;camera&quot;:&quot;Canon EOS 350D DIGITAL&quot;,&quot;caption&quot;:&quot;&quot;,&quot;created_timestamp&quot;:&quot;1474148477&quot;,&quot;copyright&quot;:&quot;&quot;,&quot;focal_length&quot;:&quot;90&quot;,&quot;iso&quot;:&quot;1600&quot;,&quot;shutter_speed&quot;:&quot;0.033333333333333&quot;,&quot;title&quot;:&quot;&quot;,&quot;orientation&quot;:&quot;1&quot;}\" data-image-title=\"&#8222;Bunte Abend Band&#8220; BAB-Konzert Salzgitter 17.09.2016\" data-image-description=\"\" data-medium-file=\"http:\/\/elviswhynot.bplaced.net\/wordpress\/wp-content\/uploads\/2023\/07\/223-200x300.jpg\" data-large-file=\"http:\/\/elviswhynot.bplaced.net\/wordpress\/wp-content\/uploads\/2023\/07\/223.jpg\" src=\"http:\/\/elviswhynot.bplaced.net\/wordpress\/wp-content\/uploads\/2023\/07\/223.jpg\" width=\"587\" height=\"880\" align=\"left\" title=\"&quot;Bunte Abend Band&quot; BAB-Konzert Salzgitter 17.09.2016\" \/><\/a><div class=\"tiled-gallery-caption\">Foto: Thorsten Sch\u00f6nefeld, Wolfenb\u00fcttel<\/div><\/div><\/div><div class=\"gallery-group images-3\" style=\"width: 324px; height: 884px;\"><div class=\"tiled-gallery-item tiled-gallery-item-full\"><a href=\"http:\/\/elviswhynot.bplaced.net\/wordpress\/?attachment_id=582\"><img data-attachment-id=\"582\" data-orig-file=\"http:\/\/elviswhynot.bplaced.net\/wordpress\/wp-content\/uploads\/2023\/07\/224.jpg\" data-orig-size=\"1350,900\" data-comments-opened=\"1\" data-image-meta=\"{&quot;aperture&quot;:&quot;5&quot;,&quot;credit&quot;:&quot;&quot;,&quot;camera&quot;:&quot;Canon EOS 350D DIGITAL&quot;,&quot;caption&quot;:&quot;&quot;,&quot;created_timestamp&quot;:&quot;1474149724&quot;,&quot;copyright&quot;:&quot;&quot;,&quot;focal_length&quot;:&quot;50&quot;,&quot;iso&quot;:&quot;1600&quot;,&quot;shutter_speed&quot;:&quot;0.025&quot;,&quot;title&quot;:&quot;&quot;,&quot;orientation&quot;:&quot;1&quot;}\" data-image-title=\"&#8222;Bunte Abend Band&#8220; BAB-Konzert Salzgitter 17.09.2016\" data-image-description=\"\" data-medium-file=\"http:\/\/elviswhynot.bplaced.net\/wordpress\/wp-content\/uploads\/2023\/07\/224-300x200.jpg\" data-large-file=\"http:\/\/elviswhynot.bplaced.net\/wordpress\/wp-content\/uploads\/2023\/07\/224-1024x683.jpg\" src=\"http:\/\/elviswhynot.bplaced.net\/wordpress\/wp-content\/uploads\/2023\/07\/224.jpg\" width=\"320\" height=\"214\" align=\"left\" title=\"&quot;Bunte Abend Band&quot; BAB-Konzert Salzgitter 17.09.2016\" \/><\/a><div class=\"tiled-gallery-caption\">Foto: Thorsten Sch\u00f6nefeld, Wolfenb\u00fcttel<\/div><\/div><div class=\"tiled-gallery-item tiled-gallery-item-full\"><a href=\"http:\/\/elviswhynot.bplaced.net\/wordpress\/?attachment_id=583\"><img data-attachment-id=\"583\" data-orig-file=\"http:\/\/elviswhynot.bplaced.net\/wordpress\/wp-content\/uploads\/2023\/07\/225.jpg\" data-orig-size=\"1350,900\" data-comments-opened=\"1\" data-image-meta=\"{&quot;aperture&quot;:&quot;5&quot;,&quot;credit&quot;:&quot;&quot;,&quot;camera&quot;:&quot;Canon EOS 350D DIGITAL&quot;,&quot;caption&quot;:&quot;&quot;,&quot;created_timestamp&quot;:&quot;1474151595&quot;,&quot;copyright&quot;:&quot;&quot;,&quot;focal_length&quot;:&quot;50&quot;,&quot;iso&quot;:&quot;1600&quot;,&quot;shutter_speed&quot;:&quot;0.04&quot;,&quot;title&quot;:&quot;&quot;,&quot;orientation&quot;:&quot;1&quot;}\" data-image-title=\"&#8222;Bunte Abend Band&#8220; BAB-Konzert Salzgitter 17.09.2016\" data-image-description=\"\" data-medium-file=\"http:\/\/elviswhynot.bplaced.net\/wordpress\/wp-content\/uploads\/2023\/07\/225-300x200.jpg\" data-large-file=\"http:\/\/elviswhynot.bplaced.net\/wordpress\/wp-content\/uploads\/2023\/07\/225-1024x683.jpg\" src=\"http:\/\/elviswhynot.bplaced.net\/wordpress\/wp-content\/uploads\/2023\/07\/225.jpg\" width=\"320\" height=\"213\" align=\"left\" title=\"&quot;Bunte Abend Band&quot; BAB-Konzert Salzgitter 17.09.2016\" \/><\/a><div class=\"tiled-gallery-caption\">Foto: Thorsten Sch\u00f6nefeld, Wolfenb\u00fcttel<\/div><\/div><div class=\"tiled-gallery-item tiled-gallery-item-full\"><a href=\"http:\/\/elviswhynot.bplaced.net\/wordpress\/?attachment_id=584\"><img data-attachment-id=\"584\" data-orig-file=\"http:\/\/elviswhynot.bplaced.net\/wordpress\/wp-content\/uploads\/2023\/07\/226.jpg\" data-orig-size=\"648,900\" data-comments-opened=\"1\" data-image-meta=\"{&quot;aperture&quot;:&quot;2.4&quot;,&quot;credit&quot;:&quot;&quot;,&quot;camera&quot;:&quot;Lumia 532 Dual SIM&quot;,&quot;caption&quot;:&quot;&quot;,&quot;created_timestamp&quot;:&quot;1477231984&quot;,&quot;copyright&quot;:&quot;&quot;,&quot;focal_length&quot;:&quot;0&quot;,&quot;iso&quot;:&quot;100&quot;,&quot;shutter_speed&quot;:&quot;0.00687&quot;,&quot;title&quot;:&quot;&quot;,&quot;orientation&quot;:&quot;1&quot;}\" data-image-title=\"TV38 Videodreh zum Song &#8222;Swing down sweet Chariot&#8220; 23.10.2016\" data-image-description=\"\" data-medium-file=\"http:\/\/elviswhynot.bplaced.net\/wordpress\/wp-content\/uploads\/2023\/07\/226-216x300.jpg\" data-large-file=\"http:\/\/elviswhynot.bplaced.net\/wordpress\/wp-content\/uploads\/2023\/07\/226.jpg\" src=\"http:\/\/elviswhynot.bplaced.net\/wordpress\/wp-content\/uploads\/2023\/07\/226.jpg\" width=\"320\" height=\"445\" align=\"left\" title=\"TV38 Videodreh zum Song &quot;Swing down sweet Chariot&quot; 23.10.2016\" \/><\/a><div class=\"tiled-gallery-caption\">Foto: Roswitha von Cyrson-Fritzke, Wolfenb\u00fcttel<\/div><\/div><\/div><\/div><div class=\"gallery-row\" style=\"width: 915px; height: 1273px;\"><div class=\"gallery-group images-1\" style=\"width: 915px; height: 1277px;\"><div class=\"tiled-gallery-item tiled-gallery-item-full\"><a href=\"http:\/\/elviswhynot.bplaced.net\/wordpress\/?attachment_id=585\"><img data-attachment-id=\"585\" data-orig-file=\"http:\/\/elviswhynot.bplaced.net\/wordpress\/wp-content\/uploads\/2023\/07\/227.jpg\" data-orig-size=\"644,900\" data-comments-opened=\"1\" data-image-meta=\"{&quot;aperture&quot;:&quot;2.4&quot;,&quot;credit&quot;:&quot;&quot;,&quot;camera&quot;:&quot;Lumia 532 Dual SIM&quot;,&quot;caption&quot;:&quot;&quot;,&quot;created_timestamp&quot;:&quot;1477232015&quot;,&quot;copyright&quot;:&quot;&quot;,&quot;focal_length&quot;:&quot;0&quot;,&quot;iso&quot;:&quot;100&quot;,&quot;shutter_speed&quot;:&quot;0.0075&quot;,&quot;title&quot;:&quot;&quot;,&quot;orientation&quot;:&quot;1&quot;}\" data-image-title=\"TV38 Videodreh zum Song &#8222;Swing down sweet Chariot&#8220; 23.10.2016\" data-image-description=\"\" data-medium-file=\"http:\/\/elviswhynot.bplaced.net\/wordpress\/wp-content\/uploads\/2023\/07\/227-215x300.jpg\" data-large-file=\"http:\/\/elviswhynot.bplaced.net\/wordpress\/wp-content\/uploads\/2023\/07\/227.jpg\" src=\"http:\/\/elviswhynot.bplaced.net\/wordpress\/wp-content\/uploads\/2023\/07\/227.jpg\" width=\"911\" height=\"1273\" align=\"left\" title=\"TV38 Videodreh zum Song &quot;Swing down sweet Chariot&quot; 23.10.2016\" \/><\/a><div class=\"tiled-gallery-caption\">Foto: Roswitha von Cyrson-Fritzke, Wolfenb\u00fcttel<\/div><\/div><\/div><\/div><\/div>\n\n\n<div style=\"height:20px\" aria-hidden=\"true\" class=\"wp-block-spacer\"><\/div>\n\n\n\n<h5 class=\"wp-block-heading\">2015<\/h5>\n\n\n<div data-carousel-extra='{\"blog_id\":1,\"permalink\":\"http:\\\/\\\/elviswhynot.bplaced.net\\\/wordpress\\\/?page_id=162\"}' class=\"tiled-gallery type-rectangular\" data-original-width=\"920\"><div class=\"gallery-row\" style=\"width: 915px; height: 590px;\"><div class=\"gallery-group images-1\" style=\"width: 520px; height: 594px;\"><div class=\"tiled-gallery-item tiled-gallery-item-full\"><a href=\"http:\/\/elviswhynot.bplaced.net\/wordpress\/?attachment_id=547\"><img data-attachment-id=\"547\" data-orig-file=\"http:\/\/elviswhynot.bplaced.net\/wordpress\/wp-content\/uploads\/2023\/07\/191.jpg\" data-orig-size=\"788,900\" data-comments-opened=\"1\" data-image-meta=\"{&quot;aperture&quot;:&quot;13&quot;,&quot;credit&quot;:&quot;&quot;,&quot;camera&quot;:&quot;Canon EOS 450D&quot;,&quot;caption&quot;:&quot;&quot;,&quot;created_timestamp&quot;:&quot;1440858597&quot;,&quot;copyright&quot;:&quot;&quot;,&quot;focal_length&quot;:&quot;49&quot;,&quot;iso&quot;:&quot;200&quot;,&quot;shutter_speed&quot;:&quot;0.005&quot;,&quot;title&quot;:&quot;&quot;,&quot;orientation&quot;:&quot;1&quot;}\" data-image-title=\"&#8222;Jailhouse Rock&#8220; JVA Wolfenb\u00fcttel 29.08.2015\" data-image-description=\"\" data-medium-file=\"http:\/\/elviswhynot.bplaced.net\/wordpress\/wp-content\/uploads\/2023\/07\/191-263x300.jpg\" data-large-file=\"http:\/\/elviswhynot.bplaced.net\/wordpress\/wp-content\/uploads\/2023\/07\/191.jpg\" src=\"http:\/\/elviswhynot.bplaced.net\/wordpress\/wp-content\/uploads\/2023\/07\/191.jpg\" width=\"516\" height=\"590\" align=\"left\" title=\"&quot;Jailhouse Rock&quot; JVA Wolfenb\u00fcttel 29.08.2015\" \/><\/a><div class=\"tiled-gallery-caption\">Foto: JVA Wolfenb\u00fcttel<\/div><\/div><\/div><div class=\"gallery-group images-2\" style=\"width: 395px; height: 594px;\"><div class=\"tiled-gallery-item tiled-gallery-item-full\"><a href=\"http:\/\/elviswhynot.bplaced.net\/wordpress\/?attachment_id=548\"><img data-attachment-id=\"548\" data-orig-file=\"http:\/\/elviswhynot.bplaced.net\/wordpress\/wp-content\/uploads\/2023\/07\/192.jpg\" data-orig-size=\"1200,900\" data-comments-opened=\"1\" data-image-meta=\"{&quot;aperture&quot;:&quot;3.2&quot;,&quot;credit&quot;:&quot;&quot;,&quot;camera&quot;:&quot;MD86777&quot;,&quot;caption&quot;:&quot;&quot;,&quot;created_timestamp&quot;:&quot;1458687839&quot;,&quot;copyright&quot;:&quot;Copyright 2014&quot;,&quot;focal_length&quot;:&quot;4.6&quot;,&quot;iso&quot;:&quot;100&quot;,&quot;shutter_speed&quot;:&quot;0.0030211480362538&quot;,&quot;title&quot;:&quot;&quot;,&quot;orientation&quot;:&quot;1&quot;}\" data-image-title=\"&#8222;Jailhouse Rock&#8220; JVA Wolfenb\u00fcttel 29.08.2015\" data-image-description=\"\" data-medium-file=\"http:\/\/elviswhynot.bplaced.net\/wordpress\/wp-content\/uploads\/2023\/07\/192-300x225.jpg\" data-large-file=\"http:\/\/elviswhynot.bplaced.net\/wordpress\/wp-content\/uploads\/2023\/07\/192-1024x768.jpg\" src=\"http:\/\/elviswhynot.bplaced.net\/wordpress\/wp-content\/uploads\/2023\/07\/192.jpg\" width=\"391\" height=\"293\" align=\"left\" title=\"&quot;Jailhouse Rock&quot; JVA Wolfenb\u00fcttel 29.08.2015\" \/><\/a><div class=\"tiled-gallery-caption\">Foto: JVA Wolfenb\u00fcttel<\/div><\/div><div class=\"tiled-gallery-item tiled-gallery-item-full\"><a href=\"http:\/\/elviswhynot.bplaced.net\/wordpress\/?attachment_id=549\"><img data-attachment-id=\"549\" data-orig-file=\"http:\/\/elviswhynot.bplaced.net\/wordpress\/wp-content\/uploads\/2023\/07\/193.jpg\" data-orig-size=\"1200,900\" data-comments-opened=\"1\" data-image-meta=\"{&quot;aperture&quot;:&quot;3.2&quot;,&quot;credit&quot;:&quot;&quot;,&quot;camera&quot;:&quot;MD86777&quot;,&quot;caption&quot;:&quot;&quot;,&quot;created_timestamp&quot;:&quot;1458687864&quot;,&quot;copyright&quot;:&quot;Copyright 2014&quot;,&quot;focal_length&quot;:&quot;4.6&quot;,&quot;iso&quot;:&quot;100&quot;,&quot;shutter_speed&quot;:&quot;0.0026455026455026&quot;,&quot;title&quot;:&quot;&quot;,&quot;orientation&quot;:&quot;1&quot;}\" data-image-title=\"&#8222;Jailhouse Rock&#8220; JVA Wolfenb\u00fcttel 29.08.2015\" data-image-description=\"\" data-medium-file=\"http:\/\/elviswhynot.bplaced.net\/wordpress\/wp-content\/uploads\/2023\/07\/193-300x225.jpg\" data-large-file=\"http:\/\/elviswhynot.bplaced.net\/wordpress\/wp-content\/uploads\/2023\/07\/193-1024x768.jpg\" src=\"http:\/\/elviswhynot.bplaced.net\/wordpress\/wp-content\/uploads\/2023\/07\/193.jpg\" width=\"391\" height=\"293\" align=\"left\" title=\"&quot;Jailhouse Rock&quot; JVA Wolfenb\u00fcttel 29.08.2015\" \/><\/a><div class=\"tiled-gallery-caption\">Foto: JVA Wolfenb\u00fcttel<\/div><\/div><\/div><\/div><div class=\"gallery-row\" style=\"width: 915px; height: 437px;\"><div class=\"gallery-group images-2\" style=\"width: 329px; height: 441px;\"><div class=\"tiled-gallery-item tiled-gallery-item-full\"><a href=\"http:\/\/elviswhynot.bplaced.net\/wordpress\/?attachment_id=550\"><img data-attachment-id=\"550\" data-orig-file=\"http:\/\/elviswhynot.bplaced.net\/wordpress\/wp-content\/uploads\/2023\/07\/194.jpg\" data-orig-size=\"1351,900\" data-comments-opened=\"1\" data-image-meta=\"{&quot;aperture&quot;:&quot;11&quot;,&quot;credit&quot;:&quot;&quot;,&quot;camera&quot;:&quot;Canon EOS 450D&quot;,&quot;caption&quot;:&quot;&quot;,&quot;created_timestamp&quot;:&quot;1440858752&quot;,&quot;copyright&quot;:&quot;&quot;,&quot;focal_length&quot;:&quot;35&quot;,&quot;iso&quot;:&quot;200&quot;,&quot;shutter_speed&quot;:&quot;0.005&quot;,&quot;title&quot;:&quot;&quot;,&quot;orientation&quot;:&quot;1&quot;}\" data-image-title=\"&#8222;Jailhouse Rock&#8220; JVA Wolfenb\u00fcttel 29.08.2015\" data-image-description=\"\" data-medium-file=\"http:\/\/elviswhynot.bplaced.net\/wordpress\/wp-content\/uploads\/2023\/07\/194-300x200.jpg\" data-large-file=\"http:\/\/elviswhynot.bplaced.net\/wordpress\/wp-content\/uploads\/2023\/07\/194-1024x682.jpg\" src=\"http:\/\/elviswhynot.bplaced.net\/wordpress\/wp-content\/uploads\/2023\/07\/194.jpg\" width=\"325\" height=\"217\" align=\"left\" title=\"&quot;Jailhouse Rock&quot; JVA Wolfenb\u00fcttel 29.08.2015\" \/><\/a><div class=\"tiled-gallery-caption\">Foto: JVA Wolfenb\u00fcttel<\/div><\/div><div class=\"tiled-gallery-item tiled-gallery-item-full\"><a href=\"http:\/\/elviswhynot.bplaced.net\/wordpress\/?attachment_id=551\"><img data-attachment-id=\"551\" data-orig-file=\"http:\/\/elviswhynot.bplaced.net\/wordpress\/wp-content\/uploads\/2023\/07\/195.jpg\" data-orig-size=\"1351,900\" data-comments-opened=\"1\" data-image-meta=\"{&quot;aperture&quot;:&quot;11&quot;,&quot;credit&quot;:&quot;&quot;,&quot;camera&quot;:&quot;Canon EOS 450D&quot;,&quot;caption&quot;:&quot;&quot;,&quot;created_timestamp&quot;:&quot;1440858775&quot;,&quot;copyright&quot;:&quot;&quot;,&quot;focal_length&quot;:&quot;31&quot;,&quot;iso&quot;:&quot;200&quot;,&quot;shutter_speed&quot;:&quot;0.005&quot;,&quot;title&quot;:&quot;&quot;,&quot;orientation&quot;:&quot;1&quot;}\" data-image-title=\"&#8222;Jailhouse Rock&#8220; JVA Wolfenb\u00fcttel 29.08.2015\" data-image-description=\"\" data-medium-file=\"http:\/\/elviswhynot.bplaced.net\/wordpress\/wp-content\/uploads\/2023\/07\/195-300x200.jpg\" data-large-file=\"http:\/\/elviswhynot.bplaced.net\/wordpress\/wp-content\/uploads\/2023\/07\/195-1024x682.jpg\" src=\"http:\/\/elviswhynot.bplaced.net\/wordpress\/wp-content\/uploads\/2023\/07\/195.jpg\" width=\"325\" height=\"216\" align=\"left\" title=\"&quot;Jailhouse Rock&quot; JVA Wolfenb\u00fcttel 29.08.2015\" \/><\/a><div class=\"tiled-gallery-caption\">Foto: JVA Wolfenb\u00fcttel<\/div><\/div><\/div><div class=\"gallery-group images-1\" style=\"width: 586px; height: 441px;\"><div class=\"tiled-gallery-item tiled-gallery-item-full\"><a href=\"http:\/\/elviswhynot.bplaced.net\/wordpress\/?attachment_id=552\"><img data-attachment-id=\"552\" data-orig-file=\"http:\/\/elviswhynot.bplaced.net\/wordpress\/wp-content\/uploads\/2023\/07\/196.jpg\" data-orig-size=\"1200,900\" data-comments-opened=\"1\" data-image-meta=\"{&quot;aperture&quot;:&quot;3.2&quot;,&quot;credit&quot;:&quot;&quot;,&quot;camera&quot;:&quot;MD86777&quot;,&quot;caption&quot;:&quot;&quot;,&quot;created_timestamp&quot;:&quot;1458695048&quot;,&quot;copyright&quot;:&quot;Copyright 2014&quot;,&quot;focal_length&quot;:&quot;4.6&quot;,&quot;iso&quot;:&quot;100&quot;,&quot;shutter_speed&quot;:&quot;0.0052910052910053&quot;,&quot;title&quot;:&quot;&quot;,&quot;orientation&quot;:&quot;1&quot;}\" data-image-title=\"&#8222;Jailhouse Rock&#8220; JVA Wolfenb\u00fcttel 29.08.2015\" data-image-description=\"\" data-medium-file=\"http:\/\/elviswhynot.bplaced.net\/wordpress\/wp-content\/uploads\/2023\/07\/196-300x225.jpg\" data-large-file=\"http:\/\/elviswhynot.bplaced.net\/wordpress\/wp-content\/uploads\/2023\/07\/196-1024x768.jpg\" src=\"http:\/\/elviswhynot.bplaced.net\/wordpress\/wp-content\/uploads\/2023\/07\/196.jpg\" width=\"582\" height=\"437\" align=\"left\" title=\"&quot;Jailhouse Rock&quot; JVA Wolfenb\u00fcttel 29.08.2015\" \/><\/a><div class=\"tiled-gallery-caption\">Foto: JVA Wolfenb\u00fcttel<\/div><\/div><\/div><\/div><div class=\"gallery-row\" style=\"width: 915px; height: 454px;\"><div class=\"gallery-group images-1\" style=\"width: 609px; height: 458px;\"><div class=\"tiled-gallery-item tiled-gallery-item-full\"><a href=\"http:\/\/elviswhynot.bplaced.net\/wordpress\/?attachment_id=553\"><img data-attachment-id=\"553\" data-orig-file=\"http:\/\/elviswhynot.bplaced.net\/wordpress\/wp-content\/uploads\/2023\/07\/197.jpg\" data-orig-size=\"1200,900\" data-comments-opened=\"1\" data-image-meta=\"{&quot;aperture&quot;:&quot;3.2&quot;,&quot;credit&quot;:&quot;&quot;,&quot;camera&quot;:&quot;MD86777&quot;,&quot;caption&quot;:&quot;&quot;,&quot;created_timestamp&quot;:&quot;1458695059&quot;,&quot;copyright&quot;:&quot;Copyright 2014&quot;,&quot;focal_length&quot;:&quot;4.6&quot;,&quot;iso&quot;:&quot;100&quot;,&quot;shutter_speed&quot;:&quot;0.0048543689320388&quot;,&quot;title&quot;:&quot;&quot;,&quot;orientation&quot;:&quot;1&quot;}\" data-image-title=\"&#8222;Jailhouse Rock&#8220; JVA Wolfenb\u00fcttel 29.08.2015\" data-image-description=\"\" data-medium-file=\"http:\/\/elviswhynot.bplaced.net\/wordpress\/wp-content\/uploads\/2023\/07\/197-300x225.jpg\" data-large-file=\"http:\/\/elviswhynot.bplaced.net\/wordpress\/wp-content\/uploads\/2023\/07\/197-1024x768.jpg\" src=\"http:\/\/elviswhynot.bplaced.net\/wordpress\/wp-content\/uploads\/2023\/07\/197.jpg\" width=\"605\" height=\"454\" align=\"left\" title=\"&quot;Jailhouse Rock&quot; JVA Wolfenb\u00fcttel 29.08.2015\" \/><\/a><div class=\"tiled-gallery-caption\">Foto: JVA Wolfenb\u00fcttel<\/div><\/div><\/div><div class=\"gallery-group images-1\" style=\"width: 306px; height: 458px;\"><div class=\"tiled-gallery-item tiled-gallery-item-full\"><a href=\"http:\/\/elviswhynot.bplaced.net\/wordpress\/?attachment_id=554\"><img data-attachment-id=\"554\" data-orig-file=\"http:\/\/elviswhynot.bplaced.net\/wordpress\/wp-content\/uploads\/2023\/07\/198.jpg\" data-orig-size=\"599,900\" data-comments-opened=\"1\" data-image-meta=\"{&quot;aperture&quot;:&quot;5.6&quot;,&quot;credit&quot;:&quot;&quot;,&quot;camera&quot;:&quot;Canon EOS 450D&quot;,&quot;caption&quot;:&quot;&quot;,&quot;created_timestamp&quot;:&quot;1440863572&quot;,&quot;copyright&quot;:&quot;&quot;,&quot;focal_length&quot;:&quot;48&quot;,&quot;iso&quot;:&quot;100&quot;,&quot;shutter_speed&quot;:&quot;0.02&quot;,&quot;title&quot;:&quot;&quot;,&quot;orientation&quot;:&quot;1&quot;}\" data-image-title=\"&#8222;Jailhouse Rock&#8220; JVA Wolfenb\u00fcttel 29.08.2015\" data-image-description=\"\" data-medium-file=\"http:\/\/elviswhynot.bplaced.net\/wordpress\/wp-content\/uploads\/2023\/07\/198-200x300.jpg\" data-large-file=\"http:\/\/elviswhynot.bplaced.net\/wordpress\/wp-content\/uploads\/2023\/07\/198.jpg\" src=\"http:\/\/elviswhynot.bplaced.net\/wordpress\/wp-content\/uploads\/2023\/07\/198.jpg\" width=\"302\" height=\"454\" align=\"left\" title=\"&quot;Jailhouse Rock&quot; JVA Wolfenb\u00fcttel 29.08.2015\" \/><\/a><div class=\"tiled-gallery-caption\">Foto: JVA Wolfenb\u00fcttel<\/div><\/div><\/div><\/div><div class=\"gallery-row\" style=\"width: 915px; height: 363px;\"><div class=\"gallery-group images-1\" style=\"width: 548px; height: 367px;\"><div class=\"tiled-gallery-item tiled-gallery-item-full\"><a href=\"http:\/\/elviswhynot.bplaced.net\/wordpress\/?attachment_id=555\"><img data-attachment-id=\"555\" data-orig-file=\"http:\/\/elviswhynot.bplaced.net\/wordpress\/wp-content\/uploads\/2023\/07\/199.jpg\" data-orig-size=\"1351,900\" data-comments-opened=\"1\" data-image-meta=\"{&quot;aperture&quot;:&quot;5.6&quot;,&quot;credit&quot;:&quot;&quot;,&quot;camera&quot;:&quot;Canon EOS 450D&quot;,&quot;caption&quot;:&quot;&quot;,&quot;created_timestamp&quot;:&quot;1440863565&quot;,&quot;copyright&quot;:&quot;&quot;,&quot;focal_length&quot;:&quot;30&quot;,&quot;iso&quot;:&quot;100&quot;,&quot;shutter_speed&quot;:&quot;0.02&quot;,&quot;title&quot;:&quot;&quot;,&quot;orientation&quot;:&quot;1&quot;}\" data-image-title=\"&#8222;Jailhouse Rock&#8220; JVA Wolfenb\u00fcttel 29.08.2015\" data-image-description=\"\" data-medium-file=\"http:\/\/elviswhynot.bplaced.net\/wordpress\/wp-content\/uploads\/2023\/07\/199-300x200.jpg\" data-large-file=\"http:\/\/elviswhynot.bplaced.net\/wordpress\/wp-content\/uploads\/2023\/07\/199-1024x682.jpg\" src=\"http:\/\/elviswhynot.bplaced.net\/wordpress\/wp-content\/uploads\/2023\/07\/199.jpg\" width=\"544\" height=\"363\" align=\"left\" title=\"&quot;Jailhouse Rock&quot; JVA Wolfenb\u00fcttel 29.08.2015\" \/><\/a><div class=\"tiled-gallery-caption\">Foto: JVA Wolfenb\u00fcttel<\/div><\/div><\/div><div class=\"gallery-group images-1\" style=\"width: 367px; height: 367px;\"><div class=\"tiled-gallery-item tiled-gallery-item-full\"><a href=\"http:\/\/elviswhynot.bplaced.net\/wordpress\/?attachment_id=556\"><img data-attachment-id=\"556\" data-orig-file=\"http:\/\/elviswhynot.bplaced.net\/wordpress\/wp-content\/uploads\/2023\/07\/200.jpg\" data-orig-size=\"900,900\" data-comments-opened=\"1\" data-image-meta=\"{&quot;aperture&quot;:&quot;0&quot;,&quot;credit&quot;:&quot;&quot;,&quot;camera&quot;:&quot;&quot;,&quot;caption&quot;:&quot;&quot;,&quot;created_timestamp&quot;:&quot;0&quot;,&quot;copyright&quot;:&quot;&quot;,&quot;focal_length&quot;:&quot;0&quot;,&quot;iso&quot;:&quot;0&quot;,&quot;shutter_speed&quot;:&quot;0&quot;,&quot;title&quot;:&quot;&quot;,&quot;orientation&quot;:&quot;1&quot;}\" data-image-title=\"&#8222;Jailhouse Rock&#8220; JVA Wolfenb\u00fcttel 29.08.2015\" data-image-description=\"\" data-medium-file=\"http:\/\/elviswhynot.bplaced.net\/wordpress\/wp-content\/uploads\/2023\/07\/200-300x300.jpg\" data-large-file=\"http:\/\/elviswhynot.bplaced.net\/wordpress\/wp-content\/uploads\/2023\/07\/200.jpg\" src=\"http:\/\/elviswhynot.bplaced.net\/wordpress\/wp-content\/uploads\/2023\/07\/200.jpg\" width=\"363\" height=\"363\" align=\"left\" title=\"&quot;Jailhouse Rock&quot; JVA Wolfenb\u00fcttel 29.08.2015\" \/><\/a><div class=\"tiled-gallery-caption\">Foto: Mario Fritzke, Wolfenb\u00fcttel<\/div><\/div><\/div><\/div><\/div>\n\n\n<div style=\"height:20px\" aria-hidden=\"true\" class=\"wp-block-spacer\"><\/div>\n\n\n\n<h5 class=\"wp-block-heading\">2014<\/h5>\n\n\n<div data-carousel-extra='{\"blog_id\":1,\"permalink\":\"http:\\\/\\\/elviswhynot.bplaced.net\\\/wordpress\\\/?page_id=162\"}' class=\"tiled-gallery type-rectangular\" data-original-width=\"920\"><div class=\"gallery-row\" style=\"width: 915px; height: 437px;\"><div class=\"gallery-group images-1\" style=\"width: 586px; height: 441px;\"><div class=\"tiled-gallery-item tiled-gallery-item-full\"><a href=\"http:\/\/elviswhynot.bplaced.net\/wordpress\/?attachment_id=496\"><img data-attachment-id=\"496\" data-orig-file=\"http:\/\/elviswhynot.bplaced.net\/wordpress\/wp-content\/uploads\/2023\/07\/142.jpg\" data-orig-size=\"1200,900\" data-comments-opened=\"1\" data-image-meta=\"{&quot;aperture&quot;:&quot;2.4&quot;,&quot;credit&quot;:&quot;&quot;,&quot;camera&quot;:&quot;iPhone 5&quot;,&quot;caption&quot;:&quot;&quot;,&quot;created_timestamp&quot;:&quot;1406137139&quot;,&quot;copyright&quot;:&quot;&quot;,&quot;focal_length&quot;:&quot;4.13&quot;,&quot;iso&quot;:&quot;50&quot;,&quot;shutter_speed&quot;:&quot;0.0024752475247525&quot;,&quot;title&quot;:&quot;&quot;,&quot;orientation&quot;:&quot;1&quot;}\" data-image-title=\"Sommerfest &#8222;Viva Las Vegas&#8220; Liebenburg 23.07.2014\" data-image-description=\"\" data-medium-file=\"http:\/\/elviswhynot.bplaced.net\/wordpress\/wp-content\/uploads\/2023\/07\/142-300x225.jpg\" data-large-file=\"http:\/\/elviswhynot.bplaced.net\/wordpress\/wp-content\/uploads\/2023\/07\/142-1024x768.jpg\" src=\"http:\/\/elviswhynot.bplaced.net\/wordpress\/wp-content\/uploads\/2023\/07\/142.jpg\" width=\"582\" height=\"437\" align=\"left\" title=\"Sommerfest &quot;Viva Las Vegas&quot; Liebenburg 23.07.2014\" \/><\/a><div class=\"tiled-gallery-caption\">Foto: Mario Fritzke, Wolfenb\u00fcttel<\/div><\/div><\/div><div class=\"gallery-group images-2\" style=\"width: 329px; height: 441px;\"><div class=\"tiled-gallery-item tiled-gallery-item-full\"><a href=\"http:\/\/elviswhynot.bplaced.net\/wordpress\/?attachment_id=497\"><img data-attachment-id=\"497\" data-orig-file=\"http:\/\/elviswhynot.bplaced.net\/wordpress\/wp-content\/uploads\/2023\/07\/143.jpg\" data-orig-size=\"1350,900\" data-comments-opened=\"1\" data-image-meta=\"{&quot;aperture&quot;:&quot;4&quot;,&quot;credit&quot;:&quot;&quot;,&quot;camera&quot;:&quot;DMC-FZ100&quot;,&quot;caption&quot;:&quot;&quot;,&quot;created_timestamp&quot;:&quot;1407680876&quot;,&quot;copyright&quot;:&quot;&quot;,&quot;focal_length&quot;:&quot;45.4&quot;,&quot;iso&quot;:&quot;100&quot;,&quot;shutter_speed&quot;:&quot;0.00076923076923077&quot;,&quot;title&quot;:&quot;&quot;,&quot;orientation&quot;:&quot;1&quot;}\" data-image-title=\"TV38 Videodreh &#8222;Ein Freund&#8220; &#8211; The Doo Wop Gasolines 10.08.2014\" data-image-description=\"\" data-medium-file=\"http:\/\/elviswhynot.bplaced.net\/wordpress\/wp-content\/uploads\/2023\/07\/143-300x200.jpg\" data-large-file=\"http:\/\/elviswhynot.bplaced.net\/wordpress\/wp-content\/uploads\/2023\/07\/143-1024x683.jpg\" src=\"http:\/\/elviswhynot.bplaced.net\/wordpress\/wp-content\/uploads\/2023\/07\/143.jpg\" width=\"325\" height=\"217\" align=\"left\" title=\"TV38 Videodreh &quot;Ein Freund&quot; - The Doo Wop Gasolines 10.08.2014\" \/><\/a><div class=\"tiled-gallery-caption\">Foto: Uwe Junge, Werlaburgdorf<\/div><\/div><div class=\"tiled-gallery-item tiled-gallery-item-full\"><a href=\"http:\/\/elviswhynot.bplaced.net\/wordpress\/?attachment_id=498\"><img data-attachment-id=\"498\" data-orig-file=\"http:\/\/elviswhynot.bplaced.net\/wordpress\/wp-content\/uploads\/2023\/07\/144.jpg\" data-orig-size=\"1350,900\" data-comments-opened=\"1\" data-image-meta=\"{&quot;aperture&quot;:&quot;4&quot;,&quot;credit&quot;:&quot;&quot;,&quot;camera&quot;:&quot;DMC-FZ100&quot;,&quot;caption&quot;:&quot;&quot;,&quot;created_timestamp&quot;:&quot;1407681748&quot;,&quot;copyright&quot;:&quot;&quot;,&quot;focal_length&quot;:&quot;4.5&quot;,&quot;iso&quot;:&quot;160&quot;,&quot;shutter_speed&quot;:&quot;0.00125&quot;,&quot;title&quot;:&quot;&quot;,&quot;orientation&quot;:&quot;1&quot;}\" data-image-title=\"TV38 Videodreh &#8222;Ein Freund&#8220; &#8211; The Doo Wop Gasolines 10.08.2014\" data-image-description=\"\" data-medium-file=\"http:\/\/elviswhynot.bplaced.net\/wordpress\/wp-content\/uploads\/2023\/07\/144-300x200.jpg\" data-large-file=\"http:\/\/elviswhynot.bplaced.net\/wordpress\/wp-content\/uploads\/2023\/07\/144-1024x683.jpg\" src=\"http:\/\/elviswhynot.bplaced.net\/wordpress\/wp-content\/uploads\/2023\/07\/144.jpg\" width=\"325\" height=\"216\" align=\"left\" title=\"TV38 Videodreh &quot;Ein Freund&quot; - The Doo Wop Gasolines 10.08.2014\" \/><\/a><div class=\"tiled-gallery-caption\">Foto: Uwe Junge, Werlaburgdorf<\/div><\/div><\/div><\/div><div class=\"gallery-row\" style=\"width: 915px; height: 201px;\"><div class=\"gallery-group images-1\" style=\"width: 305px; height: 205px;\"><div class=\"tiled-gallery-item tiled-gallery-item-full\"><a href=\"http:\/\/elviswhynot.bplaced.net\/wordpress\/?attachment_id=499\"><img data-attachment-id=\"499\" data-orig-file=\"http:\/\/elviswhynot.bplaced.net\/wordpress\/wp-content\/uploads\/2023\/07\/145.jpg\" data-orig-size=\"1350,900\" data-comments-opened=\"1\" data-image-meta=\"{&quot;aperture&quot;:&quot;4&quot;,&quot;credit&quot;:&quot;&quot;,&quot;camera&quot;:&quot;DMC-FZ100&quot;,&quot;caption&quot;:&quot;&quot;,&quot;created_timestamp&quot;:&quot;1407683094&quot;,&quot;copyright&quot;:&quot;&quot;,&quot;focal_length&quot;:&quot;6.7&quot;,&quot;iso&quot;:&quot;100&quot;,&quot;shutter_speed&quot;:&quot;0.00125&quot;,&quot;title&quot;:&quot;&quot;,&quot;orientation&quot;:&quot;1&quot;}\" data-image-title=\"TV38 Videodreh &#8222;Ein Freund&#8220; &#8211; The Doo Wop Gasolines 10.08.2014\" data-image-description=\"\" data-medium-file=\"http:\/\/elviswhynot.bplaced.net\/wordpress\/wp-content\/uploads\/2023\/07\/145-300x200.jpg\" data-large-file=\"http:\/\/elviswhynot.bplaced.net\/wordpress\/wp-content\/uploads\/2023\/07\/145-1024x683.jpg\" src=\"http:\/\/elviswhynot.bplaced.net\/wordpress\/wp-content\/uploads\/2023\/07\/145.jpg\" width=\"301\" height=\"201\" align=\"left\" title=\"TV38 Videodreh &quot;Ein Freund&quot; - The Doo Wop Gasolines 10.08.2014\" \/><\/a><div class=\"tiled-gallery-caption\">Foto: Uwe Junge, Werlaburgdorf<\/div><\/div><\/div><div class=\"gallery-group images-1\" style=\"width: 305px; height: 205px;\"><div class=\"tiled-gallery-item tiled-gallery-item-full\"><a href=\"http:\/\/elviswhynot.bplaced.net\/wordpress\/?attachment_id=500\"><img data-attachment-id=\"500\" data-orig-file=\"http:\/\/elviswhynot.bplaced.net\/wordpress\/wp-content\/uploads\/2023\/07\/146.jpg\" data-orig-size=\"1350,900\" data-comments-opened=\"1\" data-image-meta=\"{&quot;aperture&quot;:&quot;4&quot;,&quot;credit&quot;:&quot;&quot;,&quot;camera&quot;:&quot;DMC-FZ100&quot;,&quot;caption&quot;:&quot;&quot;,&quot;created_timestamp&quot;:&quot;1407683398&quot;,&quot;copyright&quot;:&quot;&quot;,&quot;focal_length&quot;:&quot;6.3&quot;,&quot;iso&quot;:&quot;100&quot;,&quot;shutter_speed&quot;:&quot;0.0025&quot;,&quot;title&quot;:&quot;&quot;,&quot;orientation&quot;:&quot;1&quot;}\" data-image-title=\"TV38 Videodreh &#8222;Ein Freund&#8220; &#8211; The Doo Wop Gasolines 10.08.2014\" data-image-description=\"\" data-medium-file=\"http:\/\/elviswhynot.bplaced.net\/wordpress\/wp-content\/uploads\/2023\/07\/146-300x200.jpg\" data-large-file=\"http:\/\/elviswhynot.bplaced.net\/wordpress\/wp-content\/uploads\/2023\/07\/146-1024x683.jpg\" src=\"http:\/\/elviswhynot.bplaced.net\/wordpress\/wp-content\/uploads\/2023\/07\/146.jpg\" width=\"301\" height=\"201\" align=\"left\" title=\"TV38 Videodreh &quot;Ein Freund&quot; - The Doo Wop Gasolines 10.08.2014\" \/><\/a><div class=\"tiled-gallery-caption\">Foto: Uwe Junge, Werlaburgdorf<\/div><\/div><\/div><div class=\"gallery-group images-1\" style=\"width: 305px; height: 205px;\"><div class=\"tiled-gallery-item tiled-gallery-item-full\"><a href=\"http:\/\/elviswhynot.bplaced.net\/wordpress\/?attachment_id=502\"><img data-attachment-id=\"502\" data-orig-file=\"http:\/\/elviswhynot.bplaced.net\/wordpress\/wp-content\/uploads\/2023\/07\/148.jpg\" data-orig-size=\"1350,900\" data-comments-opened=\"1\" data-image-meta=\"{&quot;aperture&quot;:&quot;4&quot;,&quot;credit&quot;:&quot;&quot;,&quot;camera&quot;:&quot;DMC-FZ100&quot;,&quot;caption&quot;:&quot;&quot;,&quot;created_timestamp&quot;:&quot;1407684121&quot;,&quot;copyright&quot;:&quot;&quot;,&quot;focal_length&quot;:&quot;4.5&quot;,&quot;iso&quot;:&quot;100&quot;,&quot;shutter_speed&quot;:&quot;0.002&quot;,&quot;title&quot;:&quot;&quot;,&quot;orientation&quot;:&quot;1&quot;}\" data-image-title=\"TV38 Videodreh &#8222;Ein Freund&#8220; &#8211; The Doo Wop Gasolines 10.08.2014\" data-image-description=\"\" data-medium-file=\"http:\/\/elviswhynot.bplaced.net\/wordpress\/wp-content\/uploads\/2023\/07\/148-300x200.jpg\" data-large-file=\"http:\/\/elviswhynot.bplaced.net\/wordpress\/wp-content\/uploads\/2023\/07\/148-1024x683.jpg\" src=\"http:\/\/elviswhynot.bplaced.net\/wordpress\/wp-content\/uploads\/2023\/07\/148.jpg\" width=\"301\" height=\"201\" align=\"left\" title=\"TV38 Videodreh &quot;Ein Freund&quot; - The Doo Wop Gasolines 10.08.2014\" \/><\/a><div class=\"tiled-gallery-caption\">Foto: Uwe Junge, Werlaburgdorf<\/div><\/div><\/div><\/div><div class=\"gallery-row\" style=\"width: 915px; height: 404px;\"><div class=\"gallery-group images-2\" style=\"width: 304px; height: 408px;\"><div class=\"tiled-gallery-item tiled-gallery-item-full\"><a href=\"http:\/\/elviswhynot.bplaced.net\/wordpress\/?attachment_id=501\"><img data-attachment-id=\"501\" data-orig-file=\"http:\/\/elviswhynot.bplaced.net\/wordpress\/wp-content\/uploads\/2023\/07\/147.jpg\" data-orig-size=\"1350,900\" data-comments-opened=\"1\" data-image-meta=\"{&quot;aperture&quot;:&quot;4&quot;,&quot;credit&quot;:&quot;&quot;,&quot;camera&quot;:&quot;DMC-FZ100&quot;,&quot;caption&quot;:&quot;&quot;,&quot;created_timestamp&quot;:&quot;1407683815&quot;,&quot;copyright&quot;:&quot;&quot;,&quot;focal_length&quot;:&quot;14.1&quot;,&quot;iso&quot;:&quot;100&quot;,&quot;shutter_speed&quot;:&quot;0.0015625&quot;,&quot;title&quot;:&quot;&quot;,&quot;orientation&quot;:&quot;1&quot;}\" data-image-title=\"TV38 Videodreh &#8222;Ein Freund&#8220; &#8211; The Doo Wop Gasolines 10.08.2014\" data-image-description=\"\" data-medium-file=\"http:\/\/elviswhynot.bplaced.net\/wordpress\/wp-content\/uploads\/2023\/07\/147-300x200.jpg\" data-large-file=\"http:\/\/elviswhynot.bplaced.net\/wordpress\/wp-content\/uploads\/2023\/07\/147-1024x683.jpg\" src=\"http:\/\/elviswhynot.bplaced.net\/wordpress\/wp-content\/uploads\/2023\/07\/147.jpg\" width=\"300\" height=\"200\" align=\"left\" title=\"TV38 Videodreh &quot;Ein Freund&quot; - The Doo Wop Gasolines 10.08.2014\" \/><\/a><div class=\"tiled-gallery-caption\">Foto: Uwe Junge, Werlaburgdorf<\/div><\/div><div class=\"tiled-gallery-item tiled-gallery-item-full\"><a href=\"http:\/\/elviswhynot.bplaced.net\/wordpress\/?attachment_id=503\"><img data-attachment-id=\"503\" data-orig-file=\"http:\/\/elviswhynot.bplaced.net\/wordpress\/wp-content\/uploads\/2023\/07\/149.jpg\" data-orig-size=\"1350,900\" data-comments-opened=\"1\" data-image-meta=\"{&quot;aperture&quot;:&quot;4&quot;,&quot;credit&quot;:&quot;&quot;,&quot;camera&quot;:&quot;DMC-FZ100&quot;,&quot;caption&quot;:&quot;&quot;,&quot;created_timestamp&quot;:&quot;1407684474&quot;,&quot;copyright&quot;:&quot;&quot;,&quot;focal_length&quot;:&quot;9.2&quot;,&quot;iso&quot;:&quot;100&quot;,&quot;shutter_speed&quot;:&quot;0.001&quot;,&quot;title&quot;:&quot;&quot;,&quot;orientation&quot;:&quot;1&quot;}\" data-image-title=\"TV38 Videodreh &#8222;Ein Freund&#8220; &#8211; The Doo Wop Gasolines 10.08.2014\" data-image-description=\"\" data-medium-file=\"http:\/\/elviswhynot.bplaced.net\/wordpress\/wp-content\/uploads\/2023\/07\/149-300x200.jpg\" data-large-file=\"http:\/\/elviswhynot.bplaced.net\/wordpress\/wp-content\/uploads\/2023\/07\/149-1024x683.jpg\" src=\"http:\/\/elviswhynot.bplaced.net\/wordpress\/wp-content\/uploads\/2023\/07\/149.jpg\" width=\"300\" height=\"200\" align=\"left\" title=\"TV38 Videodreh &quot;Ein Freund&quot; - The Doo Wop Gasolines 10.08.2014\" \/><\/a><div class=\"tiled-gallery-caption\">Foto: Uwe Junge, Werlaburgdorf<\/div><\/div><\/div><div class=\"gallery-group images-1\" style=\"width: 611px; height: 408px;\"><div class=\"tiled-gallery-item tiled-gallery-item-full\"><a href=\"http:\/\/elviswhynot.bplaced.net\/wordpress\/?attachment_id=504\"><img data-attachment-id=\"504\" data-orig-file=\"http:\/\/elviswhynot.bplaced.net\/wordpress\/wp-content\/uploads\/2023\/07\/150.jpg\" data-orig-size=\"1350,900\" data-comments-opened=\"1\" data-image-meta=\"{&quot;aperture&quot;:&quot;4&quot;,&quot;credit&quot;:&quot;&quot;,&quot;camera&quot;:&quot;DMC-FZ100&quot;,&quot;caption&quot;:&quot;&quot;,&quot;created_timestamp&quot;:&quot;1407684578&quot;,&quot;copyright&quot;:&quot;&quot;,&quot;focal_length&quot;:&quot;6.1&quot;,&quot;iso&quot;:&quot;100&quot;,&quot;shutter_speed&quot;:&quot;0.00076923076923077&quot;,&quot;title&quot;:&quot;&quot;,&quot;orientation&quot;:&quot;1&quot;}\" data-image-title=\"TV38 Videodreh &#8222;Ein Freund&#8220; &#8211; The Doo Wop Gasolines 10.08.2014\" data-image-description=\"\" data-medium-file=\"http:\/\/elviswhynot.bplaced.net\/wordpress\/wp-content\/uploads\/2023\/07\/150-300x200.jpg\" data-large-file=\"http:\/\/elviswhynot.bplaced.net\/wordpress\/wp-content\/uploads\/2023\/07\/150-1024x683.jpg\" src=\"http:\/\/elviswhynot.bplaced.net\/wordpress\/wp-content\/uploads\/2023\/07\/150.jpg\" width=\"607\" height=\"404\" align=\"left\" title=\"TV38 Videodreh &quot;Ein Freund&quot; - The Doo Wop Gasolines 10.08.2014\" \/><\/a><div class=\"tiled-gallery-caption\">Foto: Uwe Junge, Werlaburgdorf<\/div><\/div><\/div><\/div><div class=\"gallery-row\" style=\"width: 915px; height: 201px;\"><div class=\"gallery-group images-1\" style=\"width: 305px; height: 205px;\"><div class=\"tiled-gallery-item tiled-gallery-item-full\"><a href=\"http:\/\/elviswhynot.bplaced.net\/wordpress\/?attachment_id=505\"><img data-attachment-id=\"505\" data-orig-file=\"http:\/\/elviswhynot.bplaced.net\/wordpress\/wp-content\/uploads\/2023\/07\/151.jpg\" data-orig-size=\"1350,900\" data-comments-opened=\"1\" data-image-meta=\"{&quot;aperture&quot;:&quot;4&quot;,&quot;credit&quot;:&quot;&quot;,&quot;camera&quot;:&quot;DMC-FZ100&quot;,&quot;caption&quot;:&quot;&quot;,&quot;created_timestamp&quot;:&quot;1407685616&quot;,&quot;copyright&quot;:&quot;&quot;,&quot;focal_length&quot;:&quot;4.5&quot;,&quot;iso&quot;:&quot;100&quot;,&quot;shutter_speed&quot;:&quot;0.001&quot;,&quot;title&quot;:&quot;&quot;,&quot;orientation&quot;:&quot;1&quot;}\" data-image-title=\"TV38 Videodreh &#8222;Ein Freund&#8220; &#8211; The Doo Wop Gasolines 10.08.2014\" data-image-description=\"\" data-medium-file=\"http:\/\/elviswhynot.bplaced.net\/wordpress\/wp-content\/uploads\/2023\/07\/151-300x200.jpg\" data-large-file=\"http:\/\/elviswhynot.bplaced.net\/wordpress\/wp-content\/uploads\/2023\/07\/151-1024x683.jpg\" src=\"http:\/\/elviswhynot.bplaced.net\/wordpress\/wp-content\/uploads\/2023\/07\/151.jpg\" width=\"301\" height=\"201\" align=\"left\" title=\"TV38 Videodreh &quot;Ein Freund&quot; - The Doo Wop Gasolines 10.08.2014\" \/><\/a><div class=\"tiled-gallery-caption\">Foto: Uwe Junge, Werlaburgdorf<\/div><\/div><\/div><div class=\"gallery-group images-1\" style=\"width: 305px; height: 205px;\"><div class=\"tiled-gallery-item tiled-gallery-item-full\"><a href=\"http:\/\/elviswhynot.bplaced.net\/wordpress\/?attachment_id=506\"><img data-attachment-id=\"506\" data-orig-file=\"http:\/\/elviswhynot.bplaced.net\/wordpress\/wp-content\/uploads\/2023\/07\/152.jpg\" data-orig-size=\"1350,900\" data-comments-opened=\"1\" data-image-meta=\"{&quot;aperture&quot;:&quot;4&quot;,&quot;credit&quot;:&quot;&quot;,&quot;camera&quot;:&quot;DMC-FZ100&quot;,&quot;caption&quot;:&quot;&quot;,&quot;created_timestamp&quot;:&quot;1407685619&quot;,&quot;copyright&quot;:&quot;&quot;,&quot;focal_length&quot;:&quot;4.5&quot;,&quot;iso&quot;:&quot;100&quot;,&quot;shutter_speed&quot;:&quot;0.001&quot;,&quot;title&quot;:&quot;&quot;,&quot;orientation&quot;:&quot;1&quot;}\" data-image-title=\"TV38 Videodreh &#8222;Ein Freund&#8220; &#8211; The Doo Wop Gasolines 10.08.2014\" data-image-description=\"\" data-medium-file=\"http:\/\/elviswhynot.bplaced.net\/wordpress\/wp-content\/uploads\/2023\/07\/152-300x200.jpg\" data-large-file=\"http:\/\/elviswhynot.bplaced.net\/wordpress\/wp-content\/uploads\/2023\/07\/152-1024x683.jpg\" src=\"http:\/\/elviswhynot.bplaced.net\/wordpress\/wp-content\/uploads\/2023\/07\/152.jpg\" width=\"301\" height=\"201\" align=\"left\" title=\"TV38 Videodreh &quot;Ein Freund&quot; - The Doo Wop Gasolines 10.08.2014\" \/><\/a><div class=\"tiled-gallery-caption\">Foto: Uwe Junge, Werlaburgdorf<\/div><\/div><\/div><div class=\"gallery-group images-1\" style=\"width: 305px; height: 205px;\"><div class=\"tiled-gallery-item tiled-gallery-item-full\"><a href=\"http:\/\/elviswhynot.bplaced.net\/wordpress\/?attachment_id=507\"><img data-attachment-id=\"507\" data-orig-file=\"http:\/\/elviswhynot.bplaced.net\/wordpress\/wp-content\/uploads\/2023\/07\/153.jpg\" data-orig-size=\"1350,900\" data-comments-opened=\"1\" data-image-meta=\"{&quot;aperture&quot;:&quot;4&quot;,&quot;credit&quot;:&quot;&quot;,&quot;camera&quot;:&quot;DMC-FZ100&quot;,&quot;caption&quot;:&quot;&quot;,&quot;created_timestamp&quot;:&quot;1407686089&quot;,&quot;copyright&quot;:&quot;&quot;,&quot;focal_length&quot;:&quot;5.2&quot;,&quot;iso&quot;:&quot;100&quot;,&quot;shutter_speed&quot;:&quot;0.001&quot;,&quot;title&quot;:&quot;&quot;,&quot;orientation&quot;:&quot;1&quot;}\" data-image-title=\"TV38 Videodreh &#8222;Ein Freund&#8220; &#8211; The Doo Wop Gasolines 10.08.2014\" data-image-description=\"\" data-medium-file=\"http:\/\/elviswhynot.bplaced.net\/wordpress\/wp-content\/uploads\/2023\/07\/153-300x200.jpg\" data-large-file=\"http:\/\/elviswhynot.bplaced.net\/wordpress\/wp-content\/uploads\/2023\/07\/153-1024x683.jpg\" src=\"http:\/\/elviswhynot.bplaced.net\/wordpress\/wp-content\/uploads\/2023\/07\/153.jpg\" width=\"301\" height=\"201\" align=\"left\" title=\"TV38 Videodreh &quot;Ein Freund&quot; - The Doo Wop Gasolines 10.08.2014\" \/><\/a><div class=\"tiled-gallery-caption\">Foto: Uwe Junge, Werlaburgdorf<\/div><\/div><\/div><\/div><div class=\"gallery-row\" style=\"width: 915px; height: 404px;\"><div class=\"gallery-group images-1\" style=\"width: 611px; height: 408px;\"><div class=\"tiled-gallery-item tiled-gallery-item-full\"><a href=\"http:\/\/elviswhynot.bplaced.net\/wordpress\/?attachment_id=508\"><img data-attachment-id=\"508\" data-orig-file=\"http:\/\/elviswhynot.bplaced.net\/wordpress\/wp-content\/uploads\/2023\/07\/154.jpg\" data-orig-size=\"1350,900\" data-comments-opened=\"1\" data-image-meta=\"{&quot;aperture&quot;:&quot;4&quot;,&quot;credit&quot;:&quot;&quot;,&quot;camera&quot;:&quot;DMC-FZ100&quot;,&quot;caption&quot;:&quot;&quot;,&quot;created_timestamp&quot;:&quot;1407686099&quot;,&quot;copyright&quot;:&quot;&quot;,&quot;focal_length&quot;:&quot;5.2&quot;,&quot;iso&quot;:&quot;100&quot;,&quot;shutter_speed&quot;:&quot;0.00125&quot;,&quot;title&quot;:&quot;&quot;,&quot;orientation&quot;:&quot;1&quot;}\" data-image-title=\"TV38 Videodreh &#8222;Ein Freund&#8220; &#8211; The Doo Wop Gasolines 10.08.2014\" data-image-description=\"\" data-medium-file=\"http:\/\/elviswhynot.bplaced.net\/wordpress\/wp-content\/uploads\/2023\/07\/154-300x200.jpg\" data-large-file=\"http:\/\/elviswhynot.bplaced.net\/wordpress\/wp-content\/uploads\/2023\/07\/154-1024x683.jpg\" src=\"http:\/\/elviswhynot.bplaced.net\/wordpress\/wp-content\/uploads\/2023\/07\/154.jpg\" width=\"607\" height=\"404\" align=\"left\" title=\"TV38 Videodreh &quot;Ein Freund&quot; - The Doo Wop Gasolines 10.08.2014\" \/><\/a><div class=\"tiled-gallery-caption\">Foto: Uwe Junge, Werlaburgdorf<\/div><\/div><\/div><div class=\"gallery-group images-2\" style=\"width: 304px; height: 408px;\"><div class=\"tiled-gallery-item tiled-gallery-item-full\"><a href=\"http:\/\/elviswhynot.bplaced.net\/wordpress\/?attachment_id=509\"><img data-attachment-id=\"509\" data-orig-file=\"http:\/\/elviswhynot.bplaced.net\/wordpress\/wp-content\/uploads\/2023\/07\/155.jpg\" data-orig-size=\"1350,900\" data-comments-opened=\"1\" data-image-meta=\"{&quot;aperture&quot;:&quot;4&quot;,&quot;credit&quot;:&quot;&quot;,&quot;camera&quot;:&quot;DMC-FZ100&quot;,&quot;caption&quot;:&quot;&quot;,&quot;created_timestamp&quot;:&quot;1407686170&quot;,&quot;copyright&quot;:&quot;&quot;,&quot;focal_length&quot;:&quot;6.5&quot;,&quot;iso&quot;:&quot;100&quot;,&quot;shutter_speed&quot;:&quot;0.00125&quot;,&quot;title&quot;:&quot;&quot;,&quot;orientation&quot;:&quot;1&quot;}\" data-image-title=\"TV38 Videodreh &#8222;Ein Freund&#8220; &#8211; The Doo Wop Gasolines 10.08.2014\" data-image-description=\"\" data-medium-file=\"http:\/\/elviswhynot.bplaced.net\/wordpress\/wp-content\/uploads\/2023\/07\/155-300x200.jpg\" data-large-file=\"http:\/\/elviswhynot.bplaced.net\/wordpress\/wp-content\/uploads\/2023\/07\/155-1024x683.jpg\" src=\"http:\/\/elviswhynot.bplaced.net\/wordpress\/wp-content\/uploads\/2023\/07\/155.jpg\" width=\"300\" height=\"200\" align=\"left\" title=\"TV38 Videodreh &quot;Ein Freund&quot; - The Doo Wop Gasolines 10.08.2014\" \/><\/a><div class=\"tiled-gallery-caption\">Foto: Uwe Junge, Werlaburgdorf<\/div><\/div><div class=\"tiled-gallery-item tiled-gallery-item-full\"><a href=\"http:\/\/elviswhynot.bplaced.net\/wordpress\/?attachment_id=510\"><img data-attachment-id=\"510\" data-orig-file=\"http:\/\/elviswhynot.bplaced.net\/wordpress\/wp-content\/uploads\/2023\/07\/156.jpg\" data-orig-size=\"1350,900\" data-comments-opened=\"1\" data-image-meta=\"{&quot;aperture&quot;:&quot;4&quot;,&quot;credit&quot;:&quot;&quot;,&quot;camera&quot;:&quot;DMC-FZ100&quot;,&quot;caption&quot;:&quot;&quot;,&quot;created_timestamp&quot;:&quot;1407686204&quot;,&quot;copyright&quot;:&quot;&quot;,&quot;focal_length&quot;:&quot;6.5&quot;,&quot;iso&quot;:&quot;100&quot;,&quot;shutter_speed&quot;:&quot;0.0015625&quot;,&quot;title&quot;:&quot;&quot;,&quot;orientation&quot;:&quot;1&quot;}\" data-image-title=\"TV38 Videodreh &#8222;Ein Freund&#8220; &#8211; The Doo Wop Gasolines 10.08.2014\" data-image-description=\"\" data-medium-file=\"http:\/\/elviswhynot.bplaced.net\/wordpress\/wp-content\/uploads\/2023\/07\/156-300x200.jpg\" data-large-file=\"http:\/\/elviswhynot.bplaced.net\/wordpress\/wp-content\/uploads\/2023\/07\/156-1024x683.jpg\" src=\"http:\/\/elviswhynot.bplaced.net\/wordpress\/wp-content\/uploads\/2023\/07\/156.jpg\" width=\"300\" height=\"200\" align=\"left\" title=\"TV38 Videodreh &quot;Ein Freund&quot; - The Doo Wop Gasolines 10.08.2014\" \/><\/a><div class=\"tiled-gallery-caption\">Foto: Uwe Junge, Werlaburgdorf<\/div><\/div><\/div><\/div><div class=\"gallery-row\" style=\"width: 915px; height: 341px;\"><div class=\"gallery-group images-1\" style=\"width: 516px; height: 345px;\"><div class=\"tiled-gallery-item tiled-gallery-item-full\"><a href=\"http:\/\/elviswhynot.bplaced.net\/wordpress\/?attachment_id=511\"><img data-attachment-id=\"511\" data-orig-file=\"http:\/\/elviswhynot.bplaced.net\/wordpress\/wp-content\/uploads\/2023\/07\/157.jpg\" data-orig-size=\"1350,900\" data-comments-opened=\"1\" data-image-meta=\"{&quot;aperture&quot;:&quot;4&quot;,&quot;credit&quot;:&quot;&quot;,&quot;camera&quot;:&quot;DMC-FZ100&quot;,&quot;caption&quot;:&quot;&quot;,&quot;created_timestamp&quot;:&quot;1407686399&quot;,&quot;copyright&quot;:&quot;&quot;,&quot;focal_length&quot;:&quot;9.7&quot;,&quot;iso&quot;:&quot;100&quot;,&quot;shutter_speed&quot;:&quot;0.0015625&quot;,&quot;title&quot;:&quot;&quot;,&quot;orientation&quot;:&quot;1&quot;}\" data-image-title=\"TV38 Videodreh &#8222;Ein Freund&#8220; &#8211; The Doo Wop Gasolines 10.08.2014\" data-image-description=\"\" data-medium-file=\"http:\/\/elviswhynot.bplaced.net\/wordpress\/wp-content\/uploads\/2023\/07\/157-300x200.jpg\" data-large-file=\"http:\/\/elviswhynot.bplaced.net\/wordpress\/wp-content\/uploads\/2023\/07\/157-1024x683.jpg\" src=\"http:\/\/elviswhynot.bplaced.net\/wordpress\/wp-content\/uploads\/2023\/07\/157.jpg\" width=\"512\" height=\"341\" align=\"left\" title=\"TV38 Videodreh &quot;Ein Freund&quot; - The Doo Wop Gasolines 10.08.2014\" \/><\/a><div class=\"tiled-gallery-caption\">Foto: Uwe Junge, Werlaburgdorf<\/div><\/div><\/div><div class=\"gallery-group images-1\" style=\"width: 399px; height: 345px;\"><div class=\"tiled-gallery-item tiled-gallery-item-full\"><a href=\"http:\/\/elviswhynot.bplaced.net\/wordpress\/?attachment_id=512\"><img data-attachment-id=\"512\" data-orig-file=\"http:\/\/elviswhynot.bplaced.net\/wordpress\/wp-content\/uploads\/2023\/07\/158.jpg\" data-orig-size=\"733,633\" data-comments-opened=\"1\" data-image-meta=\"{&quot;aperture&quot;:&quot;0&quot;,&quot;credit&quot;:&quot;&quot;,&quot;camera&quot;:&quot;&quot;,&quot;caption&quot;:&quot;&quot;,&quot;created_timestamp&quot;:&quot;0&quot;,&quot;copyright&quot;:&quot;&quot;,&quot;focal_length&quot;:&quot;0&quot;,&quot;iso&quot;:&quot;0&quot;,&quot;shutter_speed&quot;:&quot;0&quot;,&quot;title&quot;:&quot;&quot;,&quot;orientation&quot;:&quot;0&quot;}\" data-image-title=\"Tierheim-Benefizkonzert Kulturscheune Salzgitter 24.10.2014\" data-image-description=\"\" data-medium-file=\"http:\/\/elviswhynot.bplaced.net\/wordpress\/wp-content\/uploads\/2023\/07\/158-300x259.jpg\" data-large-file=\"http:\/\/elviswhynot.bplaced.net\/wordpress\/wp-content\/uploads\/2023\/07\/158.jpg\" src=\"http:\/\/elviswhynot.bplaced.net\/wordpress\/wp-content\/uploads\/2023\/07\/158.jpg\" width=\"395\" height=\"341\" align=\"left\" title=\"Tierheim-Benefizkonzert Kulturscheune Salzgitter 24.10.2014\" \/><\/a><div class=\"tiled-gallery-caption\">Foto: Rudolf Karliczek, Salzgitter<\/div><\/div><\/div><\/div><div class=\"gallery-row\" style=\"width: 915px; height: 467px;\"><div class=\"gallery-group images-1\" style=\"width: 598px; height: 471px;\"><div class=\"tiled-gallery-item tiled-gallery-item-full\"><a href=\"http:\/\/elviswhynot.bplaced.net\/wordpress\/?attachment_id=514\"><img data-attachment-id=\"514\" data-orig-file=\"http:\/\/elviswhynot.bplaced.net\/wordpress\/wp-content\/uploads\/2023\/07\/160.jpg\" data-orig-size=\"683,537\" data-comments-opened=\"1\" data-image-meta=\"{&quot;aperture&quot;:&quot;0&quot;,&quot;credit&quot;:&quot;&quot;,&quot;camera&quot;:&quot;&quot;,&quot;caption&quot;:&quot;&quot;,&quot;created_timestamp&quot;:&quot;0&quot;,&quot;copyright&quot;:&quot;&quot;,&quot;focal_length&quot;:&quot;0&quot;,&quot;iso&quot;:&quot;0&quot;,&quot;shutter_speed&quot;:&quot;0&quot;,&quot;title&quot;:&quot;&quot;,&quot;orientation&quot;:&quot;0&quot;}\" data-image-title=\"Tierheim-Benefizkonzert Kulturscheune Salzgitter 24.10.2014\" data-image-description=\"\" data-medium-file=\"http:\/\/elviswhynot.bplaced.net\/wordpress\/wp-content\/uploads\/2023\/07\/160-300x236.jpg\" data-large-file=\"http:\/\/elviswhynot.bplaced.net\/wordpress\/wp-content\/uploads\/2023\/07\/160.jpg\" src=\"http:\/\/elviswhynot.bplaced.net\/wordpress\/wp-content\/uploads\/2023\/07\/160.jpg\" width=\"594\" height=\"467\" align=\"left\" title=\"Tierheim-Benefizkonzert Kulturscheune Salzgitter 24.10.2014\" \/><\/a><div class=\"tiled-gallery-caption\">Foto: Rudolf Karliczek, Salzgitter<\/div><\/div><\/div><div class=\"gallery-group images-1\" style=\"width: 317px; height: 471px;\"><div class=\"tiled-gallery-item tiled-gallery-item-full\"><a href=\"http:\/\/elviswhynot.bplaced.net\/wordpress\/?attachment_id=513\"><img data-attachment-id=\"513\" data-orig-file=\"http:\/\/elviswhynot.bplaced.net\/wordpress\/wp-content\/uploads\/2023\/07\/159.jpg\" data-orig-size=\"486,724\" data-comments-opened=\"1\" data-image-meta=\"{&quot;aperture&quot;:&quot;0&quot;,&quot;credit&quot;:&quot;&quot;,&quot;camera&quot;:&quot;&quot;,&quot;caption&quot;:&quot;&quot;,&quot;created_timestamp&quot;:&quot;0&quot;,&quot;copyright&quot;:&quot;&quot;,&quot;focal_length&quot;:&quot;0&quot;,&quot;iso&quot;:&quot;0&quot;,&quot;shutter_speed&quot;:&quot;0&quot;,&quot;title&quot;:&quot;&quot;,&quot;orientation&quot;:&quot;0&quot;}\" data-image-title=\"Tierheim-Benefizkonzert Kulturscheune Salzgitter 24.10.2014\" data-image-description=\"\" data-medium-file=\"http:\/\/elviswhynot.bplaced.net\/wordpress\/wp-content\/uploads\/2023\/07\/159-201x300.jpg\" data-large-file=\"http:\/\/elviswhynot.bplaced.net\/wordpress\/wp-content\/uploads\/2023\/07\/159.jpg\" src=\"http:\/\/elviswhynot.bplaced.net\/wordpress\/wp-content\/uploads\/2023\/07\/159.jpg\" width=\"313\" height=\"467\" align=\"left\" title=\"Tierheim-Benefizkonzert Kulturscheune Salzgitter 24.10.2014\" \/><\/a><div class=\"tiled-gallery-caption\">Foto: Rudolf Karliczek, Salzgitter<\/div><\/div><\/div><\/div><div class=\"gallery-row\" style=\"width: 915px; height: 386px;\"><div class=\"gallery-group images-1\" style=\"width: 257px; height: 390px;\"><div class=\"tiled-gallery-item tiled-gallery-item-full\"><a href=\"http:\/\/elviswhynot.bplaced.net\/wordpress\/?attachment_id=515\"><img data-attachment-id=\"515\" data-orig-file=\"http:\/\/elviswhynot.bplaced.net\/wordpress\/wp-content\/uploads\/2023\/07\/161.jpg\" data-orig-size=\"527,806\" data-comments-opened=\"1\" data-image-meta=\"{&quot;aperture&quot;:&quot;0&quot;,&quot;credit&quot;:&quot;&quot;,&quot;camera&quot;:&quot;&quot;,&quot;caption&quot;:&quot;&quot;,&quot;created_timestamp&quot;:&quot;0&quot;,&quot;copyright&quot;:&quot;&quot;,&quot;focal_length&quot;:&quot;0&quot;,&quot;iso&quot;:&quot;0&quot;,&quot;shutter_speed&quot;:&quot;0&quot;,&quot;title&quot;:&quot;&quot;,&quot;orientation&quot;:&quot;0&quot;}\" data-image-title=\"Tierheim-Benefizkonzert Kulturscheune Salzgitter 24.10.2014\" data-image-description=\"\" data-medium-file=\"http:\/\/elviswhynot.bplaced.net\/wordpress\/wp-content\/uploads\/2023\/07\/161-196x300.jpg\" data-large-file=\"http:\/\/elviswhynot.bplaced.net\/wordpress\/wp-content\/uploads\/2023\/07\/161.jpg\" src=\"http:\/\/elviswhynot.bplaced.net\/wordpress\/wp-content\/uploads\/2023\/07\/161.jpg\" width=\"253\" height=\"386\" align=\"left\" title=\"Tierheim-Benefizkonzert Kulturscheune Salzgitter 24.10.2014\" \/><\/a><div class=\"tiled-gallery-caption\">Foto: Rudolf Karliczek, Salzgitter<\/div><\/div><\/div><div class=\"gallery-group images-1\" style=\"width: 658px; height: 390px;\"><div class=\"tiled-gallery-item tiled-gallery-item-full\"><a href=\"http:\/\/elviswhynot.bplaced.net\/wordpress\/?attachment_id=517\"><img data-attachment-id=\"517\" data-orig-file=\"http:\/\/elviswhynot.bplaced.net\/wordpress\/wp-content\/uploads\/2023\/07\/163.jpg\" data-orig-size=\"801,473\" data-comments-opened=\"1\" data-image-meta=\"{&quot;aperture&quot;:&quot;0&quot;,&quot;credit&quot;:&quot;&quot;,&quot;camera&quot;:&quot;&quot;,&quot;caption&quot;:&quot;&quot;,&quot;created_timestamp&quot;:&quot;0&quot;,&quot;copyright&quot;:&quot;&quot;,&quot;focal_length&quot;:&quot;0&quot;,&quot;iso&quot;:&quot;0&quot;,&quot;shutter_speed&quot;:&quot;0&quot;,&quot;title&quot;:&quot;&quot;,&quot;orientation&quot;:&quot;0&quot;}\" data-image-title=\"Tierheim-Benefizkonzert Kulturscheune Salzgitter 24.10.2014\" data-image-description=\"\" data-medium-file=\"http:\/\/elviswhynot.bplaced.net\/wordpress\/wp-content\/uploads\/2023\/07\/163-300x177.jpg\" data-large-file=\"http:\/\/elviswhynot.bplaced.net\/wordpress\/wp-content\/uploads\/2023\/07\/163.jpg\" src=\"http:\/\/elviswhynot.bplaced.net\/wordpress\/wp-content\/uploads\/2023\/07\/163.jpg\" width=\"654\" height=\"386\" align=\"left\" title=\"Tierheim-Benefizkonzert Kulturscheune Salzgitter 24.10.2014\" \/><\/a><div class=\"tiled-gallery-caption\">Foto: Rudolf Karliczek, Salzgitter<\/div><\/div><\/div><\/div><div class=\"gallery-row\" style=\"width: 915px; height: 794px;\"><div class=\"gallery-group images-1\" style=\"width: 572px; height: 798px;\"><div class=\"tiled-gallery-item tiled-gallery-item-full\"><a href=\"http:\/\/elviswhynot.bplaced.net\/wordpress\/?attachment_id=516\"><img data-attachment-id=\"516\" data-orig-file=\"http:\/\/elviswhynot.bplaced.net\/wordpress\/wp-content\/uploads\/2023\/07\/162.jpg\" data-orig-size=\"623,872\" data-comments-opened=\"1\" data-image-meta=\"{&quot;aperture&quot;:&quot;0&quot;,&quot;credit&quot;:&quot;&quot;,&quot;camera&quot;:&quot;&quot;,&quot;caption&quot;:&quot;&quot;,&quot;created_timestamp&quot;:&quot;0&quot;,&quot;copyright&quot;:&quot;&quot;,&quot;focal_length&quot;:&quot;0&quot;,&quot;iso&quot;:&quot;0&quot;,&quot;shutter_speed&quot;:&quot;0&quot;,&quot;title&quot;:&quot;&quot;,&quot;orientation&quot;:&quot;0&quot;}\" data-image-title=\"Tierheim-Benefizkonzert Kulturscheune Salzgitter 24.10.2014\" data-image-description=\"\" data-medium-file=\"http:\/\/elviswhynot.bplaced.net\/wordpress\/wp-content\/uploads\/2023\/07\/162-214x300.jpg\" data-large-file=\"http:\/\/elviswhynot.bplaced.net\/wordpress\/wp-content\/uploads\/2023\/07\/162.jpg\" src=\"http:\/\/elviswhynot.bplaced.net\/wordpress\/wp-content\/uploads\/2023\/07\/162.jpg\" width=\"568\" height=\"794\" align=\"left\" title=\"Tierheim-Benefizkonzert Kulturscheune Salzgitter 24.10.2014\" \/><\/a><div class=\"tiled-gallery-caption\">Foto: Rudolf Karliczek, Salzgitter<\/div><\/div><\/div><div class=\"gallery-group images-3\" style=\"width: 343px; height: 798px;\"><div class=\"tiled-gallery-item tiled-gallery-item-full\"><a href=\"http:\/\/elviswhynot.bplaced.net\/wordpress\/?attachment_id=518\"><img data-attachment-id=\"518\" data-orig-file=\"http:\/\/elviswhynot.bplaced.net\/wordpress\/wp-content\/uploads\/2023\/07\/164.jpg\" data-orig-size=\"735,609\" data-comments-opened=\"1\" data-image-meta=\"{&quot;aperture&quot;:&quot;0&quot;,&quot;credit&quot;:&quot;&quot;,&quot;camera&quot;:&quot;&quot;,&quot;caption&quot;:&quot;&quot;,&quot;created_timestamp&quot;:&quot;0&quot;,&quot;copyright&quot;:&quot;&quot;,&quot;focal_length&quot;:&quot;0&quot;,&quot;iso&quot;:&quot;0&quot;,&quot;shutter_speed&quot;:&quot;0&quot;,&quot;title&quot;:&quot;&quot;,&quot;orientation&quot;:&quot;0&quot;}\" data-image-title=\"Tierheim-Benefizkonzert Kulturscheune Salzgitter 24.10.2014\" data-image-description=\"\" data-medium-file=\"http:\/\/elviswhynot.bplaced.net\/wordpress\/wp-content\/uploads\/2023\/07\/164-300x249.jpg\" data-large-file=\"http:\/\/elviswhynot.bplaced.net\/wordpress\/wp-content\/uploads\/2023\/07\/164.jpg\" src=\"http:\/\/elviswhynot.bplaced.net\/wordpress\/wp-content\/uploads\/2023\/07\/164.jpg\" width=\"339\" height=\"281\" align=\"left\" title=\"Tierheim-Benefizkonzert Kulturscheune Salzgitter 24.10.2014\" \/><\/a><div class=\"tiled-gallery-caption\">Foto: Rudolf Karliczek, Salzgitter<\/div><\/div><div class=\"tiled-gallery-item tiled-gallery-item-full\"><a href=\"http:\/\/elviswhynot.bplaced.net\/wordpress\/?attachment_id=519\"><img data-attachment-id=\"519\" data-orig-file=\"http:\/\/elviswhynot.bplaced.net\/wordpress\/wp-content\/uploads\/2023\/07\/165.jpg\" data-orig-size=\"718,472\" data-comments-opened=\"1\" data-image-meta=\"{&quot;aperture&quot;:&quot;0&quot;,&quot;credit&quot;:&quot;&quot;,&quot;camera&quot;:&quot;&quot;,&quot;caption&quot;:&quot;&quot;,&quot;created_timestamp&quot;:&quot;0&quot;,&quot;copyright&quot;:&quot;&quot;,&quot;focal_length&quot;:&quot;0&quot;,&quot;iso&quot;:&quot;0&quot;,&quot;shutter_speed&quot;:&quot;0&quot;,&quot;title&quot;:&quot;&quot;,&quot;orientation&quot;:&quot;0&quot;}\" data-image-title=\"Tierheim-Benefizkonzert Kulturscheune Salzgitter 24.10.2014\" data-image-description=\"\" data-medium-file=\"http:\/\/elviswhynot.bplaced.net\/wordpress\/wp-content\/uploads\/2023\/07\/165-300x197.jpg\" data-large-file=\"http:\/\/elviswhynot.bplaced.net\/wordpress\/wp-content\/uploads\/2023\/07\/165.jpg\" src=\"http:\/\/elviswhynot.bplaced.net\/wordpress\/wp-content\/uploads\/2023\/07\/165.jpg\" width=\"339\" height=\"223\" align=\"left\" title=\"Tierheim-Benefizkonzert Kulturscheune Salzgitter 24.10.2014\" \/><\/a><div class=\"tiled-gallery-caption\">Foto: Rudolf Karliczek, Salzgitter<\/div><\/div><div class=\"tiled-gallery-item tiled-gallery-item-full\"><a href=\"http:\/\/elviswhynot.bplaced.net\/wordpress\/?attachment_id=520\"><img data-attachment-id=\"520\" data-orig-file=\"http:\/\/elviswhynot.bplaced.net\/wordpress\/wp-content\/uploads\/2023\/07\/166.jpg\" data-orig-size=\"601,499\" data-comments-opened=\"1\" data-image-meta=\"{&quot;aperture&quot;:&quot;0&quot;,&quot;credit&quot;:&quot;&quot;,&quot;camera&quot;:&quot;&quot;,&quot;caption&quot;:&quot;&quot;,&quot;created_timestamp&quot;:&quot;0&quot;,&quot;copyright&quot;:&quot;&quot;,&quot;focal_length&quot;:&quot;0&quot;,&quot;iso&quot;:&quot;0&quot;,&quot;shutter_speed&quot;:&quot;0&quot;,&quot;title&quot;:&quot;&quot;,&quot;orientation&quot;:&quot;0&quot;}\" data-image-title=\"Tierheim-Benefizkonzert Kulturscheune Salzgitter 24.10.2014\" data-image-description=\"\" data-medium-file=\"http:\/\/elviswhynot.bplaced.net\/wordpress\/wp-content\/uploads\/2023\/07\/166-300x249.jpg\" data-large-file=\"http:\/\/elviswhynot.bplaced.net\/wordpress\/wp-content\/uploads\/2023\/07\/166.jpg\" src=\"http:\/\/elviswhynot.bplaced.net\/wordpress\/wp-content\/uploads\/2023\/07\/166.jpg\" width=\"339\" height=\"282\" align=\"left\" title=\"Tierheim-Benefizkonzert Kulturscheune Salzgitter 24.10.2014\" \/><\/a><div class=\"tiled-gallery-caption\">Foto: Rudolf Karliczek, Salzgitter<\/div><\/div><\/div><\/div><div class=\"gallery-row\" style=\"width: 915px; height: 607px;\"><div class=\"gallery-group images-1\" style=\"width: 459px; height: 611px;\"><div class=\"tiled-gallery-item tiled-gallery-item-full\"><a href=\"http:\/\/elviswhynot.bplaced.net\/wordpress\/?attachment_id=521\"><img data-attachment-id=\"521\" data-orig-file=\"http:\/\/elviswhynot.bplaced.net\/wordpress\/wp-content\/uploads\/2023\/07\/167.jpg\" data-orig-size=\"595,793\" data-comments-opened=\"1\" data-image-meta=\"{&quot;aperture&quot;:&quot;0&quot;,&quot;credit&quot;:&quot;&quot;,&quot;camera&quot;:&quot;&quot;,&quot;caption&quot;:&quot;&quot;,&quot;created_timestamp&quot;:&quot;0&quot;,&quot;copyright&quot;:&quot;&quot;,&quot;focal_length&quot;:&quot;0&quot;,&quot;iso&quot;:&quot;0&quot;,&quot;shutter_speed&quot;:&quot;0&quot;,&quot;title&quot;:&quot;&quot;,&quot;orientation&quot;:&quot;0&quot;}\" data-image-title=\"Tierheim-Benefizkonzert Kulturscheune Salzgitter 24.10.2014\" data-image-description=\"\" data-medium-file=\"http:\/\/elviswhynot.bplaced.net\/wordpress\/wp-content\/uploads\/2023\/07\/167-225x300.jpg\" data-large-file=\"http:\/\/elviswhynot.bplaced.net\/wordpress\/wp-content\/uploads\/2023\/07\/167.jpg\" src=\"http:\/\/elviswhynot.bplaced.net\/wordpress\/wp-content\/uploads\/2023\/07\/167.jpg\" width=\"455\" height=\"607\" align=\"left\" title=\"Tierheim-Benefizkonzert Kulturscheune Salzgitter 24.10.2014\" \/><\/a><div class=\"tiled-gallery-caption\">Foto: Rudolf Karliczek, Salzgitter<\/div><\/div><\/div><div class=\"gallery-group images-2\" style=\"width: 456px; height: 611px;\"><div class=\"tiled-gallery-item tiled-gallery-item-full\"><a href=\"http:\/\/elviswhynot.bplaced.net\/wordpress\/?attachment_id=522\"><img data-attachment-id=\"522\" data-orig-file=\"http:\/\/elviswhynot.bplaced.net\/wordpress\/wp-content\/uploads\/2023\/07\/168.jpg\" data-orig-size=\"1348,900\" data-comments-opened=\"1\" data-image-meta=\"{&quot;aperture&quot;:&quot;1.4&quot;,&quot;credit&quot;:&quot;Mario Stalinski&quot;,&quot;camera&quot;:&quot;NIKON D600&quot;,&quot;caption&quot;:&quot;&quot;,&quot;created_timestamp&quot;:&quot;1414265495&quot;,&quot;copyright&quot;:&quot;(c) 2014 Mario Stalinski&quot;,&quot;focal_length&quot;:&quot;50&quot;,&quot;iso&quot;:&quot;2000&quot;,&quot;shutter_speed&quot;:&quot;0.02&quot;,&quot;title&quot;:&quot;Steilkurve - Ticket to the Past&quot;,&quot;orientation&quot;:&quot;1&quot;}\" data-image-title=\"Gastauftritt Steilkurve Konzert Kuba-Halle Wolfenb\u00fcttel 25.10.2014\" data-image-description=\"\" data-medium-file=\"http:\/\/elviswhynot.bplaced.net\/wordpress\/wp-content\/uploads\/2023\/07\/168-300x200.jpg\" data-large-file=\"http:\/\/elviswhynot.bplaced.net\/wordpress\/wp-content\/uploads\/2023\/07\/168-1024x684.jpg\" src=\"http:\/\/elviswhynot.bplaced.net\/wordpress\/wp-content\/uploads\/2023\/07\/168.jpg\" width=\"452\" height=\"302\" align=\"left\" title=\"Gastauftritt Steilkurve Konzert Kuba-Halle Wolfenb\u00fcttel 25.10.2014\" \/><\/a><div class=\"tiled-gallery-caption\">Foto: Mario Stalinski, Braunschweig<\/div><\/div><div class=\"tiled-gallery-item tiled-gallery-item-full\"><a href=\"http:\/\/elviswhynot.bplaced.net\/wordpress\/?attachment_id=523\"><img data-attachment-id=\"523\" data-orig-file=\"http:\/\/elviswhynot.bplaced.net\/wordpress\/wp-content\/uploads\/2023\/07\/169.jpg\" data-orig-size=\"1348,900\" data-comments-opened=\"1\" data-image-meta=\"{&quot;aperture&quot;:&quot;2.8&quot;,&quot;credit&quot;:&quot;Mario Stalinski&quot;,&quot;camera&quot;:&quot;NIKON D600&quot;,&quot;caption&quot;:&quot;&quot;,&quot;created_timestamp&quot;:&quot;1414275408&quot;,&quot;copyright&quot;:&quot;(c) 2014 Mario Stalinski&quot;,&quot;focal_length&quot;:&quot;52&quot;,&quot;iso&quot;:&quot;2800&quot;,&quot;shutter_speed&quot;:&quot;0.01&quot;,&quot;title&quot;:&quot;Steilkurve - Ticket to the Past&quot;,&quot;orientation&quot;:&quot;1&quot;}\" data-image-title=\"Gastauftritt Steilkurve Konzert Kuba-Halle Wolfenb\u00fcttel 25.10.2014\" data-image-description=\"\" data-medium-file=\"http:\/\/elviswhynot.bplaced.net\/wordpress\/wp-content\/uploads\/2023\/07\/169-300x200.jpg\" data-large-file=\"http:\/\/elviswhynot.bplaced.net\/wordpress\/wp-content\/uploads\/2023\/07\/169-1024x684.jpg\" src=\"http:\/\/elviswhynot.bplaced.net\/wordpress\/wp-content\/uploads\/2023\/07\/169.jpg\" width=\"452\" height=\"301\" align=\"left\" title=\"Gastauftritt Steilkurve Konzert Kuba-Halle Wolfenb\u00fcttel 25.10.2014\" \/><\/a><div class=\"tiled-gallery-caption\">Foto: Mario Stalinski, Braunschweig<\/div><\/div><\/div><\/div><div class=\"gallery-row\" style=\"width: 915px; height: 201px;\"><div class=\"gallery-group images-1\" style=\"width: 305px; height: 205px;\"><div class=\"tiled-gallery-item tiled-gallery-item-full\"><a href=\"http:\/\/elviswhynot.bplaced.net\/wordpress\/?attachment_id=524\"><img data-attachment-id=\"524\" data-orig-file=\"http:\/\/elviswhynot.bplaced.net\/wordpress\/wp-content\/uploads\/2023\/07\/170.jpg\" data-orig-size=\"1348,900\" data-comments-opened=\"1\" data-image-meta=\"{&quot;aperture&quot;:&quot;2.8&quot;,&quot;credit&quot;:&quot;Mario Stalinski&quot;,&quot;camera&quot;:&quot;NIKON D600&quot;,&quot;caption&quot;:&quot;&quot;,&quot;created_timestamp&quot;:&quot;1414275666&quot;,&quot;copyright&quot;:&quot;(c) 2014 Mario Stalinski&quot;,&quot;focal_length&quot;:&quot;100&quot;,&quot;iso&quot;:&quot;6400&quot;,&quot;shutter_speed&quot;:&quot;0.01&quot;,&quot;title&quot;:&quot;Steilkurve - Ticket to the Past&quot;,&quot;orientation&quot;:&quot;1&quot;}\" data-image-title=\"Gastauftritt Steilkurve Konzert Kuba-Halle Wolfenb\u00fcttel 25.10.2014\" data-image-description=\"\" data-medium-file=\"http:\/\/elviswhynot.bplaced.net\/wordpress\/wp-content\/uploads\/2023\/07\/170-300x200.jpg\" data-large-file=\"http:\/\/elviswhynot.bplaced.net\/wordpress\/wp-content\/uploads\/2023\/07\/170-1024x684.jpg\" src=\"http:\/\/elviswhynot.bplaced.net\/wordpress\/wp-content\/uploads\/2023\/07\/170.jpg\" width=\"301\" height=\"201\" align=\"left\" title=\"Gastauftritt Steilkurve Konzert Kuba-Halle Wolfenb\u00fcttel 25.10.2014\" \/><\/a><div class=\"tiled-gallery-caption\">Foto: Mario Stalinski, Braunschweig<\/div><\/div><\/div><div class=\"gallery-group images-1\" style=\"width: 305px; height: 205px;\"><div class=\"tiled-gallery-item tiled-gallery-item-full\"><a href=\"http:\/\/elviswhynot.bplaced.net\/wordpress\/?attachment_id=525\"><img data-attachment-id=\"525\" data-orig-file=\"http:\/\/elviswhynot.bplaced.net\/wordpress\/wp-content\/uploads\/2023\/07\/171.jpg\" data-orig-size=\"1348,900\" data-comments-opened=\"1\" data-image-meta=\"{&quot;aperture&quot;:&quot;2.8&quot;,&quot;credit&quot;:&quot;Mario Stalinski&quot;,&quot;camera&quot;:&quot;NIKON D600&quot;,&quot;caption&quot;:&quot;&quot;,&quot;created_timestamp&quot;:&quot;1414275702&quot;,&quot;copyright&quot;:&quot;(c) 2014 Mario Stalinski&quot;,&quot;focal_length&quot;:&quot;100&quot;,&quot;iso&quot;:&quot;3600&quot;,&quot;shutter_speed&quot;:&quot;0.01&quot;,&quot;title&quot;:&quot;Steilkurve - Ticket to the Past&quot;,&quot;orientation&quot;:&quot;1&quot;}\" data-image-title=\"Gastauftritt Steilkurve Konzert Kuba-Halle Wolfenb\u00fcttel 25.10.2014\" data-image-description=\"\" data-medium-file=\"http:\/\/elviswhynot.bplaced.net\/wordpress\/wp-content\/uploads\/2023\/07\/171-300x200.jpg\" data-large-file=\"http:\/\/elviswhynot.bplaced.net\/wordpress\/wp-content\/uploads\/2023\/07\/171-1024x684.jpg\" src=\"http:\/\/elviswhynot.bplaced.net\/wordpress\/wp-content\/uploads\/2023\/07\/171.jpg\" width=\"301\" height=\"201\" align=\"left\" title=\"Gastauftritt Steilkurve Konzert Kuba-Halle Wolfenb\u00fcttel 25.10.2014\" \/><\/a><div class=\"tiled-gallery-caption\">Foto: Mario Stalinski, Braunschweig<\/div><\/div><\/div><div class=\"gallery-group images-1\" style=\"width: 305px; height: 205px;\"><div class=\"tiled-gallery-item tiled-gallery-item-full\"><a href=\"http:\/\/elviswhynot.bplaced.net\/wordpress\/?attachment_id=526\"><img data-attachment-id=\"526\" data-orig-file=\"http:\/\/elviswhynot.bplaced.net\/wordpress\/wp-content\/uploads\/2023\/07\/172.jpg\" data-orig-size=\"1348,900\" data-comments-opened=\"1\" data-image-meta=\"{&quot;aperture&quot;:&quot;2.8&quot;,&quot;credit&quot;:&quot;Mario Stalinski&quot;,&quot;camera&quot;:&quot;NIKON D600&quot;,&quot;caption&quot;:&quot;&quot;,&quot;created_timestamp&quot;:&quot;1414275728&quot;,&quot;copyright&quot;:&quot;(c) 2014 Mario Stalinski&quot;,&quot;focal_length&quot;:&quot;48&quot;,&quot;iso&quot;:&quot;2500&quot;,&quot;shutter_speed&quot;:&quot;0.01&quot;,&quot;title&quot;:&quot;Steilkurve - Ticket to the Past&quot;,&quot;orientation&quot;:&quot;1&quot;}\" data-image-title=\"Gastauftritt Steilkurve Konzert Kuba-Halle Wolfenb\u00fcttel 25.10.2014\" data-image-description=\"\" data-medium-file=\"http:\/\/elviswhynot.bplaced.net\/wordpress\/wp-content\/uploads\/2023\/07\/172-300x200.jpg\" data-large-file=\"http:\/\/elviswhynot.bplaced.net\/wordpress\/wp-content\/uploads\/2023\/07\/172-1024x684.jpg\" src=\"http:\/\/elviswhynot.bplaced.net\/wordpress\/wp-content\/uploads\/2023\/07\/172.jpg\" width=\"301\" height=\"201\" align=\"left\" title=\"Gastauftritt Steilkurve Konzert Kuba-Halle Wolfenb\u00fcttel 25.10.2014\" \/><\/a><div class=\"tiled-gallery-caption\">Foto: Mario Stalinski, Braunschweig<\/div><\/div><\/div><\/div><div class=\"gallery-row\" style=\"width: 915px; height: 405px;\"><div class=\"gallery-group images-2\" style=\"width: 304px; height: 409px;\"><div class=\"tiled-gallery-item tiled-gallery-item-full\"><a href=\"http:\/\/elviswhynot.bplaced.net\/wordpress\/?attachment_id=527\"><img data-attachment-id=\"527\" data-orig-file=\"http:\/\/elviswhynot.bplaced.net\/wordpress\/wp-content\/uploads\/2023\/07\/173.jpg\" data-orig-size=\"1348,900\" data-comments-opened=\"1\" data-image-meta=\"{&quot;aperture&quot;:&quot;2.8&quot;,&quot;credit&quot;:&quot;Mario Stalinski&quot;,&quot;camera&quot;:&quot;NIKON D600&quot;,&quot;caption&quot;:&quot;&quot;,&quot;created_timestamp&quot;:&quot;1414275822&quot;,&quot;copyright&quot;:&quot;(c) 2014 Mario Stalinski&quot;,&quot;focal_length&quot;:&quot;40&quot;,&quot;iso&quot;:&quot;3200&quot;,&quot;shutter_speed&quot;:&quot;0.025&quot;,&quot;title&quot;:&quot;Steilkurve - Ticket to the Past&quot;,&quot;orientation&quot;:&quot;1&quot;}\" data-image-title=\"Gastauftritt Steilkurve Konzert Kuba-Halle Wolfenb\u00fcttel 25.10.2014\" data-image-description=\"\" data-medium-file=\"http:\/\/elviswhynot.bplaced.net\/wordpress\/wp-content\/uploads\/2023\/07\/173-300x200.jpg\" data-large-file=\"http:\/\/elviswhynot.bplaced.net\/wordpress\/wp-content\/uploads\/2023\/07\/173-1024x684.jpg\" src=\"http:\/\/elviswhynot.bplaced.net\/wordpress\/wp-content\/uploads\/2023\/07\/173.jpg\" width=\"300\" height=\"201\" align=\"left\" title=\"Gastauftritt Steilkurve Konzert Kuba-Halle Wolfenb\u00fcttel 25.10.2014\" \/><\/a><div class=\"tiled-gallery-caption\">Foto: Mario Stalinski, Braunschweig<\/div><\/div><div class=\"tiled-gallery-item tiled-gallery-item-full\"><a href=\"http:\/\/elviswhynot.bplaced.net\/wordpress\/?attachment_id=528\"><img data-attachment-id=\"528\" data-orig-file=\"http:\/\/elviswhynot.bplaced.net\/wordpress\/wp-content\/uploads\/2023\/07\/174.jpg\" data-orig-size=\"1348,900\" data-comments-opened=\"1\" data-image-meta=\"{&quot;aperture&quot;:&quot;2.8&quot;,&quot;credit&quot;:&quot;Mario Stalinski&quot;,&quot;camera&quot;:&quot;NIKON D600&quot;,&quot;caption&quot;:&quot;&quot;,&quot;created_timestamp&quot;:&quot;1414275840&quot;,&quot;copyright&quot;:&quot;(c) 2014 Mario Stalinski&quot;,&quot;focal_length&quot;:&quot;28&quot;,&quot;iso&quot;:&quot;1600&quot;,&quot;shutter_speed&quot;:&quot;0.025&quot;,&quot;title&quot;:&quot;Steilkurve - Ticket to the Past&quot;,&quot;orientation&quot;:&quot;1&quot;}\" data-image-title=\"Gastauftritt Steilkurve Konzert Kuba-Halle Wolfenb\u00fcttel 25.10.2014\" data-image-description=\"\" data-medium-file=\"http:\/\/elviswhynot.bplaced.net\/wordpress\/wp-content\/uploads\/2023\/07\/174-300x200.jpg\" data-large-file=\"http:\/\/elviswhynot.bplaced.net\/wordpress\/wp-content\/uploads\/2023\/07\/174-1024x684.jpg\" src=\"http:\/\/elviswhynot.bplaced.net\/wordpress\/wp-content\/uploads\/2023\/07\/174.jpg\" width=\"300\" height=\"200\" align=\"left\" title=\"Gastauftritt Steilkurve Konzert Kuba-Halle Wolfenb\u00fcttel 25.10.2014\" \/><\/a><div class=\"tiled-gallery-caption\">Foto: Mario Stalinski, Braunschweig<\/div><\/div><\/div><div class=\"gallery-group images-1\" style=\"width: 611px; height: 409px;\"><div class=\"tiled-gallery-item tiled-gallery-item-full\"><a href=\"http:\/\/elviswhynot.bplaced.net\/wordpress\/?attachment_id=529\"><img data-attachment-id=\"529\" data-orig-file=\"http:\/\/elviswhynot.bplaced.net\/wordpress\/wp-content\/uploads\/2023\/07\/175.jpg\" data-orig-size=\"1348,900\" data-comments-opened=\"1\" data-image-meta=\"{&quot;aperture&quot;:&quot;2.8&quot;,&quot;credit&quot;:&quot;Mario Stalinski&quot;,&quot;camera&quot;:&quot;NIKON D600&quot;,&quot;caption&quot;:&quot;&quot;,&quot;created_timestamp&quot;:&quot;1414275844&quot;,&quot;copyright&quot;:&quot;(c) 2014 Mario Stalinski&quot;,&quot;focal_length&quot;:&quot;28&quot;,&quot;iso&quot;:&quot;3200&quot;,&quot;shutter_speed&quot;:&quot;0.025&quot;,&quot;title&quot;:&quot;Steilkurve - Ticket to the Past&quot;,&quot;orientation&quot;:&quot;1&quot;}\" data-image-title=\"Gastauftritt Steilkurve Konzert Kuba-Halle Wolfenb\u00fcttel 25.10.2014\" data-image-description=\"\" data-medium-file=\"http:\/\/elviswhynot.bplaced.net\/wordpress\/wp-content\/uploads\/2023\/07\/175-300x200.jpg\" data-large-file=\"http:\/\/elviswhynot.bplaced.net\/wordpress\/wp-content\/uploads\/2023\/07\/175-1024x684.jpg\" src=\"http:\/\/elviswhynot.bplaced.net\/wordpress\/wp-content\/uploads\/2023\/07\/175.jpg\" width=\"607\" height=\"405\" align=\"left\" title=\"Gastauftritt Steilkurve Konzert Kuba-Halle Wolfenb\u00fcttel 25.10.2014\" \/><\/a><div class=\"tiled-gallery-caption\">Foto: Mario Stalinski, Braunschweig<\/div><\/div><\/div><\/div><div class=\"gallery-row\" style=\"width: 915px; height: 201px;\"><div class=\"gallery-group images-1\" style=\"width: 305px; height: 205px;\"><div class=\"tiled-gallery-item tiled-gallery-item-full\"><a href=\"http:\/\/elviswhynot.bplaced.net\/wordpress\/?attachment_id=530\"><img data-attachment-id=\"530\" data-orig-file=\"http:\/\/elviswhynot.bplaced.net\/wordpress\/wp-content\/uploads\/2023\/07\/176.jpg\" data-orig-size=\"1348,900\" data-comments-opened=\"1\" data-image-meta=\"{&quot;aperture&quot;:&quot;2.8&quot;,&quot;credit&quot;:&quot;Mario Stalinski&quot;,&quot;camera&quot;:&quot;NIKON D600&quot;,&quot;caption&quot;:&quot;&quot;,&quot;created_timestamp&quot;:&quot;1414275862&quot;,&quot;copyright&quot;:&quot;(c) 2014 Mario Stalinski&quot;,&quot;focal_length&quot;:&quot;36&quot;,&quot;iso&quot;:&quot;3200&quot;,&quot;shutter_speed&quot;:&quot;0.025&quot;,&quot;title&quot;:&quot;Steilkurve - Ticket to the Past&quot;,&quot;orientation&quot;:&quot;1&quot;}\" data-image-title=\"Gastauftritt Steilkurve Konzert Kuba-Halle Wolfenb\u00fcttel 25.10.2014\" data-image-description=\"\" data-medium-file=\"http:\/\/elviswhynot.bplaced.net\/wordpress\/wp-content\/uploads\/2023\/07\/176-300x200.jpg\" data-large-file=\"http:\/\/elviswhynot.bplaced.net\/wordpress\/wp-content\/uploads\/2023\/07\/176-1024x684.jpg\" src=\"http:\/\/elviswhynot.bplaced.net\/wordpress\/wp-content\/uploads\/2023\/07\/176.jpg\" width=\"301\" height=\"201\" align=\"left\" title=\"Gastauftritt Steilkurve Konzert Kuba-Halle Wolfenb\u00fcttel 25.10.2014\" \/><\/a><div class=\"tiled-gallery-caption\">Foto: Mario Stalinski, Braunschweig<\/div><\/div><\/div><div class=\"gallery-group images-1\" style=\"width: 305px; height: 205px;\"><div class=\"tiled-gallery-item tiled-gallery-item-full\"><a href=\"http:\/\/elviswhynot.bplaced.net\/wordpress\/?attachment_id=531\"><img data-attachment-id=\"531\" data-orig-file=\"http:\/\/elviswhynot.bplaced.net\/wordpress\/wp-content\/uploads\/2023\/07\/177.jpg\" data-orig-size=\"1348,900\" data-comments-opened=\"1\" data-image-meta=\"{&quot;aperture&quot;:&quot;2.8&quot;,&quot;credit&quot;:&quot;Mario Stalinski&quot;,&quot;camera&quot;:&quot;NIKON D600&quot;,&quot;caption&quot;:&quot;&quot;,&quot;created_timestamp&quot;:&quot;1414275856&quot;,&quot;copyright&quot;:&quot;(c) 2014 Mario Stalinski&quot;,&quot;focal_length&quot;:&quot;36&quot;,&quot;iso&quot;:&quot;3200&quot;,&quot;shutter_speed&quot;:&quot;0.025&quot;,&quot;title&quot;:&quot;Steilkurve - Ticket to the Past&quot;,&quot;orientation&quot;:&quot;1&quot;}\" data-image-title=\"Gastauftritt Steilkurve Konzert Kuba-Halle Wolfenb\u00fcttel 25.10.2014\" data-image-description=\"\" data-medium-file=\"http:\/\/elviswhynot.bplaced.net\/wordpress\/wp-content\/uploads\/2023\/07\/177-300x200.jpg\" data-large-file=\"http:\/\/elviswhynot.bplaced.net\/wordpress\/wp-content\/uploads\/2023\/07\/177-1024x684.jpg\" src=\"http:\/\/elviswhynot.bplaced.net\/wordpress\/wp-content\/uploads\/2023\/07\/177.jpg\" width=\"301\" height=\"201\" align=\"left\" title=\"Gastauftritt Steilkurve Konzert Kuba-Halle Wolfenb\u00fcttel 25.10.2014\" \/><\/a><div class=\"tiled-gallery-caption\">Foto: Mario Stalinski, Braunschweig<\/div><\/div><\/div><div class=\"gallery-group images-1\" style=\"width: 305px; height: 205px;\"><div class=\"tiled-gallery-item tiled-gallery-item-full\"><a href=\"http:\/\/elviswhynot.bplaced.net\/wordpress\/?attachment_id=532\"><img data-attachment-id=\"532\" data-orig-file=\"http:\/\/elviswhynot.bplaced.net\/wordpress\/wp-content\/uploads\/2023\/07\/178.jpg\" data-orig-size=\"1348,900\" data-comments-opened=\"1\" data-image-meta=\"{&quot;aperture&quot;:&quot;2.8&quot;,&quot;credit&quot;:&quot;Mario Stalinski&quot;,&quot;camera&quot;:&quot;NIKON D600&quot;,&quot;caption&quot;:&quot;&quot;,&quot;created_timestamp&quot;:&quot;1414275857&quot;,&quot;copyright&quot;:&quot;(c) 2014 Mario Stalinski&quot;,&quot;focal_length&quot;:&quot;36&quot;,&quot;iso&quot;:&quot;3200&quot;,&quot;shutter_speed&quot;:&quot;0.025&quot;,&quot;title&quot;:&quot;Steilkurve - Ticket to the Past&quot;,&quot;orientation&quot;:&quot;1&quot;}\" data-image-title=\"Gastauftritt Steilkurve Konzert Kuba-Halle Wolfenb\u00fcttel 25.10.2014\" data-image-description=\"\" data-medium-file=\"http:\/\/elviswhynot.bplaced.net\/wordpress\/wp-content\/uploads\/2023\/07\/178-300x200.jpg\" data-large-file=\"http:\/\/elviswhynot.bplaced.net\/wordpress\/wp-content\/uploads\/2023\/07\/178-1024x684.jpg\" src=\"http:\/\/elviswhynot.bplaced.net\/wordpress\/wp-content\/uploads\/2023\/07\/178.jpg\" width=\"301\" height=\"201\" align=\"left\" title=\"Gastauftritt Steilkurve Konzert Kuba-Halle Wolfenb\u00fcttel 25.10.2014\" \/><\/a><div class=\"tiled-gallery-caption\">Foto: Mario Stalinski, Braunschweig<\/div><\/div><\/div><\/div><div class=\"gallery-row\" style=\"width: 915px; height: 405px;\"><div class=\"gallery-group images-1\" style=\"width: 611px; height: 409px;\"><div class=\"tiled-gallery-item tiled-gallery-item-full\"><a href=\"http:\/\/elviswhynot.bplaced.net\/wordpress\/?attachment_id=534\"><img data-attachment-id=\"534\" data-orig-file=\"http:\/\/elviswhynot.bplaced.net\/wordpress\/wp-content\/uploads\/2023\/07\/180.jpg\" data-orig-size=\"1348,900\" data-comments-opened=\"1\" data-image-meta=\"{&quot;aperture&quot;:&quot;2.8&quot;,&quot;credit&quot;:&quot;Mario Stalinski&quot;,&quot;camera&quot;:&quot;NIKON D600&quot;,&quot;caption&quot;:&quot;&quot;,&quot;created_timestamp&quot;:&quot;1414275883&quot;,&quot;copyright&quot;:&quot;(c) 2014 Mario Stalinski&quot;,&quot;focal_length&quot;:&quot;34&quot;,&quot;iso&quot;:&quot;3200&quot;,&quot;shutter_speed&quot;:&quot;0.025&quot;,&quot;title&quot;:&quot;Steilkurve - Ticket to the Past&quot;,&quot;orientation&quot;:&quot;1&quot;}\" data-image-title=\"Gastauftritt Steilkurve Konzert Kuba-Halle Wolfenb\u00fcttel 25.10.2014\" data-image-description=\"\" data-medium-file=\"http:\/\/elviswhynot.bplaced.net\/wordpress\/wp-content\/uploads\/2023\/07\/180-300x200.jpg\" data-large-file=\"http:\/\/elviswhynot.bplaced.net\/wordpress\/wp-content\/uploads\/2023\/07\/180-1024x684.jpg\" src=\"http:\/\/elviswhynot.bplaced.net\/wordpress\/wp-content\/uploads\/2023\/07\/180.jpg\" width=\"607\" height=\"405\" align=\"left\" title=\"Gastauftritt Steilkurve Konzert Kuba-Halle Wolfenb\u00fcttel 25.10.2014\" \/><\/a><div class=\"tiled-gallery-caption\">Foto: Mario Stalinski, Braunschweig<\/div><\/div><\/div><div class=\"gallery-group images-2\" style=\"width: 304px; height: 409px;\"><div class=\"tiled-gallery-item tiled-gallery-item-full\"><a href=\"http:\/\/elviswhynot.bplaced.net\/wordpress\/?attachment_id=533\"><img data-attachment-id=\"533\" data-orig-file=\"http:\/\/elviswhynot.bplaced.net\/wordpress\/wp-content\/uploads\/2023\/07\/179.jpg\" data-orig-size=\"1348,900\" data-comments-opened=\"1\" data-image-meta=\"{&quot;aperture&quot;:&quot;2.8&quot;,&quot;credit&quot;:&quot;Mario Stalinski&quot;,&quot;camera&quot;:&quot;NIKON D600&quot;,&quot;caption&quot;:&quot;&quot;,&quot;created_timestamp&quot;:&quot;1414275882&quot;,&quot;copyright&quot;:&quot;(c) 2014 Mario Stalinski&quot;,&quot;focal_length&quot;:&quot;35&quot;,&quot;iso&quot;:&quot;3200&quot;,&quot;shutter_speed&quot;:&quot;0.025&quot;,&quot;title&quot;:&quot;Steilkurve - Ticket to the Past&quot;,&quot;orientation&quot;:&quot;1&quot;}\" data-image-title=\"Gastauftritt Steilkurve Konzert Kuba-Halle Wolfenb\u00fcttel 25.10.2014\" data-image-description=\"\" data-medium-file=\"http:\/\/elviswhynot.bplaced.net\/wordpress\/wp-content\/uploads\/2023\/07\/179-300x200.jpg\" data-large-file=\"http:\/\/elviswhynot.bplaced.net\/wordpress\/wp-content\/uploads\/2023\/07\/179-1024x684.jpg\" src=\"http:\/\/elviswhynot.bplaced.net\/wordpress\/wp-content\/uploads\/2023\/07\/179.jpg\" width=\"300\" height=\"201\" align=\"left\" title=\"Gastauftritt Steilkurve Konzert Kuba-Halle Wolfenb\u00fcttel 25.10.2014\" \/><\/a><div class=\"tiled-gallery-caption\">Foto: Mario Stalinski, Braunschweig<\/div><\/div><div class=\"tiled-gallery-item tiled-gallery-item-full\"><a href=\"http:\/\/elviswhynot.bplaced.net\/wordpress\/?attachment_id=535\"><img data-attachment-id=\"535\" data-orig-file=\"http:\/\/elviswhynot.bplaced.net\/wordpress\/wp-content\/uploads\/2023\/07\/181.jpg\" data-orig-size=\"1348,900\" data-comments-opened=\"1\" data-image-meta=\"{&quot;aperture&quot;:&quot;3.2&quot;,&quot;credit&quot;:&quot;Mario Stalinski&quot;,&quot;camera&quot;:&quot;NIKON D600&quot;,&quot;caption&quot;:&quot;&quot;,&quot;created_timestamp&quot;:&quot;1414275994&quot;,&quot;copyright&quot;:&quot;(c) 2014 Mario Stalinski&quot;,&quot;focal_length&quot;:&quot;100&quot;,&quot;iso&quot;:&quot;1600&quot;,&quot;shutter_speed&quot;:&quot;0.025&quot;,&quot;title&quot;:&quot;Steilkurve - Ticket to the Past&quot;,&quot;orientation&quot;:&quot;1&quot;}\" data-image-title=\"Gastauftritt Steilkurve Konzert Kuba-Halle Wolfenb\u00fcttel 25.10.2014\" data-image-description=\"\" data-medium-file=\"http:\/\/elviswhynot.bplaced.net\/wordpress\/wp-content\/uploads\/2023\/07\/181-300x200.jpg\" data-large-file=\"http:\/\/elviswhynot.bplaced.net\/wordpress\/wp-content\/uploads\/2023\/07\/181-1024x684.jpg\" src=\"http:\/\/elviswhynot.bplaced.net\/wordpress\/wp-content\/uploads\/2023\/07\/181.jpg\" width=\"300\" height=\"200\" align=\"left\" title=\"Gastauftritt Steilkurve Konzert Kuba-Halle Wolfenb\u00fcttel 25.10.2014\" \/><\/a><div class=\"tiled-gallery-caption\">Foto: Mario Stalinski, Braunschweig<\/div><\/div><\/div><\/div><div class=\"gallery-row\" style=\"width: 915px; height: 257px;\"><div class=\"gallery-group images-1\" style=\"width: 389px; height: 261px;\"><div class=\"tiled-gallery-item tiled-gallery-item-full\"><a href=\"http:\/\/elviswhynot.bplaced.net\/wordpress\/?attachment_id=536\"><img data-attachment-id=\"536\" data-orig-file=\"http:\/\/elviswhynot.bplaced.net\/wordpress\/wp-content\/uploads\/2023\/07\/182.jpg\" data-orig-size=\"1348,900\" data-comments-opened=\"1\" data-image-meta=\"{&quot;aperture&quot;:&quot;2.8&quot;,&quot;credit&quot;:&quot;Mario Stalinski&quot;,&quot;camera&quot;:&quot;NIKON D600&quot;,&quot;caption&quot;:&quot;&quot;,&quot;created_timestamp&quot;:&quot;1414275921&quot;,&quot;copyright&quot;:&quot;(c) 2014 Mario Stalinski&quot;,&quot;focal_length&quot;:&quot;35&quot;,&quot;iso&quot;:&quot;1600&quot;,&quot;shutter_speed&quot;:&quot;0.025&quot;,&quot;title&quot;:&quot;Steilkurve - Ticket to the Past&quot;,&quot;orientation&quot;:&quot;1&quot;}\" data-image-title=\"Gastauftritt Steilkurve Konzert Kuba-Halle Wolfenb\u00fcttel 25.10.2014\" data-image-description=\"\" data-medium-file=\"http:\/\/elviswhynot.bplaced.net\/wordpress\/wp-content\/uploads\/2023\/07\/182-300x200.jpg\" data-large-file=\"http:\/\/elviswhynot.bplaced.net\/wordpress\/wp-content\/uploads\/2023\/07\/182-1024x684.jpg\" src=\"http:\/\/elviswhynot.bplaced.net\/wordpress\/wp-content\/uploads\/2023\/07\/182.jpg\" width=\"385\" height=\"257\" align=\"left\" title=\"Gastauftritt Steilkurve Konzert Kuba-Halle Wolfenb\u00fcttel 25.10.2014\" \/><\/a><div class=\"tiled-gallery-caption\">Foto: Mario Stalinski, Braunschweig<\/div><\/div><\/div><div class=\"gallery-group images-1\" style=\"width: 176px; height: 261px;\"><div class=\"tiled-gallery-item tiled-gallery-item-full\"><a href=\"http:\/\/elviswhynot.bplaced.net\/wordpress\/?attachment_id=537\"><img data-attachment-id=\"537\" data-orig-file=\"http:\/\/elviswhynot.bplaced.net\/wordpress\/wp-content\/uploads\/2023\/07\/183.jpg\" data-orig-size=\"600,900\" data-comments-opened=\"1\" data-image-meta=\"{&quot;aperture&quot;:&quot;5&quot;,&quot;credit&quot;:&quot;Mario Stalinski&quot;,&quot;camera&quot;:&quot;NIKON D600&quot;,&quot;caption&quot;:&quot;&quot;,&quot;created_timestamp&quot;:&quot;1414276104&quot;,&quot;copyright&quot;:&quot;(c) 2014 Mario Stalinski&quot;,&quot;focal_length&quot;:&quot;100&quot;,&quot;iso&quot;:&quot;1600&quot;,&quot;shutter_speed&quot;:&quot;0.025&quot;,&quot;title&quot;:&quot;Steilkurve - Ticket to the Past&quot;,&quot;orientation&quot;:&quot;1&quot;}\" data-image-title=\"Gastauftritt Steilkurve Konzert Kuba-Halle Wolfenb\u00fcttel 25.10.2014\" data-image-description=\"\" data-medium-file=\"http:\/\/elviswhynot.bplaced.net\/wordpress\/wp-content\/uploads\/2023\/07\/183-200x300.jpg\" data-large-file=\"http:\/\/elviswhynot.bplaced.net\/wordpress\/wp-content\/uploads\/2023\/07\/183.jpg\" src=\"http:\/\/elviswhynot.bplaced.net\/wordpress\/wp-content\/uploads\/2023\/07\/183.jpg\" width=\"172\" height=\"257\" align=\"left\" title=\"Gastauftritt Steilkurve Konzert Kuba-Halle Wolfenb\u00fcttel 25.10.2014\" \/><\/a><div class=\"tiled-gallery-caption\">Foto: Mario Stalinski, Braunschweig<\/div><\/div><\/div><div class=\"gallery-group images-1\" style=\"width: 175px; height: 261px;\"><div class=\"tiled-gallery-item tiled-gallery-item-full\"><a href=\"http:\/\/elviswhynot.bplaced.net\/wordpress\/?attachment_id=539\"><img data-attachment-id=\"539\" data-orig-file=\"http:\/\/elviswhynot.bplaced.net\/wordpress\/wp-content\/uploads\/2023\/07\/185.jpg\" data-orig-size=\"600,900\" data-comments-opened=\"1\" data-image-meta=\"{&quot;aperture&quot;:&quot;2.8&quot;,&quot;credit&quot;:&quot;Mario Stalinski&quot;,&quot;camera&quot;:&quot;NIKON D600&quot;,&quot;caption&quot;:&quot;&quot;,&quot;created_timestamp&quot;:&quot;1414276057&quot;,&quot;copyright&quot;:&quot;(c) 2014 Mario Stalinski&quot;,&quot;focal_length&quot;:&quot;100&quot;,&quot;iso&quot;:&quot;3200&quot;,&quot;shutter_speed&quot;:&quot;0.025&quot;,&quot;title&quot;:&quot;Steilkurve - Ticket to the Past&quot;,&quot;orientation&quot;:&quot;1&quot;}\" data-image-title=\"Gastauftritt Steilkurve Konzert Kuba-Halle Wolfenb\u00fcttel 25.10.2014\" data-image-description=\"\" data-medium-file=\"http:\/\/elviswhynot.bplaced.net\/wordpress\/wp-content\/uploads\/2023\/07\/185-200x300.jpg\" data-large-file=\"http:\/\/elviswhynot.bplaced.net\/wordpress\/wp-content\/uploads\/2023\/07\/185.jpg\" src=\"http:\/\/elviswhynot.bplaced.net\/wordpress\/wp-content\/uploads\/2023\/07\/185.jpg\" width=\"171\" height=\"257\" align=\"left\" title=\"Gastauftritt Steilkurve Konzert Kuba-Halle Wolfenb\u00fcttel 25.10.2014\" \/><\/a><div class=\"tiled-gallery-caption\">Foto: Mario Stalinski, Braunschweig<\/div><\/div><\/div><div class=\"gallery-group images-1\" style=\"width: 175px; height: 261px;\"><div class=\"tiled-gallery-item tiled-gallery-item-full\"><a href=\"http:\/\/elviswhynot.bplaced.net\/wordpress\/?attachment_id=538\"><img data-attachment-id=\"538\" data-orig-file=\"http:\/\/elviswhynot.bplaced.net\/wordpress\/wp-content\/uploads\/2023\/07\/184.jpg\" data-orig-size=\"600,900\" data-comments-opened=\"1\" data-image-meta=\"{&quot;aperture&quot;:&quot;2.8&quot;,&quot;credit&quot;:&quot;Mario Stalinski&quot;,&quot;camera&quot;:&quot;NIKON D600&quot;,&quot;caption&quot;:&quot;&quot;,&quot;created_timestamp&quot;:&quot;1414276006&quot;,&quot;copyright&quot;:&quot;(c) 2014 Mario Stalinski&quot;,&quot;focal_length&quot;:&quot;100&quot;,&quot;iso&quot;:&quot;2800&quot;,&quot;shutter_speed&quot;:&quot;0.025&quot;,&quot;title&quot;:&quot;Steilkurve - Ticket to the Past&quot;,&quot;orientation&quot;:&quot;1&quot;}\" data-image-title=\"Gastauftritt Steilkurve Konzert Kuba-Halle Wolfenb\u00fcttel 25.10.2014\" data-image-description=\"\" data-medium-file=\"http:\/\/elviswhynot.bplaced.net\/wordpress\/wp-content\/uploads\/2023\/07\/184-200x300.jpg\" data-large-file=\"http:\/\/elviswhynot.bplaced.net\/wordpress\/wp-content\/uploads\/2023\/07\/184.jpg\" src=\"http:\/\/elviswhynot.bplaced.net\/wordpress\/wp-content\/uploads\/2023\/07\/184.jpg\" width=\"171\" height=\"257\" align=\"left\" title=\"Gastauftritt Steilkurve Konzert Kuba-Halle Wolfenb\u00fcttel 25.10.2014\" \/><\/a><div class=\"tiled-gallery-caption\">Foto: Mario Stalinski, Braunschweig<\/div><\/div><\/div><\/div><div class=\"gallery-row\" style=\"width: 915px; height: 247px;\"><div class=\"gallery-group images-1\" style=\"width: 373px; height: 251px;\"><div class=\"tiled-gallery-item tiled-gallery-item-full\"><a href=\"http:\/\/elviswhynot.bplaced.net\/wordpress\/?attachment_id=541\"><img data-attachment-id=\"541\" data-orig-file=\"http:\/\/elviswhynot.bplaced.net\/wordpress\/wp-content\/uploads\/2023\/07\/187.jpg\" data-orig-size=\"1348,900\" data-comments-opened=\"1\" data-image-meta=\"{&quot;aperture&quot;:&quot;2.8&quot;,&quot;credit&quot;:&quot;Mario Stalinski&quot;,&quot;camera&quot;:&quot;NIKON D600&quot;,&quot;caption&quot;:&quot;&quot;,&quot;created_timestamp&quot;:&quot;1414276317&quot;,&quot;copyright&quot;:&quot;(c) 2014 Mario Stalinski&quot;,&quot;focal_length&quot;:&quot;35&quot;,&quot;iso&quot;:&quot;1000&quot;,&quot;shutter_speed&quot;:&quot;0.025&quot;,&quot;title&quot;:&quot;Steilkurve - Ticket to the Past&quot;,&quot;orientation&quot;:&quot;1&quot;}\" data-image-title=\"Gastauftritt Steilkurve Konzert Kuba-Halle Wolfenb\u00fcttel 25.10.2014\" data-image-description=\"\" data-medium-file=\"http:\/\/elviswhynot.bplaced.net\/wordpress\/wp-content\/uploads\/2023\/07\/187-300x200.jpg\" data-large-file=\"http:\/\/elviswhynot.bplaced.net\/wordpress\/wp-content\/uploads\/2023\/07\/187-1024x684.jpg\" src=\"http:\/\/elviswhynot.bplaced.net\/wordpress\/wp-content\/uploads\/2023\/07\/187.jpg\" width=\"369\" height=\"247\" align=\"left\" title=\"Gastauftritt Steilkurve Konzert Kuba-Halle Wolfenb\u00fcttel 25.10.2014\" \/><\/a><div class=\"tiled-gallery-caption\">Foto: Mario Stalinski, Braunschweig<\/div><\/div><\/div><div class=\"gallery-group images-1\" style=\"width: 169px; height: 251px;\"><div class=\"tiled-gallery-item tiled-gallery-item-full\"><a href=\"http:\/\/elviswhynot.bplaced.net\/wordpress\/?attachment_id=540\"><img data-attachment-id=\"540\" data-orig-file=\"http:\/\/elviswhynot.bplaced.net\/wordpress\/wp-content\/uploads\/2023\/07\/186.jpg\" data-orig-size=\"600,900\" data-comments-opened=\"1\" data-image-meta=\"{&quot;aperture&quot;:&quot;2.8&quot;,&quot;credit&quot;:&quot;Mario Stalinski&quot;,&quot;camera&quot;:&quot;NIKON D600&quot;,&quot;caption&quot;:&quot;&quot;,&quot;created_timestamp&quot;:&quot;1414276232&quot;,&quot;copyright&quot;:&quot;(c) 2014 Mario Stalinski&quot;,&quot;focal_length&quot;:&quot;100&quot;,&quot;iso&quot;:&quot;1600&quot;,&quot;shutter_speed&quot;:&quot;0.025&quot;,&quot;title&quot;:&quot;Steilkurve - Ticket to the Past&quot;,&quot;orientation&quot;:&quot;1&quot;}\" data-image-title=\"Gastauftritt Steilkurve Konzert Kuba-Halle Wolfenb\u00fcttel 25.10.2014\" data-image-description=\"\" data-medium-file=\"http:\/\/elviswhynot.bplaced.net\/wordpress\/wp-content\/uploads\/2023\/07\/186-200x300.jpg\" data-large-file=\"http:\/\/elviswhynot.bplaced.net\/wordpress\/wp-content\/uploads\/2023\/07\/186.jpg\" src=\"http:\/\/elviswhynot.bplaced.net\/wordpress\/wp-content\/uploads\/2023\/07\/186.jpg\" width=\"165\" height=\"247\" align=\"left\" title=\"Gastauftritt Steilkurve Konzert Kuba-Halle Wolfenb\u00fcttel 25.10.2014\" \/><\/a><div class=\"tiled-gallery-caption\">Foto: Mario Stalinski, Braunschweig<\/div><\/div><\/div><div class=\"gallery-group images-1\" style=\"width: 373px; height: 251px;\"><div class=\"tiled-gallery-item tiled-gallery-item-full\"><a href=\"http:\/\/elviswhynot.bplaced.net\/wordpress\/?attachment_id=543\"><img data-attachment-id=\"543\" data-orig-file=\"http:\/\/elviswhynot.bplaced.net\/wordpress\/wp-content\/uploads\/2023\/07\/189.jpg\" data-orig-size=\"1348,900\" data-comments-opened=\"1\" data-image-meta=\"{&quot;aperture&quot;:&quot;2.8&quot;,&quot;credit&quot;:&quot;Mario Stalinski&quot;,&quot;camera&quot;:&quot;NIKON D600&quot;,&quot;caption&quot;:&quot;&quot;,&quot;created_timestamp&quot;:&quot;1414279967&quot;,&quot;copyright&quot;:&quot;(c) 2014 Mario Stalinski&quot;,&quot;focal_length&quot;:&quot;34&quot;,&quot;iso&quot;:&quot;3200&quot;,&quot;shutter_speed&quot;:&quot;0.01&quot;,&quot;title&quot;:&quot;Steilkurve - Ticket to the Past&quot;,&quot;orientation&quot;:&quot;1&quot;}\" data-image-title=\"Gastauftritt Steilkurve Konzert Kuba-Halle Wolfenb\u00fcttel 25.10.2014\" data-image-description=\"\" data-medium-file=\"http:\/\/elviswhynot.bplaced.net\/wordpress\/wp-content\/uploads\/2023\/07\/189-300x200.jpg\" data-large-file=\"http:\/\/elviswhynot.bplaced.net\/wordpress\/wp-content\/uploads\/2023\/07\/189-1024x684.jpg\" src=\"http:\/\/elviswhynot.bplaced.net\/wordpress\/wp-content\/uploads\/2023\/07\/189.jpg\" width=\"369\" height=\"247\" align=\"left\" title=\"Gastauftritt Steilkurve Konzert Kuba-Halle Wolfenb\u00fcttel 25.10.2014\" \/><\/a><div class=\"tiled-gallery-caption\">Foto: Mario Stalinski, Braunschweig<\/div><\/div><\/div><\/div><div class=\"gallery-row\" style=\"width: 915px; height: 303px;\"><div class=\"gallery-group images-1\" style=\"width: 458px; height: 307px;\"><div class=\"tiled-gallery-item tiled-gallery-item-full\"><a href=\"http:\/\/elviswhynot.bplaced.net\/wordpress\/?attachment_id=542\"><img data-attachment-id=\"542\" data-orig-file=\"http:\/\/elviswhynot.bplaced.net\/wordpress\/wp-content\/uploads\/2023\/07\/188.jpg\" data-orig-size=\"1348,900\" data-comments-opened=\"1\" data-image-meta=\"{&quot;aperture&quot;:&quot;4&quot;,&quot;credit&quot;:&quot;Mario Stalinski&quot;,&quot;camera&quot;:&quot;NIKON D600&quot;,&quot;caption&quot;:&quot;&quot;,&quot;created_timestamp&quot;:&quot;1414276551&quot;,&quot;copyright&quot;:&quot;(c) 2014 Mario Stalinski&quot;,&quot;focal_length&quot;:&quot;100&quot;,&quot;iso&quot;:&quot;1600&quot;,&quot;shutter_speed&quot;:&quot;0.025&quot;,&quot;title&quot;:&quot;Steilkurve - Ticket to the Past&quot;,&quot;orientation&quot;:&quot;1&quot;}\" data-image-title=\"Gastauftritt Steilkurve Konzert Kuba-Halle Wolfenb\u00fcttel 25.10.2014\" data-image-description=\"\" data-medium-file=\"http:\/\/elviswhynot.bplaced.net\/wordpress\/wp-content\/uploads\/2023\/07\/188-300x200.jpg\" data-large-file=\"http:\/\/elviswhynot.bplaced.net\/wordpress\/wp-content\/uploads\/2023\/07\/188-1024x684.jpg\" src=\"http:\/\/elviswhynot.bplaced.net\/wordpress\/wp-content\/uploads\/2023\/07\/188.jpg\" width=\"454\" height=\"303\" align=\"left\" title=\"Gastauftritt Steilkurve Konzert Kuba-Halle Wolfenb\u00fcttel 25.10.2014\" \/><\/a><div class=\"tiled-gallery-caption\">Foto: Mario Stalinski, Braunschweig<\/div><\/div><\/div><div class=\"gallery-group images-1\" style=\"width: 457px; height: 307px;\"><div class=\"tiled-gallery-item tiled-gallery-item-full\"><a href=\"http:\/\/elviswhynot.bplaced.net\/wordpress\/?attachment_id=544\"><img data-attachment-id=\"544\" data-orig-file=\"http:\/\/elviswhynot.bplaced.net\/wordpress\/wp-content\/uploads\/2023\/07\/190.jpg\" data-orig-size=\"1348,900\" data-comments-opened=\"1\" data-image-meta=\"{&quot;aperture&quot;:&quot;2.8&quot;,&quot;credit&quot;:&quot;Mario Stalinski&quot;,&quot;camera&quot;:&quot;NIKON D600&quot;,&quot;caption&quot;:&quot;&quot;,&quot;created_timestamp&quot;:&quot;1414280027&quot;,&quot;copyright&quot;:&quot;(c) 2014 Mario Stalinski&quot;,&quot;focal_length&quot;:&quot;100&quot;,&quot;iso&quot;:&quot;6400&quot;,&quot;shutter_speed&quot;:&quot;0.01&quot;,&quot;title&quot;:&quot;Steilkurve - Ticket to the Past&quot;,&quot;orientation&quot;:&quot;1&quot;}\" data-image-title=\"Gastauftritt Steilkurve Konzert Kuba-Halle Wolfenb\u00fcttel 25.10.2014\" data-image-description=\"\" data-medium-file=\"http:\/\/elviswhynot.bplaced.net\/wordpress\/wp-content\/uploads\/2023\/07\/190-300x200.jpg\" data-large-file=\"http:\/\/elviswhynot.bplaced.net\/wordpress\/wp-content\/uploads\/2023\/07\/190-1024x684.jpg\" src=\"http:\/\/elviswhynot.bplaced.net\/wordpress\/wp-content\/uploads\/2023\/07\/190.jpg\" width=\"453\" height=\"303\" align=\"left\" title=\"Gastauftritt Steilkurve Konzert Kuba-Halle Wolfenb\u00fcttel 25.10.2014\" \/><\/a><div class=\"tiled-gallery-caption\">Foto: Mario Stalinski, Braunschweig<\/div><\/div><\/div><\/div><\/div>\n\n\n<div style=\"height:20px\" aria-hidden=\"true\" class=\"wp-block-spacer\"><\/div>\n\n\n\n<h5 class=\"wp-block-heading\">2013<\/h5>\n\n\n<div data-carousel-extra='{\"blog_id\":1,\"permalink\":\"http:\\\/\\\/elviswhynot.bplaced.net\\\/wordpress\\\/?page_id=162\"}' class=\"tiled-gallery type-rectangular\" data-original-width=\"920\"><div class=\"gallery-row\" style=\"width: 915px; height: 453px;\"><div class=\"gallery-group images-1\" style=\"width: 609px; height: 457px;\"><div class=\"tiled-gallery-item tiled-gallery-item-full\"><a href=\"http:\/\/elviswhynot.bplaced.net\/wordpress\/?attachment_id=431\"><img data-attachment-id=\"431\" data-orig-file=\"http:\/\/elviswhynot.bplaced.net\/wordpress\/wp-content\/uploads\/2023\/07\/79.jpg\" data-orig-size=\"999,749\" data-comments-opened=\"1\" data-image-meta=\"{&quot;aperture&quot;:&quot;0&quot;,&quot;credit&quot;:&quot;&quot;,&quot;camera&quot;:&quot;&quot;,&quot;caption&quot;:&quot;&quot;,&quot;created_timestamp&quot;:&quot;0&quot;,&quot;copyright&quot;:&quot;&quot;,&quot;focal_length&quot;:&quot;0&quot;,&quot;iso&quot;:&quot;0&quot;,&quot;shutter_speed&quot;:&quot;0&quot;,&quot;title&quot;:&quot;&quot;,&quot;orientation&quot;:&quot;0&quot;}\" data-image-title=\"Wolfenb\u00fcttel Marketingkampagne &#8222;Endlich zuhause!&#8220; 09.03.2013\" data-image-description=\"\" data-medium-file=\"http:\/\/elviswhynot.bplaced.net\/wordpress\/wp-content\/uploads\/2023\/07\/79-300x225.jpg\" data-large-file=\"http:\/\/elviswhynot.bplaced.net\/wordpress\/wp-content\/uploads\/2023\/07\/79.jpg\" src=\"http:\/\/elviswhynot.bplaced.net\/wordpress\/wp-content\/uploads\/2023\/07\/79.jpg\" width=\"605\" height=\"453\" align=\"left\" title=\"Wolfenb\u00fcttel Marketingkampagne &quot;Endlich zuhause!&quot; 09.03.2013\" \/><\/a><div class=\"tiled-gallery-caption\">Foto: Stadt Wolfenb\u00fcttel<\/div><\/div><\/div><div class=\"gallery-group images-1\" style=\"width: 306px; height: 457px;\"><div class=\"tiled-gallery-item tiled-gallery-item-full\"><a href=\"http:\/\/elviswhynot.bplaced.net\/wordpress\/?attachment_id=430\"><img data-attachment-id=\"430\" data-orig-file=\"http:\/\/elviswhynot.bplaced.net\/wordpress\/wp-content\/uploads\/2023\/07\/78.jpg\" data-orig-size=\"600,899\" data-comments-opened=\"1\" data-image-meta=\"{&quot;aperture&quot;:&quot;0&quot;,&quot;credit&quot;:&quot;&quot;,&quot;camera&quot;:&quot;&quot;,&quot;caption&quot;:&quot;&quot;,&quot;created_timestamp&quot;:&quot;0&quot;,&quot;copyright&quot;:&quot;&quot;,&quot;focal_length&quot;:&quot;0&quot;,&quot;iso&quot;:&quot;0&quot;,&quot;shutter_speed&quot;:&quot;0&quot;,&quot;title&quot;:&quot;&quot;,&quot;orientation&quot;:&quot;0&quot;}\" data-image-title=\"Wolfenb\u00fcttel Marketingkampagne &#8222;Endlich zuhause!&#8220; 09.03.2013\" data-image-description=\"\" data-medium-file=\"http:\/\/elviswhynot.bplaced.net\/wordpress\/wp-content\/uploads\/2023\/07\/78-200x300.jpg\" data-large-file=\"http:\/\/elviswhynot.bplaced.net\/wordpress\/wp-content\/uploads\/2023\/07\/78.jpg\" src=\"http:\/\/elviswhynot.bplaced.net\/wordpress\/wp-content\/uploads\/2023\/07\/78.jpg\" width=\"302\" height=\"453\" align=\"left\" title=\"Wolfenb\u00fcttel Marketingkampagne &quot;Endlich zuhause!&quot; 09.03.2013\" \/><\/a><div class=\"tiled-gallery-caption\">Foto: Stadt Wolfenb\u00fcttel<\/div><\/div><\/div><\/div><div class=\"gallery-row\" style=\"width: 915px; height: 446px;\"><div class=\"gallery-group images-1\" style=\"width: 598px; height: 450px;\"><div class=\"tiled-gallery-item tiled-gallery-item-full\"><a href=\"http:\/\/elviswhynot.bplaced.net\/wordpress\/?attachment_id=432\"><img data-attachment-id=\"432\" data-orig-file=\"http:\/\/elviswhynot.bplaced.net\/wordpress\/wp-content\/uploads\/2023\/07\/80.jpg\" data-orig-size=\"640,480\" data-comments-opened=\"1\" data-image-meta=\"{&quot;aperture&quot;:&quot;0&quot;,&quot;credit&quot;:&quot;&quot;,&quot;camera&quot;:&quot;&quot;,&quot;caption&quot;:&quot;&quot;,&quot;created_timestamp&quot;:&quot;0&quot;,&quot;copyright&quot;:&quot;&quot;,&quot;focal_length&quot;:&quot;0&quot;,&quot;iso&quot;:&quot;0&quot;,&quot;shutter_speed&quot;:&quot;0&quot;,&quot;title&quot;:&quot;&quot;,&quot;orientation&quot;:&quot;0&quot;}\" data-image-title=\"TV-Aufzeichnung Deutsches Musikfernsehen 04.05.2013\" data-image-description=\"\" data-medium-file=\"http:\/\/elviswhynot.bplaced.net\/wordpress\/wp-content\/uploads\/2023\/07\/80-300x225.jpg\" data-large-file=\"http:\/\/elviswhynot.bplaced.net\/wordpress\/wp-content\/uploads\/2023\/07\/80.jpg\" src=\"http:\/\/elviswhynot.bplaced.net\/wordpress\/wp-content\/uploads\/2023\/07\/80.jpg\" width=\"594\" height=\"446\" align=\"left\" title=\"TV-Aufzeichnung Deutsches Musikfernsehen 04.05.2013\" \/><\/a><div class=\"tiled-gallery-caption\">Foto: Roswitha von Cyrson-Fritzke, Wolfenb\u00fcttel<\/div><\/div><\/div><div class=\"gallery-group images-2\" style=\"width: 317px; height: 450px;\"><div class=\"tiled-gallery-item tiled-gallery-item-full\"><a href=\"http:\/\/elviswhynot.bplaced.net\/wordpress\/?attachment_id=433\"><img data-attachment-id=\"433\" data-orig-file=\"http:\/\/elviswhynot.bplaced.net\/wordpress\/wp-content\/uploads\/2023\/07\/81.jpg\" data-orig-size=\"1354,899\" data-comments-opened=\"1\" data-image-meta=\"{&quot;aperture&quot;:&quot;0&quot;,&quot;credit&quot;:&quot;&quot;,&quot;camera&quot;:&quot;&quot;,&quot;caption&quot;:&quot;&quot;,&quot;created_timestamp&quot;:&quot;0&quot;,&quot;copyright&quot;:&quot;&quot;,&quot;focal_length&quot;:&quot;0&quot;,&quot;iso&quot;:&quot;0&quot;,&quot;shutter_speed&quot;:&quot;0&quot;,&quot;title&quot;:&quot;&quot;,&quot;orientation&quot;:&quot;0&quot;}\" data-image-title=\"TV-Aufzeichnung Deutsches Musikfernsehen 04.05.2013\" data-image-description=\"\" data-medium-file=\"http:\/\/elviswhynot.bplaced.net\/wordpress\/wp-content\/uploads\/2023\/07\/81-300x199.jpg\" data-large-file=\"http:\/\/elviswhynot.bplaced.net\/wordpress\/wp-content\/uploads\/2023\/07\/81-1024x680.jpg\" src=\"http:\/\/elviswhynot.bplaced.net\/wordpress\/wp-content\/uploads\/2023\/07\/81.jpg\" width=\"313\" height=\"208\" align=\"left\" title=\"TV-Aufzeichnung Deutsches Musikfernsehen 04.05.2013\" \/><\/a><div class=\"tiled-gallery-caption\">Foto: Roswitha von Cyrson-Fritzke, Wolfenb\u00fcttel<\/div><\/div><div class=\"tiled-gallery-item tiled-gallery-item-full\"><a href=\"http:\/\/elviswhynot.bplaced.net\/wordpress\/?attachment_id=434\"><img data-attachment-id=\"434\" data-orig-file=\"http:\/\/elviswhynot.bplaced.net\/wordpress\/wp-content\/uploads\/2023\/07\/82.jpg\" data-orig-size=\"1200,900\" data-comments-opened=\"1\" data-image-meta=\"{&quot;aperture&quot;:&quot;0&quot;,&quot;credit&quot;:&quot;&quot;,&quot;camera&quot;:&quot;&quot;,&quot;caption&quot;:&quot;&quot;,&quot;created_timestamp&quot;:&quot;0&quot;,&quot;copyright&quot;:&quot;&quot;,&quot;focal_length&quot;:&quot;0&quot;,&quot;iso&quot;:&quot;0&quot;,&quot;shutter_speed&quot;:&quot;0&quot;,&quot;title&quot;:&quot;&quot;,&quot;orientation&quot;:&quot;0&quot;}\" data-image-title=\"TV-Aufzeichnung Deutsches Musikfernsehen 04.05.2013\" data-image-description=\"\" data-medium-file=\"http:\/\/elviswhynot.bplaced.net\/wordpress\/wp-content\/uploads\/2023\/07\/82-300x225.jpg\" data-large-file=\"http:\/\/elviswhynot.bplaced.net\/wordpress\/wp-content\/uploads\/2023\/07\/82-1024x768.jpg\" src=\"http:\/\/elviswhynot.bplaced.net\/wordpress\/wp-content\/uploads\/2023\/07\/82.jpg\" width=\"313\" height=\"234\" align=\"left\" title=\"TV-Aufzeichnung Deutsches Musikfernsehen 04.05.2013\" \/><\/a><div class=\"tiled-gallery-caption\">Foto: Roswitha von Cyrson-Fritzke, Wolfenb\u00fcttel<\/div><\/div><\/div><\/div><div class=\"gallery-row\" style=\"width: 915px; height: 264px;\"><div class=\"gallery-group images-1\" style=\"width: 357px; height: 268px;\"><div class=\"tiled-gallery-item tiled-gallery-item-full\"><a href=\"http:\/\/elviswhynot.bplaced.net\/wordpress\/?attachment_id=435\"><img data-attachment-id=\"435\" data-orig-file=\"http:\/\/elviswhynot.bplaced.net\/wordpress\/wp-content\/uploads\/2023\/07\/83.jpg\" data-orig-size=\"1200,900\" data-comments-opened=\"1\" data-image-meta=\"{&quot;aperture&quot;:&quot;0&quot;,&quot;credit&quot;:&quot;&quot;,&quot;camera&quot;:&quot;&quot;,&quot;caption&quot;:&quot;&quot;,&quot;created_timestamp&quot;:&quot;0&quot;,&quot;copyright&quot;:&quot;&quot;,&quot;focal_length&quot;:&quot;0&quot;,&quot;iso&quot;:&quot;0&quot;,&quot;shutter_speed&quot;:&quot;0&quot;,&quot;title&quot;:&quot;&quot;,&quot;orientation&quot;:&quot;0&quot;}\" data-image-title=\"TV-Aufzeichnung Deutsches Musikfernsehen 04.05.2013\" data-image-description=\"\" data-medium-file=\"http:\/\/elviswhynot.bplaced.net\/wordpress\/wp-content\/uploads\/2023\/07\/83-300x225.jpg\" data-large-file=\"http:\/\/elviswhynot.bplaced.net\/wordpress\/wp-content\/uploads\/2023\/07\/83-1024x768.jpg\" src=\"http:\/\/elviswhynot.bplaced.net\/wordpress\/wp-content\/uploads\/2023\/07\/83.jpg\" width=\"353\" height=\"264\" align=\"left\" title=\"TV-Aufzeichnung Deutsches Musikfernsehen 04.05.2013\" \/><\/a><div class=\"tiled-gallery-caption\">Foto: Roswitha von Cyrson-Fritzke, Wolfenb\u00fcttel<\/div><\/div><\/div><div class=\"gallery-group images-1\" style=\"width: 202px; height: 268px;\"><div class=\"tiled-gallery-item tiled-gallery-item-full\"><a href=\"http:\/\/elviswhynot.bplaced.net\/wordpress\/?attachment_id=436\"><img data-attachment-id=\"436\" data-orig-file=\"http:\/\/elviswhynot.bplaced.net\/wordpress\/wp-content\/uploads\/2023\/07\/84.jpg\" data-orig-size=\"480,640\" data-comments-opened=\"1\" data-image-meta=\"{&quot;aperture&quot;:&quot;8&quot;,&quot;credit&quot;:&quot;&quot;,&quot;camera&quot;:&quot;DMC-FX3&quot;,&quot;caption&quot;:&quot;&quot;,&quot;created_timestamp&quot;:&quot;1370784939&quot;,&quot;copyright&quot;:&quot;&quot;,&quot;focal_length&quot;:&quot;11.5&quot;,&quot;iso&quot;:&quot;100&quot;,&quot;shutter_speed&quot;:&quot;0.0025&quot;,&quot;title&quot;:&quot;&quot;,&quot;orientation&quot;:&quot;1&quot;}\" data-image-title=\"Benefiz Tierheim Wolfenb\u00fcttel 09.06.2013\" data-image-description=\"\" data-medium-file=\"http:\/\/elviswhynot.bplaced.net\/wordpress\/wp-content\/uploads\/2023\/07\/84-225x300.jpg\" data-large-file=\"http:\/\/elviswhynot.bplaced.net\/wordpress\/wp-content\/uploads\/2023\/07\/84.jpg\" src=\"http:\/\/elviswhynot.bplaced.net\/wordpress\/wp-content\/uploads\/2023\/07\/84.jpg\" width=\"198\" height=\"264\" align=\"left\" title=\"Benefiz Tierheim Wolfenb\u00fcttel 09.06.2013\" \/><\/a><div class=\"tiled-gallery-caption\">Foto: Roswitha von Cyrson-Fritzke, Wolfenb\u00fcttel<\/div><\/div><\/div><div class=\"gallery-group images-1\" style=\"width: 356px; height: 268px;\"><div class=\"tiled-gallery-item tiled-gallery-item-full\"><a href=\"http:\/\/elviswhynot.bplaced.net\/wordpress\/?attachment_id=437\"><img data-attachment-id=\"437\" data-orig-file=\"http:\/\/elviswhynot.bplaced.net\/wordpress\/wp-content\/uploads\/2023\/07\/85.jpg\" data-orig-size=\"1200,900\" data-comments-opened=\"1\" data-image-meta=\"{&quot;aperture&quot;:&quot;0&quot;,&quot;credit&quot;:&quot;&quot;,&quot;camera&quot;:&quot;&quot;,&quot;caption&quot;:&quot;&quot;,&quot;created_timestamp&quot;:&quot;0&quot;,&quot;copyright&quot;:&quot;&quot;,&quot;focal_length&quot;:&quot;0&quot;,&quot;iso&quot;:&quot;0&quot;,&quot;shutter_speed&quot;:&quot;0&quot;,&quot;title&quot;:&quot;&quot;,&quot;orientation&quot;:&quot;0&quot;}\" data-image-title=\"Benefiz Tierheim Wolfenb\u00fcttel 09.06.2013\" data-image-description=\"\" data-medium-file=\"http:\/\/elviswhynot.bplaced.net\/wordpress\/wp-content\/uploads\/2023\/07\/85-300x225.jpg\" data-large-file=\"http:\/\/elviswhynot.bplaced.net\/wordpress\/wp-content\/uploads\/2023\/07\/85-1024x768.jpg\" src=\"http:\/\/elviswhynot.bplaced.net\/wordpress\/wp-content\/uploads\/2023\/07\/85.jpg\" width=\"352\" height=\"264\" align=\"left\" title=\"Benefiz Tierheim Wolfenb\u00fcttel 09.06.2013\" \/><\/a><div class=\"tiled-gallery-caption\">Foto: Roswitha von Cyrson-Fritzke, Wolfenb\u00fcttel<\/div><\/div><\/div><\/div><div class=\"gallery-row\" style=\"width: 915px; height: 455px;\"><div class=\"gallery-group images-2\" style=\"width: 305px; height: 459px;\"><div class=\"tiled-gallery-item tiled-gallery-item-full\"><a href=\"http:\/\/elviswhynot.bplaced.net\/wordpress\/?attachment_id=438\"><img data-attachment-id=\"438\" data-orig-file=\"http:\/\/elviswhynot.bplaced.net\/wordpress\/wp-content\/uploads\/2023\/07\/86.jpg\" data-orig-size=\"1200,900\" data-comments-opened=\"1\" data-image-meta=\"{&quot;aperture&quot;:&quot;0&quot;,&quot;credit&quot;:&quot;&quot;,&quot;camera&quot;:&quot;&quot;,&quot;caption&quot;:&quot;&quot;,&quot;created_timestamp&quot;:&quot;0&quot;,&quot;copyright&quot;:&quot;&quot;,&quot;focal_length&quot;:&quot;0&quot;,&quot;iso&quot;:&quot;0&quot;,&quot;shutter_speed&quot;:&quot;0&quot;,&quot;title&quot;:&quot;&quot;,&quot;orientation&quot;:&quot;0&quot;}\" data-image-title=\"Benefiz Tierheim Wolfenb\u00fcttel 09.06.2013\" data-image-description=\"\" data-medium-file=\"http:\/\/elviswhynot.bplaced.net\/wordpress\/wp-content\/uploads\/2023\/07\/86-300x225.jpg\" data-large-file=\"http:\/\/elviswhynot.bplaced.net\/wordpress\/wp-content\/uploads\/2023\/07\/86-1024x768.jpg\" src=\"http:\/\/elviswhynot.bplaced.net\/wordpress\/wp-content\/uploads\/2023\/07\/86.jpg\" width=\"301\" height=\"226\" align=\"left\" title=\"Benefiz Tierheim Wolfenb\u00fcttel 09.06.2013\" \/><\/a><div class=\"tiled-gallery-caption\">Foto: Roswitha von Cyrson-Fritzke, Wolfenb\u00fcttel<\/div><\/div><div class=\"tiled-gallery-item tiled-gallery-item-full\"><a href=\"http:\/\/elviswhynot.bplaced.net\/wordpress\/?attachment_id=439\"><img data-attachment-id=\"439\" data-orig-file=\"http:\/\/elviswhynot.bplaced.net\/wordpress\/wp-content\/uploads\/2023\/07\/87.jpg\" data-orig-size=\"1200,900\" data-comments-opened=\"1\" data-image-meta=\"{&quot;aperture&quot;:&quot;0&quot;,&quot;credit&quot;:&quot;&quot;,&quot;camera&quot;:&quot;&quot;,&quot;caption&quot;:&quot;&quot;,&quot;created_timestamp&quot;:&quot;0&quot;,&quot;copyright&quot;:&quot;&quot;,&quot;focal_length&quot;:&quot;0&quot;,&quot;iso&quot;:&quot;0&quot;,&quot;shutter_speed&quot;:&quot;0&quot;,&quot;title&quot;:&quot;&quot;,&quot;orientation&quot;:&quot;0&quot;}\" data-image-title=\"Benefiz Tierheim Wolfenb\u00fcttel 09.06.2013\" data-image-description=\"\" data-medium-file=\"http:\/\/elviswhynot.bplaced.net\/wordpress\/wp-content\/uploads\/2023\/07\/87-300x225.jpg\" data-large-file=\"http:\/\/elviswhynot.bplaced.net\/wordpress\/wp-content\/uploads\/2023\/07\/87-1024x768.jpg\" src=\"http:\/\/elviswhynot.bplaced.net\/wordpress\/wp-content\/uploads\/2023\/07\/87.jpg\" width=\"301\" height=\"225\" align=\"left\" title=\"Benefiz Tierheim Wolfenb\u00fcttel 09.06.2013\" \/><\/a><div class=\"tiled-gallery-caption\">Foto: Roswitha von Cyrson-Fritzke, Wolfenb\u00fcttel<\/div><\/div><\/div><div class=\"gallery-group images-1\" style=\"width: 610px; height: 459px;\"><div class=\"tiled-gallery-item tiled-gallery-item-full\"><a href=\"http:\/\/elviswhynot.bplaced.net\/wordpress\/?attachment_id=440\"><img data-attachment-id=\"440\" data-orig-file=\"http:\/\/elviswhynot.bplaced.net\/wordpress\/wp-content\/uploads\/2023\/07\/88.jpg\" data-orig-size=\"1200,900\" data-comments-opened=\"1\" data-image-meta=\"{&quot;aperture&quot;:&quot;0&quot;,&quot;credit&quot;:&quot;&quot;,&quot;camera&quot;:&quot;&quot;,&quot;caption&quot;:&quot;&quot;,&quot;created_timestamp&quot;:&quot;0&quot;,&quot;copyright&quot;:&quot;&quot;,&quot;focal_length&quot;:&quot;0&quot;,&quot;iso&quot;:&quot;0&quot;,&quot;shutter_speed&quot;:&quot;0&quot;,&quot;title&quot;:&quot;&quot;,&quot;orientation&quot;:&quot;0&quot;}\" data-image-title=\"Benefiz Tierheim Wolfenb\u00fcttel 09.06.2013\" data-image-description=\"\" data-medium-file=\"http:\/\/elviswhynot.bplaced.net\/wordpress\/wp-content\/uploads\/2023\/07\/88-300x225.jpg\" data-large-file=\"http:\/\/elviswhynot.bplaced.net\/wordpress\/wp-content\/uploads\/2023\/07\/88-1024x768.jpg\" src=\"http:\/\/elviswhynot.bplaced.net\/wordpress\/wp-content\/uploads\/2023\/07\/88.jpg\" width=\"606\" height=\"455\" align=\"left\" title=\"Benefiz Tierheim Wolfenb\u00fcttel 09.06.2013\" \/><\/a><div class=\"tiled-gallery-caption\">Foto: Roswitha von Cyrson-Fritzke, Wolfenb\u00fcttel<\/div><\/div><\/div><\/div><div class=\"gallery-row\" style=\"width: 915px; height: 226px;\"><div class=\"gallery-group images-1\" style=\"width: 305px; height: 230px;\"><div class=\"tiled-gallery-item tiled-gallery-item-full\"><a href=\"http:\/\/elviswhynot.bplaced.net\/wordpress\/?attachment_id=441\"><img data-attachment-id=\"441\" data-orig-file=\"http:\/\/elviswhynot.bplaced.net\/wordpress\/wp-content\/uploads\/2023\/07\/89.jpg\" data-orig-size=\"1200,900\" data-comments-opened=\"1\" data-image-meta=\"{&quot;aperture&quot;:&quot;0&quot;,&quot;credit&quot;:&quot;&quot;,&quot;camera&quot;:&quot;&quot;,&quot;caption&quot;:&quot;&quot;,&quot;created_timestamp&quot;:&quot;0&quot;,&quot;copyright&quot;:&quot;&quot;,&quot;focal_length&quot;:&quot;0&quot;,&quot;iso&quot;:&quot;0&quot;,&quot;shutter_speed&quot;:&quot;0&quot;,&quot;title&quot;:&quot;&quot;,&quot;orientation&quot;:&quot;0&quot;}\" data-image-title=\"Benefiz Tierheim Wolfenb\u00fcttel 09.06.2013\" data-image-description=\"\" data-medium-file=\"http:\/\/elviswhynot.bplaced.net\/wordpress\/wp-content\/uploads\/2023\/07\/89-300x225.jpg\" data-large-file=\"http:\/\/elviswhynot.bplaced.net\/wordpress\/wp-content\/uploads\/2023\/07\/89-1024x768.jpg\" src=\"http:\/\/elviswhynot.bplaced.net\/wordpress\/wp-content\/uploads\/2023\/07\/89.jpg\" width=\"301\" height=\"226\" align=\"left\" title=\"Benefiz Tierheim Wolfenb\u00fcttel 09.06.2013\" \/><\/a><div class=\"tiled-gallery-caption\">Foto: Roswitha von Cyrson-Fritzke, Wolfenb\u00fcttel<\/div><\/div><\/div><div class=\"gallery-group images-1\" style=\"width: 305px; height: 230px;\"><div class=\"tiled-gallery-item tiled-gallery-item-full\"><a href=\"http:\/\/elviswhynot.bplaced.net\/wordpress\/?attachment_id=442\"><img data-attachment-id=\"442\" data-orig-file=\"http:\/\/elviswhynot.bplaced.net\/wordpress\/wp-content\/uploads\/2023\/07\/90.jpg\" data-orig-size=\"1200,900\" data-comments-opened=\"1\" data-image-meta=\"{&quot;aperture&quot;:&quot;0&quot;,&quot;credit&quot;:&quot;&quot;,&quot;camera&quot;:&quot;&quot;,&quot;caption&quot;:&quot;&quot;,&quot;created_timestamp&quot;:&quot;0&quot;,&quot;copyright&quot;:&quot;&quot;,&quot;focal_length&quot;:&quot;0&quot;,&quot;iso&quot;:&quot;0&quot;,&quot;shutter_speed&quot;:&quot;0&quot;,&quot;title&quot;:&quot;&quot;,&quot;orientation&quot;:&quot;0&quot;}\" data-image-title=\"Benefiz Tierheim Wolfenb\u00fcttel 09.06.2013\" data-image-description=\"\" data-medium-file=\"http:\/\/elviswhynot.bplaced.net\/wordpress\/wp-content\/uploads\/2023\/07\/90-300x225.jpg\" data-large-file=\"http:\/\/elviswhynot.bplaced.net\/wordpress\/wp-content\/uploads\/2023\/07\/90-1024x768.jpg\" src=\"http:\/\/elviswhynot.bplaced.net\/wordpress\/wp-content\/uploads\/2023\/07\/90.jpg\" width=\"301\" height=\"226\" align=\"left\" title=\"Benefiz Tierheim Wolfenb\u00fcttel 09.06.2013\" \/><\/a><div class=\"tiled-gallery-caption\">Foto: Roswitha von Cyrson-Fritzke, Wolfenb\u00fcttel<\/div><\/div><\/div><div class=\"gallery-group images-1\" style=\"width: 305px; height: 230px;\"><div class=\"tiled-gallery-item tiled-gallery-item-full\"><a href=\"http:\/\/elviswhynot.bplaced.net\/wordpress\/?attachment_id=443\"><img data-attachment-id=\"443\" data-orig-file=\"http:\/\/elviswhynot.bplaced.net\/wordpress\/wp-content\/uploads\/2023\/07\/91.jpg\" data-orig-size=\"1200,900\" data-comments-opened=\"1\" data-image-meta=\"{&quot;aperture&quot;:&quot;0&quot;,&quot;credit&quot;:&quot;&quot;,&quot;camera&quot;:&quot;&quot;,&quot;caption&quot;:&quot;&quot;,&quot;created_timestamp&quot;:&quot;0&quot;,&quot;copyright&quot;:&quot;&quot;,&quot;focal_length&quot;:&quot;0&quot;,&quot;iso&quot;:&quot;0&quot;,&quot;shutter_speed&quot;:&quot;0&quot;,&quot;title&quot;:&quot;&quot;,&quot;orientation&quot;:&quot;0&quot;}\" data-image-title=\"Benefiz Tierheim Wolfenb\u00fcttel 09.06.2013\" data-image-description=\"\" data-medium-file=\"http:\/\/elviswhynot.bplaced.net\/wordpress\/wp-content\/uploads\/2023\/07\/91-300x225.jpg\" data-large-file=\"http:\/\/elviswhynot.bplaced.net\/wordpress\/wp-content\/uploads\/2023\/07\/91-1024x768.jpg\" src=\"http:\/\/elviswhynot.bplaced.net\/wordpress\/wp-content\/uploads\/2023\/07\/91.jpg\" width=\"301\" height=\"226\" align=\"left\" title=\"Benefiz Tierheim Wolfenb\u00fcttel 09.06.2013\" \/><\/a><div class=\"tiled-gallery-caption\">Foto: Roswitha von Cyrson-Fritzke, Wolfenb\u00fcttel<\/div><\/div><\/div><\/div><div class=\"gallery-row\" style=\"width: 915px; height: 455px;\"><div class=\"gallery-group images-1\" style=\"width: 610px; height: 459px;\"><div class=\"tiled-gallery-item tiled-gallery-item-full\"><a href=\"http:\/\/elviswhynot.bplaced.net\/wordpress\/?attachment_id=444\"><img data-attachment-id=\"444\" data-orig-file=\"http:\/\/elviswhynot.bplaced.net\/wordpress\/wp-content\/uploads\/2023\/07\/92.jpg\" data-orig-size=\"1200,900\" data-comments-opened=\"1\" data-image-meta=\"{&quot;aperture&quot;:&quot;0&quot;,&quot;credit&quot;:&quot;&quot;,&quot;camera&quot;:&quot;&quot;,&quot;caption&quot;:&quot;&quot;,&quot;created_timestamp&quot;:&quot;0&quot;,&quot;copyright&quot;:&quot;&quot;,&quot;focal_length&quot;:&quot;0&quot;,&quot;iso&quot;:&quot;0&quot;,&quot;shutter_speed&quot;:&quot;0&quot;,&quot;title&quot;:&quot;&quot;,&quot;orientation&quot;:&quot;0&quot;}\" data-image-title=\"Benefiz Tierheim Wolfenb\u00fcttel 09.06.2013\" data-image-description=\"\" data-medium-file=\"http:\/\/elviswhynot.bplaced.net\/wordpress\/wp-content\/uploads\/2023\/07\/92-300x225.jpg\" data-large-file=\"http:\/\/elviswhynot.bplaced.net\/wordpress\/wp-content\/uploads\/2023\/07\/92-1024x768.jpg\" src=\"http:\/\/elviswhynot.bplaced.net\/wordpress\/wp-content\/uploads\/2023\/07\/92.jpg\" width=\"606\" height=\"455\" align=\"left\" title=\"Benefiz Tierheim Wolfenb\u00fcttel 09.06.2013\" \/><\/a><div class=\"tiled-gallery-caption\">Foto: Roswitha von Cyrson-Fritzke, Wolfenb\u00fcttel<\/div><\/div><\/div><div class=\"gallery-group images-2\" style=\"width: 305px; height: 459px;\"><div class=\"tiled-gallery-item tiled-gallery-item-full\"><a href=\"http:\/\/elviswhynot.bplaced.net\/wordpress\/?attachment_id=445\"><img data-attachment-id=\"445\" data-orig-file=\"http:\/\/elviswhynot.bplaced.net\/wordpress\/wp-content\/uploads\/2023\/07\/93.jpg\" data-orig-size=\"1200,900\" data-comments-opened=\"1\" data-image-meta=\"{&quot;aperture&quot;:&quot;0&quot;,&quot;credit&quot;:&quot;&quot;,&quot;camera&quot;:&quot;&quot;,&quot;caption&quot;:&quot;&quot;,&quot;created_timestamp&quot;:&quot;0&quot;,&quot;copyright&quot;:&quot;&quot;,&quot;focal_length&quot;:&quot;0&quot;,&quot;iso&quot;:&quot;0&quot;,&quot;shutter_speed&quot;:&quot;0&quot;,&quot;title&quot;:&quot;&quot;,&quot;orientation&quot;:&quot;0&quot;}\" data-image-title=\"Benefiz Tierheim Salzgitter 20.07.2013\" data-image-description=\"\" data-medium-file=\"http:\/\/elviswhynot.bplaced.net\/wordpress\/wp-content\/uploads\/2023\/07\/93-300x225.jpg\" data-large-file=\"http:\/\/elviswhynot.bplaced.net\/wordpress\/wp-content\/uploads\/2023\/07\/93-1024x768.jpg\" src=\"http:\/\/elviswhynot.bplaced.net\/wordpress\/wp-content\/uploads\/2023\/07\/93.jpg\" width=\"301\" height=\"226\" align=\"left\" title=\"Benefiz Tierheim Salzgitter 20.07.2013\" \/><\/a><div class=\"tiled-gallery-caption\">Foto: Roswitha von Cyrson-Fritzke, Wolfenb\u00fcttel<\/div><\/div><div class=\"tiled-gallery-item tiled-gallery-item-full\"><a href=\"http:\/\/elviswhynot.bplaced.net\/wordpress\/?attachment_id=446\"><img data-attachment-id=\"446\" data-orig-file=\"http:\/\/elviswhynot.bplaced.net\/wordpress\/wp-content\/uploads\/2023\/07\/94.jpg\" data-orig-size=\"1200,900\" data-comments-opened=\"1\" data-image-meta=\"{&quot;aperture&quot;:&quot;0&quot;,&quot;credit&quot;:&quot;&quot;,&quot;camera&quot;:&quot;&quot;,&quot;caption&quot;:&quot;&quot;,&quot;created_timestamp&quot;:&quot;0&quot;,&quot;copyright&quot;:&quot;&quot;,&quot;focal_length&quot;:&quot;0&quot;,&quot;iso&quot;:&quot;0&quot;,&quot;shutter_speed&quot;:&quot;0&quot;,&quot;title&quot;:&quot;&quot;,&quot;orientation&quot;:&quot;0&quot;}\" data-image-title=\"Benefiz Tierheim Salzgitter 20.07.2013\" data-image-description=\"\" data-medium-file=\"http:\/\/elviswhynot.bplaced.net\/wordpress\/wp-content\/uploads\/2023\/07\/94-300x225.jpg\" data-large-file=\"http:\/\/elviswhynot.bplaced.net\/wordpress\/wp-content\/uploads\/2023\/07\/94-1024x768.jpg\" src=\"http:\/\/elviswhynot.bplaced.net\/wordpress\/wp-content\/uploads\/2023\/07\/94.jpg\" width=\"301\" height=\"225\" align=\"left\" title=\"Benefiz Tierheim Salzgitter 20.07.2013\" \/><\/a><div class=\"tiled-gallery-caption\">Foto: Roswitha von Cyrson-Fritzke, Wolfenb\u00fcttel<\/div><\/div><\/div><\/div><div class=\"gallery-row\" style=\"width: 915px; height: 226px;\"><div class=\"gallery-group images-1\" style=\"width: 305px; height: 230px;\"><div class=\"tiled-gallery-item tiled-gallery-item-full\"><a href=\"http:\/\/elviswhynot.bplaced.net\/wordpress\/?attachment_id=447\"><img data-attachment-id=\"447\" data-orig-file=\"http:\/\/elviswhynot.bplaced.net\/wordpress\/wp-content\/uploads\/2023\/07\/95.jpg\" data-orig-size=\"1200,900\" data-comments-opened=\"1\" data-image-meta=\"{&quot;aperture&quot;:&quot;0&quot;,&quot;credit&quot;:&quot;&quot;,&quot;camera&quot;:&quot;&quot;,&quot;caption&quot;:&quot;&quot;,&quot;created_timestamp&quot;:&quot;0&quot;,&quot;copyright&quot;:&quot;&quot;,&quot;focal_length&quot;:&quot;0&quot;,&quot;iso&quot;:&quot;0&quot;,&quot;shutter_speed&quot;:&quot;0&quot;,&quot;title&quot;:&quot;&quot;,&quot;orientation&quot;:&quot;0&quot;}\" data-image-title=\"Benefiz Tierheim Salzgitter 20.07.2013\" data-image-description=\"\" data-medium-file=\"http:\/\/elviswhynot.bplaced.net\/wordpress\/wp-content\/uploads\/2023\/07\/95-300x225.jpg\" data-large-file=\"http:\/\/elviswhynot.bplaced.net\/wordpress\/wp-content\/uploads\/2023\/07\/95-1024x768.jpg\" src=\"http:\/\/elviswhynot.bplaced.net\/wordpress\/wp-content\/uploads\/2023\/07\/95.jpg\" width=\"301\" height=\"226\" align=\"left\" title=\"Benefiz Tierheim Salzgitter 20.07.2013\" \/><\/a><div class=\"tiled-gallery-caption\">Foto: Roswitha von Cyrson-Fritzke, Wolfenb\u00fcttel<\/div><\/div><\/div><div class=\"gallery-group images-1\" style=\"width: 305px; height: 230px;\"><div class=\"tiled-gallery-item tiled-gallery-item-full\"><a href=\"http:\/\/elviswhynot.bplaced.net\/wordpress\/?attachment_id=448\"><img data-attachment-id=\"448\" data-orig-file=\"http:\/\/elviswhynot.bplaced.net\/wordpress\/wp-content\/uploads\/2023\/07\/96.jpg\" data-orig-size=\"1200,900\" data-comments-opened=\"1\" data-image-meta=\"{&quot;aperture&quot;:&quot;0&quot;,&quot;credit&quot;:&quot;&quot;,&quot;camera&quot;:&quot;&quot;,&quot;caption&quot;:&quot;&quot;,&quot;created_timestamp&quot;:&quot;0&quot;,&quot;copyright&quot;:&quot;&quot;,&quot;focal_length&quot;:&quot;0&quot;,&quot;iso&quot;:&quot;0&quot;,&quot;shutter_speed&quot;:&quot;0&quot;,&quot;title&quot;:&quot;&quot;,&quot;orientation&quot;:&quot;0&quot;}\" data-image-title=\"Benefiz Tierheim Salzgitter 20.07.2013\" data-image-description=\"\" data-medium-file=\"http:\/\/elviswhynot.bplaced.net\/wordpress\/wp-content\/uploads\/2023\/07\/96-300x225.jpg\" data-large-file=\"http:\/\/elviswhynot.bplaced.net\/wordpress\/wp-content\/uploads\/2023\/07\/96-1024x768.jpg\" src=\"http:\/\/elviswhynot.bplaced.net\/wordpress\/wp-content\/uploads\/2023\/07\/96.jpg\" width=\"301\" height=\"226\" align=\"left\" title=\"Benefiz Tierheim Salzgitter 20.07.2013\" \/><\/a><div class=\"tiled-gallery-caption\">Foto: Roswitha von Cyrson-Fritzke, Wolfenb\u00fcttel<\/div><\/div><\/div><div class=\"gallery-group images-1\" style=\"width: 305px; height: 230px;\"><div class=\"tiled-gallery-item tiled-gallery-item-full\"><a href=\"http:\/\/elviswhynot.bplaced.net\/wordpress\/?attachment_id=449\"><img data-attachment-id=\"449\" data-orig-file=\"http:\/\/elviswhynot.bplaced.net\/wordpress\/wp-content\/uploads\/2023\/07\/97.jpg\" data-orig-size=\"1200,900\" data-comments-opened=\"1\" data-image-meta=\"{&quot;aperture&quot;:&quot;0&quot;,&quot;credit&quot;:&quot;&quot;,&quot;camera&quot;:&quot;&quot;,&quot;caption&quot;:&quot;&quot;,&quot;created_timestamp&quot;:&quot;0&quot;,&quot;copyright&quot;:&quot;&quot;,&quot;focal_length&quot;:&quot;0&quot;,&quot;iso&quot;:&quot;0&quot;,&quot;shutter_speed&quot;:&quot;0&quot;,&quot;title&quot;:&quot;&quot;,&quot;orientation&quot;:&quot;0&quot;}\" data-image-title=\"Benefiz Tierheim Salzgitter 20.07.2013\" data-image-description=\"\" data-medium-file=\"http:\/\/elviswhynot.bplaced.net\/wordpress\/wp-content\/uploads\/2023\/07\/97-300x225.jpg\" data-large-file=\"http:\/\/elviswhynot.bplaced.net\/wordpress\/wp-content\/uploads\/2023\/07\/97-1024x768.jpg\" src=\"http:\/\/elviswhynot.bplaced.net\/wordpress\/wp-content\/uploads\/2023\/07\/97.jpg\" width=\"301\" height=\"226\" align=\"left\" title=\"Benefiz Tierheim Salzgitter 20.07.2013\" \/><\/a><div class=\"tiled-gallery-caption\">Foto: Roswitha von Cyrson-Fritzke, Wolfenb\u00fcttel<\/div><\/div><\/div><\/div><div class=\"gallery-row\" style=\"width: 915px; height: 455px;\"><div class=\"gallery-group images-2\" style=\"width: 305px; height: 459px;\"><div class=\"tiled-gallery-item tiled-gallery-item-full\"><a href=\"http:\/\/elviswhynot.bplaced.net\/wordpress\/?attachment_id=450\"><img data-attachment-id=\"450\" data-orig-file=\"http:\/\/elviswhynot.bplaced.net\/wordpress\/wp-content\/uploads\/2023\/07\/98.jpg\" data-orig-size=\"1200,900\" data-comments-opened=\"1\" data-image-meta=\"{&quot;aperture&quot;:&quot;0&quot;,&quot;credit&quot;:&quot;&quot;,&quot;camera&quot;:&quot;&quot;,&quot;caption&quot;:&quot;&quot;,&quot;created_timestamp&quot;:&quot;0&quot;,&quot;copyright&quot;:&quot;&quot;,&quot;focal_length&quot;:&quot;0&quot;,&quot;iso&quot;:&quot;0&quot;,&quot;shutter_speed&quot;:&quot;0&quot;,&quot;title&quot;:&quot;&quot;,&quot;orientation&quot;:&quot;0&quot;}\" data-image-title=\"TV-Aufzeichnung Radio Weser TV Bremerhaven 26.07.2013\" data-image-description=\"\" data-medium-file=\"http:\/\/elviswhynot.bplaced.net\/wordpress\/wp-content\/uploads\/2023\/07\/98-300x225.jpg\" data-large-file=\"http:\/\/elviswhynot.bplaced.net\/wordpress\/wp-content\/uploads\/2023\/07\/98-1024x768.jpg\" src=\"http:\/\/elviswhynot.bplaced.net\/wordpress\/wp-content\/uploads\/2023\/07\/98.jpg\" width=\"301\" height=\"226\" align=\"left\" title=\"TV-Aufzeichnung Radio Weser TV Bremerhaven 26.07.2013\" \/><\/a><div class=\"tiled-gallery-caption\">Foto: Roswitha von Cyrson-Fritzke, Wolfenb\u00fcttel<\/div><\/div><div class=\"tiled-gallery-item tiled-gallery-item-full\"><a href=\"http:\/\/elviswhynot.bplaced.net\/wordpress\/?attachment_id=451\"><img data-attachment-id=\"451\" data-orig-file=\"http:\/\/elviswhynot.bplaced.net\/wordpress\/wp-content\/uploads\/2023\/07\/99.jpg\" data-orig-size=\"1200,900\" data-comments-opened=\"1\" data-image-meta=\"{&quot;aperture&quot;:&quot;0&quot;,&quot;credit&quot;:&quot;&quot;,&quot;camera&quot;:&quot;&quot;,&quot;caption&quot;:&quot;&quot;,&quot;created_timestamp&quot;:&quot;0&quot;,&quot;copyright&quot;:&quot;&quot;,&quot;focal_length&quot;:&quot;0&quot;,&quot;iso&quot;:&quot;0&quot;,&quot;shutter_speed&quot;:&quot;0&quot;,&quot;title&quot;:&quot;&quot;,&quot;orientation&quot;:&quot;0&quot;}\" data-image-title=\"TV-Aufzeichnung Radio Weser TV Bremerhaven 26.07.2013\" data-image-description=\"\" data-medium-file=\"http:\/\/elviswhynot.bplaced.net\/wordpress\/wp-content\/uploads\/2023\/07\/99-300x225.jpg\" data-large-file=\"http:\/\/elviswhynot.bplaced.net\/wordpress\/wp-content\/uploads\/2023\/07\/99-1024x768.jpg\" src=\"http:\/\/elviswhynot.bplaced.net\/wordpress\/wp-content\/uploads\/2023\/07\/99.jpg\" width=\"301\" height=\"225\" align=\"left\" title=\"TV-Aufzeichnung Radio Weser TV Bremerhaven 26.07.2013\" \/><\/a><div class=\"tiled-gallery-caption\">Foto: Roswitha von Cyrson-Fritzke, Wolfenb\u00fcttel<\/div><\/div><\/div><div class=\"gallery-group images-1\" style=\"width: 610px; height: 459px;\"><div class=\"tiled-gallery-item tiled-gallery-item-full\"><a href=\"http:\/\/elviswhynot.bplaced.net\/wordpress\/?attachment_id=452\"><img data-attachment-id=\"452\" data-orig-file=\"http:\/\/elviswhynot.bplaced.net\/wordpress\/wp-content\/uploads\/2023\/07\/100.jpg\" data-orig-size=\"1200,900\" data-comments-opened=\"1\" data-image-meta=\"{&quot;aperture&quot;:&quot;0&quot;,&quot;credit&quot;:&quot;&quot;,&quot;camera&quot;:&quot;&quot;,&quot;caption&quot;:&quot;&quot;,&quot;created_timestamp&quot;:&quot;0&quot;,&quot;copyright&quot;:&quot;&quot;,&quot;focal_length&quot;:&quot;0&quot;,&quot;iso&quot;:&quot;0&quot;,&quot;shutter_speed&quot;:&quot;0&quot;,&quot;title&quot;:&quot;&quot;,&quot;orientation&quot;:&quot;0&quot;}\" data-image-title=\"Jubil\u00e4um 20 Jahre Texas Roads 28.07.2013\" data-image-description=\"\" data-medium-file=\"http:\/\/elviswhynot.bplaced.net\/wordpress\/wp-content\/uploads\/2023\/07\/100-300x225.jpg\" data-large-file=\"http:\/\/elviswhynot.bplaced.net\/wordpress\/wp-content\/uploads\/2023\/07\/100-1024x768.jpg\" src=\"http:\/\/elviswhynot.bplaced.net\/wordpress\/wp-content\/uploads\/2023\/07\/100.jpg\" width=\"606\" height=\"455\" align=\"left\" title=\"Jubil\u00e4um 20 Jahre Texas Roads 28.07.2013\" \/><\/a><div class=\"tiled-gallery-caption\">Foto: Roswitha von Cyrson-Fritzke, Wolfenb\u00fcttel<\/div><\/div><\/div><\/div><div class=\"gallery-row\" style=\"width: 915px; height: 226px;\"><div class=\"gallery-group images-1\" style=\"width: 305px; height: 230px;\"><div class=\"tiled-gallery-item tiled-gallery-item-full\"><a href=\"http:\/\/elviswhynot.bplaced.net\/wordpress\/?attachment_id=453\"><img data-attachment-id=\"453\" data-orig-file=\"http:\/\/elviswhynot.bplaced.net\/wordpress\/wp-content\/uploads\/2023\/07\/101.jpg\" data-orig-size=\"1200,900\" data-comments-opened=\"1\" data-image-meta=\"{&quot;aperture&quot;:&quot;0&quot;,&quot;credit&quot;:&quot;&quot;,&quot;camera&quot;:&quot;&quot;,&quot;caption&quot;:&quot;&quot;,&quot;created_timestamp&quot;:&quot;0&quot;,&quot;copyright&quot;:&quot;&quot;,&quot;focal_length&quot;:&quot;0&quot;,&quot;iso&quot;:&quot;0&quot;,&quot;shutter_speed&quot;:&quot;0&quot;,&quot;title&quot;:&quot;&quot;,&quot;orientation&quot;:&quot;0&quot;}\" data-image-title=\"Jubil\u00e4um 20 Jahre Texas Roads 28.07.2013\" data-image-description=\"\" data-medium-file=\"http:\/\/elviswhynot.bplaced.net\/wordpress\/wp-content\/uploads\/2023\/07\/101-300x225.jpg\" data-large-file=\"http:\/\/elviswhynot.bplaced.net\/wordpress\/wp-content\/uploads\/2023\/07\/101-1024x768.jpg\" src=\"http:\/\/elviswhynot.bplaced.net\/wordpress\/wp-content\/uploads\/2023\/07\/101.jpg\" width=\"301\" height=\"226\" align=\"left\" title=\"Jubil\u00e4um 20 Jahre Texas Roads 28.07.2013\" \/><\/a><div class=\"tiled-gallery-caption\">Foto: Roswitha von Cyrson-Fritzke, Wolfenb\u00fcttel<\/div><\/div><\/div><div class=\"gallery-group images-1\" style=\"width: 305px; height: 230px;\"><div class=\"tiled-gallery-item tiled-gallery-item-full\"><a href=\"http:\/\/elviswhynot.bplaced.net\/wordpress\/?attachment_id=454\"><img data-attachment-id=\"454\" data-orig-file=\"http:\/\/elviswhynot.bplaced.net\/wordpress\/wp-content\/uploads\/2023\/07\/102.jpg\" data-orig-size=\"1200,900\" data-comments-opened=\"1\" data-image-meta=\"{&quot;aperture&quot;:&quot;0&quot;,&quot;credit&quot;:&quot;&quot;,&quot;camera&quot;:&quot;&quot;,&quot;caption&quot;:&quot;&quot;,&quot;created_timestamp&quot;:&quot;0&quot;,&quot;copyright&quot;:&quot;&quot;,&quot;focal_length&quot;:&quot;0&quot;,&quot;iso&quot;:&quot;0&quot;,&quot;shutter_speed&quot;:&quot;0&quot;,&quot;title&quot;:&quot;&quot;,&quot;orientation&quot;:&quot;0&quot;}\" data-image-title=\"Jubil\u00e4um 20 Jahre Texas Roads 28.07.2013\" data-image-description=\"\" data-medium-file=\"http:\/\/elviswhynot.bplaced.net\/wordpress\/wp-content\/uploads\/2023\/07\/102-300x225.jpg\" data-large-file=\"http:\/\/elviswhynot.bplaced.net\/wordpress\/wp-content\/uploads\/2023\/07\/102-1024x768.jpg\" src=\"http:\/\/elviswhynot.bplaced.net\/wordpress\/wp-content\/uploads\/2023\/07\/102.jpg\" width=\"301\" height=\"226\" align=\"left\" title=\"Jubil\u00e4um 20 Jahre Texas Roads 28.07.2013\" \/><\/a><div class=\"tiled-gallery-caption\">Foto: Roswitha von Cyrson-Fritzke, Wolfenb\u00fcttel<\/div><\/div><\/div><div class=\"gallery-group images-1\" style=\"width: 305px; height: 230px;\"><div class=\"tiled-gallery-item tiled-gallery-item-full\"><a href=\"http:\/\/elviswhynot.bplaced.net\/wordpress\/?attachment_id=455\"><img data-attachment-id=\"455\" data-orig-file=\"http:\/\/elviswhynot.bplaced.net\/wordpress\/wp-content\/uploads\/2023\/07\/103.jpg\" data-orig-size=\"1200,900\" data-comments-opened=\"1\" data-image-meta=\"{&quot;aperture&quot;:&quot;0&quot;,&quot;credit&quot;:&quot;&quot;,&quot;camera&quot;:&quot;&quot;,&quot;caption&quot;:&quot;&quot;,&quot;created_timestamp&quot;:&quot;0&quot;,&quot;copyright&quot;:&quot;&quot;,&quot;focal_length&quot;:&quot;0&quot;,&quot;iso&quot;:&quot;0&quot;,&quot;shutter_speed&quot;:&quot;0&quot;,&quot;title&quot;:&quot;&quot;,&quot;orientation&quot;:&quot;0&quot;}\" data-image-title=\"Jubil\u00e4um 20 Jahre Texas Roads 28.07.2013\" data-image-description=\"\" data-medium-file=\"http:\/\/elviswhynot.bplaced.net\/wordpress\/wp-content\/uploads\/2023\/07\/103-300x225.jpg\" data-large-file=\"http:\/\/elviswhynot.bplaced.net\/wordpress\/wp-content\/uploads\/2023\/07\/103-1024x768.jpg\" src=\"http:\/\/elviswhynot.bplaced.net\/wordpress\/wp-content\/uploads\/2023\/07\/103.jpg\" width=\"301\" height=\"226\" align=\"left\" title=\"Jubil\u00e4um 20 Jahre Texas Roads 28.07.2013\" \/><\/a><div class=\"tiled-gallery-caption\">Foto: Mario Fritzke, Wolfenb\u00fcttel<\/div><\/div><\/div><\/div><div class=\"gallery-row\" style=\"width: 915px; height: 455px;\"><div class=\"gallery-group images-1\" style=\"width: 610px; height: 459px;\"><div class=\"tiled-gallery-item tiled-gallery-item-full\"><a href=\"http:\/\/elviswhynot.bplaced.net\/wordpress\/?attachment_id=456\"><img data-attachment-id=\"456\" data-orig-file=\"http:\/\/elviswhynot.bplaced.net\/wordpress\/wp-content\/uploads\/2023\/07\/104.jpg\" data-orig-size=\"1200,900\" data-comments-opened=\"1\" data-image-meta=\"{&quot;aperture&quot;:&quot;0&quot;,&quot;credit&quot;:&quot;&quot;,&quot;camera&quot;:&quot;&quot;,&quot;caption&quot;:&quot;&quot;,&quot;created_timestamp&quot;:&quot;0&quot;,&quot;copyright&quot;:&quot;&quot;,&quot;focal_length&quot;:&quot;0&quot;,&quot;iso&quot;:&quot;0&quot;,&quot;shutter_speed&quot;:&quot;0&quot;,&quot;title&quot;:&quot;&quot;,&quot;orientation&quot;:&quot;0&quot;}\" data-image-title=\"Jubil\u00e4um 20 Jahre Texas Roads 28.07.2013\" data-image-description=\"\" data-medium-file=\"http:\/\/elviswhynot.bplaced.net\/wordpress\/wp-content\/uploads\/2023\/07\/104-300x225.jpg\" data-large-file=\"http:\/\/elviswhynot.bplaced.net\/wordpress\/wp-content\/uploads\/2023\/07\/104-1024x768.jpg\" src=\"http:\/\/elviswhynot.bplaced.net\/wordpress\/wp-content\/uploads\/2023\/07\/104.jpg\" width=\"606\" height=\"455\" align=\"left\" title=\"Jubil\u00e4um 20 Jahre Texas Roads 28.07.2013\" \/><\/a><div class=\"tiled-gallery-caption\">Foto: Roswitha von Cyrson-Fritzke, Wolfenb\u00fcttel<\/div><\/div><\/div><div class=\"gallery-group images-2\" style=\"width: 305px; height: 459px;\"><div class=\"tiled-gallery-item tiled-gallery-item-full\"><a href=\"http:\/\/elviswhynot.bplaced.net\/wordpress\/?attachment_id=457\"><img data-attachment-id=\"457\" data-orig-file=\"http:\/\/elviswhynot.bplaced.net\/wordpress\/wp-content\/uploads\/2023\/07\/105.jpg\" data-orig-size=\"1200,900\" data-comments-opened=\"1\" data-image-meta=\"{&quot;aperture&quot;:&quot;0&quot;,&quot;credit&quot;:&quot;&quot;,&quot;camera&quot;:&quot;&quot;,&quot;caption&quot;:&quot;&quot;,&quot;created_timestamp&quot;:&quot;0&quot;,&quot;copyright&quot;:&quot;&quot;,&quot;focal_length&quot;:&quot;0&quot;,&quot;iso&quot;:&quot;0&quot;,&quot;shutter_speed&quot;:&quot;0&quot;,&quot;title&quot;:&quot;&quot;,&quot;orientation&quot;:&quot;0&quot;}\" data-image-title=\"Jubil\u00e4um 20 Jahre Texas Roads 28.07.2013\" data-image-description=\"\" data-medium-file=\"http:\/\/elviswhynot.bplaced.net\/wordpress\/wp-content\/uploads\/2023\/07\/105-300x225.jpg\" data-large-file=\"http:\/\/elviswhynot.bplaced.net\/wordpress\/wp-content\/uploads\/2023\/07\/105-1024x768.jpg\" src=\"http:\/\/elviswhynot.bplaced.net\/wordpress\/wp-content\/uploads\/2023\/07\/105.jpg\" width=\"301\" height=\"226\" align=\"left\" title=\"Jubil\u00e4um 20 Jahre Texas Roads 28.07.2013\" \/><\/a><div class=\"tiled-gallery-caption\">Foto: Roswitha von Cyrson-Fritzke, Wolfenb\u00fcttel<\/div><\/div><div class=\"tiled-gallery-item tiled-gallery-item-full\"><a href=\"http:\/\/elviswhynot.bplaced.net\/wordpress\/?attachment_id=458\"><img data-attachment-id=\"458\" data-orig-file=\"http:\/\/elviswhynot.bplaced.net\/wordpress\/wp-content\/uploads\/2023\/07\/106.jpg\" data-orig-size=\"1200,900\" data-comments-opened=\"1\" data-image-meta=\"{&quot;aperture&quot;:&quot;0&quot;,&quot;credit&quot;:&quot;&quot;,&quot;camera&quot;:&quot;&quot;,&quot;caption&quot;:&quot;&quot;,&quot;created_timestamp&quot;:&quot;0&quot;,&quot;copyright&quot;:&quot;&quot;,&quot;focal_length&quot;:&quot;0&quot;,&quot;iso&quot;:&quot;0&quot;,&quot;shutter_speed&quot;:&quot;0&quot;,&quot;title&quot;:&quot;&quot;,&quot;orientation&quot;:&quot;0&quot;}\" data-image-title=\"Jubil\u00e4um 20 Jahre Texas Roads 28.07.2013\" data-image-description=\"\" data-medium-file=\"http:\/\/elviswhynot.bplaced.net\/wordpress\/wp-content\/uploads\/2023\/07\/106-300x225.jpg\" data-large-file=\"http:\/\/elviswhynot.bplaced.net\/wordpress\/wp-content\/uploads\/2023\/07\/106-1024x768.jpg\" src=\"http:\/\/elviswhynot.bplaced.net\/wordpress\/wp-content\/uploads\/2023\/07\/106.jpg\" width=\"301\" height=\"225\" align=\"left\" title=\"Jubil\u00e4um 20 Jahre Texas Roads 28.07.2013\" \/><\/a><div class=\"tiled-gallery-caption\">Foto: Roswitha von Cyrson-Fritzke, Wolfenb\u00fcttel<\/div><\/div><\/div><\/div><div class=\"gallery-row\" style=\"width: 915px; height: 226px;\"><div class=\"gallery-group images-1\" style=\"width: 305px; height: 230px;\"><div class=\"tiled-gallery-item tiled-gallery-item-full\"><a href=\"http:\/\/elviswhynot.bplaced.net\/wordpress\/?attachment_id=459\"><img data-attachment-id=\"459\" data-orig-file=\"http:\/\/elviswhynot.bplaced.net\/wordpress\/wp-content\/uploads\/2023\/07\/107.jpg\" data-orig-size=\"1200,900\" data-comments-opened=\"1\" data-image-meta=\"{&quot;aperture&quot;:&quot;0&quot;,&quot;credit&quot;:&quot;&quot;,&quot;camera&quot;:&quot;&quot;,&quot;caption&quot;:&quot;&quot;,&quot;created_timestamp&quot;:&quot;0&quot;,&quot;copyright&quot;:&quot;&quot;,&quot;focal_length&quot;:&quot;0&quot;,&quot;iso&quot;:&quot;0&quot;,&quot;shutter_speed&quot;:&quot;0&quot;,&quot;title&quot;:&quot;&quot;,&quot;orientation&quot;:&quot;0&quot;}\" data-image-title=\"Jubil\u00e4um 20 Jahre Texas Roads 28.07.2013\" data-image-description=\"\" data-medium-file=\"http:\/\/elviswhynot.bplaced.net\/wordpress\/wp-content\/uploads\/2023\/07\/107-300x225.jpg\" data-large-file=\"http:\/\/elviswhynot.bplaced.net\/wordpress\/wp-content\/uploads\/2023\/07\/107-1024x768.jpg\" src=\"http:\/\/elviswhynot.bplaced.net\/wordpress\/wp-content\/uploads\/2023\/07\/107.jpg\" width=\"301\" height=\"226\" align=\"left\" title=\"Jubil\u00e4um 20 Jahre Texas Roads 28.07.2013\" \/><\/a><div class=\"tiled-gallery-caption\">Foto: Roswitha von Cyrson-Fritzke, Wolfenb\u00fcttel<\/div><\/div><\/div><div class=\"gallery-group images-1\" style=\"width: 305px; height: 230px;\"><div class=\"tiled-gallery-item tiled-gallery-item-full\"><a href=\"http:\/\/elviswhynot.bplaced.net\/wordpress\/?attachment_id=460\"><img data-attachment-id=\"460\" data-orig-file=\"http:\/\/elviswhynot.bplaced.net\/wordpress\/wp-content\/uploads\/2023\/07\/108.jpg\" data-orig-size=\"1200,900\" data-comments-opened=\"1\" data-image-meta=\"{&quot;aperture&quot;:&quot;0&quot;,&quot;credit&quot;:&quot;&quot;,&quot;camera&quot;:&quot;&quot;,&quot;caption&quot;:&quot;&quot;,&quot;created_timestamp&quot;:&quot;0&quot;,&quot;copyright&quot;:&quot;&quot;,&quot;focal_length&quot;:&quot;0&quot;,&quot;iso&quot;:&quot;0&quot;,&quot;shutter_speed&quot;:&quot;0&quot;,&quot;title&quot;:&quot;&quot;,&quot;orientation&quot;:&quot;0&quot;}\" data-image-title=\"Jubil\u00e4um 20 Jahre Texas Roads 28.07.2013\" data-image-description=\"\" data-medium-file=\"http:\/\/elviswhynot.bplaced.net\/wordpress\/wp-content\/uploads\/2023\/07\/108-300x225.jpg\" data-large-file=\"http:\/\/elviswhynot.bplaced.net\/wordpress\/wp-content\/uploads\/2023\/07\/108-1024x768.jpg\" src=\"http:\/\/elviswhynot.bplaced.net\/wordpress\/wp-content\/uploads\/2023\/07\/108.jpg\" width=\"301\" height=\"226\" align=\"left\" title=\"Jubil\u00e4um 20 Jahre Texas Roads 28.07.2013\" \/><\/a><div class=\"tiled-gallery-caption\">Foto: Roswitha von Cyrson-Fritzke, Wolfenb\u00fcttel<\/div><\/div><\/div><div class=\"gallery-group images-1\" style=\"width: 305px; height: 230px;\"><div class=\"tiled-gallery-item tiled-gallery-item-full\"><a href=\"http:\/\/elviswhynot.bplaced.net\/wordpress\/?attachment_id=461\"><img data-attachment-id=\"461\" data-orig-file=\"http:\/\/elviswhynot.bplaced.net\/wordpress\/wp-content\/uploads\/2023\/07\/109.jpg\" data-orig-size=\"1200,900\" data-comments-opened=\"1\" data-image-meta=\"{&quot;aperture&quot;:&quot;0&quot;,&quot;credit&quot;:&quot;&quot;,&quot;camera&quot;:&quot;&quot;,&quot;caption&quot;:&quot;&quot;,&quot;created_timestamp&quot;:&quot;0&quot;,&quot;copyright&quot;:&quot;&quot;,&quot;focal_length&quot;:&quot;0&quot;,&quot;iso&quot;:&quot;0&quot;,&quot;shutter_speed&quot;:&quot;0&quot;,&quot;title&quot;:&quot;&quot;,&quot;orientation&quot;:&quot;0&quot;}\" data-image-title=\"Jubil\u00e4um 20 Jahre Texas Roads 28.07.2013\" data-image-description=\"\" data-medium-file=\"http:\/\/elviswhynot.bplaced.net\/wordpress\/wp-content\/uploads\/2023\/07\/109-300x225.jpg\" data-large-file=\"http:\/\/elviswhynot.bplaced.net\/wordpress\/wp-content\/uploads\/2023\/07\/109-1024x768.jpg\" src=\"http:\/\/elviswhynot.bplaced.net\/wordpress\/wp-content\/uploads\/2023\/07\/109.jpg\" width=\"301\" height=\"226\" align=\"left\" title=\"Jubil\u00e4um 20 Jahre Texas Roads 28.07.2013\" \/><\/a><div class=\"tiled-gallery-caption\">Foto: Roswitha von Cyrson-Fritzke, Wolfenb\u00fcttel<\/div><\/div><\/div><\/div><div class=\"gallery-row\" style=\"width: 915px; height: 455px;\"><div class=\"gallery-group images-2\" style=\"width: 305px; height: 459px;\"><div class=\"tiled-gallery-item tiled-gallery-item-full\"><a href=\"http:\/\/elviswhynot.bplaced.net\/wordpress\/?attachment_id=462\"><img data-attachment-id=\"462\" data-orig-file=\"http:\/\/elviswhynot.bplaced.net\/wordpress\/wp-content\/uploads\/2023\/07\/110.jpg\" data-orig-size=\"1200,900\" data-comments-opened=\"1\" data-image-meta=\"{&quot;aperture&quot;:&quot;0&quot;,&quot;credit&quot;:&quot;&quot;,&quot;camera&quot;:&quot;&quot;,&quot;caption&quot;:&quot;&quot;,&quot;created_timestamp&quot;:&quot;0&quot;,&quot;copyright&quot;:&quot;&quot;,&quot;focal_length&quot;:&quot;0&quot;,&quot;iso&quot;:&quot;0&quot;,&quot;shutter_speed&quot;:&quot;0&quot;,&quot;title&quot;:&quot;&quot;,&quot;orientation&quot;:&quot;0&quot;}\" data-image-title=\"Spontan den Rattenf\u00e4nger von Hameln getroffen &#8211; Tag der Niedersachsen Goslar 01.09.2013\" data-image-description=\"\" data-medium-file=\"http:\/\/elviswhynot.bplaced.net\/wordpress\/wp-content\/uploads\/2023\/07\/110-300x225.jpg\" data-large-file=\"http:\/\/elviswhynot.bplaced.net\/wordpress\/wp-content\/uploads\/2023\/07\/110-1024x768.jpg\" src=\"http:\/\/elviswhynot.bplaced.net\/wordpress\/wp-content\/uploads\/2023\/07\/110.jpg\" width=\"301\" height=\"226\" align=\"left\" title=\"Spontan den Rattenf\u00e4nger von Hameln getroffen - Tag der Niedersachsen Goslar 01.09.2013\" \/><\/a><div class=\"tiled-gallery-caption\">Foto: Mario Fritzke, Wolfenb\u00fcttel<\/div><\/div><div class=\"tiled-gallery-item tiled-gallery-item-full\"><a href=\"http:\/\/elviswhynot.bplaced.net\/wordpress\/?attachment_id=463\"><img data-attachment-id=\"463\" data-orig-file=\"http:\/\/elviswhynot.bplaced.net\/wordpress\/wp-content\/uploads\/2023\/07\/111.jpg\" data-orig-size=\"1200,900\" data-comments-opened=\"1\" data-image-meta=\"{&quot;aperture&quot;:&quot;0&quot;,&quot;credit&quot;:&quot;&quot;,&quot;camera&quot;:&quot;&quot;,&quot;caption&quot;:&quot;&quot;,&quot;created_timestamp&quot;:&quot;0&quot;,&quot;copyright&quot;:&quot;&quot;,&quot;focal_length&quot;:&quot;0&quot;,&quot;iso&quot;:&quot;0&quot;,&quot;shutter_speed&quot;:&quot;0&quot;,&quot;title&quot;:&quot;&quot;,&quot;orientation&quot;:&quot;0&quot;}\" data-image-title=\"Tag der Niedersachsen Goslar 01.09.2013\" data-image-description=\"\" data-medium-file=\"http:\/\/elviswhynot.bplaced.net\/wordpress\/wp-content\/uploads\/2023\/07\/111-300x225.jpg\" data-large-file=\"http:\/\/elviswhynot.bplaced.net\/wordpress\/wp-content\/uploads\/2023\/07\/111-1024x768.jpg\" src=\"http:\/\/elviswhynot.bplaced.net\/wordpress\/wp-content\/uploads\/2023\/07\/111.jpg\" width=\"301\" height=\"225\" align=\"left\" title=\"Tag der Niedersachsen Goslar 01.09.2013\" \/><\/a><div class=\"tiled-gallery-caption\">Foto: Roswitha von Cyrson-Fritzke, Wolfenb\u00fcttel<\/div><\/div><\/div><div class=\"gallery-group images-1\" style=\"width: 610px; height: 459px;\"><div class=\"tiled-gallery-item tiled-gallery-item-full\"><a href=\"http:\/\/elviswhynot.bplaced.net\/wordpress\/?attachment_id=464\"><img data-attachment-id=\"464\" data-orig-file=\"http:\/\/elviswhynot.bplaced.net\/wordpress\/wp-content\/uploads\/2023\/07\/112.jpg\" data-orig-size=\"1200,900\" data-comments-opened=\"1\" data-image-meta=\"{&quot;aperture&quot;:&quot;0&quot;,&quot;credit&quot;:&quot;&quot;,&quot;camera&quot;:&quot;&quot;,&quot;caption&quot;:&quot;&quot;,&quot;created_timestamp&quot;:&quot;0&quot;,&quot;copyright&quot;:&quot;&quot;,&quot;focal_length&quot;:&quot;0&quot;,&quot;iso&quot;:&quot;0&quot;,&quot;shutter_speed&quot;:&quot;0&quot;,&quot;title&quot;:&quot;&quot;,&quot;orientation&quot;:&quot;0&quot;}\" data-image-title=\"Tag der Niedersachsen Goslar 01.09.2013\" data-image-description=\"\" data-medium-file=\"http:\/\/elviswhynot.bplaced.net\/wordpress\/wp-content\/uploads\/2023\/07\/112-300x225.jpg\" data-large-file=\"http:\/\/elviswhynot.bplaced.net\/wordpress\/wp-content\/uploads\/2023\/07\/112-1024x768.jpg\" src=\"http:\/\/elviswhynot.bplaced.net\/wordpress\/wp-content\/uploads\/2023\/07\/112.jpg\" width=\"606\" height=\"455\" align=\"left\" title=\"Tag der Niedersachsen Goslar 01.09.2013\" \/><\/a><div class=\"tiled-gallery-caption\">Foto: Roswitha von Cyrson-Fritzke, Wolfenb\u00fcttel<\/div><\/div><\/div><\/div><div class=\"gallery-row\" style=\"width: 915px; height: 425px;\"><div class=\"gallery-group images-1\" style=\"width: 570px; height: 429px;\"><div class=\"tiled-gallery-item tiled-gallery-item-full\"><a href=\"http:\/\/elviswhynot.bplaced.net\/wordpress\/?attachment_id=465\"><img data-attachment-id=\"465\" data-orig-file=\"http:\/\/elviswhynot.bplaced.net\/wordpress\/wp-content\/uploads\/2023\/07\/113.jpg\" data-orig-size=\"1200,900\" data-comments-opened=\"1\" data-image-meta=\"{&quot;aperture&quot;:&quot;0&quot;,&quot;credit&quot;:&quot;&quot;,&quot;camera&quot;:&quot;&quot;,&quot;caption&quot;:&quot;&quot;,&quot;created_timestamp&quot;:&quot;0&quot;,&quot;copyright&quot;:&quot;&quot;,&quot;focal_length&quot;:&quot;0&quot;,&quot;iso&quot;:&quot;0&quot;,&quot;shutter_speed&quot;:&quot;0&quot;,&quot;title&quot;:&quot;&quot;,&quot;orientation&quot;:&quot;0&quot;}\" data-image-title=\"Tag der Niedersachsen Goslar 01.09.2013\" data-image-description=\"\" data-medium-file=\"http:\/\/elviswhynot.bplaced.net\/wordpress\/wp-content\/uploads\/2023\/07\/113-300x225.jpg\" data-large-file=\"http:\/\/elviswhynot.bplaced.net\/wordpress\/wp-content\/uploads\/2023\/07\/113-1024x768.jpg\" src=\"http:\/\/elviswhynot.bplaced.net\/wordpress\/wp-content\/uploads\/2023\/07\/113.jpg\" width=\"566\" height=\"425\" align=\"left\" title=\"Tag der Niedersachsen Goslar 01.09.2013\" \/><\/a><div class=\"tiled-gallery-caption\">Foto: Roswitha von Cyrson-Fritzke, Wolfenb\u00fcttel<\/div><\/div><\/div><div class=\"gallery-group images-1\" style=\"width: 345px; height: 429px;\"><div class=\"tiled-gallery-item tiled-gallery-item-full\"><a href=\"http:\/\/elviswhynot.bplaced.net\/wordpress\/?attachment_id=466\"><img data-attachment-id=\"466\" data-orig-file=\"http:\/\/elviswhynot.bplaced.net\/wordpress\/wp-content\/uploads\/2023\/07\/114.jpg\" data-orig-size=\"722,899\" data-comments-opened=\"1\" data-image-meta=\"{&quot;aperture&quot;:&quot;0&quot;,&quot;credit&quot;:&quot;&quot;,&quot;camera&quot;:&quot;&quot;,&quot;caption&quot;:&quot;&quot;,&quot;created_timestamp&quot;:&quot;0&quot;,&quot;copyright&quot;:&quot;&quot;,&quot;focal_length&quot;:&quot;0&quot;,&quot;iso&quot;:&quot;0&quot;,&quot;shutter_speed&quot;:&quot;0&quot;,&quot;title&quot;:&quot;&quot;,&quot;orientation&quot;:&quot;0&quot;}\" data-image-title=\"Gem\u00e4lde von unserem Freund &#8222;Eddy&#8220; M. Wysocki, 2011\" data-image-description=\"\" data-medium-file=\"http:\/\/elviswhynot.bplaced.net\/wordpress\/wp-content\/uploads\/2023\/07\/114-241x300.jpg\" data-large-file=\"http:\/\/elviswhynot.bplaced.net\/wordpress\/wp-content\/uploads\/2023\/07\/114.jpg\" src=\"http:\/\/elviswhynot.bplaced.net\/wordpress\/wp-content\/uploads\/2023\/07\/114.jpg\" width=\"341\" height=\"425\" align=\"left\" title=\"Gem\u00e4lde von unserem Freund &quot;Eddy&quot; M. Wysocki, 2011\" \/><\/a><div class=\"tiled-gallery-caption\">Foto: Mario Fritzke, Wolfenb\u00fcttel<\/div><\/div><\/div><\/div><div class=\"gallery-row\" style=\"width: 915px; height: 404px;\"><div class=\"gallery-group images-1\" style=\"width: 611px; height: 408px;\"><div class=\"tiled-gallery-item tiled-gallery-item-full\"><a href=\"http:\/\/elviswhynot.bplaced.net\/wordpress\/?attachment_id=467\"><img data-attachment-id=\"467\" data-orig-file=\"http:\/\/elviswhynot.bplaced.net\/wordpress\/wp-content\/uploads\/2023\/07\/115.jpg\" data-orig-size=\"1350,900\" data-comments-opened=\"1\" data-image-meta=\"{&quot;aperture&quot;:&quot;0&quot;,&quot;credit&quot;:&quot;&quot;,&quot;camera&quot;:&quot;&quot;,&quot;caption&quot;:&quot;&quot;,&quot;created_timestamp&quot;:&quot;0&quot;,&quot;copyright&quot;:&quot;&quot;,&quot;focal_length&quot;:&quot;0&quot;,&quot;iso&quot;:&quot;0&quot;,&quot;shutter_speed&quot;:&quot;0&quot;,&quot;title&quot;:&quot;&quot;,&quot;orientation&quot;:&quot;0&quot;}\" data-image-title=\"TV38 Videodreh zum Song &#8222;Wooden Heart&#8220; mit den &#8222;Wanderv\u00f6geln&#8220; 21.09.2013\" data-image-description=\"\" data-medium-file=\"http:\/\/elviswhynot.bplaced.net\/wordpress\/wp-content\/uploads\/2023\/07\/115-300x200.jpg\" data-large-file=\"http:\/\/elviswhynot.bplaced.net\/wordpress\/wp-content\/uploads\/2023\/07\/115-1024x683.jpg\" src=\"http:\/\/elviswhynot.bplaced.net\/wordpress\/wp-content\/uploads\/2023\/07\/115.jpg\" width=\"607\" height=\"404\" align=\"left\" title=\"TV38 Videodreh zum Song &quot;Wooden Heart&quot; mit den &quot;Wanderv\u00f6geln&quot; 21.09.2013\" \/><\/a><div class=\"tiled-gallery-caption\">Foto: Uwe Junge, Werlaburgdorf<\/div><\/div><\/div><div class=\"gallery-group images-2\" style=\"width: 304px; height: 408px;\"><div class=\"tiled-gallery-item tiled-gallery-item-full\"><a href=\"http:\/\/elviswhynot.bplaced.net\/wordpress\/?attachment_id=468\"><img data-attachment-id=\"468\" data-orig-file=\"http:\/\/elviswhynot.bplaced.net\/wordpress\/wp-content\/uploads\/2023\/07\/116.jpg\" data-orig-size=\"1350,900\" data-comments-opened=\"1\" data-image-meta=\"{&quot;aperture&quot;:&quot;0&quot;,&quot;credit&quot;:&quot;&quot;,&quot;camera&quot;:&quot;&quot;,&quot;caption&quot;:&quot;&quot;,&quot;created_timestamp&quot;:&quot;0&quot;,&quot;copyright&quot;:&quot;&quot;,&quot;focal_length&quot;:&quot;0&quot;,&quot;iso&quot;:&quot;0&quot;,&quot;shutter_speed&quot;:&quot;0&quot;,&quot;title&quot;:&quot;&quot;,&quot;orientation&quot;:&quot;0&quot;}\" data-image-title=\"TV38 Videodreh zum Song &#8222;Wooden Heart&#8220; mit den &#8222;Wanderv\u00f6geln&#8220; 21.09.2013\" data-image-description=\"\" data-medium-file=\"http:\/\/elviswhynot.bplaced.net\/wordpress\/wp-content\/uploads\/2023\/07\/116-300x200.jpg\" data-large-file=\"http:\/\/elviswhynot.bplaced.net\/wordpress\/wp-content\/uploads\/2023\/07\/116-1024x683.jpg\" src=\"http:\/\/elviswhynot.bplaced.net\/wordpress\/wp-content\/uploads\/2023\/07\/116.jpg\" width=\"300\" height=\"200\" align=\"left\" title=\"TV38 Videodreh zum Song &quot;Wooden Heart&quot; mit den &quot;Wanderv\u00f6geln&quot; 21.09.2013\" \/><\/a><div class=\"tiled-gallery-caption\">Foto: Uwe Junge, Werlaburgdorf<\/div><\/div><div class=\"tiled-gallery-item tiled-gallery-item-full\"><a href=\"http:\/\/elviswhynot.bplaced.net\/wordpress\/?attachment_id=469\"><img data-attachment-id=\"469\" data-orig-file=\"http:\/\/elviswhynot.bplaced.net\/wordpress\/wp-content\/uploads\/2023\/07\/117.jpg\" data-orig-size=\"1350,900\" data-comments-opened=\"1\" data-image-meta=\"{&quot;aperture&quot;:&quot;0&quot;,&quot;credit&quot;:&quot;&quot;,&quot;camera&quot;:&quot;&quot;,&quot;caption&quot;:&quot;&quot;,&quot;created_timestamp&quot;:&quot;0&quot;,&quot;copyright&quot;:&quot;&quot;,&quot;focal_length&quot;:&quot;0&quot;,&quot;iso&quot;:&quot;0&quot;,&quot;shutter_speed&quot;:&quot;0&quot;,&quot;title&quot;:&quot;&quot;,&quot;orientation&quot;:&quot;0&quot;}\" data-image-title=\"TV38 Videodreh zum Song &#8222;Wooden Heart&#8220; mit den &#8222;Wanderv\u00f6geln&#8220; 21.09.2013\" data-image-description=\"\" data-medium-file=\"http:\/\/elviswhynot.bplaced.net\/wordpress\/wp-content\/uploads\/2023\/07\/117-300x200.jpg\" data-large-file=\"http:\/\/elviswhynot.bplaced.net\/wordpress\/wp-content\/uploads\/2023\/07\/117-1024x683.jpg\" src=\"http:\/\/elviswhynot.bplaced.net\/wordpress\/wp-content\/uploads\/2023\/07\/117.jpg\" width=\"300\" height=\"200\" align=\"left\" title=\"TV38 Videodreh zum Song &quot;Wooden Heart&quot; mit den &quot;Wanderv\u00f6geln&quot; 21.09.2013\" \/><\/a><div class=\"tiled-gallery-caption\">Foto: Uwe Junge, Werlaburgdorf<\/div><\/div><\/div><\/div><div class=\"gallery-row\" style=\"width: 915px; height: 201px;\"><div class=\"gallery-group images-1\" style=\"width: 305px; height: 205px;\"><div class=\"tiled-gallery-item tiled-gallery-item-full\"><a href=\"http:\/\/elviswhynot.bplaced.net\/wordpress\/?attachment_id=470\"><img data-attachment-id=\"470\" data-orig-file=\"http:\/\/elviswhynot.bplaced.net\/wordpress\/wp-content\/uploads\/2023\/07\/118.jpg\" data-orig-size=\"1350,900\" data-comments-opened=\"1\" data-image-meta=\"{&quot;aperture&quot;:&quot;0&quot;,&quot;credit&quot;:&quot;&quot;,&quot;camera&quot;:&quot;&quot;,&quot;caption&quot;:&quot;&quot;,&quot;created_timestamp&quot;:&quot;0&quot;,&quot;copyright&quot;:&quot;&quot;,&quot;focal_length&quot;:&quot;0&quot;,&quot;iso&quot;:&quot;0&quot;,&quot;shutter_speed&quot;:&quot;0&quot;,&quot;title&quot;:&quot;&quot;,&quot;orientation&quot;:&quot;0&quot;}\" data-image-title=\"TV38 Videodreh zum Song &#8222;Wooden Heart&#8220; mit den &#8222;Wanderv\u00f6geln&#8220; 21.09.2013\" data-image-description=\"\" data-medium-file=\"http:\/\/elviswhynot.bplaced.net\/wordpress\/wp-content\/uploads\/2023\/07\/118-300x200.jpg\" data-large-file=\"http:\/\/elviswhynot.bplaced.net\/wordpress\/wp-content\/uploads\/2023\/07\/118-1024x683.jpg\" src=\"http:\/\/elviswhynot.bplaced.net\/wordpress\/wp-content\/uploads\/2023\/07\/118.jpg\" width=\"301\" height=\"201\" align=\"left\" title=\"TV38 Videodreh zum Song &quot;Wooden Heart&quot; mit den &quot;Wanderv\u00f6geln&quot; 21.09.2013\" \/><\/a><div class=\"tiled-gallery-caption\">Foto: Uwe Junge, Werlaburgdorf<\/div><\/div><\/div><div class=\"gallery-group images-1\" style=\"width: 305px; height: 205px;\"><div class=\"tiled-gallery-item tiled-gallery-item-full\"><a href=\"http:\/\/elviswhynot.bplaced.net\/wordpress\/?attachment_id=471\"><img data-attachment-id=\"471\" data-orig-file=\"http:\/\/elviswhynot.bplaced.net\/wordpress\/wp-content\/uploads\/2023\/07\/119.jpg\" data-orig-size=\"1350,900\" data-comments-opened=\"1\" data-image-meta=\"{&quot;aperture&quot;:&quot;0&quot;,&quot;credit&quot;:&quot;&quot;,&quot;camera&quot;:&quot;&quot;,&quot;caption&quot;:&quot;&quot;,&quot;created_timestamp&quot;:&quot;0&quot;,&quot;copyright&quot;:&quot;&quot;,&quot;focal_length&quot;:&quot;0&quot;,&quot;iso&quot;:&quot;0&quot;,&quot;shutter_speed&quot;:&quot;0&quot;,&quot;title&quot;:&quot;&quot;,&quot;orientation&quot;:&quot;0&quot;}\" data-image-title=\"TV38 Videodreh zum Song &#8222;Wooden Heart&#8220; mit den &#8222;Wanderv\u00f6geln&#8220; 21.09.2013\" data-image-description=\"\" data-medium-file=\"http:\/\/elviswhynot.bplaced.net\/wordpress\/wp-content\/uploads\/2023\/07\/119-300x200.jpg\" data-large-file=\"http:\/\/elviswhynot.bplaced.net\/wordpress\/wp-content\/uploads\/2023\/07\/119-1024x683.jpg\" src=\"http:\/\/elviswhynot.bplaced.net\/wordpress\/wp-content\/uploads\/2023\/07\/119.jpg\" width=\"301\" height=\"201\" align=\"left\" title=\"TV38 Videodreh zum Song &quot;Wooden Heart&quot; mit den &quot;Wanderv\u00f6geln&quot; 21.09.2013\" \/><\/a><div class=\"tiled-gallery-caption\">Foto: Uwe Junge, Werlaburgdorf<\/div><\/div><\/div><div class=\"gallery-group images-1\" style=\"width: 305px; height: 205px;\"><div class=\"tiled-gallery-item tiled-gallery-item-full\"><a href=\"http:\/\/elviswhynot.bplaced.net\/wordpress\/?attachment_id=472\"><img data-attachment-id=\"472\" data-orig-file=\"http:\/\/elviswhynot.bplaced.net\/wordpress\/wp-content\/uploads\/2023\/07\/120.jpg\" data-orig-size=\"1350,900\" data-comments-opened=\"1\" data-image-meta=\"{&quot;aperture&quot;:&quot;0&quot;,&quot;credit&quot;:&quot;&quot;,&quot;camera&quot;:&quot;&quot;,&quot;caption&quot;:&quot;&quot;,&quot;created_timestamp&quot;:&quot;0&quot;,&quot;copyright&quot;:&quot;&quot;,&quot;focal_length&quot;:&quot;0&quot;,&quot;iso&quot;:&quot;0&quot;,&quot;shutter_speed&quot;:&quot;0&quot;,&quot;title&quot;:&quot;&quot;,&quot;orientation&quot;:&quot;0&quot;}\" data-image-title=\"TV38 Videodreh zum Song &#8222;Wooden Heart&#8220; mit den &#8222;Wanderv\u00f6geln&#8220; 21.09.2013\" data-image-description=\"\" data-medium-file=\"http:\/\/elviswhynot.bplaced.net\/wordpress\/wp-content\/uploads\/2023\/07\/120-300x200.jpg\" data-large-file=\"http:\/\/elviswhynot.bplaced.net\/wordpress\/wp-content\/uploads\/2023\/07\/120-1024x683.jpg\" src=\"http:\/\/elviswhynot.bplaced.net\/wordpress\/wp-content\/uploads\/2023\/07\/120.jpg\" width=\"301\" height=\"201\" align=\"left\" title=\"TV38 Videodreh zum Song &quot;Wooden Heart&quot; mit den &quot;Wanderv\u00f6geln&quot; 21.09.2013\" \/><\/a><div class=\"tiled-gallery-caption\">Foto: Uwe Junge, Werlaburgdorf<\/div><\/div><\/div><\/div><div class=\"gallery-row\" style=\"width: 915px; height: 404px;\"><div class=\"gallery-group images-2\" style=\"width: 304px; height: 408px;\"><div class=\"tiled-gallery-item tiled-gallery-item-full\"><a href=\"http:\/\/elviswhynot.bplaced.net\/wordpress\/?attachment_id=473\"><img data-attachment-id=\"473\" data-orig-file=\"http:\/\/elviswhynot.bplaced.net\/wordpress\/wp-content\/uploads\/2023\/07\/121.jpg\" data-orig-size=\"1350,900\" data-comments-opened=\"1\" data-image-meta=\"{&quot;aperture&quot;:&quot;0&quot;,&quot;credit&quot;:&quot;&quot;,&quot;camera&quot;:&quot;&quot;,&quot;caption&quot;:&quot;&quot;,&quot;created_timestamp&quot;:&quot;0&quot;,&quot;copyright&quot;:&quot;&quot;,&quot;focal_length&quot;:&quot;0&quot;,&quot;iso&quot;:&quot;0&quot;,&quot;shutter_speed&quot;:&quot;0&quot;,&quot;title&quot;:&quot;&quot;,&quot;orientation&quot;:&quot;0&quot;}\" data-image-title=\"TV38 Videodreh zum Song &#8222;Wooden Heart&#8220; mit den &#8222;Wanderv\u00f6geln&#8220; 21.09.2013\" data-image-description=\"\" data-medium-file=\"http:\/\/elviswhynot.bplaced.net\/wordpress\/wp-content\/uploads\/2023\/07\/121-300x200.jpg\" data-large-file=\"http:\/\/elviswhynot.bplaced.net\/wordpress\/wp-content\/uploads\/2023\/07\/121-1024x683.jpg\" src=\"http:\/\/elviswhynot.bplaced.net\/wordpress\/wp-content\/uploads\/2023\/07\/121.jpg\" width=\"300\" height=\"200\" align=\"left\" title=\"TV38 Videodreh zum Song &quot;Wooden Heart&quot; mit den &quot;Wanderv\u00f6geln&quot; 21.09.2013\" \/><\/a><div class=\"tiled-gallery-caption\">Foto: Uwe Junge, Werlaburgdorf<\/div><\/div><div class=\"tiled-gallery-item tiled-gallery-item-full\"><a href=\"http:\/\/elviswhynot.bplaced.net\/wordpress\/?attachment_id=474\"><img data-attachment-id=\"474\" data-orig-file=\"http:\/\/elviswhynot.bplaced.net\/wordpress\/wp-content\/uploads\/2023\/07\/122.jpg\" data-orig-size=\"1350,900\" data-comments-opened=\"1\" data-image-meta=\"{&quot;aperture&quot;:&quot;0&quot;,&quot;credit&quot;:&quot;&quot;,&quot;camera&quot;:&quot;&quot;,&quot;caption&quot;:&quot;&quot;,&quot;created_timestamp&quot;:&quot;0&quot;,&quot;copyright&quot;:&quot;&quot;,&quot;focal_length&quot;:&quot;0&quot;,&quot;iso&quot;:&quot;0&quot;,&quot;shutter_speed&quot;:&quot;0&quot;,&quot;title&quot;:&quot;&quot;,&quot;orientation&quot;:&quot;0&quot;}\" data-image-title=\"TV38 Videodreh zum Song &#8222;Wooden Heart&#8220; mit den &#8222;Wanderv\u00f6geln&#8220; 21.09.2013\" data-image-description=\"\" data-medium-file=\"http:\/\/elviswhynot.bplaced.net\/wordpress\/wp-content\/uploads\/2023\/07\/122-300x200.jpg\" data-large-file=\"http:\/\/elviswhynot.bplaced.net\/wordpress\/wp-content\/uploads\/2023\/07\/122-1024x683.jpg\" src=\"http:\/\/elviswhynot.bplaced.net\/wordpress\/wp-content\/uploads\/2023\/07\/122.jpg\" width=\"300\" height=\"200\" align=\"left\" title=\"TV38 Videodreh zum Song &quot;Wooden Heart&quot; mit den &quot;Wanderv\u00f6geln&quot; 21.09.2013\" \/><\/a><div class=\"tiled-gallery-caption\">Foto: Uwe Junge, Werlaburgdorf<\/div><\/div><\/div><div class=\"gallery-group images-1\" style=\"width: 611px; height: 408px;\"><div class=\"tiled-gallery-item tiled-gallery-item-full\"><a href=\"http:\/\/elviswhynot.bplaced.net\/wordpress\/?attachment_id=475\"><img data-attachment-id=\"475\" data-orig-file=\"http:\/\/elviswhynot.bplaced.net\/wordpress\/wp-content\/uploads\/2023\/07\/123.jpg\" data-orig-size=\"1350,900\" data-comments-opened=\"1\" data-image-meta=\"{&quot;aperture&quot;:&quot;0&quot;,&quot;credit&quot;:&quot;&quot;,&quot;camera&quot;:&quot;&quot;,&quot;caption&quot;:&quot;&quot;,&quot;created_timestamp&quot;:&quot;0&quot;,&quot;copyright&quot;:&quot;&quot;,&quot;focal_length&quot;:&quot;0&quot;,&quot;iso&quot;:&quot;0&quot;,&quot;shutter_speed&quot;:&quot;0&quot;,&quot;title&quot;:&quot;&quot;,&quot;orientation&quot;:&quot;0&quot;}\" data-image-title=\"TV38 Filmaufnahmen zum Song &#8222;Wooden Heart&#8220; mit den &#8222;Wanderv\u00f6geln&#8220; 21.09.2013\" data-image-description=\"\" data-medium-file=\"http:\/\/elviswhynot.bplaced.net\/wordpress\/wp-content\/uploads\/2023\/07\/123-300x200.jpg\" data-large-file=\"http:\/\/elviswhynot.bplaced.net\/wordpress\/wp-content\/uploads\/2023\/07\/123-1024x683.jpg\" src=\"http:\/\/elviswhynot.bplaced.net\/wordpress\/wp-content\/uploads\/2023\/07\/123.jpg\" width=\"607\" height=\"404\" align=\"left\" title=\"TV38 Filmaufnahmen zum Song &quot;Wooden Heart&quot; mit den &quot;Wanderv\u00f6geln&quot; 21.09.2013\" \/><\/a><div class=\"tiled-gallery-caption\">Foto: Uwe Junge, Werlaburgdorf<\/div><\/div><\/div><\/div><div class=\"gallery-row\" style=\"width: 915px; height: 201px;\"><div class=\"gallery-group images-1\" style=\"width: 305px; height: 205px;\"><div class=\"tiled-gallery-item tiled-gallery-item-full\"><a href=\"http:\/\/elviswhynot.bplaced.net\/wordpress\/?attachment_id=476\"><img data-attachment-id=\"476\" data-orig-file=\"http:\/\/elviswhynot.bplaced.net\/wordpress\/wp-content\/uploads\/2023\/07\/124.jpg\" data-orig-size=\"1350,900\" data-comments-opened=\"1\" data-image-meta=\"{&quot;aperture&quot;:&quot;0&quot;,&quot;credit&quot;:&quot;&quot;,&quot;camera&quot;:&quot;&quot;,&quot;caption&quot;:&quot;&quot;,&quot;created_timestamp&quot;:&quot;0&quot;,&quot;copyright&quot;:&quot;&quot;,&quot;focal_length&quot;:&quot;0&quot;,&quot;iso&quot;:&quot;0&quot;,&quot;shutter_speed&quot;:&quot;0&quot;,&quot;title&quot;:&quot;&quot;,&quot;orientation&quot;:&quot;0&quot;}\" data-image-title=\"TV38 Videodreh zum Song &#8222;Wooden Heart&#8220; mit den &#8222;Wanderv\u00f6geln&#8220; 21.09.2013\" data-image-description=\"\" data-medium-file=\"http:\/\/elviswhynot.bplaced.net\/wordpress\/wp-content\/uploads\/2023\/07\/124-300x200.jpg\" data-large-file=\"http:\/\/elviswhynot.bplaced.net\/wordpress\/wp-content\/uploads\/2023\/07\/124-1024x683.jpg\" src=\"http:\/\/elviswhynot.bplaced.net\/wordpress\/wp-content\/uploads\/2023\/07\/124.jpg\" width=\"301\" height=\"201\" align=\"left\" title=\"TV38 Videodreh zum Song &quot;Wooden Heart&quot; mit den &quot;Wanderv\u00f6geln&quot; 21.09.2013\" \/><\/a><div class=\"tiled-gallery-caption\">Foto: Uwe Junge, Werlaburgdorf<\/div><\/div><\/div><div class=\"gallery-group images-1\" style=\"width: 305px; height: 205px;\"><div class=\"tiled-gallery-item tiled-gallery-item-full\"><a href=\"http:\/\/elviswhynot.bplaced.net\/wordpress\/?attachment_id=477\"><img data-attachment-id=\"477\" data-orig-file=\"http:\/\/elviswhynot.bplaced.net\/wordpress\/wp-content\/uploads\/2023\/07\/125.jpg\" data-orig-size=\"1350,900\" data-comments-opened=\"1\" data-image-meta=\"{&quot;aperture&quot;:&quot;0&quot;,&quot;credit&quot;:&quot;&quot;,&quot;camera&quot;:&quot;&quot;,&quot;caption&quot;:&quot;&quot;,&quot;created_timestamp&quot;:&quot;0&quot;,&quot;copyright&quot;:&quot;&quot;,&quot;focal_length&quot;:&quot;0&quot;,&quot;iso&quot;:&quot;0&quot;,&quot;shutter_speed&quot;:&quot;0&quot;,&quot;title&quot;:&quot;&quot;,&quot;orientation&quot;:&quot;0&quot;}\" data-image-title=\"TV38 Videodreh zum Song &#8222;Wooden Heart&#8220; mit den &#8222;Wanderv\u00f6geln&#8220; 21.09.2013\" data-image-description=\"\" data-medium-file=\"http:\/\/elviswhynot.bplaced.net\/wordpress\/wp-content\/uploads\/2023\/07\/125-300x200.jpg\" data-large-file=\"http:\/\/elviswhynot.bplaced.net\/wordpress\/wp-content\/uploads\/2023\/07\/125-1024x683.jpg\" src=\"http:\/\/elviswhynot.bplaced.net\/wordpress\/wp-content\/uploads\/2023\/07\/125.jpg\" width=\"301\" height=\"201\" align=\"left\" title=\"TV38 Videodreh zum Song &quot;Wooden Heart&quot; mit den &quot;Wanderv\u00f6geln&quot; 21.09.2013\" \/><\/a><div class=\"tiled-gallery-caption\">Foto: Uwe Junge, Werlaburgdorf<\/div><\/div><\/div><div class=\"gallery-group images-1\" style=\"width: 305px; height: 205px;\"><div class=\"tiled-gallery-item tiled-gallery-item-full\"><a href=\"http:\/\/elviswhynot.bplaced.net\/wordpress\/?attachment_id=478\"><img data-attachment-id=\"478\" data-orig-file=\"http:\/\/elviswhynot.bplaced.net\/wordpress\/wp-content\/uploads\/2023\/07\/126.jpg\" data-orig-size=\"1350,900\" data-comments-opened=\"1\" data-image-meta=\"{&quot;aperture&quot;:&quot;0&quot;,&quot;credit&quot;:&quot;&quot;,&quot;camera&quot;:&quot;&quot;,&quot;caption&quot;:&quot;&quot;,&quot;created_timestamp&quot;:&quot;0&quot;,&quot;copyright&quot;:&quot;&quot;,&quot;focal_length&quot;:&quot;0&quot;,&quot;iso&quot;:&quot;0&quot;,&quot;shutter_speed&quot;:&quot;0&quot;,&quot;title&quot;:&quot;&quot;,&quot;orientation&quot;:&quot;0&quot;}\" data-image-title=\"TV38 Videodreh zum Song &#8222;Wooden Heart&#8220; mit den &#8222;Wanderv\u00f6geln&#8220; 21.09.2013\" data-image-description=\"\" data-medium-file=\"http:\/\/elviswhynot.bplaced.net\/wordpress\/wp-content\/uploads\/2023\/07\/126-300x200.jpg\" data-large-file=\"http:\/\/elviswhynot.bplaced.net\/wordpress\/wp-content\/uploads\/2023\/07\/126-1024x683.jpg\" src=\"http:\/\/elviswhynot.bplaced.net\/wordpress\/wp-content\/uploads\/2023\/07\/126.jpg\" width=\"301\" height=\"201\" align=\"left\" title=\"TV38 Videodreh zum Song &quot;Wooden Heart&quot; mit den &quot;Wanderv\u00f6geln&quot; 21.09.2013\" \/><\/a><div class=\"tiled-gallery-caption\">Foto: Uwe Junge, Werlaburgdorf<\/div><\/div><\/div><\/div><div class=\"gallery-row\" style=\"width: 915px; height: 404px;\"><div class=\"gallery-group images-1\" style=\"width: 611px; height: 408px;\"><div class=\"tiled-gallery-item tiled-gallery-item-full\"><a href=\"http:\/\/elviswhynot.bplaced.net\/wordpress\/?attachment_id=479\"><img data-attachment-id=\"479\" data-orig-file=\"http:\/\/elviswhynot.bplaced.net\/wordpress\/wp-content\/uploads\/2023\/07\/127.jpg\" data-orig-size=\"1350,900\" data-comments-opened=\"1\" data-image-meta=\"{&quot;aperture&quot;:&quot;0&quot;,&quot;credit&quot;:&quot;&quot;,&quot;camera&quot;:&quot;&quot;,&quot;caption&quot;:&quot;&quot;,&quot;created_timestamp&quot;:&quot;0&quot;,&quot;copyright&quot;:&quot;&quot;,&quot;focal_length&quot;:&quot;0&quot;,&quot;iso&quot;:&quot;0&quot;,&quot;shutter_speed&quot;:&quot;0&quot;,&quot;title&quot;:&quot;&quot;,&quot;orientation&quot;:&quot;0&quot;}\" data-image-title=\"TV38 Videodreh zum Song &#8222;Wooden Heart&#8220; mit den &#8222;Wanderv\u00f6geln&#8220; 21.09.2013\" data-image-description=\"\" data-medium-file=\"http:\/\/elviswhynot.bplaced.net\/wordpress\/wp-content\/uploads\/2023\/07\/127-300x200.jpg\" data-large-file=\"http:\/\/elviswhynot.bplaced.net\/wordpress\/wp-content\/uploads\/2023\/07\/127-1024x683.jpg\" src=\"http:\/\/elviswhynot.bplaced.net\/wordpress\/wp-content\/uploads\/2023\/07\/127.jpg\" width=\"607\" height=\"404\" align=\"left\" title=\"TV38 Videodreh zum Song &quot;Wooden Heart&quot; mit den &quot;Wanderv\u00f6geln&quot; 21.09.2013\" \/><\/a><div class=\"tiled-gallery-caption\">Foto: Uwe Junge, Werlaburgdorf<\/div><\/div><\/div><div class=\"gallery-group images-2\" style=\"width: 304px; height: 408px;\"><div class=\"tiled-gallery-item tiled-gallery-item-full\"><a href=\"http:\/\/elviswhynot.bplaced.net\/wordpress\/?attachment_id=480\"><img data-attachment-id=\"480\" data-orig-file=\"http:\/\/elviswhynot.bplaced.net\/wordpress\/wp-content\/uploads\/2023\/07\/128.jpg\" data-orig-size=\"1350,900\" data-comments-opened=\"1\" data-image-meta=\"{&quot;aperture&quot;:&quot;0&quot;,&quot;credit&quot;:&quot;&quot;,&quot;camera&quot;:&quot;&quot;,&quot;caption&quot;:&quot;&quot;,&quot;created_timestamp&quot;:&quot;0&quot;,&quot;copyright&quot;:&quot;&quot;,&quot;focal_length&quot;:&quot;0&quot;,&quot;iso&quot;:&quot;0&quot;,&quot;shutter_speed&quot;:&quot;0&quot;,&quot;title&quot;:&quot;&quot;,&quot;orientation&quot;:&quot;0&quot;}\" data-image-title=\"TV38 Videodreh zum Song &#8222;Wooden Heart&#8220; mit den &#8222;Wanderv\u00f6geln&#8220; 21.09.2013\" data-image-description=\"\" data-medium-file=\"http:\/\/elviswhynot.bplaced.net\/wordpress\/wp-content\/uploads\/2023\/07\/128-300x200.jpg\" data-large-file=\"http:\/\/elviswhynot.bplaced.net\/wordpress\/wp-content\/uploads\/2023\/07\/128-1024x683.jpg\" src=\"http:\/\/elviswhynot.bplaced.net\/wordpress\/wp-content\/uploads\/2023\/07\/128.jpg\" width=\"300\" height=\"200\" align=\"left\" title=\"TV38 Videodreh zum Song &quot;Wooden Heart&quot; mit den &quot;Wanderv\u00f6geln&quot; 21.09.2013\" \/><\/a><div class=\"tiled-gallery-caption\">Foto: Uwe Junge, Werlaburgdorf<\/div><\/div><div class=\"tiled-gallery-item tiled-gallery-item-full\"><a href=\"http:\/\/elviswhynot.bplaced.net\/wordpress\/?attachment_id=481\"><img data-attachment-id=\"481\" data-orig-file=\"http:\/\/elviswhynot.bplaced.net\/wordpress\/wp-content\/uploads\/2023\/07\/129.jpg\" data-orig-size=\"1350,900\" data-comments-opened=\"1\" data-image-meta=\"{&quot;aperture&quot;:&quot;0&quot;,&quot;credit&quot;:&quot;&quot;,&quot;camera&quot;:&quot;&quot;,&quot;caption&quot;:&quot;&quot;,&quot;created_timestamp&quot;:&quot;0&quot;,&quot;copyright&quot;:&quot;&quot;,&quot;focal_length&quot;:&quot;0&quot;,&quot;iso&quot;:&quot;0&quot;,&quot;shutter_speed&quot;:&quot;0&quot;,&quot;title&quot;:&quot;&quot;,&quot;orientation&quot;:&quot;0&quot;}\" data-image-title=\"TV38 Videodreh zum Song &#8222;Wooden Heart&#8220; mit den &#8222;Wanderv\u00f6geln&#8220; 21.09.2013\" data-image-description=\"\" data-medium-file=\"http:\/\/elviswhynot.bplaced.net\/wordpress\/wp-content\/uploads\/2023\/07\/129-300x200.jpg\" data-large-file=\"http:\/\/elviswhynot.bplaced.net\/wordpress\/wp-content\/uploads\/2023\/07\/129-1024x683.jpg\" src=\"http:\/\/elviswhynot.bplaced.net\/wordpress\/wp-content\/uploads\/2023\/07\/129.jpg\" width=\"300\" height=\"200\" align=\"left\" title=\"TV38 Videodreh zum Song &quot;Wooden Heart&quot; mit den &quot;Wanderv\u00f6geln&quot; 21.09.2013\" \/><\/a><div class=\"tiled-gallery-caption\">Foto: Uwe Junge, Werlaburgdorf<\/div><\/div><\/div><\/div><div class=\"gallery-row\" style=\"width: 915px; height: 226px;\"><div class=\"gallery-group images-1\" style=\"width: 305px; height: 230px;\"><div class=\"tiled-gallery-item tiled-gallery-item-full\"><a href=\"http:\/\/elviswhynot.bplaced.net\/wordpress\/?attachment_id=482\"><img data-attachment-id=\"482\" data-orig-file=\"http:\/\/elviswhynot.bplaced.net\/wordpress\/wp-content\/uploads\/2023\/07\/130.jpg\" data-orig-size=\"1200,900\" data-comments-opened=\"1\" data-image-meta=\"{&quot;aperture&quot;:&quot;0&quot;,&quot;credit&quot;:&quot;&quot;,&quot;camera&quot;:&quot;&quot;,&quot;caption&quot;:&quot;&quot;,&quot;created_timestamp&quot;:&quot;0&quot;,&quot;copyright&quot;:&quot;&quot;,&quot;focal_length&quot;:&quot;0&quot;,&quot;iso&quot;:&quot;0&quot;,&quot;shutter_speed&quot;:&quot;0&quot;,&quot;title&quot;:&quot;&quot;,&quot;orientation&quot;:&quot;0&quot;}\" data-image-title=\"TV38 Videodreh zum Song &#8222;Blue Christmas&#8220; 24.11.2013\" data-image-description=\"\" data-medium-file=\"http:\/\/elviswhynot.bplaced.net\/wordpress\/wp-content\/uploads\/2023\/07\/130-300x225.jpg\" data-large-file=\"http:\/\/elviswhynot.bplaced.net\/wordpress\/wp-content\/uploads\/2023\/07\/130-1024x768.jpg\" src=\"http:\/\/elviswhynot.bplaced.net\/wordpress\/wp-content\/uploads\/2023\/07\/130.jpg\" width=\"301\" height=\"226\" align=\"left\" title=\"TV38 Videodreh zum Song &quot;Blue Christmas&quot; 24.11.2013\" \/><\/a><div class=\"tiled-gallery-caption\">Foto: Klaus Metje, Salzgitter<\/div><\/div><\/div><div class=\"gallery-group images-1\" style=\"width: 305px; height: 230px;\"><div class=\"tiled-gallery-item tiled-gallery-item-full\"><a href=\"http:\/\/elviswhynot.bplaced.net\/wordpress\/?attachment_id=483\"><img data-attachment-id=\"483\" data-orig-file=\"http:\/\/elviswhynot.bplaced.net\/wordpress\/wp-content\/uploads\/2023\/07\/131.jpg\" data-orig-size=\"1200,900\" data-comments-opened=\"1\" data-image-meta=\"{&quot;aperture&quot;:&quot;0&quot;,&quot;credit&quot;:&quot;&quot;,&quot;camera&quot;:&quot;&quot;,&quot;caption&quot;:&quot;&quot;,&quot;created_timestamp&quot;:&quot;0&quot;,&quot;copyright&quot;:&quot;&quot;,&quot;focal_length&quot;:&quot;0&quot;,&quot;iso&quot;:&quot;0&quot;,&quot;shutter_speed&quot;:&quot;0&quot;,&quot;title&quot;:&quot;&quot;,&quot;orientation&quot;:&quot;0&quot;}\" data-image-title=\"TV38 Videodreh zum Song &#8222;Blue Christmas&#8220; 24.11.2013\" data-image-description=\"\" data-medium-file=\"http:\/\/elviswhynot.bplaced.net\/wordpress\/wp-content\/uploads\/2023\/07\/131-300x225.jpg\" data-large-file=\"http:\/\/elviswhynot.bplaced.net\/wordpress\/wp-content\/uploads\/2023\/07\/131-1024x768.jpg\" src=\"http:\/\/elviswhynot.bplaced.net\/wordpress\/wp-content\/uploads\/2023\/07\/131.jpg\" width=\"301\" height=\"226\" align=\"left\" title=\"TV38 Videodreh zum Song &quot;Blue Christmas&quot; 24.11.2013\" \/><\/a><div class=\"tiled-gallery-caption\">Foto: Klaus Metje, Salzgitter<\/div><\/div><\/div><div class=\"gallery-group images-1\" style=\"width: 305px; height: 230px;\"><div class=\"tiled-gallery-item tiled-gallery-item-full\"><a href=\"http:\/\/elviswhynot.bplaced.net\/wordpress\/?attachment_id=484\"><img data-attachment-id=\"484\" data-orig-file=\"http:\/\/elviswhynot.bplaced.net\/wordpress\/wp-content\/uploads\/2023\/07\/132.jpg\" data-orig-size=\"1200,900\" data-comments-opened=\"1\" data-image-meta=\"{&quot;aperture&quot;:&quot;0&quot;,&quot;credit&quot;:&quot;&quot;,&quot;camera&quot;:&quot;&quot;,&quot;caption&quot;:&quot;&quot;,&quot;created_timestamp&quot;:&quot;0&quot;,&quot;copyright&quot;:&quot;&quot;,&quot;focal_length&quot;:&quot;0&quot;,&quot;iso&quot;:&quot;0&quot;,&quot;shutter_speed&quot;:&quot;0&quot;,&quot;title&quot;:&quot;&quot;,&quot;orientation&quot;:&quot;0&quot;}\" data-image-title=\"TV38 Videodreh zum Song &#8222;Blue Christmas&#8220; 24.11.2013\" data-image-description=\"\" data-medium-file=\"http:\/\/elviswhynot.bplaced.net\/wordpress\/wp-content\/uploads\/2023\/07\/132-300x225.jpg\" data-large-file=\"http:\/\/elviswhynot.bplaced.net\/wordpress\/wp-content\/uploads\/2023\/07\/132-1024x768.jpg\" src=\"http:\/\/elviswhynot.bplaced.net\/wordpress\/wp-content\/uploads\/2023\/07\/132.jpg\" width=\"301\" height=\"226\" align=\"left\" title=\"TV38 Videodreh zum Song &quot;Blue Christmas&quot; 24.11.2013\" \/><\/a><div class=\"tiled-gallery-caption\">Foto: Klaus Metje, Salzgitter<\/div><\/div><\/div><\/div><div class=\"gallery-row\" style=\"width: 915px; height: 455px;\"><div class=\"gallery-group images-2\" style=\"width: 305px; height: 459px;\"><div class=\"tiled-gallery-item tiled-gallery-item-full\"><a href=\"http:\/\/elviswhynot.bplaced.net\/wordpress\/?attachment_id=485\"><img data-attachment-id=\"485\" data-orig-file=\"http:\/\/elviswhynot.bplaced.net\/wordpress\/wp-content\/uploads\/2023\/07\/133.jpg\" data-orig-size=\"1200,900\" data-comments-opened=\"1\" data-image-meta=\"{&quot;aperture&quot;:&quot;0&quot;,&quot;credit&quot;:&quot;&quot;,&quot;camera&quot;:&quot;&quot;,&quot;caption&quot;:&quot;&quot;,&quot;created_timestamp&quot;:&quot;0&quot;,&quot;copyright&quot;:&quot;&quot;,&quot;focal_length&quot;:&quot;0&quot;,&quot;iso&quot;:&quot;0&quot;,&quot;shutter_speed&quot;:&quot;0&quot;,&quot;title&quot;:&quot;&quot;,&quot;orientation&quot;:&quot;0&quot;}\" data-image-title=\"TV38 Videodreh zum Song &#8222;Blue Christmas&#8220; 24.11.2013\" data-image-description=\"\" data-medium-file=\"http:\/\/elviswhynot.bplaced.net\/wordpress\/wp-content\/uploads\/2023\/07\/133-300x225.jpg\" data-large-file=\"http:\/\/elviswhynot.bplaced.net\/wordpress\/wp-content\/uploads\/2023\/07\/133-1024x768.jpg\" src=\"http:\/\/elviswhynot.bplaced.net\/wordpress\/wp-content\/uploads\/2023\/07\/133.jpg\" width=\"301\" height=\"226\" align=\"left\" title=\"TV38 Videodreh zum Song &quot;Blue Christmas&quot; 24.11.2013\" \/><\/a><div class=\"tiled-gallery-caption\">Foto: Mario Fritzke, Wolfenb\u00fcttel<\/div><\/div><div class=\"tiled-gallery-item tiled-gallery-item-full\"><a href=\"http:\/\/elviswhynot.bplaced.net\/wordpress\/?attachment_id=486\"><img data-attachment-id=\"486\" data-orig-file=\"http:\/\/elviswhynot.bplaced.net\/wordpress\/wp-content\/uploads\/2023\/07\/134.jpg\" data-orig-size=\"1200,900\" data-comments-opened=\"1\" data-image-meta=\"{&quot;aperture&quot;:&quot;0&quot;,&quot;credit&quot;:&quot;&quot;,&quot;camera&quot;:&quot;&quot;,&quot;caption&quot;:&quot;&quot;,&quot;created_timestamp&quot;:&quot;0&quot;,&quot;copyright&quot;:&quot;&quot;,&quot;focal_length&quot;:&quot;0&quot;,&quot;iso&quot;:&quot;0&quot;,&quot;shutter_speed&quot;:&quot;0&quot;,&quot;title&quot;:&quot;&quot;,&quot;orientation&quot;:&quot;0&quot;}\" data-image-title=\"TV38 Videodreh zum Song &#8222;Blue Christmas&#8220; 24.11.2013\" data-image-description=\"\" data-medium-file=\"http:\/\/elviswhynot.bplaced.net\/wordpress\/wp-content\/uploads\/2023\/07\/134-300x225.jpg\" data-large-file=\"http:\/\/elviswhynot.bplaced.net\/wordpress\/wp-content\/uploads\/2023\/07\/134-1024x768.jpg\" src=\"http:\/\/elviswhynot.bplaced.net\/wordpress\/wp-content\/uploads\/2023\/07\/134.jpg\" width=\"301\" height=\"225\" align=\"left\" title=\"TV38 Videodreh zum Song &quot;Blue Christmas&quot; 24.11.2013\" \/><\/a><div class=\"tiled-gallery-caption\">Foto: Mario Fritzke, Wolfenb\u00fcttel<\/div><\/div><\/div><div class=\"gallery-group images-1\" style=\"width: 610px; height: 459px;\"><div class=\"tiled-gallery-item tiled-gallery-item-full\"><a href=\"http:\/\/elviswhynot.bplaced.net\/wordpress\/?attachment_id=487\"><img data-attachment-id=\"487\" data-orig-file=\"http:\/\/elviswhynot.bplaced.net\/wordpress\/wp-content\/uploads\/2023\/07\/135.jpg\" data-orig-size=\"1200,900\" data-comments-opened=\"1\" data-image-meta=\"{&quot;aperture&quot;:&quot;0&quot;,&quot;credit&quot;:&quot;&quot;,&quot;camera&quot;:&quot;&quot;,&quot;caption&quot;:&quot;&quot;,&quot;created_timestamp&quot;:&quot;0&quot;,&quot;copyright&quot;:&quot;&quot;,&quot;focal_length&quot;:&quot;0&quot;,&quot;iso&quot;:&quot;0&quot;,&quot;shutter_speed&quot;:&quot;0&quot;,&quot;title&quot;:&quot;&quot;,&quot;orientation&quot;:&quot;0&quot;}\" data-image-title=\"TV38 Videodreh zum Song &#8222;Blue Christmas&#8220; 24.11.2013\" data-image-description=\"\" data-medium-file=\"http:\/\/elviswhynot.bplaced.net\/wordpress\/wp-content\/uploads\/2023\/07\/135-300x225.jpg\" data-large-file=\"http:\/\/elviswhynot.bplaced.net\/wordpress\/wp-content\/uploads\/2023\/07\/135-1024x768.jpg\" src=\"http:\/\/elviswhynot.bplaced.net\/wordpress\/wp-content\/uploads\/2023\/07\/135.jpg\" width=\"606\" height=\"455\" align=\"left\" title=\"TV38 Videodreh zum Song &quot;Blue Christmas&quot; 24.11.2013\" \/><\/a><div class=\"tiled-gallery-caption\">Foto: Klaus Metje, Salzgitter<\/div><\/div><\/div><\/div><div class=\"gallery-row\" style=\"width: 915px; height: 226px;\"><div class=\"gallery-group images-1\" style=\"width: 305px; height: 230px;\"><div class=\"tiled-gallery-item tiled-gallery-item-full\"><a href=\"http:\/\/elviswhynot.bplaced.net\/wordpress\/?attachment_id=488\"><img data-attachment-id=\"488\" data-orig-file=\"http:\/\/elviswhynot.bplaced.net\/wordpress\/wp-content\/uploads\/2023\/07\/136.jpg\" data-orig-size=\"1200,900\" data-comments-opened=\"1\" data-image-meta=\"{&quot;aperture&quot;:&quot;0&quot;,&quot;credit&quot;:&quot;&quot;,&quot;camera&quot;:&quot;&quot;,&quot;caption&quot;:&quot;&quot;,&quot;created_timestamp&quot;:&quot;0&quot;,&quot;copyright&quot;:&quot;&quot;,&quot;focal_length&quot;:&quot;0&quot;,&quot;iso&quot;:&quot;0&quot;,&quot;shutter_speed&quot;:&quot;0&quot;,&quot;title&quot;:&quot;&quot;,&quot;orientation&quot;:&quot;0&quot;}\" data-image-title=\"TV38 Videodreh zum Song &#8222;Blue Christmas&#8220; 24.11.2013\" data-image-description=\"\" data-medium-file=\"http:\/\/elviswhynot.bplaced.net\/wordpress\/wp-content\/uploads\/2023\/07\/136-300x225.jpg\" data-large-file=\"http:\/\/elviswhynot.bplaced.net\/wordpress\/wp-content\/uploads\/2023\/07\/136-1024x768.jpg\" src=\"http:\/\/elviswhynot.bplaced.net\/wordpress\/wp-content\/uploads\/2023\/07\/136.jpg\" width=\"301\" height=\"226\" align=\"left\" title=\"TV38 Videodreh zum Song &quot;Blue Christmas&quot; 24.11.2013\" \/><\/a><div class=\"tiled-gallery-caption\">Foto: Klaus Metje, Salzgitter<\/div><\/div><\/div><div class=\"gallery-group images-1\" style=\"width: 305px; height: 230px;\"><div class=\"tiled-gallery-item tiled-gallery-item-full\"><a href=\"http:\/\/elviswhynot.bplaced.net\/wordpress\/?attachment_id=489\"><img data-attachment-id=\"489\" data-orig-file=\"http:\/\/elviswhynot.bplaced.net\/wordpress\/wp-content\/uploads\/2023\/07\/137.jpg\" data-orig-size=\"1200,900\" data-comments-opened=\"1\" data-image-meta=\"{&quot;aperture&quot;:&quot;0&quot;,&quot;credit&quot;:&quot;&quot;,&quot;camera&quot;:&quot;&quot;,&quot;caption&quot;:&quot;&quot;,&quot;created_timestamp&quot;:&quot;0&quot;,&quot;copyright&quot;:&quot;&quot;,&quot;focal_length&quot;:&quot;0&quot;,&quot;iso&quot;:&quot;0&quot;,&quot;shutter_speed&quot;:&quot;0&quot;,&quot;title&quot;:&quot;&quot;,&quot;orientation&quot;:&quot;0&quot;}\" data-image-title=\"TV38 Videodreh zum Song &#8222;Blue Christmas&#8220; 24.11.2013\" data-image-description=\"\" data-medium-file=\"http:\/\/elviswhynot.bplaced.net\/wordpress\/wp-content\/uploads\/2023\/07\/137-300x225.jpg\" data-large-file=\"http:\/\/elviswhynot.bplaced.net\/wordpress\/wp-content\/uploads\/2023\/07\/137-1024x768.jpg\" src=\"http:\/\/elviswhynot.bplaced.net\/wordpress\/wp-content\/uploads\/2023\/07\/137.jpg\" width=\"301\" height=\"226\" align=\"left\" title=\"TV38 Videodreh zum Song &quot;Blue Christmas&quot; 24.11.2013\" \/><\/a><div class=\"tiled-gallery-caption\">Foto: Klaus Metje, Salzgitter<\/div><\/div><\/div><div class=\"gallery-group images-1\" style=\"width: 305px; height: 230px;\"><div class=\"tiled-gallery-item tiled-gallery-item-full\"><a href=\"http:\/\/elviswhynot.bplaced.net\/wordpress\/?attachment_id=490\"><img data-attachment-id=\"490\" data-orig-file=\"http:\/\/elviswhynot.bplaced.net\/wordpress\/wp-content\/uploads\/2023\/07\/138.jpg\" data-orig-size=\"1200,900\" data-comments-opened=\"1\" data-image-meta=\"{&quot;aperture&quot;:&quot;0&quot;,&quot;credit&quot;:&quot;&quot;,&quot;camera&quot;:&quot;&quot;,&quot;caption&quot;:&quot;&quot;,&quot;created_timestamp&quot;:&quot;0&quot;,&quot;copyright&quot;:&quot;&quot;,&quot;focal_length&quot;:&quot;0&quot;,&quot;iso&quot;:&quot;0&quot;,&quot;shutter_speed&quot;:&quot;0&quot;,&quot;title&quot;:&quot;&quot;,&quot;orientation&quot;:&quot;0&quot;}\" data-image-title=\"Jubil\u00e4um Boxverein B.C. Heros Salzgitter 30.11.2013\" data-image-description=\"\" data-medium-file=\"http:\/\/elviswhynot.bplaced.net\/wordpress\/wp-content\/uploads\/2023\/07\/138-300x225.jpg\" data-large-file=\"http:\/\/elviswhynot.bplaced.net\/wordpress\/wp-content\/uploads\/2023\/07\/138-1024x768.jpg\" src=\"http:\/\/elviswhynot.bplaced.net\/wordpress\/wp-content\/uploads\/2023\/07\/138.jpg\" width=\"301\" height=\"226\" align=\"left\" title=\"Jubil\u00e4um Boxverein B.C. Heros Salzgitter 30.11.2013\" \/><\/a><div class=\"tiled-gallery-caption\">Foto: Roswitha von Cyrson-Fritzke, Wolfenb\u00fcttel<\/div><\/div><\/div><\/div><div class=\"gallery-row\" style=\"width: 915px; height: 455px;\"><div class=\"gallery-group images-1\" style=\"width: 610px; height: 459px;\"><div class=\"tiled-gallery-item tiled-gallery-item-full\"><a href=\"http:\/\/elviswhynot.bplaced.net\/wordpress\/?attachment_id=491\"><img data-attachment-id=\"491\" data-orig-file=\"http:\/\/elviswhynot.bplaced.net\/wordpress\/wp-content\/uploads\/2023\/07\/139.jpg\" data-orig-size=\"1200,900\" data-comments-opened=\"1\" data-image-meta=\"{&quot;aperture&quot;:&quot;0&quot;,&quot;credit&quot;:&quot;&quot;,&quot;camera&quot;:&quot;&quot;,&quot;caption&quot;:&quot;&quot;,&quot;created_timestamp&quot;:&quot;0&quot;,&quot;copyright&quot;:&quot;&quot;,&quot;focal_length&quot;:&quot;0&quot;,&quot;iso&quot;:&quot;0&quot;,&quot;shutter_speed&quot;:&quot;0&quot;,&quot;title&quot;:&quot;&quot;,&quot;orientation&quot;:&quot;0&quot;}\" data-image-title=\"Jubil\u00e4um Boxverein B.C. Heros Salzgitter 30.11.2013\" data-image-description=\"\" data-medium-file=\"http:\/\/elviswhynot.bplaced.net\/wordpress\/wp-content\/uploads\/2023\/07\/139-300x225.jpg\" data-large-file=\"http:\/\/elviswhynot.bplaced.net\/wordpress\/wp-content\/uploads\/2023\/07\/139-1024x768.jpg\" src=\"http:\/\/elviswhynot.bplaced.net\/wordpress\/wp-content\/uploads\/2023\/07\/139.jpg\" width=\"606\" height=\"455\" align=\"left\" title=\"Jubil\u00e4um Boxverein B.C. Heros Salzgitter 30.11.2013\" \/><\/a><div class=\"tiled-gallery-caption\">Foto: Roswitha von Cyrson-Fritzke, Wolfenb\u00fcttel<\/div><\/div><\/div><div class=\"gallery-group images-2\" style=\"width: 305px; height: 459px;\"><div class=\"tiled-gallery-item tiled-gallery-item-full\"><a href=\"http:\/\/elviswhynot.bplaced.net\/wordpress\/?attachment_id=492\"><img data-attachment-id=\"492\" data-orig-file=\"http:\/\/elviswhynot.bplaced.net\/wordpress\/wp-content\/uploads\/2023\/07\/140.jpg\" data-orig-size=\"1200,900\" data-comments-opened=\"1\" data-image-meta=\"{&quot;aperture&quot;:&quot;0&quot;,&quot;credit&quot;:&quot;&quot;,&quot;camera&quot;:&quot;&quot;,&quot;caption&quot;:&quot;&quot;,&quot;created_timestamp&quot;:&quot;0&quot;,&quot;copyright&quot;:&quot;&quot;,&quot;focal_length&quot;:&quot;0&quot;,&quot;iso&quot;:&quot;0&quot;,&quot;shutter_speed&quot;:&quot;0&quot;,&quot;title&quot;:&quot;&quot;,&quot;orientation&quot;:&quot;0&quot;}\" data-image-title=\"Jubil\u00e4um Boxverein B.C. Heros Salzgitter 30.11.2013\" data-image-description=\"\" data-medium-file=\"http:\/\/elviswhynot.bplaced.net\/wordpress\/wp-content\/uploads\/2023\/07\/140-300x225.jpg\" data-large-file=\"http:\/\/elviswhynot.bplaced.net\/wordpress\/wp-content\/uploads\/2023\/07\/140-1024x768.jpg\" src=\"http:\/\/elviswhynot.bplaced.net\/wordpress\/wp-content\/uploads\/2023\/07\/140.jpg\" width=\"301\" height=\"226\" align=\"left\" title=\"Jubil\u00e4um Boxverein B.C. Heros Salzgitter 30.11.2013\" \/><\/a><div class=\"tiled-gallery-caption\">Foto: Roswitha von Cyrson-Fritzke, Wolfenb\u00fcttel<\/div><\/div><div class=\"tiled-gallery-item tiled-gallery-item-full\"><a href=\"http:\/\/elviswhynot.bplaced.net\/wordpress\/?attachment_id=493\"><img data-attachment-id=\"493\" data-orig-file=\"http:\/\/elviswhynot.bplaced.net\/wordpress\/wp-content\/uploads\/2023\/07\/141.jpg\" data-orig-size=\"1200,900\" data-comments-opened=\"1\" data-image-meta=\"{&quot;aperture&quot;:&quot;0&quot;,&quot;credit&quot;:&quot;&quot;,&quot;camera&quot;:&quot;&quot;,&quot;caption&quot;:&quot;&quot;,&quot;created_timestamp&quot;:&quot;0&quot;,&quot;copyright&quot;:&quot;&quot;,&quot;focal_length&quot;:&quot;0&quot;,&quot;iso&quot;:&quot;0&quot;,&quot;shutter_speed&quot;:&quot;0&quot;,&quot;title&quot;:&quot;&quot;,&quot;orientation&quot;:&quot;0&quot;}\" data-image-title=\"Jubil\u00e4um Boxverein B.C. Heros Salzgitter 30.11.2013\" data-image-description=\"\" data-medium-file=\"http:\/\/elviswhynot.bplaced.net\/wordpress\/wp-content\/uploads\/2023\/07\/141-300x225.jpg\" data-large-file=\"http:\/\/elviswhynot.bplaced.net\/wordpress\/wp-content\/uploads\/2023\/07\/141-1024x768.jpg\" src=\"http:\/\/elviswhynot.bplaced.net\/wordpress\/wp-content\/uploads\/2023\/07\/141.jpg\" width=\"301\" height=\"225\" align=\"left\" title=\"Jubil\u00e4um Boxverein B.C. Heros Salzgitter 30.11.2013\" \/><\/a><div class=\"tiled-gallery-caption\">Foto: Roswitha von Cyrson-Fritzke, Wolfenb\u00fcttel<\/div><\/div><\/div><\/div><\/div>\n\n\n<div style=\"height:20px\" aria-hidden=\"true\" class=\"wp-block-spacer\"><\/div>\n\n\n\n<h5 class=\"wp-block-heading\">2012<\/h5>\n\n\n<div data-carousel-extra='{\"blog_id\":1,\"permalink\":\"http:\\\/\\\/elviswhynot.bplaced.net\\\/wordpress\\\/?page_id=162\"}' class=\"tiled-gallery type-rectangular\" data-original-width=\"920\"><div class=\"gallery-row\" style=\"width: 915px; height: 455px;\"><div class=\"gallery-group images-1\" style=\"width: 610px; height: 459px;\"><div class=\"tiled-gallery-item tiled-gallery-item-full\"><a href=\"http:\/\/elviswhynot.bplaced.net\/wordpress\/?attachment_id=421\"><img data-attachment-id=\"421\" data-orig-file=\"http:\/\/elviswhynot.bplaced.net\/wordpress\/wp-content\/uploads\/2023\/06\/70.jpg\" data-orig-size=\"1200,900\" data-comments-opened=\"1\" data-image-meta=\"{&quot;aperture&quot;:&quot;0&quot;,&quot;credit&quot;:&quot;&quot;,&quot;camera&quot;:&quot;&quot;,&quot;caption&quot;:&quot;&quot;,&quot;created_timestamp&quot;:&quot;0&quot;,&quot;copyright&quot;:&quot;&quot;,&quot;focal_length&quot;:&quot;0&quot;,&quot;iso&quot;:&quot;0&quot;,&quot;shutter_speed&quot;:&quot;0&quot;,&quot;title&quot;:&quot;&quot;,&quot;orientation&quot;:&quot;0&quot;}\" data-image-title=\"Stra\u00dfenfest Lehndorf Braunschweig 14.07.2012\" data-image-description=\"\" data-medium-file=\"http:\/\/elviswhynot.bplaced.net\/wordpress\/wp-content\/uploads\/2023\/06\/70-300x225.jpg\" data-large-file=\"http:\/\/elviswhynot.bplaced.net\/wordpress\/wp-content\/uploads\/2023\/06\/70-1024x768.jpg\" src=\"http:\/\/elviswhynot.bplaced.net\/wordpress\/wp-content\/uploads\/2023\/06\/70.jpg\" width=\"606\" height=\"455\" align=\"left\" title=\"Stra\u00dfenfest Lehndorf Braunschweig 14.07.2012\" \/><\/a><div class=\"tiled-gallery-caption\">Foto: Roswitha von Cyrson-Fritzke, Wolfenb\u00fcttel<\/div><\/div><\/div><div class=\"gallery-group images-2\" style=\"width: 305px; height: 459px;\"><div class=\"tiled-gallery-item tiled-gallery-item-full\"><a href=\"http:\/\/elviswhynot.bplaced.net\/wordpress\/?attachment_id=422\"><img data-attachment-id=\"422\" data-orig-file=\"http:\/\/elviswhynot.bplaced.net\/wordpress\/wp-content\/uploads\/2023\/06\/71.jpg\" data-orig-size=\"1200,900\" data-comments-opened=\"1\" data-image-meta=\"{&quot;aperture&quot;:&quot;0&quot;,&quot;credit&quot;:&quot;&quot;,&quot;camera&quot;:&quot;&quot;,&quot;caption&quot;:&quot;&quot;,&quot;created_timestamp&quot;:&quot;0&quot;,&quot;copyright&quot;:&quot;&quot;,&quot;focal_length&quot;:&quot;0&quot;,&quot;iso&quot;:&quot;0&quot;,&quot;shutter_speed&quot;:&quot;0&quot;,&quot;title&quot;:&quot;&quot;,&quot;orientation&quot;:&quot;0&quot;}\" data-image-title=\"Im Duett mit Peter Lippel von &#8222;The Cantles&#8220; &#8211; Stra\u00dfenfest Lehndorf Braunschweig 14.07.2012\" data-image-description=\"\" data-medium-file=\"http:\/\/elviswhynot.bplaced.net\/wordpress\/wp-content\/uploads\/2023\/06\/71-300x225.jpg\" data-large-file=\"http:\/\/elviswhynot.bplaced.net\/wordpress\/wp-content\/uploads\/2023\/06\/71-1024x768.jpg\" src=\"http:\/\/elviswhynot.bplaced.net\/wordpress\/wp-content\/uploads\/2023\/06\/71.jpg\" width=\"301\" height=\"226\" align=\"left\" title=\"Im Duett mit Peter Lippel von &quot;The Cantles&quot; - Stra\u00dfenfest Lehndorf Braunschweig 14.07.2012\" \/><\/a><div class=\"tiled-gallery-caption\">Foto: Roswitha von Cyrson-Fritzke, Wolfenb\u00fcttel<\/div><\/div><div class=\"tiled-gallery-item tiled-gallery-item-full\"><a href=\"http:\/\/elviswhynot.bplaced.net\/wordpress\/?attachment_id=423\"><img data-attachment-id=\"423\" data-orig-file=\"http:\/\/elviswhynot.bplaced.net\/wordpress\/wp-content\/uploads\/2023\/06\/72.jpg\" data-orig-size=\"1200,900\" data-comments-opened=\"1\" data-image-meta=\"{&quot;aperture&quot;:&quot;0&quot;,&quot;credit&quot;:&quot;&quot;,&quot;camera&quot;:&quot;&quot;,&quot;caption&quot;:&quot;&quot;,&quot;created_timestamp&quot;:&quot;0&quot;,&quot;copyright&quot;:&quot;&quot;,&quot;focal_length&quot;:&quot;0&quot;,&quot;iso&quot;:&quot;0&quot;,&quot;shutter_speed&quot;:&quot;0&quot;,&quot;title&quot;:&quot;&quot;,&quot;orientation&quot;:&quot;0&quot;}\" data-image-title=\"Stra\u00dfenfest Lehndorf Braunschweig 14.07.2012\" data-image-description=\"\" data-medium-file=\"http:\/\/elviswhynot.bplaced.net\/wordpress\/wp-content\/uploads\/2023\/06\/72-300x225.jpg\" data-large-file=\"http:\/\/elviswhynot.bplaced.net\/wordpress\/wp-content\/uploads\/2023\/06\/72-1024x768.jpg\" src=\"http:\/\/elviswhynot.bplaced.net\/wordpress\/wp-content\/uploads\/2023\/06\/72.jpg\" width=\"301\" height=\"225\" align=\"left\" title=\"Stra\u00dfenfest Lehndorf Braunschweig 14.07.2012\" \/><\/a><div class=\"tiled-gallery-caption\">Foto: Roswitha von Cyrson-Fritzke, Wolfenb\u00fcttel<\/div><\/div><\/div><\/div><div class=\"gallery-row\" style=\"width: 915px; height: 516px;\"><div class=\"gallery-group images-2\" style=\"width: 365px; height: 520px;\"><div class=\"tiled-gallery-item tiled-gallery-item-full\"><a href=\"http:\/\/elviswhynot.bplaced.net\/wordpress\/?attachment_id=424\"><img data-attachment-id=\"424\" data-orig-file=\"http:\/\/elviswhynot.bplaced.net\/wordpress\/wp-content\/uploads\/2023\/06\/73.jpg\" data-orig-size=\"1344,899\" data-comments-opened=\"1\" data-image-meta=\"{&quot;aperture&quot;:&quot;0&quot;,&quot;credit&quot;:&quot;&quot;,&quot;camera&quot;:&quot;&quot;,&quot;caption&quot;:&quot;&quot;,&quot;created_timestamp&quot;:&quot;0&quot;,&quot;copyright&quot;:&quot;&quot;,&quot;focal_length&quot;:&quot;0&quot;,&quot;iso&quot;:&quot;0&quot;,&quot;shutter_speed&quot;:&quot;0&quot;,&quot;title&quot;:&quot;&quot;,&quot;orientation&quot;:&quot;0&quot;}\" data-image-title=\"Altstadtfest Wolfenb\u00fcttel 18.08.2012\" data-image-description=\"\" data-medium-file=\"http:\/\/elviswhynot.bplaced.net\/wordpress\/wp-content\/uploads\/2023\/06\/73-300x201.jpg\" data-large-file=\"http:\/\/elviswhynot.bplaced.net\/wordpress\/wp-content\/uploads\/2023\/06\/73-1024x685.jpg\" src=\"http:\/\/elviswhynot.bplaced.net\/wordpress\/wp-content\/uploads\/2023\/06\/73.jpg\" width=\"361\" height=\"241\" align=\"left\" title=\"Altstadtfest Wolfenb\u00fcttel 18.08.2012\" \/><\/a><div class=\"tiled-gallery-caption\">Foto: Stadt Wolfenb\u00fcttel<\/div><\/div><div class=\"tiled-gallery-item tiled-gallery-item-full\"><a href=\"http:\/\/elviswhynot.bplaced.net\/wordpress\/?attachment_id=425\"><img data-attachment-id=\"425\" data-orig-file=\"http:\/\/elviswhynot.bplaced.net\/wordpress\/wp-content\/uploads\/2023\/06\/74.jpg\" data-orig-size=\"1200,900\" data-comments-opened=\"1\" data-image-meta=\"{&quot;aperture&quot;:&quot;0&quot;,&quot;credit&quot;:&quot;&quot;,&quot;camera&quot;:&quot;&quot;,&quot;caption&quot;:&quot;&quot;,&quot;created_timestamp&quot;:&quot;0&quot;,&quot;copyright&quot;:&quot;&quot;,&quot;focal_length&quot;:&quot;0&quot;,&quot;iso&quot;:&quot;0&quot;,&quot;shutter_speed&quot;:&quot;0&quot;,&quot;title&quot;:&quot;&quot;,&quot;orientation&quot;:&quot;0&quot;}\" data-image-title=\"Jacko trifft Elvis &#8211; Schlagerbrunnen in der Tenne Braunlage 09.09.2012\" data-image-description=\"\" data-medium-file=\"http:\/\/elviswhynot.bplaced.net\/wordpress\/wp-content\/uploads\/2023\/06\/74-300x225.jpg\" data-large-file=\"http:\/\/elviswhynot.bplaced.net\/wordpress\/wp-content\/uploads\/2023\/06\/74-1024x768.jpg\" src=\"http:\/\/elviswhynot.bplaced.net\/wordpress\/wp-content\/uploads\/2023\/06\/74.jpg\" width=\"361\" height=\"271\" align=\"left\" title=\"Jacko trifft Elvis - Schlagerbrunnen in der Tenne Braunlage 09.09.2012\" \/><\/a><div class=\"tiled-gallery-caption\">Foto: Roswitha von Cyrson-Fritzke, Wolfenb\u00fcttel<\/div><\/div><\/div><div class=\"gallery-group images-1\" style=\"width: 550px; height: 520px;\"><div class=\"tiled-gallery-item tiled-gallery-item-full\"><a href=\"http:\/\/elviswhynot.bplaced.net\/wordpress\/?attachment_id=426\"><img data-attachment-id=\"426\" data-orig-file=\"http:\/\/elviswhynot.bplaced.net\/wordpress\/wp-content\/uploads\/2023\/06\/75.jpg\" data-orig-size=\"952,899\" data-comments-opened=\"1\" data-image-meta=\"{&quot;aperture&quot;:&quot;0&quot;,&quot;credit&quot;:&quot;&quot;,&quot;camera&quot;:&quot;&quot;,&quot;caption&quot;:&quot;&quot;,&quot;created_timestamp&quot;:&quot;0&quot;,&quot;copyright&quot;:&quot;&quot;,&quot;focal_length&quot;:&quot;0&quot;,&quot;iso&quot;:&quot;0&quot;,&quot;shutter_speed&quot;:&quot;0&quot;,&quot;title&quot;:&quot;&quot;,&quot;orientation&quot;:&quot;0&quot;}\" data-image-title=\"Schlagerbrunnen in der Tenne Braunlage 09.09.2012\" data-image-description=\"\" data-medium-file=\"http:\/\/elviswhynot.bplaced.net\/wordpress\/wp-content\/uploads\/2023\/06\/75-300x283.jpg\" data-large-file=\"http:\/\/elviswhynot.bplaced.net\/wordpress\/wp-content\/uploads\/2023\/06\/75.jpg\" src=\"http:\/\/elviswhynot.bplaced.net\/wordpress\/wp-content\/uploads\/2023\/06\/75.jpg\" width=\"546\" height=\"516\" align=\"left\" title=\"Schlagerbrunnen in der Tenne Braunlage 09.09.2012\" \/><\/a><div class=\"tiled-gallery-caption\">Foto: Christel Wedekind, Thale<\/div><\/div><\/div><\/div><div class=\"gallery-row\" style=\"width: 915px; height: 302px;\"><div class=\"gallery-group images-1\" style=\"width: 458px; height: 306px;\"><div class=\"tiled-gallery-item tiled-gallery-item-full\"><a href=\"http:\/\/elviswhynot.bplaced.net\/wordpress\/?attachment_id=427\"><img data-attachment-id=\"427\" data-orig-file=\"http:\/\/elviswhynot.bplaced.net\/wordpress\/wp-content\/uploads\/2023\/06\/76.jpg\" data-orig-size=\"1352,899\" data-comments-opened=\"1\" data-image-meta=\"{&quot;aperture&quot;:&quot;0&quot;,&quot;credit&quot;:&quot;&quot;,&quot;camera&quot;:&quot;&quot;,&quot;caption&quot;:&quot;&quot;,&quot;created_timestamp&quot;:&quot;0&quot;,&quot;copyright&quot;:&quot;&quot;,&quot;focal_length&quot;:&quot;0&quot;,&quot;iso&quot;:&quot;0&quot;,&quot;shutter_speed&quot;:&quot;0&quot;,&quot;title&quot;:&quot;&quot;,&quot;orientation&quot;:&quot;0&quot;}\" data-image-title=\"Backstage mit Olaf Malolepski von den Flippers\" data-image-description=\"\" data-medium-file=\"http:\/\/elviswhynot.bplaced.net\/wordpress\/wp-content\/uploads\/2023\/06\/76-300x199.jpg\" data-large-file=\"http:\/\/elviswhynot.bplaced.net\/wordpress\/wp-content\/uploads\/2023\/06\/76-1024x681.jpg\" src=\"http:\/\/elviswhynot.bplaced.net\/wordpress\/wp-content\/uploads\/2023\/06\/76.jpg\" width=\"454\" height=\"302\" align=\"left\" title=\"Backstage mit Olaf Malolepski von den Flippers\" \/><\/a><div class=\"tiled-gallery-caption\">Foto: Christel Wedekind, Thale<\/div><\/div><\/div><div class=\"gallery-group images-1\" style=\"width: 457px; height: 306px;\"><div class=\"tiled-gallery-item tiled-gallery-item-full\"><a href=\"http:\/\/elviswhynot.bplaced.net\/wordpress\/?attachment_id=428\"><img data-attachment-id=\"428\" data-orig-file=\"http:\/\/elviswhynot.bplaced.net\/wordpress\/wp-content\/uploads\/2023\/06\/77.jpg\" data-orig-size=\"1352,899\" data-comments-opened=\"1\" data-image-meta=\"{&quot;aperture&quot;:&quot;0&quot;,&quot;credit&quot;:&quot;&quot;,&quot;camera&quot;:&quot;&quot;,&quot;caption&quot;:&quot;&quot;,&quot;created_timestamp&quot;:&quot;0&quot;,&quot;copyright&quot;:&quot;&quot;,&quot;focal_length&quot;:&quot;0&quot;,&quot;iso&quot;:&quot;0&quot;,&quot;shutter_speed&quot;:&quot;0&quot;,&quot;title&quot;:&quot;&quot;,&quot;orientation&quot;:&quot;0&quot;}\" data-image-title=\"Backstage mit Olaf Malolepski von den Flippers\" data-image-description=\"\" data-medium-file=\"http:\/\/elviswhynot.bplaced.net\/wordpress\/wp-content\/uploads\/2023\/06\/77-300x199.jpg\" data-large-file=\"http:\/\/elviswhynot.bplaced.net\/wordpress\/wp-content\/uploads\/2023\/06\/77-1024x681.jpg\" src=\"http:\/\/elviswhynot.bplaced.net\/wordpress\/wp-content\/uploads\/2023\/06\/77.jpg\" width=\"453\" height=\"302\" align=\"left\" title=\"Backstage mit Olaf Malolepski von den Flippers\" \/><\/a><div class=\"tiled-gallery-caption\">Foto: Christel Wedekind, Thale<\/div><\/div><\/div><\/div><\/div>\n\n\n<div style=\"height:20px\" aria-hidden=\"true\" class=\"wp-block-spacer\"><\/div>\n\n\n\n<h5 class=\"wp-block-heading\">2011<\/h5>\n\n\n<div data-carousel-extra='{\"blog_id\":1,\"permalink\":\"http:\\\/\\\/elviswhynot.bplaced.net\\\/wordpress\\\/?page_id=162\"}' class=\"tiled-gallery type-rectangular\" data-original-width=\"920\"><div class=\"gallery-row\" style=\"width: 915px; height: 403px;\"><div class=\"gallery-group images-1\" style=\"width: 611px; height: 407px;\"><div class=\"tiled-gallery-item tiled-gallery-item-full\"><a href=\"http:\/\/elviswhynot.bplaced.net\/wordpress\/?attachment_id=406\"><img data-attachment-id=\"406\" data-orig-file=\"http:\/\/elviswhynot.bplaced.net\/wordpress\/wp-content\/uploads\/2023\/06\/57.jpg\" data-orig-size=\"1355,899\" data-comments-opened=\"1\" data-image-meta=\"{&quot;aperture&quot;:&quot;0&quot;,&quot;credit&quot;:&quot;&quot;,&quot;camera&quot;:&quot;&quot;,&quot;caption&quot;:&quot;&quot;,&quot;created_timestamp&quot;:&quot;0&quot;,&quot;copyright&quot;:&quot;&quot;,&quot;focal_length&quot;:&quot;0&quot;,&quot;iso&quot;:&quot;0&quot;,&quot;shutter_speed&quot;:&quot;0&quot;,&quot;title&quot;:&quot;&quot;,&quot;orientation&quot;:&quot;0&quot;}\" data-image-title=\"Er\u00f6ffnung &#8222;Winklers Autotreff&#8220; Wolfenb\u00fcttel 09.07.2011\" data-image-description=\"\" data-medium-file=\"http:\/\/elviswhynot.bplaced.net\/wordpress\/wp-content\/uploads\/2023\/06\/57-300x199.jpg\" data-large-file=\"http:\/\/elviswhynot.bplaced.net\/wordpress\/wp-content\/uploads\/2023\/06\/57-1024x679.jpg\" src=\"http:\/\/elviswhynot.bplaced.net\/wordpress\/wp-content\/uploads\/2023\/06\/57.jpg\" width=\"607\" height=\"403\" align=\"left\" title=\"Er\u00f6ffnung &quot;Winklers Autotreff&quot; Wolfenb\u00fcttel 09.07.2011\" \/><\/a><div class=\"tiled-gallery-caption\">Foto: Bernhard Winkler, Wolfenb\u00fcttel<\/div><\/div><\/div><div class=\"gallery-group images-2\" style=\"width: 304px; height: 407px;\"><div class=\"tiled-gallery-item tiled-gallery-item-full\"><a href=\"http:\/\/elviswhynot.bplaced.net\/wordpress\/?attachment_id=407\"><img data-attachment-id=\"407\" data-orig-file=\"http:\/\/elviswhynot.bplaced.net\/wordpress\/wp-content\/uploads\/2023\/06\/58.jpg\" data-orig-size=\"1350,899\" data-comments-opened=\"1\" data-image-meta=\"{&quot;aperture&quot;:&quot;0&quot;,&quot;credit&quot;:&quot;&quot;,&quot;camera&quot;:&quot;&quot;,&quot;caption&quot;:&quot;&quot;,&quot;created_timestamp&quot;:&quot;0&quot;,&quot;copyright&quot;:&quot;&quot;,&quot;focal_length&quot;:&quot;0&quot;,&quot;iso&quot;:&quot;0&quot;,&quot;shutter_speed&quot;:&quot;0&quot;,&quot;title&quot;:&quot;&quot;,&quot;orientation&quot;:&quot;0&quot;}\" data-image-title=\"Er\u00f6ffnung &#8222;Winklers Autotreff&#8220; Wolfenb\u00fcttel 09.07.2011\" data-image-description=\"\" data-medium-file=\"http:\/\/elviswhynot.bplaced.net\/wordpress\/wp-content\/uploads\/2023\/06\/58-300x200.jpg\" data-large-file=\"http:\/\/elviswhynot.bplaced.net\/wordpress\/wp-content\/uploads\/2023\/06\/58-1024x682.jpg\" src=\"http:\/\/elviswhynot.bplaced.net\/wordpress\/wp-content\/uploads\/2023\/06\/58.jpg\" width=\"300\" height=\"200\" align=\"left\" title=\"Er\u00f6ffnung &quot;Winklers Autotreff&quot; Wolfenb\u00fcttel 09.07.2011\" \/><\/a><div class=\"tiled-gallery-caption\">Foto: Bernhard Winkler, Wolfenb\u00fcttel<\/div><\/div><div class=\"tiled-gallery-item tiled-gallery-item-full\"><a href=\"http:\/\/elviswhynot.bplaced.net\/wordpress\/?attachment_id=408\"><img data-attachment-id=\"408\" data-orig-file=\"http:\/\/elviswhynot.bplaced.net\/wordpress\/wp-content\/uploads\/2023\/06\/59.jpg\" data-orig-size=\"1350,899\" data-comments-opened=\"1\" data-image-meta=\"{&quot;aperture&quot;:&quot;0&quot;,&quot;credit&quot;:&quot;&quot;,&quot;camera&quot;:&quot;&quot;,&quot;caption&quot;:&quot;&quot;,&quot;created_timestamp&quot;:&quot;0&quot;,&quot;copyright&quot;:&quot;&quot;,&quot;focal_length&quot;:&quot;0&quot;,&quot;iso&quot;:&quot;0&quot;,&quot;shutter_speed&quot;:&quot;0&quot;,&quot;title&quot;:&quot;&quot;,&quot;orientation&quot;:&quot;0&quot;}\" data-image-title=\"Er\u00f6ffnung &#8222;Winklers Autotreff&#8220; Wolfenb\u00fcttel 09.07.2011\" data-image-description=\"\" data-medium-file=\"http:\/\/elviswhynot.bplaced.net\/wordpress\/wp-content\/uploads\/2023\/06\/59-300x200.jpg\" data-large-file=\"http:\/\/elviswhynot.bplaced.net\/wordpress\/wp-content\/uploads\/2023\/06\/59-1024x682.jpg\" src=\"http:\/\/elviswhynot.bplaced.net\/wordpress\/wp-content\/uploads\/2023\/06\/59.jpg\" width=\"300\" height=\"199\" align=\"left\" title=\"Er\u00f6ffnung &quot;Winklers Autotreff&quot; Wolfenb\u00fcttel 09.07.2011\" \/><\/a><div class=\"tiled-gallery-caption\">Foto: Bernhard Winkler, Wolfenb\u00fcttel<\/div><\/div><\/div><\/div><div class=\"gallery-row\" style=\"width: 915px; height: 200px;\"><div class=\"gallery-group images-1\" style=\"width: 305px; height: 204px;\"><div class=\"tiled-gallery-item tiled-gallery-item-full\"><a href=\"http:\/\/elviswhynot.bplaced.net\/wordpress\/?attachment_id=409\"><img data-attachment-id=\"409\" data-orig-file=\"http:\/\/elviswhynot.bplaced.net\/wordpress\/wp-content\/uploads\/2023\/06\/60-1.jpg\" data-orig-size=\"1355,899\" data-comments-opened=\"1\" data-image-meta=\"{&quot;aperture&quot;:&quot;0&quot;,&quot;credit&quot;:&quot;&quot;,&quot;camera&quot;:&quot;&quot;,&quot;caption&quot;:&quot;&quot;,&quot;created_timestamp&quot;:&quot;0&quot;,&quot;copyright&quot;:&quot;&quot;,&quot;focal_length&quot;:&quot;0&quot;,&quot;iso&quot;:&quot;0&quot;,&quot;shutter_speed&quot;:&quot;0&quot;,&quot;title&quot;:&quot;&quot;,&quot;orientation&quot;:&quot;0&quot;}\" data-image-title=\"Er\u00f6ffnung &#8222;Winklers Autotreff&#8220; Wolfenb\u00fcttel 09.07.2011\" data-image-description=\"\" data-medium-file=\"http:\/\/elviswhynot.bplaced.net\/wordpress\/wp-content\/uploads\/2023\/06\/60-1-300x199.jpg\" data-large-file=\"http:\/\/elviswhynot.bplaced.net\/wordpress\/wp-content\/uploads\/2023\/06\/60-1-1024x679.jpg\" src=\"http:\/\/elviswhynot.bplaced.net\/wordpress\/wp-content\/uploads\/2023\/06\/60-1.jpg\" width=\"301\" height=\"200\" align=\"left\" title=\"Er\u00f6ffnung &quot;Winklers Autotreff&quot; Wolfenb\u00fcttel 09.07.2011\" \/><\/a><div class=\"tiled-gallery-caption\">Foto: Bernhard Winkler, Wolfenb\u00fcttel<\/div><\/div><\/div><div class=\"gallery-group images-1\" style=\"width: 305px; height: 204px;\"><div class=\"tiled-gallery-item tiled-gallery-item-full\"><a href=\"http:\/\/elviswhynot.bplaced.net\/wordpress\/?attachment_id=410\"><img data-attachment-id=\"410\" data-orig-file=\"http:\/\/elviswhynot.bplaced.net\/wordpress\/wp-content\/uploads\/2023\/06\/61-1.jpg\" data-orig-size=\"1355,899\" data-comments-opened=\"1\" data-image-meta=\"{&quot;aperture&quot;:&quot;0&quot;,&quot;credit&quot;:&quot;&quot;,&quot;camera&quot;:&quot;&quot;,&quot;caption&quot;:&quot;&quot;,&quot;created_timestamp&quot;:&quot;0&quot;,&quot;copyright&quot;:&quot;&quot;,&quot;focal_length&quot;:&quot;0&quot;,&quot;iso&quot;:&quot;0&quot;,&quot;shutter_speed&quot;:&quot;0&quot;,&quot;title&quot;:&quot;&quot;,&quot;orientation&quot;:&quot;0&quot;}\" data-image-title=\"Er\u00f6ffnung &#8222;Winklers Autotreff&#8220; Wolfenb\u00fcttel 09.07.2011\" data-image-description=\"\" data-medium-file=\"http:\/\/elviswhynot.bplaced.net\/wordpress\/wp-content\/uploads\/2023\/06\/61-1-300x199.jpg\" data-large-file=\"http:\/\/elviswhynot.bplaced.net\/wordpress\/wp-content\/uploads\/2023\/06\/61-1-1024x679.jpg\" src=\"http:\/\/elviswhynot.bplaced.net\/wordpress\/wp-content\/uploads\/2023\/06\/61-1.jpg\" width=\"301\" height=\"200\" align=\"left\" title=\"Er\u00f6ffnung &quot;Winklers Autotreff&quot; Wolfenb\u00fcttel 09.07.2011\" \/><\/a><div class=\"tiled-gallery-caption\">Foto: Bernhard Winkler, Wolfenb\u00fcttel<\/div><\/div><\/div><div class=\"gallery-group images-1\" style=\"width: 305px; height: 204px;\"><div class=\"tiled-gallery-item tiled-gallery-item-full\"><a href=\"http:\/\/elviswhynot.bplaced.net\/wordpress\/?attachment_id=411\"><img data-attachment-id=\"411\" data-orig-file=\"http:\/\/elviswhynot.bplaced.net\/wordpress\/wp-content\/uploads\/2023\/06\/62-1.jpg\" data-orig-size=\"1355,899\" data-comments-opened=\"1\" data-image-meta=\"{&quot;aperture&quot;:&quot;0&quot;,&quot;credit&quot;:&quot;&quot;,&quot;camera&quot;:&quot;&quot;,&quot;caption&quot;:&quot;&quot;,&quot;created_timestamp&quot;:&quot;0&quot;,&quot;copyright&quot;:&quot;&quot;,&quot;focal_length&quot;:&quot;0&quot;,&quot;iso&quot;:&quot;0&quot;,&quot;shutter_speed&quot;:&quot;0&quot;,&quot;title&quot;:&quot;&quot;,&quot;orientation&quot;:&quot;0&quot;}\" data-image-title=\"Er\u00f6ffnung &#8222;Winklers Autotreff&#8220; Wolfenb\u00fcttel 09.07.2011\" data-image-description=\"\" data-medium-file=\"http:\/\/elviswhynot.bplaced.net\/wordpress\/wp-content\/uploads\/2023\/06\/62-1-300x199.jpg\" data-large-file=\"http:\/\/elviswhynot.bplaced.net\/wordpress\/wp-content\/uploads\/2023\/06\/62-1-1024x679.jpg\" src=\"http:\/\/elviswhynot.bplaced.net\/wordpress\/wp-content\/uploads\/2023\/06\/62-1.jpg\" width=\"301\" height=\"200\" align=\"left\" title=\"Er\u00f6ffnung &quot;Winklers Autotreff&quot; Wolfenb\u00fcttel 09.07.2011\" \/><\/a><div class=\"tiled-gallery-caption\">Foto: Bernhard Winkler, Wolfenb\u00fcttel<\/div><\/div><\/div><\/div><div class=\"gallery-row\" style=\"width: 915px; height: 403px;\"><div class=\"gallery-group images-2\" style=\"width: 304px; height: 407px;\"><div class=\"tiled-gallery-item tiled-gallery-item-full\"><a href=\"http:\/\/elviswhynot.bplaced.net\/wordpress\/?attachment_id=412\"><img data-attachment-id=\"412\" data-orig-file=\"http:\/\/elviswhynot.bplaced.net\/wordpress\/wp-content\/uploads\/2023\/06\/63-1.jpg\" data-orig-size=\"1355,899\" data-comments-opened=\"1\" data-image-meta=\"{&quot;aperture&quot;:&quot;0&quot;,&quot;credit&quot;:&quot;&quot;,&quot;camera&quot;:&quot;&quot;,&quot;caption&quot;:&quot;&quot;,&quot;created_timestamp&quot;:&quot;0&quot;,&quot;copyright&quot;:&quot;&quot;,&quot;focal_length&quot;:&quot;0&quot;,&quot;iso&quot;:&quot;0&quot;,&quot;shutter_speed&quot;:&quot;0&quot;,&quot;title&quot;:&quot;&quot;,&quot;orientation&quot;:&quot;0&quot;}\" data-image-title=\"Er\u00f6ffnung &#8222;Winklers Autotreff&#8220; Wolfenb\u00fcttel 09.07.2011\" data-image-description=\"\" data-medium-file=\"http:\/\/elviswhynot.bplaced.net\/wordpress\/wp-content\/uploads\/2023\/06\/63-1-300x199.jpg\" data-large-file=\"http:\/\/elviswhynot.bplaced.net\/wordpress\/wp-content\/uploads\/2023\/06\/63-1-1024x679.jpg\" src=\"http:\/\/elviswhynot.bplaced.net\/wordpress\/wp-content\/uploads\/2023\/06\/63-1.jpg\" width=\"300\" height=\"200\" align=\"left\" title=\"Er\u00f6ffnung &quot;Winklers Autotreff&quot; Wolfenb\u00fcttel 09.07.2011\" \/><\/a><div class=\"tiled-gallery-caption\">Foto: Bernhard Winkler, Wolfenb\u00fcttel<\/div><\/div><div class=\"tiled-gallery-item tiled-gallery-item-full\"><a href=\"http:\/\/elviswhynot.bplaced.net\/wordpress\/?attachment_id=413\"><img data-attachment-id=\"413\" data-orig-file=\"http:\/\/elviswhynot.bplaced.net\/wordpress\/wp-content\/uploads\/2023\/06\/64-1.jpg\" data-orig-size=\"1355,899\" data-comments-opened=\"1\" data-image-meta=\"{&quot;aperture&quot;:&quot;0&quot;,&quot;credit&quot;:&quot;&quot;,&quot;camera&quot;:&quot;&quot;,&quot;caption&quot;:&quot;&quot;,&quot;created_timestamp&quot;:&quot;0&quot;,&quot;copyright&quot;:&quot;&quot;,&quot;focal_length&quot;:&quot;0&quot;,&quot;iso&quot;:&quot;0&quot;,&quot;shutter_speed&quot;:&quot;0&quot;,&quot;title&quot;:&quot;&quot;,&quot;orientation&quot;:&quot;0&quot;}\" data-image-title=\"Er\u00f6ffnung &#8222;Winklers Autotreff&#8220; Wolfenb\u00fcttel 09.07.2011\" data-image-description=\"\" data-medium-file=\"http:\/\/elviswhynot.bplaced.net\/wordpress\/wp-content\/uploads\/2023\/06\/64-1-300x199.jpg\" data-large-file=\"http:\/\/elviswhynot.bplaced.net\/wordpress\/wp-content\/uploads\/2023\/06\/64-1-1024x679.jpg\" src=\"http:\/\/elviswhynot.bplaced.net\/wordpress\/wp-content\/uploads\/2023\/06\/64-1.jpg\" width=\"300\" height=\"199\" align=\"left\" title=\"Er\u00f6ffnung &quot;Winklers Autotreff&quot; Wolfenb\u00fcttel 09.07.2011\" \/><\/a><div class=\"tiled-gallery-caption\">Foto: Bernhard Winkler, Wolfenb\u00fcttel<\/div><\/div><\/div><div class=\"gallery-group images-1\" style=\"width: 611px; height: 407px;\"><div class=\"tiled-gallery-item tiled-gallery-item-full\"><a href=\"http:\/\/elviswhynot.bplaced.net\/wordpress\/?attachment_id=414\"><img data-attachment-id=\"414\" data-orig-file=\"http:\/\/elviswhynot.bplaced.net\/wordpress\/wp-content\/uploads\/2023\/06\/65-1.jpg\" data-orig-size=\"1355,899\" data-comments-opened=\"1\" data-image-meta=\"{&quot;aperture&quot;:&quot;0&quot;,&quot;credit&quot;:&quot;&quot;,&quot;camera&quot;:&quot;&quot;,&quot;caption&quot;:&quot;&quot;,&quot;created_timestamp&quot;:&quot;0&quot;,&quot;copyright&quot;:&quot;&quot;,&quot;focal_length&quot;:&quot;0&quot;,&quot;iso&quot;:&quot;0&quot;,&quot;shutter_speed&quot;:&quot;0&quot;,&quot;title&quot;:&quot;&quot;,&quot;orientation&quot;:&quot;0&quot;}\" data-image-title=\"Er\u00f6ffnung &#8222;Winklers Autotreff&#8220; Wolfenb\u00fcttel 09.07.2011\" data-image-description=\"\" data-medium-file=\"http:\/\/elviswhynot.bplaced.net\/wordpress\/wp-content\/uploads\/2023\/06\/65-1-300x199.jpg\" data-large-file=\"http:\/\/elviswhynot.bplaced.net\/wordpress\/wp-content\/uploads\/2023\/06\/65-1-1024x679.jpg\" src=\"http:\/\/elviswhynot.bplaced.net\/wordpress\/wp-content\/uploads\/2023\/06\/65-1.jpg\" width=\"607\" height=\"403\" align=\"left\" title=\"Er\u00f6ffnung &quot;Winklers Autotreff&quot; Wolfenb\u00fcttel 09.07.2011\" \/><\/a><div class=\"tiled-gallery-caption\">Foto: Bernhard Winkler, Wolfenb\u00fcttel<\/div><\/div><\/div><\/div><div class=\"gallery-row\" style=\"width: 915px; height: 226px;\"><div class=\"gallery-group images-1\" style=\"width: 305px; height: 230px;\"><div class=\"tiled-gallery-item tiled-gallery-item-full\"><a href=\"http:\/\/elviswhynot.bplaced.net\/wordpress\/?attachment_id=415\"><img data-attachment-id=\"415\" data-orig-file=\"http:\/\/elviswhynot.bplaced.net\/wordpress\/wp-content\/uploads\/2023\/06\/66-1.jpg\" data-orig-size=\"1200,900\" data-comments-opened=\"1\" data-image-meta=\"{&quot;aperture&quot;:&quot;0&quot;,&quot;credit&quot;:&quot;&quot;,&quot;camera&quot;:&quot;&quot;,&quot;caption&quot;:&quot;&quot;,&quot;created_timestamp&quot;:&quot;0&quot;,&quot;copyright&quot;:&quot;&quot;,&quot;focal_length&quot;:&quot;0&quot;,&quot;iso&quot;:&quot;0&quot;,&quot;shutter_speed&quot;:&quot;0&quot;,&quot;title&quot;:&quot;&quot;,&quot;orientation&quot;:&quot;0&quot;}\" data-image-title=\"Coca Cola Truck Weihnachtsmarkt Wolfenb\u00fcttel 02.12.2011\" data-image-description=\"\" data-medium-file=\"http:\/\/elviswhynot.bplaced.net\/wordpress\/wp-content\/uploads\/2023\/06\/66-1-300x225.jpg\" data-large-file=\"http:\/\/elviswhynot.bplaced.net\/wordpress\/wp-content\/uploads\/2023\/06\/66-1-1024x768.jpg\" src=\"http:\/\/elviswhynot.bplaced.net\/wordpress\/wp-content\/uploads\/2023\/06\/66-1.jpg\" width=\"301\" height=\"226\" align=\"left\" title=\"Coca Cola Truck Weihnachtsmarkt Wolfenb\u00fcttel 02.12.2011\" \/><\/a><div class=\"tiled-gallery-caption\">Foto: Roswitha von Cyrson-Fritzke, Wolfenb\u00fcttel<\/div><\/div><\/div><div class=\"gallery-group images-1\" style=\"width: 305px; height: 230px;\"><div class=\"tiled-gallery-item tiled-gallery-item-full\"><a href=\"http:\/\/elviswhynot.bplaced.net\/wordpress\/?attachment_id=416\"><img data-attachment-id=\"416\" data-orig-file=\"http:\/\/elviswhynot.bplaced.net\/wordpress\/wp-content\/uploads\/2023\/06\/67-1.jpg\" data-orig-size=\"1200,900\" data-comments-opened=\"1\" data-image-meta=\"{&quot;aperture&quot;:&quot;0&quot;,&quot;credit&quot;:&quot;&quot;,&quot;camera&quot;:&quot;&quot;,&quot;caption&quot;:&quot;&quot;,&quot;created_timestamp&quot;:&quot;0&quot;,&quot;copyright&quot;:&quot;&quot;,&quot;focal_length&quot;:&quot;0&quot;,&quot;iso&quot;:&quot;0&quot;,&quot;shutter_speed&quot;:&quot;0&quot;,&quot;title&quot;:&quot;&quot;,&quot;orientation&quot;:&quot;0&quot;}\" data-image-title=\"Coca Cola Truck Weihnachtsmarkt Wolfenb\u00fcttel 02.12.2011\" data-image-description=\"\" data-medium-file=\"http:\/\/elviswhynot.bplaced.net\/wordpress\/wp-content\/uploads\/2023\/06\/67-1-300x225.jpg\" data-large-file=\"http:\/\/elviswhynot.bplaced.net\/wordpress\/wp-content\/uploads\/2023\/06\/67-1-1024x768.jpg\" src=\"http:\/\/elviswhynot.bplaced.net\/wordpress\/wp-content\/uploads\/2023\/06\/67-1.jpg\" width=\"301\" height=\"226\" align=\"left\" title=\"Coca Cola Truck Weihnachtsmarkt Wolfenb\u00fcttel 02.12.2011\" \/><\/a><div class=\"tiled-gallery-caption\">Foto: Roswitha von Cyrson-Fritzke, Wolfenb\u00fcttel<\/div><\/div><\/div><div class=\"gallery-group images-1\" style=\"width: 305px; height: 230px;\"><div class=\"tiled-gallery-item tiled-gallery-item-full\"><a href=\"http:\/\/elviswhynot.bplaced.net\/wordpress\/?attachment_id=417\"><img data-attachment-id=\"417\" data-orig-file=\"http:\/\/elviswhynot.bplaced.net\/wordpress\/wp-content\/uploads\/2023\/06\/68-1.jpg\" data-orig-size=\"1200,900\" data-comments-opened=\"1\" data-image-meta=\"{&quot;aperture&quot;:&quot;0&quot;,&quot;credit&quot;:&quot;&quot;,&quot;camera&quot;:&quot;&quot;,&quot;caption&quot;:&quot;&quot;,&quot;created_timestamp&quot;:&quot;0&quot;,&quot;copyright&quot;:&quot;&quot;,&quot;focal_length&quot;:&quot;0&quot;,&quot;iso&quot;:&quot;0&quot;,&quot;shutter_speed&quot;:&quot;0&quot;,&quot;title&quot;:&quot;&quot;,&quot;orientation&quot;:&quot;0&quot;}\" data-image-title=\"Coca Cola Truck Weihnachtsmarkt Wolfenb\u00fcttel 02.12.2011\" data-image-description=\"\" data-medium-file=\"http:\/\/elviswhynot.bplaced.net\/wordpress\/wp-content\/uploads\/2023\/06\/68-1-300x225.jpg\" data-large-file=\"http:\/\/elviswhynot.bplaced.net\/wordpress\/wp-content\/uploads\/2023\/06\/68-1-1024x768.jpg\" src=\"http:\/\/elviswhynot.bplaced.net\/wordpress\/wp-content\/uploads\/2023\/06\/68-1.jpg\" width=\"301\" height=\"226\" align=\"left\" title=\"Coca Cola Truck Weihnachtsmarkt Wolfenb\u00fcttel 02.12.2011\" \/><\/a><div class=\"tiled-gallery-caption\">Foto: Roswitha von Cyrson-Fritzke, Wolfenb\u00fcttel<\/div><\/div><\/div><\/div><div class=\"gallery-row\" style=\"width: 915px; height: 683px;\"><div class=\"gallery-group images-1\" style=\"width: 915px; height: 687px;\"><div class=\"tiled-gallery-item tiled-gallery-item-full\"><a href=\"http:\/\/elviswhynot.bplaced.net\/wordpress\/?attachment_id=418\"><img data-attachment-id=\"418\" data-orig-file=\"http:\/\/elviswhynot.bplaced.net\/wordpress\/wp-content\/uploads\/2023\/06\/69-1.jpg\" data-orig-size=\"1200,900\" data-comments-opened=\"1\" data-image-meta=\"{&quot;aperture&quot;:&quot;0&quot;,&quot;credit&quot;:&quot;&quot;,&quot;camera&quot;:&quot;&quot;,&quot;caption&quot;:&quot;&quot;,&quot;created_timestamp&quot;:&quot;0&quot;,&quot;copyright&quot;:&quot;&quot;,&quot;focal_length&quot;:&quot;0&quot;,&quot;iso&quot;:&quot;0&quot;,&quot;shutter_speed&quot;:&quot;0&quot;,&quot;title&quot;:&quot;&quot;,&quot;orientation&quot;:&quot;0&quot;}\" data-image-title=\"Coca Cola Truck Weihnachtsmarkt Wolfenb\u00fcttel 02.12.2011\" data-image-description=\"\" data-medium-file=\"http:\/\/elviswhynot.bplaced.net\/wordpress\/wp-content\/uploads\/2023\/06\/69-1-300x225.jpg\" data-large-file=\"http:\/\/elviswhynot.bplaced.net\/wordpress\/wp-content\/uploads\/2023\/06\/69-1-1024x768.jpg\" src=\"http:\/\/elviswhynot.bplaced.net\/wordpress\/wp-content\/uploads\/2023\/06\/69-1.jpg\" width=\"911\" height=\"683\" align=\"left\" title=\"Coca Cola Truck Weihnachtsmarkt Wolfenb\u00fcttel 02.12.2011\" \/><\/a><div class=\"tiled-gallery-caption\">Foto: Roswitha von Cyrson-Fritzke, Wolfenb\u00fcttel<\/div><\/div><\/div><\/div><\/div>\n\n\n<div style=\"height:20px\" aria-hidden=\"true\" class=\"wp-block-spacer\"><\/div>\n\n\n\n<h5 class=\"wp-block-heading\">2010<\/h5>\n\n\n<div data-carousel-extra='{\"blog_id\":1,\"permalink\":\"http:\\\/\\\/elviswhynot.bplaced.net\\\/wordpress\\\/?page_id=162\"}' class=\"tiled-gallery type-rectangular\" data-original-width=\"920\"><div class=\"gallery-row\" style=\"width: 915px; height: 420px;\"><div class=\"gallery-group images-1\" style=\"width: 588px; height: 424px;\"><div class=\"tiled-gallery-item tiled-gallery-item-full\"><a href=\"http:\/\/elviswhynot.bplaced.net\/wordpress\/?attachment_id=395\"><img data-attachment-id=\"395\" data-orig-file=\"http:\/\/elviswhynot.bplaced.net\/wordpress\/wp-content\/uploads\/2023\/06\/48.jpg\" data-orig-size=\"812,584\" data-comments-opened=\"1\" data-image-meta=\"{&quot;aperture&quot;:&quot;8.8&quot;,&quot;credit&quot;:&quot;&quot;,&quot;camera&quot;:&quot;FinePix AV100&quot;,&quot;caption&quot;:&quot;&quot;,&quot;created_timestamp&quot;:&quot;1286633004&quot;,&quot;copyright&quot;:&quot;&quot;,&quot;focal_length&quot;:&quot;5.7&quot;,&quot;iso&quot;:&quot;100&quot;,&quot;shutter_speed&quot;:&quot;0.0090909090909091&quot;,&quot;title&quot;:&quot;&quot;,&quot;orientation&quot;:&quot;0&quot;}\" data-image-title=\"Autohaus &#8222;Alpert &#038; Maschke&#8220; Wolfenb\u00fcttel 09.10.2010\" data-image-description=\"\" data-medium-file=\"http:\/\/elviswhynot.bplaced.net\/wordpress\/wp-content\/uploads\/2023\/06\/48-300x216.jpg\" data-large-file=\"http:\/\/elviswhynot.bplaced.net\/wordpress\/wp-content\/uploads\/2023\/06\/48.jpg\" src=\"http:\/\/elviswhynot.bplaced.net\/wordpress\/wp-content\/uploads\/2023\/06\/48.jpg\" width=\"584\" height=\"420\" align=\"left\" title=\"Autohaus &quot;Alpert &amp; Maschke&quot; Wolfenb\u00fcttel 09.10.2010\" \/><\/a><div class=\"tiled-gallery-caption\">Foto: Roswitha von Cyrson-Fritzke, Wolfenb\u00fcttel<\/div><\/div><\/div><div class=\"gallery-group images-2\" style=\"width: 327px; height: 424px;\"><div class=\"tiled-gallery-item tiled-gallery-item-full\"><a href=\"http:\/\/elviswhynot.bplaced.net\/wordpress\/?attachment_id=396\"><img data-attachment-id=\"396\" data-orig-file=\"http:\/\/elviswhynot.bplaced.net\/wordpress\/wp-content\/uploads\/2023\/06\/49.jpg\" data-orig-size=\"1139,718\" data-comments-opened=\"1\" data-image-meta=\"{&quot;aperture&quot;:&quot;0&quot;,&quot;credit&quot;:&quot;&quot;,&quot;camera&quot;:&quot;&quot;,&quot;caption&quot;:&quot;&quot;,&quot;created_timestamp&quot;:&quot;0&quot;,&quot;copyright&quot;:&quot;&quot;,&quot;focal_length&quot;:&quot;0&quot;,&quot;iso&quot;:&quot;0&quot;,&quot;shutter_speed&quot;:&quot;0&quot;,&quot;title&quot;:&quot;&quot;,&quot;orientation&quot;:&quot;0&quot;}\" data-image-title=\"Autohaus &#8222;Alpert &#038; Maschke&#8220; Wolfenb\u00fcttel 09.10.2010\" data-image-description=\"\" data-medium-file=\"http:\/\/elviswhynot.bplaced.net\/wordpress\/wp-content\/uploads\/2023\/06\/49-300x189.jpg\" data-large-file=\"http:\/\/elviswhynot.bplaced.net\/wordpress\/wp-content\/uploads\/2023\/06\/49-1024x646.jpg\" src=\"http:\/\/elviswhynot.bplaced.net\/wordpress\/wp-content\/uploads\/2023\/06\/49.jpg\" width=\"323\" height=\"204\" align=\"left\" title=\"Autohaus &quot;Alpert &amp; Maschke&quot; Wolfenb\u00fcttel 09.10.2010\" \/><\/a><div class=\"tiled-gallery-caption\">Foto: Roswitha von Cyrson-Fritzke, Wolfenb\u00fcttel<\/div><\/div><div class=\"tiled-gallery-item tiled-gallery-item-full\"><a href=\"http:\/\/elviswhynot.bplaced.net\/wordpress\/?attachment_id=397\"><img data-attachment-id=\"397\" data-orig-file=\"http:\/\/elviswhynot.bplaced.net\/wordpress\/wp-content\/uploads\/2023\/06\/50.jpg\" data-orig-size=\"1270,832\" data-comments-opened=\"1\" data-image-meta=\"{&quot;aperture&quot;:&quot;4.6&quot;,&quot;credit&quot;:&quot;&quot;,&quot;camera&quot;:&quot;FinePix AV100&quot;,&quot;caption&quot;:&quot;&quot;,&quot;created_timestamp&quot;:&quot;1286633088&quot;,&quot;copyright&quot;:&quot;&quot;,&quot;focal_length&quot;:&quot;13.7&quot;,&quot;iso&quot;:&quot;200&quot;,&quot;shutter_speed&quot;:&quot;0.0066666666666667&quot;,&quot;title&quot;:&quot;&quot;,&quot;orientation&quot;:&quot;0&quot;}\" data-image-title=\"Autohaus &#8222;Alpert &#038; Maschke&#8220; Wolfenb\u00fcttel 09.10.2010\" data-image-description=\"\" data-medium-file=\"http:\/\/elviswhynot.bplaced.net\/wordpress\/wp-content\/uploads\/2023\/06\/50-300x197.jpg\" data-large-file=\"http:\/\/elviswhynot.bplaced.net\/wordpress\/wp-content\/uploads\/2023\/06\/50-1024x671.jpg\" src=\"http:\/\/elviswhynot.bplaced.net\/wordpress\/wp-content\/uploads\/2023\/06\/50.jpg\" width=\"323\" height=\"212\" align=\"left\" title=\"Autohaus &quot;Alpert &amp; Maschke&quot; Wolfenb\u00fcttel 09.10.2010\" \/><\/a><div class=\"tiled-gallery-caption\">Foto: Roswitha von Cyrson-Fritzke, Wolfenb\u00fcttel<\/div><\/div><\/div><\/div><div class=\"gallery-row\" style=\"width: 915px; height: 616px;\"><div class=\"gallery-group images-1\" style=\"width: 449px; height: 620px;\"><div class=\"tiled-gallery-item tiled-gallery-item-full\"><a href=\"http:\/\/elviswhynot.bplaced.net\/wordpress\/?attachment_id=398\"><img data-attachment-id=\"398\" data-orig-file=\"http:\/\/elviswhynot.bplaced.net\/wordpress\/wp-content\/uploads\/2023\/06\/51.jpg\" data-orig-size=\"649,898\" data-comments-opened=\"1\" data-image-meta=\"{&quot;aperture&quot;:&quot;0&quot;,&quot;credit&quot;:&quot;&quot;,&quot;camera&quot;:&quot;&quot;,&quot;caption&quot;:&quot;&quot;,&quot;created_timestamp&quot;:&quot;0&quot;,&quot;copyright&quot;:&quot;&quot;,&quot;focal_length&quot;:&quot;0&quot;,&quot;iso&quot;:&quot;0&quot;,&quot;shutter_speed&quot;:&quot;0&quot;,&quot;title&quot;:&quot;&quot;,&quot;orientation&quot;:&quot;0&quot;}\" data-image-title=\"Autohaus &#8222;Alpert &#038; Maschke&#8220; Wolfenb\u00fcttel 09.10.2010\" data-image-description=\"\" data-medium-file=\"http:\/\/elviswhynot.bplaced.net\/wordpress\/wp-content\/uploads\/2023\/06\/51-217x300.jpg\" data-large-file=\"http:\/\/elviswhynot.bplaced.net\/wordpress\/wp-content\/uploads\/2023\/06\/51.jpg\" src=\"http:\/\/elviswhynot.bplaced.net\/wordpress\/wp-content\/uploads\/2023\/06\/51.jpg\" width=\"445\" height=\"616\" align=\"left\" title=\"Autohaus &quot;Alpert &amp; Maschke&quot; Wolfenb\u00fcttel 09.10.2010\" \/><\/a><div class=\"tiled-gallery-caption\">Foto: Roswitha von Cyrson-Fritzke, Wolfenb\u00fcttel<\/div><\/div><\/div><div class=\"gallery-group images-1\" style=\"width: 466px; height: 620px;\"><div class=\"tiled-gallery-item tiled-gallery-item-full\"><a href=\"http:\/\/elviswhynot.bplaced.net\/wordpress\/?attachment_id=399\"><img data-attachment-id=\"399\" data-orig-file=\"http:\/\/elviswhynot.bplaced.net\/wordpress\/wp-content\/uploads\/2023\/06\/52.jpg\" data-orig-size=\"675,900\" data-comments-opened=\"1\" data-image-meta=\"{&quot;aperture&quot;:&quot;0&quot;,&quot;credit&quot;:&quot;&quot;,&quot;camera&quot;:&quot;&quot;,&quot;caption&quot;:&quot;&quot;,&quot;created_timestamp&quot;:&quot;0&quot;,&quot;copyright&quot;:&quot;&quot;,&quot;focal_length&quot;:&quot;0&quot;,&quot;iso&quot;:&quot;0&quot;,&quot;shutter_speed&quot;:&quot;0&quot;,&quot;title&quot;:&quot;&quot;,&quot;orientation&quot;:&quot;0&quot;}\" data-image-title=\"Autohaus &#8222;Alpert &#038; Maschke&#8220; Wolfenb\u00fcttel 09.10.2010\" data-image-description=\"\" data-medium-file=\"http:\/\/elviswhynot.bplaced.net\/wordpress\/wp-content\/uploads\/2023\/06\/52-225x300.jpg\" data-large-file=\"http:\/\/elviswhynot.bplaced.net\/wordpress\/wp-content\/uploads\/2023\/06\/52.jpg\" src=\"http:\/\/elviswhynot.bplaced.net\/wordpress\/wp-content\/uploads\/2023\/06\/52.jpg\" width=\"462\" height=\"616\" align=\"left\" title=\"Autohaus &quot;Alpert &amp; Maschke&quot; Wolfenb\u00fcttel 09.10.2010\" \/><\/a><div class=\"tiled-gallery-caption\">Foto: Roswitha von Cyrson-Fritzke, Wolfenb\u00fcttel<\/div><\/div><\/div><\/div><div class=\"gallery-row\" style=\"width: 915px; height: 437px;\"><div class=\"gallery-group images-2\" style=\"width: 329px; height: 441px;\"><div class=\"tiled-gallery-item tiled-gallery-item-full\"><a href=\"http:\/\/elviswhynot.bplaced.net\/wordpress\/?attachment_id=400\"><img data-attachment-id=\"400\" data-orig-file=\"http:\/\/elviswhynot.bplaced.net\/wordpress\/wp-content\/uploads\/2023\/06\/53.jpg\" data-orig-size=\"1350,899\" data-comments-opened=\"1\" data-image-meta=\"{&quot;aperture&quot;:&quot;0&quot;,&quot;credit&quot;:&quot;&quot;,&quot;camera&quot;:&quot;&quot;,&quot;caption&quot;:&quot;&quot;,&quot;created_timestamp&quot;:&quot;0&quot;,&quot;copyright&quot;:&quot;&quot;,&quot;focal_length&quot;:&quot;0&quot;,&quot;iso&quot;:&quot;0&quot;,&quot;shutter_speed&quot;:&quot;0&quot;,&quot;title&quot;:&quot;&quot;,&quot;orientation&quot;:&quot;0&quot;}\" data-image-title=\"33 Jahre Wolfenb\u00fctteler Schaufenster Lindenhalle 11.12.2010\" data-image-description=\"\" data-medium-file=\"http:\/\/elviswhynot.bplaced.net\/wordpress\/wp-content\/uploads\/2023\/06\/53-300x200.jpg\" data-large-file=\"http:\/\/elviswhynot.bplaced.net\/wordpress\/wp-content\/uploads\/2023\/06\/53-1024x682.jpg\" src=\"http:\/\/elviswhynot.bplaced.net\/wordpress\/wp-content\/uploads\/2023\/06\/53.jpg\" width=\"325\" height=\"217\" align=\"left\" title=\"33 Jahre Wolfenb\u00fctteler Schaufenster Lindenhalle 11.12.2010\" \/><\/a><div class=\"tiled-gallery-caption\">Foto: Stadt Wolfenb\u00fcttel<\/div><\/div><div class=\"tiled-gallery-item tiled-gallery-item-full\"><a href=\"http:\/\/elviswhynot.bplaced.net\/wordpress\/?attachment_id=401\"><img data-attachment-id=\"401\" data-orig-file=\"http:\/\/elviswhynot.bplaced.net\/wordpress\/wp-content\/uploads\/2023\/06\/54.jpg\" data-orig-size=\"1350,899\" data-comments-opened=\"1\" data-image-meta=\"{&quot;aperture&quot;:&quot;0&quot;,&quot;credit&quot;:&quot;&quot;,&quot;camera&quot;:&quot;&quot;,&quot;caption&quot;:&quot;&quot;,&quot;created_timestamp&quot;:&quot;0&quot;,&quot;copyright&quot;:&quot;&quot;,&quot;focal_length&quot;:&quot;0&quot;,&quot;iso&quot;:&quot;0&quot;,&quot;shutter_speed&quot;:&quot;0&quot;,&quot;title&quot;:&quot;&quot;,&quot;orientation&quot;:&quot;0&quot;}\" data-image-title=\"33 Jahre Wolfenb\u00fctteler Schaufenster Lindenhalle 11.12.2010\" data-image-description=\"\" data-medium-file=\"http:\/\/elviswhynot.bplaced.net\/wordpress\/wp-content\/uploads\/2023\/06\/54-300x200.jpg\" data-large-file=\"http:\/\/elviswhynot.bplaced.net\/wordpress\/wp-content\/uploads\/2023\/06\/54-1024x682.jpg\" src=\"http:\/\/elviswhynot.bplaced.net\/wordpress\/wp-content\/uploads\/2023\/06\/54.jpg\" width=\"325\" height=\"216\" align=\"left\" title=\"33 Jahre Wolfenb\u00fctteler Schaufenster Lindenhalle 11.12.2010\" \/><\/a><div class=\"tiled-gallery-caption\">Foto: Stadt Wolfenb\u00fcttel<\/div><\/div><\/div><div class=\"gallery-group images-1\" style=\"width: 586px; height: 441px;\"><div class=\"tiled-gallery-item tiled-gallery-item-full\"><a href=\"http:\/\/elviswhynot.bplaced.net\/wordpress\/?attachment_id=402\"><img data-attachment-id=\"402\" data-orig-file=\"http:\/\/elviswhynot.bplaced.net\/wordpress\/wp-content\/uploads\/2023\/06\/55.jpg\" data-orig-size=\"1200,900\" data-comments-opened=\"1\" data-image-meta=\"{&quot;aperture&quot;:&quot;0&quot;,&quot;credit&quot;:&quot;&quot;,&quot;camera&quot;:&quot;&quot;,&quot;caption&quot;:&quot;&quot;,&quot;created_timestamp&quot;:&quot;0&quot;,&quot;copyright&quot;:&quot;&quot;,&quot;focal_length&quot;:&quot;0&quot;,&quot;iso&quot;:&quot;0&quot;,&quot;shutter_speed&quot;:&quot;0&quot;,&quot;title&quot;:&quot;&quot;,&quot;orientation&quot;:&quot;0&quot;}\" data-image-title=\"33 Jahre Wolfenb\u00fctteler Schaufenster Lindenhalle 11.12.2010\" data-image-description=\"\" data-medium-file=\"http:\/\/elviswhynot.bplaced.net\/wordpress\/wp-content\/uploads\/2023\/06\/55-300x225.jpg\" data-large-file=\"http:\/\/elviswhynot.bplaced.net\/wordpress\/wp-content\/uploads\/2023\/06\/55-1024x768.jpg\" src=\"http:\/\/elviswhynot.bplaced.net\/wordpress\/wp-content\/uploads\/2023\/06\/55.jpg\" width=\"582\" height=\"437\" align=\"left\" title=\"33 Jahre Wolfenb\u00fctteler Schaufenster Lindenhalle 11.12.2010\" \/><\/a><div class=\"tiled-gallery-caption\">Foto: Roswitha von Cyrson-Fritzke, Wolfenb\u00fcttel<\/div><\/div><\/div><\/div><div class=\"gallery-row\" style=\"width: 915px; height: 683px;\"><div class=\"gallery-group images-1\" style=\"width: 915px; height: 687px;\"><div class=\"tiled-gallery-item tiled-gallery-item-full\"><a href=\"http:\/\/elviswhynot.bplaced.net\/wordpress\/?attachment_id=403\"><img data-attachment-id=\"403\" data-orig-file=\"http:\/\/elviswhynot.bplaced.net\/wordpress\/wp-content\/uploads\/2023\/06\/56.jpg\" data-orig-size=\"1200,900\" data-comments-opened=\"1\" data-image-meta=\"{&quot;aperture&quot;:&quot;0&quot;,&quot;credit&quot;:&quot;&quot;,&quot;camera&quot;:&quot;&quot;,&quot;caption&quot;:&quot;&quot;,&quot;created_timestamp&quot;:&quot;0&quot;,&quot;copyright&quot;:&quot;&quot;,&quot;focal_length&quot;:&quot;0&quot;,&quot;iso&quot;:&quot;0&quot;,&quot;shutter_speed&quot;:&quot;0&quot;,&quot;title&quot;:&quot;&quot;,&quot;orientation&quot;:&quot;0&quot;}\" data-image-title=\"33 Jahre Wolfenb\u00fctteler Schaufenster Lindenhalle 11.12.2010\" data-image-description=\"\" data-medium-file=\"http:\/\/elviswhynot.bplaced.net\/wordpress\/wp-content\/uploads\/2023\/06\/56-300x225.jpg\" data-large-file=\"http:\/\/elviswhynot.bplaced.net\/wordpress\/wp-content\/uploads\/2023\/06\/56-1024x768.jpg\" src=\"http:\/\/elviswhynot.bplaced.net\/wordpress\/wp-content\/uploads\/2023\/06\/56.jpg\" width=\"911\" height=\"683\" align=\"left\" title=\"33 Jahre Wolfenb\u00fctteler Schaufenster Lindenhalle 11.12.2010\" \/><\/a><div class=\"tiled-gallery-caption\">Foto: Roswitha von Cyrson-Fritzke, Wolfenb\u00fcttel<\/div><\/div><\/div><\/div><\/div>","protected":false},"excerpt":{"rendered":"<p>Wichtiger Hinweis zum Urheberrecht:Jedes Foto ist pflichtgem\u00e4\u00df mit einem Urheberhinweis versehen, welchen Sie durch einen Klick auf das jeweilige Foto in der Fotobeschreibung (Text unter dem Foto) aufrufen k\u00f6nnen. Gem\u00e4\u00df<\/p>\n<p class=\"more-link\"><a href=\"http:\/\/elviswhynot.bplaced.net\/wordpress\/?page_id=162\" class=\"readmore\">Continue reading<span class=\"screen-reader-text\">Gallery<\/span><\/a><\/p>\n","protected":false},"author":1,"featured_media":0,"parent":0,"menu_order":0,"comment_status":"closed","ping_status":"closed","template":"","meta":[],"_links":{"self":[{"href":"http:\/\/elviswhynot.bplaced.net\/wordpress\/index.php?rest_route=\/wp\/v2\/pages\/162"}],"collection":[{"href":"http:\/\/elviswhynot.bplaced.net\/wordpress\/index.php?rest_route=\/wp\/v2\/pages"}],"about":[{"href":"http:\/\/elviswhynot.bplaced.net\/wordpress\/index.php?rest_route=\/wp\/v2\/types\/page"}],"author":[{"embeddable":true,"href":"http:\/\/elviswhynot.bplaced.net\/wordpress\/index.php?rest_route=\/wp\/v2\/users\/1"}],"replies":[{"embeddable":true,"href":"http:\/\/elviswhynot.bplaced.net\/wordpress\/index.php?rest_route=%2Fwp%2Fv2%2Fcomments&post=162"}],"version-history":[{"count":46,"href":"http:\/\/elviswhynot.bplaced.net\/wordpress\/index.php?rest_route=\/wp\/v2\/pages\/162\/revisions"}],"predecessor-version":[{"id":1316,"href":"http:\/\/elviswhynot.bplaced.net\/wordpress\/index.php?rest_route=\/wp\/v2\/pages\/162\/revisions\/1316"}],"wp:attachment":[{"href":"http:\/\/elviswhynot.bplaced.net\/wordpress\/index.php?rest_route=%2Fwp%2Fv2%2Fmedia&parent=162"}],"curies":[{"name":"wp","href":"https:\/\/api.w.org\/{rel}","templated":true}]}}